{"id":43003,"date":"2023-08-21T17:44:59","date_gmt":"2023-08-21T17:44:59","guid":{"rendered":"https:\/\/gifex.com\/fr\/?post_type=ficha&#038;p=43003"},"modified":"2023-08-21T17:44:59","modified_gmt":"2023-08-21T17:44:59","slug":"carte-de-la-region-du-nord-cameroun","status":"publish","type":"ficha","link":"https:\/\/gifex.com\/fr\/fichier\/carte-de-la-region-du-nord-cameroun\/","title":{"rendered":"Carte de la r\u00e9gion du Nord, Cameroun"},"content":{"rendered":"<p>Carte de la r\u00e9gion du Nord, l&#8217;une des dix r\u00e9gions du Cameroun, situ\u00e9e dans le nord du pays.<\/p>\n<figure id=\"attachment_43008\" aria-describedby=\"caption-attachment-43008\" style=\"width: 360px\" class=\"wp-caption alignright\"><a href=\"https:\/\/gifex.com\/fr\/wp-content\/uploads\/43003\/Carte-de-localisation-de-la-region-du-Nord-au-Cameroun.png\" target=\"_blank\" rel=\"noopener\"><img fetchpriority=\"high\" decoding=\"async\" class=\"wp-image-43008\" title=\"Carte de localisation de la r\u00e9gion du Nord au Cameroun.\" src=\"https:\/\/gifex.com\/fr\/wp-content\/uploads\/43003\/Carte-de-localisation-de-la-region-du-Nord-au-Cameroun-201x300.png\" alt=\"Carte de localisation de la r\u00e9gion du Nord au Cameroun.\" width=\"360\" height=\"537\" srcset=\"https:\/\/gifex.com\/fr\/wp-content\/uploads\/43003\/Carte-de-localisation-de-la-region-du-Nord-au-Cameroun-201x300.png 201w, https:\/\/gifex.com\/fr\/wp-content\/uploads\/43003\/Carte-de-localisation-de-la-region-du-Nord-au-Cameroun-686x1024.png 686w, https:\/\/gifex.com\/fr\/wp-content\/uploads\/43003\/Carte-de-localisation-de-la-region-du-Nord-au-Cameroun-768x1146.png 768w, https:\/\/gifex.com\/fr\/wp-content\/uploads\/43003\/Carte-de-localisation-de-la-region-du-Nord-au-Cameroun-1029x1536.png 1029w, https:\/\/gifex.com\/fr\/wp-content\/uploads\/43003\/Carte-de-localisation-de-la-region-du-Nord-au-Cameroun-1373x2048.png 1373w, https:\/\/gifex.com\/fr\/wp-content\/uploads\/43003\/Carte-de-localisation-de-la-region-du-Nord-au-Cameroun-300x448.png 300w, https:\/\/gifex.com\/fr\/wp-content\/uploads\/43003\/Carte-de-localisation-de-la-region-du-Nord-au-Cameroun-1072x1600.png 1072w, https:\/\/gifex.com\/fr\/wp-content\/uploads\/43003\/Carte-de-localisation-de-la-region-du-Nord-au-Cameroun.png 2000w\" sizes=\"(max-width: 360px) 100vw, 360px\" \/><\/a><figcaption id=\"caption-attachment-43008\" class=\"wp-caption-text\"><label style=\"font-size: 15px;\">Carte de localisation de la r\u00e9gion du Nord au Cameroun.<\/label><\/figcaption><\/figure>\n<ul>\n<li>Superficie : 65 576 km\u00b2<\/li>\n<li>Population en 2015 : 2 442 578 hab.<\/li>\n<li>Chef-lieu : Garoua<\/li>\n<\/ul>\n<p><strong>G\u00e9ographie<\/strong><\/p>\n<p>La d\u00e9pression de la B\u00e9nou\u00e9 constitue le principal \u00e9l\u00e9ment terrestre de la r\u00e9gion du Nord. Ce bassin longe le Mayo K\u00e9bi et la rivi\u00e8re B\u00e9nou\u00e9 et a une altitude comprise entre z\u00e9ro et 200 m\u00e8tres. Les vall\u00e9es entourant les diff\u00e9rentes rivi\u00e8res qui alimentent le K\u00e9bi et plus tard la B\u00e9nou\u00e9 n&#8217;atteignent des altitudes que l\u00e9g\u00e8rement sup\u00e9rieures, en moyenne de 200 \u00e0 500 m\u00e8tres au nord et de 500 \u00e0 1000 m\u00e8tres au sud (la ligne de partage est \u00e0 environ 8\u02d9 N). Garoua se situe \u00e0 environ 235 m\u00e8tres. Plus au nord se trouve l&#8217;\u00e9l\u00e9vation de Ka\u00e9l\u00e9. Une faille majeure passe au nord de la B\u00e9nou\u00e9, \u00e0 peu pr\u00e8s parall\u00e8le \u00e0 celle-ci.<\/p>\n<p>Au sud de la d\u00e9pression de la B\u00e9nou\u00e9 se trouve le plateau de l&#8217;Adamaoua. Celui-ci descend jusqu&#8217;\u00e0 la D\u00e9pression en escarpements et pics entre 1000 et 2000 m\u00e8tres qui suivent une faille majeure. Au-del\u00e0 de cette r\u00e9gion frontali\u00e8re, le plateau s&#8217;incline vers le sud et le sud-est dans la r\u00e9gion de l&#8217;Adamaoua et le Tchad.<\/p>\n<p>La troisi\u00e8me caract\u00e9ristique terrestre importante du Nord est les monts Mandara et leur extension sud, les monts Atlantika, les r\u00e9sultats probables de l&#8217;activit\u00e9 tectonique. Ces cha\u00eenes forment la majeure partie de la bordure ouest de la r\u00e9gion, avec des sommets atteignant 1 000 m\u00e8tres. Les montagnes continuent vers le nord dans la r\u00e9gion de l&#8217;Extr\u00eame-Nord et au Nigeria, bien que leurs altitudes chutent progressivement jusqu&#8217;\u00e0 500 m\u00e8tres. Le terrain environnant est vallonn\u00e9. Le point culminant du Nord est Hoss\u00e9r\u00e9 Vokr\u00e9 (Vokne), un sommet isol\u00e9 de 2 049 m\u00e8tres.<\/p>\n<figure id=\"attachment_43009\" aria-describedby=\"caption-attachment-43009\" style=\"width: 360px\" class=\"wp-caption alignright\"><a href=\"https:\/\/gifex.com\/fr\/wp-content\/uploads\/43003\/Carte-des-departements-de-la-region-du-Nord-au-Cameroun.png\" target=\"_blank\" rel=\"noopener\"><img decoding=\"async\" class=\"wp-image-43009\" title=\"Carte des d\u00e9partements de la r\u00e9gion du Nord au Cameroun.\" src=\"https:\/\/gifex.com\/fr\/wp-content\/uploads\/43003\/Carte-des-departements-de-la-region-du-Nord-au-Cameroun-300x246.png\" alt=\"Carte des d\u00e9partements de la r\u00e9gion du Nord au Cameroun.\" width=\"360\" height=\"296\" srcset=\"https:\/\/gifex.com\/fr\/wp-content\/uploads\/43003\/Carte-des-departements-de-la-region-du-Nord-au-Cameroun-300x246.png 300w, https:\/\/gifex.com\/fr\/wp-content\/uploads\/43003\/Carte-des-departements-de-la-region-du-Nord-au-Cameroun-768x631.png 768w, https:\/\/gifex.com\/fr\/wp-content\/uploads\/43003\/Carte-des-departements-de-la-region-du-Nord-au-Cameroun.png 972w\" sizes=\"(max-width: 360px) 100vw, 360px\" \/><\/a><figcaption id=\"caption-attachment-43009\" class=\"wp-caption-text\"><label style=\"font-size: 15px;\">Carte des d\u00e9partements de la r\u00e9gion du Nord au Cameroun.<\/label><\/figcaption><\/figure>\n<p>Le Cameroun a cr\u00e9\u00e9 dans la r\u00e9gion du Nord un r\u00e9seau d\u2019aires prot\u00e9g\u00e9es comprenant\u00a0:<\/p>\n<ul>\n<li>3 parcs nationaux\u00a0:\n<ul>\n<li>le parc national de la B\u00e9nou\u00e9 : 180 000 ha,<\/li>\n<li>le parc national du Faro\u00a0: 330 000 ha,<\/li>\n<li>le parc national de Bouba Ndjida: 220 000 ha ;<\/li>\n<\/ul>\n<\/li>\n<li>28 zones d\u2019int\u00e9r\u00eat cyn\u00e9g\u00e9tique (ZIC) dont 23 sont afferm\u00e9es aux guides professionnels de chasse.<\/li>\n<\/ul>\n<p>Ces aires prot\u00e9g\u00e9es repr\u00e9sentent pr\u00e8s de 33\u00a0% de la superficie totale de la r\u00e9gion. Les principales esp\u00e8ces rencontr\u00e9es dans ces aires sont\u00a0: l&#8217;\u00e9lan de Derby, le lion, la panth\u00e8re, le bubale, le cobe de Buffon, le phacoch\u00e8re, le babouin, le buffle,\u00a0etc&#8230;<\/p>\n<p><strong>Organisation administrative<\/strong><\/p>\n<p>La r\u00e9gion est compos\u00e9e de quatre d\u00e9partements et compte 21 arrondissements. La r\u00e9gion compte 21 communes.<\/p>\n<div class=\"boxscrl\">\n<table width=\"594\">\n<tbody>\n<tr>\n<td width=\"152\">D\u00e9partement<\/td>\n<td width=\"152\">Chef-lieu<\/td>\n<td width=\"141\">Superficie km\u00b2<\/td>\n<td width=\"149\">Population (2005)<\/td>\n<\/tr>\n<tr>\n<td>B\u00e9nou\u00e9<\/td>\n<td>Garoua<\/td>\n<td width=\"141\">13\u00a0614<\/td>\n<td width=\"149\">851\u00a0955<\/td>\n<\/tr>\n<tr>\n<td>Faro<\/td>\n<td>Poli<\/td>\n<td width=\"141\">11\u00a0785<\/td>\n<td width=\"149\">69\u00a0477<\/td>\n<\/tr>\n<tr>\n<td>Mayo-Louti<\/td>\n<td>Guider<\/td>\n<td width=\"141\">4\u00a0162<\/td>\n<td width=\"149\">391\u00a0326<\/td>\n<\/tr>\n<tr>\n<td>Mayo-Rey<\/td>\n<td>Tchollir\u00e9<\/td>\n<td width=\"141\">36\u00a0529<\/td>\n<td width=\"149\">375\u00a0201<\/td>\n<\/tr>\n<\/tbody>\n<\/table>\n<\/div>\n<p>&nbsp;<\/p>\n<figure id=\"attachment_43010\" aria-describedby=\"caption-attachment-43010\" style=\"width: 360px\" class=\"wp-caption alignright\"><a href=\"https:\/\/gifex.com\/fr\/wp-content\/uploads\/43003\/Carte-des-groupes-ethno-linguistiques-de-la-region-du-Nord-au-Cameroun.png\" target=\"_blank\" rel=\"noopener\"><img decoding=\"async\" class=\"wp-image-43010\" title=\"Carte des groupes ethno-linguistiques de la r\u00e9gion du Nord au Cameroun.\" src=\"https:\/\/gifex.com\/fr\/wp-content\/uploads\/43003\/Carte-des-groupes-ethno-linguistiques-de-la-region-du-Nord-au-Cameroun-300x274.png\" alt=\"Carte des groupes ethno-linguistiques de la r\u00e9gion du Nord au Cameroun.\" width=\"360\" height=\"329\" srcset=\"https:\/\/gifex.com\/fr\/wp-content\/uploads\/43003\/Carte-des-groupes-ethno-linguistiques-de-la-region-du-Nord-au-Cameroun-300x274.png 300w, https:\/\/gifex.com\/fr\/wp-content\/uploads\/43003\/Carte-des-groupes-ethno-linguistiques-de-la-region-du-Nord-au-Cameroun-768x701.png 768w, https:\/\/gifex.com\/fr\/wp-content\/uploads\/43003\/Carte-des-groupes-ethno-linguistiques-de-la-region-du-Nord-au-Cameroun.png 1000w\" sizes=\"(max-width: 360px) 100vw, 360px\" \/><\/a><figcaption id=\"caption-attachment-43010\" class=\"wp-caption-text\"><label style=\"font-size: 15px;\">Carte des groupes ethno-linguistiques de la r\u00e9gion du Nord au Cameroun.<\/label><\/figcaption><\/figure>\n<p>Chefferies traditionnelles ; la r\u00e9gion du Nord compte six chefferies traditionnelles de 1<sup>er<\/sup> degr\u00e9, 33 chefferies de 2<sup>e<\/sup> degr\u00e9 et 1 124 chefferies de 3<sup>e<\/sup> degr\u00e9.<\/p>\n<p><strong>\u00c9conomie<\/strong><\/p>\n<p>En tant que troisi\u00e8me port le plus actif du Cameroun, Garoua est depuis longtemps un site de d\u00e9veloppement commercial dans la r\u00e9gion. Malgr\u00e9 le fait que le port soit nouveau mais une ombre de lui-m\u00eame, Garoua reste le centre \u00e9conomique de la r\u00e9gion du Nord et du Grand Nord camerounais en g\u00e9n\u00e9ral. La ville est aujourd&#8217;hui un carrefour pour les marchandises en provenance et \u00e0 destination du Cameroun, du Tchad et du Nigeria. Le port n&#8217;est viable que pendant la saison des pluies (juillet \u00e0 octobre).<\/p>\n<p>Garoua est le c\u0153ur industriel de tout le Grand Nord camerounais et de nombreuses usines pars\u00e8ment la ville. Parmi les biens produits \u00e0 Garoua figurent la bi\u00e8re et les boissons non alcoolis\u00e9es, le savon, les produits en coton tels que les textiles et l&#8217;huile de coton, les mat\u00e9riaux de construction, les aliments transform\u00e9s et les chaussures. Figuil et Pitoa sont des centres industriels plus petits. Les usines de Figuil produisent du ciment et des textiles, et celles de Pitoa produisent des huiles \u00e0 partir d&#8217;arachides et de graines de coton. Guider et Touboro ont \u00e9galement des \u00e9greneuses de coton.<\/p>\n<p>L&#8217;artisanat est une industrie artisanale importante pour de nombreux habitants du Nord. De nombreux artisans de la r\u00e9gion s&#8217;occupent de tissus et de tissage de toutes sortes, des v\u00eatements aux tapis de pri\u00e8re, et constituent une importante source de revenus. Le Nord abrite \u00e9galement de nombreux brodeurs qualifi\u00e9s qui finissent les nombreux textiles qui y sont produits. Un artisan de Garoua fournit un important d\u00e9bouch\u00e9 \u00e0 ces artisans pour vendre leurs marchandises.<\/p>\n<p>L\u2019agriculture et l\u2019\u00e9levage occupent 90 % de la population. Encadr\u00e9e par la SODECOTON, la culture du coton est la grande culture commerciale d&#8217;exportation pour la fibre ou pour la consommation locale d&#8217;huile pour la graine. Les cultures vivri\u00e8res sont destin\u00e9es \u00e0 l&#8217;autoconsommation ou \u00e0 nourrir les villes, en croissance rapide. La p\u00eache a fortement augment\u00e9 avec la cr\u00e9ation du barrage hydro\u00e9lectrique de Lagdo et son lac de retenue.<\/p>\n<p>L&#8217;exploitation mini\u00e8re n&#8217;est qu&#8217;un petit aspect du complexe industriel du Nord. Les gisements de calcaire sont situ\u00e9s dans le renflement nord de la r\u00e9gion et les gisements d&#8217;uranium se trouvent dans la d\u00e9pression de la B\u00e9nou\u00e9 pr\u00e8s de Poli. Les ouvriers extraient le minerai d&#8217;\u00e9tain de la zone nord-ouest du barrage de Lagdo.<\/p>\n<p>Le barrage et r\u00e9servoir de Lagdo, qui contient 4 kilom\u00e8tres cubes d&#8217;eau, fournit une source majeure d&#8217;\u00e9nergie hydro\u00e9lectrique pour Garoua et la r\u00e9gion au nord de celle-ci (y compris la r\u00e9gion de l&#8217;Extr\u00eame-Nord).<\/p>\n<p><strong>Tourisme<\/strong><\/p>\n<p>Le tourisme dans la r\u00e9gion du Nord est largement centr\u00e9 sur la chasse dans ses parcs nationaux. Parmi ceux-ci, la plupart des guides de voyage recommandent le parc national de la B\u00e9nou\u00e9 de 1 800 kilom\u00e8tres carr\u00e9s comme le plus accessible et le moins braconn\u00e9. Le parc est \u00e9galement populaire parmi les p\u00eacheurs. Les chasseurs visitent \u00e9galement le parc de Bouba Ndjida, bien que sa v\u00e9g\u00e9tation \u00e9paisse et son grand nombre de rivi\u00e8res rendent les d\u00e9placements beaucoup plus difficiles. Le parc national du Faro est peu visit\u00e9, car il est le moins accessible aux v\u00e9hicules et il a \u00e9t\u00e9 en grande partie braconn\u00e9. Ceux qui souhaitent simplement observer la faune continuent g\u00e9n\u00e9ralement vers le nord pour visiter le parc national de Waza dans le Grand Nord. Il y a aussi un zoo \u00e0 Garoua o\u00f9 de nombreuses esp\u00e8ces indig\u00e8nes de la r\u00e9gion sont expos\u00e9es.<\/p>\n<p><strong>Groupes ethniques<\/strong><\/p>\n<p>\u00c0 l&#8217;exception de petites populations de Haoussa, d&#8217;Arabes Baggara et d&#8217;Occidentaux expatri\u00e9s \u00e0 Garoua, les groupes ethniques du Nord parlent les langues de trois grandes familles linguistiques : le Niger-Congo (\u00ab Adamawa \u00bb), le Tchadique et le Soudan central.<\/p>\n<p>Les locuteurs de la langue Adamawa occupent la majorit\u00e9 du territoire. Le Mbum habite une grande partie de la division Faro et une grande partie sud-est de la division Mayo-Rey, les Dii occupant la vaste zone interm\u00e9diaire. La terre \u00e0 l&#8217;ouest du Mayo Rey abrite plusieurs peuples sur un axe \u00e0 peu pr\u00e8s sud-nord: Chamba, Fanbe, Gimbe, Komandera et Vere. Les Doayo vivent \u00e0 l&#8217;est de la rivi\u00e8re, et les Ndupa, Dugun, un autre groupe de Chamba et les Voko du village de Poli les voisinent au sud. La capitale Mond est \u00e0 Rey Bouba, et les Mundang et Mambeya vivent \u00e0 la fronti\u00e8re tchadienne au nord-est du d\u00e9partement de la B\u00e9nou\u00e9. Quatre groupes Fali, avec des territoires dans les d\u00e9partements de la B\u00e9nou\u00e9 et du Mayo-Louti, forment le dernier membre du groupe de l&#8217;Adamaoua : le Fali proprement dit, le Fali Bussime, le Fali Durbeyi et le Fali Kangu.<\/p>\n<p>Aux fronti\u00e8res de la r\u00e9gion vivent divers peuples de langue tchadique. Les Njanyi commencent cette bande au nord-ouest de la division B\u00e9nou\u00e9. Les Gude se trouvent au nord. Ensuite, d&#8217;ouest en est, la fronti\u00e8re nord abrite les Gawar, Daba et Guidar. Les Bata et les Zim compl\u00e8tent le groupe des locuteurs tchadiques, avec trois concentrations distinctes des premiers le long de la fronti\u00e8re nig\u00e9riane dans les d\u00e9partements de la B\u00e9nou\u00e9 et de Faro, et deux zones des seconds \u00e0 la fronti\u00e8re avec le Tchad et \u00e0 cheval sur le parc de Bouba-Njida. Les Bata sont en outre divis\u00e9s en Bata fluviaux (\u00e0 l&#8217;ouest de Garoua et le long de la rivi\u00e8re B\u00e9nou\u00e9 et au Nigeria) et les Bata int\u00e9rieurs (ou Njirai), qui habitent les collines de Zummo-Malabo.<\/p>\n<p>En tant que seul groupe ethnique de la r\u00e9gion \u00e0 parler une langue du Soudan central, les Ngambay constituent le troisi\u00e8me groupe linguistique. Ils vivent sur un vaste territoire \u00e0 la fronti\u00e8re avec le Tchad entre la rivi\u00e8re Vina et le Mayo Godi.<\/p>\n<p>Bien que relativement nouveaux venus dans la r\u00e9gion, les Peul ou Foulani sont le groupe ethnique le plus nombreux de la r\u00e9gion du Nord. Leur territoire s&#8217;\u00e9tend sur la majeure partie du centre de la r\u00e9gion, principalement dans les d\u00e9partements de la B\u00e9nou\u00e9 et du Mayo Rey. Les Peul suivent deux modes de vie distincts. Les nomades Peul, connus des autres mais pas par eux-m\u00eames sous le nom de Mbororo, sont des \u00e9leveurs de b\u00e9tail. Ils parcourent les prairies de la r\u00e9gion et vers le sud dans la r\u00e9gion d&#8217;Adamaoua, et leurs \u00e9tablissements ne sont jamais que semi-permanents. Les Mbororo sont g\u00e9n\u00e9ralement des personnes grandes et minces avec un m\u00e9lange de traits s\u00e9mitiques et africains. En revanche, les Peul qui se sont install\u00e9s sont appel\u00e9s Peul s\u00e9dentaires ou citadins. Ils sont plus nombreux que leurs fr\u00e8res pasteurs et se sont mari\u00e9s pendant de nombreuses ann\u00e9es avec leurs voisins soudanais, auxquels ils ressemblent maintenant. Les Peul du Nord reconnaissent \u00e9galement deux lign\u00e9es principales, les wollarbe et les yillarga. Les groupes sont traditionnellement rivaux, bien qu&#8217;ils s&#8217;unissent souvent pour une cause commune.<\/p>\n<p>La plupart des peuples de la r\u00e9gion du Nord parlent leurs propres langues distinctes. Ceux qui comptent le plus de locuteurs sont le Daba, le Dii, le Fali du Sud, le Gidar, l&#8217;Adamawa Fulfulde (parl\u00e9 par les Peul du Cameroun) et le Ngambay. En raison de la sup\u00e9riorit\u00e9 num\u00e9rique et de la domination historique des Peul, le Fulfulde est largement parl\u00e9 comme lingua franca. Le fran\u00e7ais est la langue d&#8217;enseignement formel.<\/p>\n","protected":false},"excerpt":{"rendered":"<p>Carte de la r\u00e9gion du Nord, l&#8217;une des dix r\u00e9gions du Cameroun, situ\u00e9e dans le nord du pays. Superficie : 65 576 km\u00b2. Population en 2015 : 2 442 578 hab.<\/p>\n","protected":false},"author":1,"featured_media":43004,"template":"","categoria_ficha":[198],"class_list":["post-43003","ficha","type-ficha","status-publish","has-post-thumbnail","hentry","categoria_ficha-cartes-du-cameroun"],"acf":[],"_links":{"self":[{"href":"https:\/\/gifex.com\/fr\/wp-json\/wp\/v2\/ficha\/43003","targetHints":{"allow":["GET"]}}],"collection":[{"href":"https:\/\/gifex.com\/fr\/wp-json\/wp\/v2\/ficha"}],"about":[{"href":"https:\/\/gifex.com\/fr\/wp-json\/wp\/v2\/types\/ficha"}],"author":[{"embeddable":true,"href":"https:\/\/gifex.com\/fr\/wp-json\/wp\/v2\/users\/1"}],"version-history":[{"count":1,"href":"https:\/\/gifex.com\/fr\/wp-json\/wp\/v2\/ficha\/43003\/revisions"}],"predecessor-version":[{"id":43016,"href":"https:\/\/gifex.com\/fr\/wp-json\/wp\/v2\/ficha\/43003\/revisions\/43016"}],"wp:featuredmedia":[{"embeddable":true,"href":"https:\/\/gifex.com\/fr\/wp-json\/wp\/v2\/media\/43004"}],"wp:attachment":[{"href":"https:\/\/gifex.com\/fr\/wp-json\/wp\/v2\/media?parent=43003"}],"wp:term":[{"taxonomy":"categoria_ficha","embeddable":true,"href":"https:\/\/gifex.com\/fr\/wp-json\/wp\/v2\/categoria_ficha?post=43003"}],"curies":[{"name":"wp","href":"https:\/\/api.w.org\/{rel}","templated":true}]}}