{"id":42957,"date":"2023-08-19T16:52:11","date_gmt":"2023-08-19T16:52:11","guid":{"rendered":"https:\/\/gifex.com\/fr\/?post_type=ficha&#038;p=42957"},"modified":"2023-08-22T01:19:42","modified_gmt":"2023-08-22T01:19:42","slug":"carte-de-la-region-de-l-adamaoua","status":"publish","type":"ficha","link":"https:\/\/gifex.com\/fr\/fichier\/carte-de-la-region-de-l-adamaoua\/","title":{"rendered":"Carte de la r\u00e9gion de l&#8217;Adamaoua"},"content":{"rendered":"<p>Carte de la r\u00e9gion de l&#8217;Adamaoua, une r\u00e9gion constitutive de la R\u00e9publique du Cameroun. Elle borde les r\u00e9gions du Centre et de l&#8217;Est au sud, les r\u00e9gions du Nord-Ouest et de l&#8217;Ouest au sud-ouest, le Nigeria \u00e0 l&#8217;ouest, la R\u00e9publique centrafricaine (RCA) \u00e0 l&#8217;est et la r\u00e9gion du Nord au nord.<\/p>\n<figure id=\"attachment_42960\" aria-describedby=\"caption-attachment-42960\" style=\"width: 360px\" class=\"wp-caption alignright\"><a href=\"https:\/\/gifex.com\/fr\/wp-content\/uploads\/42957\/Carte-de-localisation-de-la-region-de-l-Adamaoua-au-Cameroun.png\" target=\"_blank\" rel=\"noopener\"><img fetchpriority=\"high\" decoding=\"async\" class=\"wp-image-42960\" title=\"Carte de localisation de la r\u00e9gion de l'Adamaoua au Cameroun.\" src=\"https:\/\/gifex.com\/fr\/wp-content\/uploads\/42957\/Carte-de-localisation-de-la-region-de-l-Adamaoua-au-Cameroun-201x300.png\" alt=\"Carte de localisation de la r\u00e9gion de l'Adamaoua au Cameroun.\" width=\"360\" height=\"537\" srcset=\"https:\/\/gifex.com\/fr\/wp-content\/uploads\/42957\/Carte-de-localisation-de-la-region-de-l-Adamaoua-au-Cameroun-201x300.png 201w, https:\/\/gifex.com\/fr\/wp-content\/uploads\/42957\/Carte-de-localisation-de-la-region-de-l-Adamaoua-au-Cameroun-686x1024.png 686w, https:\/\/gifex.com\/fr\/wp-content\/uploads\/42957\/Carte-de-localisation-de-la-region-de-l-Adamaoua-au-Cameroun-768x1146.png 768w, https:\/\/gifex.com\/fr\/wp-content\/uploads\/42957\/Carte-de-localisation-de-la-region-de-l-Adamaoua-au-Cameroun-1029x1536.png 1029w, https:\/\/gifex.com\/fr\/wp-content\/uploads\/42957\/Carte-de-localisation-de-la-region-de-l-Adamaoua-au-Cameroun-1373x2048.png 1373w, https:\/\/gifex.com\/fr\/wp-content\/uploads\/42957\/Carte-de-localisation-de-la-region-de-l-Adamaoua-au-Cameroun-300x448.png 300w, https:\/\/gifex.com\/fr\/wp-content\/uploads\/42957\/Carte-de-localisation-de-la-region-de-l-Adamaoua-au-Cameroun-1072x1600.png 1072w, https:\/\/gifex.com\/fr\/wp-content\/uploads\/42957\/Carte-de-localisation-de-la-region-de-l-Adamaoua-au-Cameroun.png 2000w\" sizes=\"(max-width: 360px) 100vw, 360px\" \/><\/a><figcaption id=\"caption-attachment-42960\" class=\"wp-caption-text\"><label style=\"font-size: 15px;\">Carte de localisation de la r\u00e9gion de l&#8217;Adamaoua au Cameroun.<\/label><\/figcaption><\/figure>\n<ul>\n<li>Superficie : 63 701 km\u00b2<\/li>\n<li>Population en 2015 : 1 201 000 hab.<\/li>\n<li>Chef-lieu : Ngaound\u00e9r\u00e9<\/li>\n<\/ul>\n<p><strong>G\u00e9ographie<\/strong><\/p>\n<p>Cette r\u00e9gion montagneuse forme la barri\u00e8re entre le sud bois\u00e9 du Cameroun et la savane du nord. Avec pr\u00e8s de 64 000 km\u00b2 de superficie terrestre, l&#8217;Adamaoua est la troisi\u00e8me plus grande des dix r\u00e9gions du Cameroun. La terre est accident\u00e9e et peu peupl\u00e9e, cependant, la plupart est consacr\u00e9e \u00e0 l&#8217;\u00e9levage du b\u00e9tail.<\/p>\n<p>De puissantes forces g\u00e9othermiques ont fa\u00e7onn\u00e9 l&#8217;Adamaoua. La r\u00e9gion commence au sud dans le cadre du plateau du sud du Cameroun. La terre s&#8217;\u00e9l\u00e8ve doucement mais in\u00e9galement jusqu&#8217;\u00e0 environ 6 degr\u00e9s de latitude. Ici commence le plateau de l&#8217;Adamaoua, une bande de terrain qui s&#8217;\u00e9tend de 1 000 \u00e0 2 000 m d&#8217;altitude (moyenne d&#8217;environ 1 100 m) et s&#8217;\u00e9tend du Nig\u00e9ria \u00e0 la RCA. L&#8217;altitude baisse jusqu&#8217;\u00e0 500 m dans les vall\u00e9es du Dj\u00e9rem et du Mb\u00e9r\u00e9 et \u00e0 la fronti\u00e8re nord de Ngaound\u00e9r\u00e9. Le plateau continue \u00e0 environ 8 degr\u00e9s au nord avant de descendre vers la d\u00e9pression de la Benu\u00e9 dans des falaises abruptes et des volcans actifs (bien que cette zone de transition se trouve principalement dans la r\u00e9gion du Nord).<\/p>\n<p>Des failles traversent \u00e9galement la r\u00e9gion, la principale \u00e9tant la faille du Cameroun, datant de la p\u00e9riode du Cr\u00e9tac\u00e9. Les monts Mbang suivent cette faille dans une coupe grossi\u00e8re vers l&#8217;est. D&#8217;autres montagnes pars\u00e8ment \u00e9galement la r\u00e9gion. Les Mambilas s&#8217;\u00e9tendent dans l&#8217;extr\u00eame sud-ouest du Nigeria et des r\u00e9gions du nord-ouest et de l&#8217;ouest. Les Gotels sont au nord de ceux-ci le long de la fronti\u00e8re avec le Nigeria. Toutes ces montagnes font partie de la cr\u00eate du Cameroun. Tchabal Mbabo, dans les Gotels, est le plus haut sommet \u00e0 2 460 m.<\/p>\n<p><strong>Organisation administrative<\/strong><\/p>\n<p>Un d\u00e9cret pr\u00e9sidentiel a substitu\u00e9 \u00e0 la \u00ab r\u00e9gion de l&#8217;Adamaoua \u00bb la \u00ab R\u00e9gion de l&#8217;Adamaoua \u00bb en 2008. La r\u00e9gion compte cinq d\u00e9partements et vingt-et-un arrondissements, dot\u00e9s chacun d&#8217;une commune d&#8217;arrondissement. Ngaound\u00e9r\u00e9 a \u00e9t\u00e9 \u00e9rig\u00e9 en communaut\u00e9 urbaine en 2008.<\/p>\n<p>La r\u00e9gion se compose de cinq d\u00e9partements.<\/p>\n<div class=\"boxscrl\">\n<table width=\"484\">\n<tbody>\n<tr>\n<td width=\"152\">D\u00e9partement<\/td>\n<td width=\"64\">Chef-lieu<\/td>\n<td width=\"116\">Superficie km\u00b2<\/td>\n<td width=\"152\">Population (2001)<\/td>\n<\/tr>\n<tr>\n<td>Dj\u00e9rem<\/td>\n<td>Tibati<\/td>\n<td width=\"116\">13\u00a0283<\/td>\n<td width=\"152\">89\u00a0382<\/td>\n<\/tr>\n<tr>\n<td>Faro-et-D\u00e9o<\/td>\n<td>Tign\u00e8re<\/td>\n<td width=\"116\">10\u00a0435<\/td>\n<td width=\"152\">66\u00a0442<\/td>\n<\/tr>\n<tr>\n<td>Mayo-Banyo<\/td>\n<td>Banyo<\/td>\n<td width=\"116\">8\u00a0520<\/td>\n<td width=\"152\">134\u00a0902<\/td>\n<\/tr>\n<tr>\n<td>Mb\u00e9r\u00e9<\/td>\n<td>Meiganga<\/td>\n<td width=\"116\">14\u00a0267<\/td>\n<td width=\"152\">185\u00a0473<\/td>\n<\/tr>\n<tr>\n<td>Vina<\/td>\n<td>Ngaound\u00e9r\u00e9<\/td>\n<td width=\"116\">17\u00a0196<\/td>\n<td width=\"152\">247\u00a0427<\/td>\n<\/tr>\n<\/tbody>\n<\/table>\n<\/div>\n<p>&nbsp;<\/p>\n<figure id=\"attachment_42961\" aria-describedby=\"caption-attachment-42961\" style=\"width: 360px\" class=\"wp-caption alignright\"><a href=\"https:\/\/gifex.com\/fr\/wp-content\/uploads\/42957\/Carte-des-departements-de-la-region-de-l-Adamaoua.png\" target=\"_blank\" rel=\"noopener\"><img decoding=\"async\" class=\"wp-image-42961\" title=\"Carte des d\u00e9partements de la r\u00e9gion de l'Adamaoua.\" src=\"https:\/\/gifex.com\/fr\/wp-content\/uploads\/42957\/Carte-des-departements-de-la-region-de-l-Adamaoua-300x245.png\" alt=\"Carte des d\u00e9partements de la r\u00e9gion de l'Adamaoua.\" width=\"360\" height=\"294\" srcset=\"https:\/\/gifex.com\/fr\/wp-content\/uploads\/42957\/Carte-des-departements-de-la-region-de-l-Adamaoua-300x245.png 300w, https:\/\/gifex.com\/fr\/wp-content\/uploads\/42957\/Carte-des-departements-de-la-region-de-l-Adamaoua-768x628.png 768w, https:\/\/gifex.com\/fr\/wp-content\/uploads\/42957\/Carte-des-departements-de-la-region-de-l-Adamaoua.png 977w\" sizes=\"(max-width: 360px) 100vw, 360px\" \/><\/a><figcaption id=\"caption-attachment-42961\" class=\"wp-caption-text\"><label style=\"font-size: 15px;\">Carte des d\u00e9partements de la r\u00e9gion de l&#8217;Adamaoua.<\/label><\/figcaption><\/figure>\n<p>Chefferies traditionnelles ; La r\u00e9gion de l&#8217;Adamoua compte six chefferies traditionnelles de 1<sup>er<\/sup> degr\u00e9, 16 chefferies de 2<sup>e<\/sup> degr\u00e9 et 1021 chefferies de 3<sup>e<\/sup> degr\u00e9.<\/p>\n<p><strong>\u00c9conomie<\/strong><\/p>\n<p><strong>Cheptel<\/strong><\/p>\n<p>L&#8217;\u00e9conomie de l&#8217;Adamaoua repose presque enti\u00e8rement sur une seule chose : le b\u00e9tail, monopole Peul. La faible population de la r\u00e9gion, son humidit\u00e9 \u00e9lev\u00e9e et ses vastes champs d&#8217;herbe en font un lieu id\u00e9al pour le p\u00e2turage. Les bergers alternent les p\u00e2turages et construisent souvent des abreuvoirs ou des puits pour eux-m\u00eames et leurs animaux.<\/p>\n<p>La relation \u00e9troite entre les Bororo et leurs troupeaux donne une grande importance culturelle au cheptel bovin d&#8217;un Peul, et plus un homme a de t\u00eates de b\u00e9tail, plus il est riche. Cependant, cela conduit souvent les \u00e9leveurs \u00e0 ne jamais tuer leurs animaux et \u00e0 maintenir en vie les animaux malades de peur de perdre une partie de leur valeur nette. N\u00e9anmoins, de nombreux \u00e9leveurs peuls transportent leur b\u00e9tail vers les grands march\u00e9s de Yaound\u00e9 et de Douala pour le vendre (certains se rendent jusqu&#8217;au Gabon et au Congo). Les grands axes de transhumance se trouvent dans le tiers ouest de la r\u00e9gion et \u00e0 la fronti\u00e8re avec le Tchad.<\/p>\n<figure id=\"attachment_42962\" aria-describedby=\"caption-attachment-42962\" style=\"width: 360px\" class=\"wp-caption alignright\"><a href=\"https:\/\/gifex.com\/fr\/wp-content\/uploads\/42957\/Carte-des-groupes-ethno-linguistiques-de-la-region-de-l-Adamaoua.png\" target=\"_blank\" rel=\"noopener\"><img decoding=\"async\" class=\"wp-image-42962\" title=\"Carte des groupes ethno-linguistiques de la r\u00e9gion de l'Adamaoua.\" src=\"https:\/\/gifex.com\/fr\/wp-content\/uploads\/42957\/Carte-des-groupes-ethno-linguistiques-de-la-region-de-l-Adamaoua-300x183.png\" alt=\"Carte des groupes ethno-linguistiques de la r\u00e9gion de l'Adamaoua.\" width=\"360\" height=\"220\" srcset=\"https:\/\/gifex.com\/fr\/wp-content\/uploads\/42957\/Carte-des-groupes-ethno-linguistiques-de-la-region-de-l-Adamaoua-300x183.png 300w, https:\/\/gifex.com\/fr\/wp-content\/uploads\/42957\/Carte-des-groupes-ethno-linguistiques-de-la-region-de-l-Adamaoua-768x468.png 768w, https:\/\/gifex.com\/fr\/wp-content\/uploads\/42957\/Carte-des-groupes-ethno-linguistiques-de-la-region-de-l-Adamaoua.png 1000w\" sizes=\"(max-width: 360px) 100vw, 360px\" \/><\/a><figcaption id=\"caption-attachment-42962\" class=\"wp-caption-text\"><label style=\"font-size: 15px;\">Carte des groupes ethno-linguistiques de la r\u00e9gion de l&#8217;Adamaoua.<\/label><\/figcaption><\/figure>\n<p>La plupart de ces animaux sont de la race des z\u00e9bus bossus. Pr\u00e8s de Ngaound\u00e9r\u00e9 et de Banyo, on les appelle des z\u00e9bus peuls, de gros animaux charnus au pelage brun fonc\u00e9 et aux taches blanches. Les nomades Peul, quant \u00e0 eux, \u00e9l\u00e8vent des z\u00e9bus Bororo. Ce sont des b\u00eates plus maigres et de couleur plus claire qui sont mieux \u00e0 m\u00eame de parcourir de longues distances.<\/p>\n<p>L&#8217;Institut de recherche zootechnique (IZR) et la SODEPA, g\u00e9r\u00e9s par le gouvernement, ont \u00e9galement cr\u00e9\u00e9 une poign\u00e9e de ranchs de b\u00e9tail modernes. Les plus importants se trouvent pr\u00e8s des villages de Laro, Wakwo et Ndokayo. Ici, les \u00e9leveurs ont \u00e9lev\u00e9 de nouvelles races de b\u00e9tail en m\u00e9langeant des animaux Fulbe indig\u00e8nes avec le brahmane am\u00e9ricain. Les initiatives gouvernementales ont \u00e9galement contribu\u00e9 \u00e0 l&#8217;\u00e9radication de la mouche ts\u00e9-ts\u00e9 dans la r\u00e9gion.<\/p>\n<p>De nombreux \u00e9leveurs et Bororo \u00e9l\u00e8vent \u00e9galement des chevaux et des \u00e2nes. De plus, l&#8217;Adamaoua compte plus de ch\u00e8vres et de moutons que toute autre r\u00e9gion, car ceux-ci peuvent vivre m\u00eame dans les grandes villes. Les porcs, cependant, sont beaucoup moins courants en raison de la pr\u00e9valence de l&#8217;islam dans la r\u00e9gion.<\/p>\n<p><strong>Agriculture<\/strong><\/p>\n<p>Presque toute l&#8217;agriculture de la r\u00e9gion est pratiqu\u00e9e au niveau de subsistance. Le millet est le pilier, bien que le ma\u00efs et le manioc soient \u00e9galement importants. D&#8217;autres cultures, cultiv\u00e9es en plus petites quantit\u00e9s, comprennent les cocoyams, les ignames et les arachides.<\/p>\n<p>Les Gbaya, Mbum et Dourou sont les agriculteurs les plus prolifiques de la r\u00e9gion, bien que m\u00eame les bergers cultivent pendant la saison des pluies. Les fermes sont g\u00e9n\u00e9ralement de petites parcelles qui sont d\u00e9frich\u00e9es ou br\u00fbl\u00e9es, puis plant\u00e9es pendant la saison s\u00e8che. Les cultures poussent pendant la saison des pluies, lorsqu&#8217;elles sont r\u00e9colt\u00e9es. Parce que la saison s\u00e8che est si longue, les r\u00e9coltes doivent \u00eatre pr\u00e9serv\u00e9es, donc la plupart sont transform\u00e9es en c\u00e9r\u00e9ales, qui sont pil\u00e9es \u00e0 la main avec un mortier et un pilon.<\/p>\n<p>Les cultures commerciales jouent un petit r\u00f4le dans l&#8217;\u00e9conomie de la r\u00e9gion. La SODEBLE cultive du bl\u00e9 sur 100 km\u00b2 \u00e0 Wassand\u00e9, pr\u00e8s de Ngaound\u00e9r\u00e9. La division sud-ouest de Mayo-Banyo compte \u00e9galement quelques parcelles de caf\u00e9. D&#8217;autres int\u00e9r\u00eats ont \u00e9tabli des plantations d&#8217;arachides, de millet et de bl\u00e9 ces derni\u00e8res ann\u00e9es.<\/p>\n<p><strong>Industrie<\/strong><\/p>\n<p>L&#8217;Adamaoua a un peu d&#8217;industrie, la plupart situ\u00e9e dans la capitale. Une grande partie est li\u00e9e \u00e0 l&#8217;\u00e9conomie bas\u00e9e sur le b\u00e9tail de la r\u00e9gion. Par exemple, le travail du cuir est une industrie importante \u00e0 Ngaound\u00e9r\u00e9, comme en t\u00e9moigne l&#8217;usine de la Soci\u00e9t\u00e9 des Tanneries et Peausseries du Cameroun (STPC). Le caoutchouc, les parfums et les produits laitiers sont \u00e9galement transform\u00e9s dans la capitale. L&#8217;artisanat, y compris le travail du bois et le tissage de nattes, constitue un autre secteur. L&#8217;\u00e9tain est extrait pr\u00e8s de Mayo Darl\u00e9 et de la fronti\u00e8re nig\u00e9riane et au sud-ouest de Banyo, et la bauxite est extraite pr\u00e8s de Ngaoundal et de Minim-Martap. L&#8217;eau min\u00e9rale est obtenue \u00e0 Doungu\u00e9.<\/p>\n<p><strong>Tourisme<\/strong><\/p>\n<p>M\u00eame si la r\u00e9gion de l&#8217;Adamaoua dispose d&#8217;un fort potentiel touristique, le minist\u00e8re du Tourisme et des Loisirs a r\u00e9pertori\u00e9 un peu plus de soixante-dix sites d&#8217;int\u00e9r\u00eat touristique.<\/p>\n<p>La plupart des voyageurs ne voient l&#8217;Adamaoua que bri\u00e8vement lors de leur transition \u00e0 Ngaound\u00e9r\u00e9 du train vers un bus plus au nord. La r\u00e9gion accueille des visiteurs int\u00e9ress\u00e9s par la riche histoire culturelle de la r\u00e9gion. Un certain nombre de lamidos permettent aux touristes de visiter leurs palais, comme par exemple le souverain de Ngo, qui re\u00e7oit les nobles tous les vendredis et dimanches. La r\u00e9gion compte \u00e9galement de nombreuses destinations pittoresques allant des lacs de crat\u00e8re aux grottes et cascades.<\/p>\n<p><strong>Groupes ethno-linguistiques<\/strong><\/p>\n<p>Les groupes ethniques de l&#8217;Adamaoua peuvent \u00eatre cat\u00e9goris\u00e9s par langues, en d\u00e9pit du peu de documentation sur la plupart d&#8217;entre elles, dont beaucoup sont parl\u00e9es par un nombre restreint de familles, voire en voie de disparition.<\/p>\n<p><strong>Langues \u00ab mambilo\u00efdes \u00bb<\/strong><\/p>\n<p>Le premier groupe ethnico-linguistique est celui rassemblant dans l&#8217;ouest de la r\u00e9gion les locuteurs de langues sans liens apparents entre elles et caract\u00e9ris\u00e9es essentiellement par l&#8217;usage de classes nominales. Rattach\u00e9es principalement pour cette raison aux langues banto\u00efdes, elles se distinguent des autres langues bantoues en ce qu&#8217;elles ne partagent pas la m\u00eame loi phon\u00e9tique. Ce sont les ethnies suivantes :<\/p>\n<ul>\n<li>les Tikars ;<\/li>\n<li>les Ndoros ;<\/li>\n<li>les Sugas ;<\/li>\n<li>les Vutes ;<\/li>\n<li>les Mambila ;<\/li>\n<li>les Konja.<\/li>\n<\/ul>\n<p><strong>Langues dites \u00ab de l&#8217;Adamaoua \u00bb<\/strong><\/p>\n<p>Les ethnies locutrices de langues adamaoua habitent le centre de la r\u00e9gion. Leurs langues sont caract\u00e9ris\u00e9es comme les langues mabilo\u00efdes par des classes nominales et des lois phon\u00e9tiques propres mais pr\u00e9sentent, au moins pour celles de la r\u00e9gion, des indices de parent\u00e9s. Elles sont rapproch\u00e9es tant\u00f4t des langues oubanguiennes, tant\u00f4t des langues banto\u00efdes, toujours \u00e0 titre d&#8217;hypoth\u00e8se g\u00e9n\u00e9rale. Les principales ethnies sont :<\/p>\n<ul>\n<li>les Kutins ;<\/li>\n<li>les Kalis ;<\/li>\n<li>les Mboums ;<\/li>\n<li>les Diis.<\/li>\n<\/ul>\n<p><strong>Langues de l&#8217;Oubangui<\/strong><\/p>\n<p>Un seul groupe ethnique peut \u00eatre class\u00e9 parmi les langues oubanguiennes, les Gbaya, habitants de l&#8217;est et du sud de la r\u00e9gion.<\/p>\n<p><strong>Langues s\u00e9n\u00e9gambiennes<\/strong><\/p>\n<p>Une seule ethnie peut \u00eatre class\u00e9 dans ce groupe, les Peuls, aussi appel\u00e9s en peul : Ful\u0253e et en haoussa comme en anglais : Fulani. Ils repr\u00e9sentent 60 % de la population de la r\u00e9gion.<\/p>\n<p>On peut les diviser en deux sous-groupes :<\/p>\n<ul>\n<li>les s\u00e9dentaires ;<\/li>\n<li>les nomades (aussi appel\u00e9s M&#8217;Bororo).<\/li>\n<\/ul>\n","protected":false},"excerpt":{"rendered":"<p>Carte de la r\u00e9gion de l&#8217;Adamaoua, une r\u00e9gion constitutive de la R\u00e9publique du Cameroun. Elle borde les r\u00e9gions du Centre et de l&#8217;Est au sud, les r\u00e9gions du Nord<\/p>\n","protected":false},"author":1,"featured_media":42958,"template":"","categoria_ficha":[198],"class_list":["post-42957","ficha","type-ficha","status-publish","has-post-thumbnail","hentry","categoria_ficha-cartes-du-cameroun"],"acf":[],"_links":{"self":[{"href":"https:\/\/gifex.com\/fr\/wp-json\/wp\/v2\/ficha\/42957","targetHints":{"allow":["GET"]}}],"collection":[{"href":"https:\/\/gifex.com\/fr\/wp-json\/wp\/v2\/ficha"}],"about":[{"href":"https:\/\/gifex.com\/fr\/wp-json\/wp\/v2\/types\/ficha"}],"author":[{"embeddable":true,"href":"https:\/\/gifex.com\/fr\/wp-json\/wp\/v2\/users\/1"}],"version-history":[{"count":7,"href":"https:\/\/gifex.com\/fr\/wp-json\/wp\/v2\/ficha\/42957\/revisions"}],"predecessor-version":[{"id":43038,"href":"https:\/\/gifex.com\/fr\/wp-json\/wp\/v2\/ficha\/42957\/revisions\/43038"}],"wp:featuredmedia":[{"embeddable":true,"href":"https:\/\/gifex.com\/fr\/wp-json\/wp\/v2\/media\/42958"}],"wp:attachment":[{"href":"https:\/\/gifex.com\/fr\/wp-json\/wp\/v2\/media?parent=42957"}],"wp:term":[{"taxonomy":"categoria_ficha","embeddable":true,"href":"https:\/\/gifex.com\/fr\/wp-json\/wp\/v2\/categoria_ficha?post=42957"}],"curies":[{"name":"wp","href":"https:\/\/api.w.org\/{rel}","templated":true}]}}