{"id":42425,"date":"2023-07-24T17:36:29","date_gmt":"2023-07-24T17:36:29","guid":{"rendered":"https:\/\/gifex.com\/fr\/?post_type=ficha&#038;p=42425"},"modified":"2023-07-24T17:41:16","modified_gmt":"2023-07-24T17:41:16","slug":"carte-physique-du-liban","status":"publish","type":"ficha","link":"https:\/\/gifex.com\/fr\/fichier\/carte-physique-du-liban\/","title":{"rendered":"Carte physique du Liban"},"content":{"rendered":"<p style=\"text-align: center;\"><label style=\"font-size: 15px;\">Carte physique du Liban.<\/label><\/p>\n<p>Le Liban est situ\u00e9 en Asie occidentale entre les latitudes 33\u00b0 et 35\u00b0 N et les longitudes 35\u00b0 et 37\u00b0 E. Son territoire chevauche le \u00abnord-ouest de la plaque arabique\u00bb.<\/p>\n<figure id=\"attachment_42427\" aria-describedby=\"caption-attachment-42427\" style=\"width: 360px\" class=\"wp-caption alignright\"><a href=\"https:\/\/gifex.com\/fr\/wp-content\/uploads\/42425\/Carte-topographique-du-Liban.png\" target=\"_blank\" rel=\"noopener\"><img fetchpriority=\"high\" decoding=\"async\" class=\"wp-image-42427\" title=\"Carte topographique du Liban.\" src=\"https:\/\/gifex.com\/fr\/wp-content\/uploads\/42425\/Carte-topographique-du-Liban-272x300.png\" alt=\"Carte topographique du Liban.\" width=\"360\" height=\"397\" srcset=\"https:\/\/gifex.com\/fr\/wp-content\/uploads\/42425\/Carte-topographique-du-Liban-272x300.png 272w, https:\/\/gifex.com\/fr\/wp-content\/uploads\/42425\/Carte-topographique-du-Liban-929x1024.png 929w, https:\/\/gifex.com\/fr\/wp-content\/uploads\/42425\/Carte-topographique-du-Liban-768x847.png 768w, https:\/\/gifex.com\/fr\/wp-content\/uploads\/42425\/Carte-topographique-du-Liban-1393x1536.png 1393w, https:\/\/gifex.com\/fr\/wp-content\/uploads\/42425\/Carte-topographique-du-Liban-300x331.png 300w, https:\/\/gifex.com\/fr\/wp-content\/uploads\/42425\/Carte-topographique-du-Liban-1451x1600.png 1451w, https:\/\/gifex.com\/fr\/wp-content\/uploads\/42425\/Carte-topographique-du-Liban.png 1636w\" sizes=\"(max-width: 360px) 100vw, 360px\" \/><\/a><figcaption id=\"caption-attachment-42427\" class=\"wp-caption-text\"><label style=\"font-size: 15px;\">Carte topographique du Liban.<\/label><\/figcaption><\/figure>\n<p>La superficie du pays est de 10 452 kilom\u00e8tres carr\u00e9s dont 10 230 kilom\u00e8tres carr\u00e9s de terres. Le Liban a un littoral et une fronti\u00e8re de 225 kilom\u00e8tres sur la mer M\u00e9diterran\u00e9e \u00e0 l&#8217;ouest, une fronti\u00e8re de 375 kilom\u00e8tres partag\u00e9e avec la Syrie au nord et \u00e0 l&#8217;est et une fronti\u00e8re de 79 kilom\u00e8tres avec Isra\u00ebl au sud. La fronti\u00e8re avec les hauteurs du Golan occup\u00e9es par Isra\u00ebl est contest\u00e9e par le Liban dans une petite zone appel\u00e9e fermes de Chebaa.<\/p>\n<p>Le Liban est divis\u00e9 en quatre r\u00e9gions physiographiques distinctes : la plaine c\u00f4ti\u00e8re, la cha\u00eene de montagnes du Liban, la vall\u00e9e de la Bekaa et les montagnes de l&#8217;Anti-Liban.<\/p>\n<p>La plaine c\u00f4ti\u00e8re \u00e9troite et discontinue s&#8217;\u00e9tend de la fronti\u00e8re syrienne au nord o\u00f9 elle s&#8217;\u00e9largit pour former la plaine du Akkar jusqu&#8217;\u00e0 Ras al-Naqoura \u00e0 la fronti\u00e8re avec Isra\u00ebl au sud. La plaine c\u00f4ti\u00e8re fertile est form\u00e9e de s\u00e9diments marins et d&#8217;alluvions d\u00e9pos\u00e9es par des rivi\u00e8res alternant avec des baies de sable et des plages rocheuses.<\/p>\n<p>Les montagnes du Liban s&#8217;\u00e9l\u00e8vent parall\u00e8lement \u00e0 la c\u00f4te m\u00e9diterran\u00e9enne et forment une cr\u00eate de calcaire et de gr\u00e8s qui s&#8217;\u00e9tend sur la majeure partie de la longueur du pays. La cha\u00eene de montagnes varie en largeur entre 10 km et 56 km; elle est creus\u00e9e par des gorges \u00e9troites et profondes. Les montagnes du Liban culminent \u00e0 3 088 m\u00e8tres d&#8217;altitude \u00e0 Qurnat as Sawda &#8216;au nord du Liban et s&#8217;inclinent progressivement vers le sud avant de remonter \u00e0 une hauteur de 2 695 m\u00e8tres au mont Sannine.<\/p>\n<figure id=\"attachment_42430\" aria-describedby=\"caption-attachment-42430\" style=\"width: 360px\" class=\"wp-caption alignright\"><a href=\"https:\/\/gifex.com\/fr\/wp-content\/uploads\/42425\/Carte-aeronautique-du-Liban-1998.jpg\" target=\"_blank\" rel=\"noopener\"><img decoding=\"async\" class=\"wp-image-42430\" title=\"Carte a\u00e9ronautique du Liban de 1998.\" src=\"https:\/\/gifex.com\/fr\/wp-content\/uploads\/42425\/Carte-aeronautique-du-Liban-1998-300x278.jpg\" alt=\"Carte a\u00e9ronautique du Liban de 1998.\" width=\"360\" height=\"334\" srcset=\"https:\/\/gifex.com\/fr\/wp-content\/uploads\/42425\/Carte-aeronautique-du-Liban-1998-300x278.jpg 300w, https:\/\/gifex.com\/fr\/wp-content\/uploads\/42425\/Carte-aeronautique-du-Liban-1998-1024x950.jpg 1024w, https:\/\/gifex.com\/fr\/wp-content\/uploads\/42425\/Carte-aeronautique-du-Liban-1998-768x713.jpg 768w, https:\/\/gifex.com\/fr\/wp-content\/uploads\/42425\/Carte-aeronautique-du-Liban-1998-1536x1425.jpg 1536w, https:\/\/gifex.com\/fr\/wp-content\/uploads\/42425\/Carte-aeronautique-du-Liban-1998-2048x1900.jpg 2048w, https:\/\/gifex.com\/fr\/wp-content\/uploads\/42425\/Carte-aeronautique-du-Liban-1998-1600x1485.jpg 1600w\" sizes=\"(max-width: 360px) 100vw, 360px\" \/><\/a><figcaption id=\"caption-attachment-42430\" class=\"wp-caption-text\"><label style=\"font-size: 15px;\">Carte a\u00e9ronautique du Liban, produite par rel\u00e8vement militaire, minist\u00e8re de la D\u00e9fense du Royaume-Uni en 1998. La carte montre les caract\u00e9ristiques physiques et la topographie du Liban.<\/label><\/figcaption><\/figure>\n<p>La vall\u00e9e de la Bekaa se situe entre les montagnes du Liban \u00e0 l&#8217;ouest et la cha\u00eene de l&#8217;Anti-Liban \u00e0 l&#8217;est; c&#8217;est une partie du syst\u00e8me de la vall\u00e9e du Grand Rift. La vall\u00e9e est longue de 180 km et large de 10 \u00e0 26 km, son sol fertile est form\u00e9 par des alluvions.<\/p>\n<p>La cha\u00eene de l&#8217;Anti-Liban est parall\u00e8le aux montagnes du Liban, son plus haut sommet se trouve au mont Hermon \u00e0 2 814 m\u00e8tres.<\/p>\n<p>Les montagnes du Liban sont drain\u00e9es par des torrents et des rivi\u00e8res saisonniers dont le premier est le Litani long de 145 kilom\u00e8tres qui prend sa source dans la vall\u00e9e de la Beqaa \u00e0 l&#8217;ouest de Baalbek et se jette dans la mer M\u00e9diterran\u00e9e au nord de Tyr. Le Liban compte 16 cours d&#8217;eau non navigables ; 13 cours d&#8217;eau proviennent du mont Liban et traversent les gorges escarp\u00e9es et se jettent dans la mer M\u00e9diterran\u00e9e, les trois autres prennent naissance dans la vall\u00e9e de la Bekaa.<\/p>\n<div style=\"clear: both; display: inline-block; width: 100%;\">\n<div class=\"row\">\n<div class=\"col-sm\">\n<figure id=\"attachment_42432\" aria-describedby=\"caption-attachment-42432\" style=\"width: 400px\" class=\"wp-caption alignleft\"><a href=\"https:\/\/gifex.com\/fr\/wp-content\/uploads\/42425\/Carte-en-relief-ombre-du-Liban.jpg\" target=\"_blank\" rel=\"noopener\"><img decoding=\"async\" class=\"wp-image-42432\" title=\"Carte en relief ombr\u00e9 du Liban.\" src=\"https:\/\/gifex.com\/fr\/wp-content\/uploads\/42425\/Carte-en-relief-ombre-du-Liban-242x300.jpg\" alt=\"Carte en relief ombr\u00e9 du Liban.\" width=\"400\" height=\"495\" srcset=\"https:\/\/gifex.com\/fr\/wp-content\/uploads\/42425\/Carte-en-relief-ombre-du-Liban-242x300.jpg 242w, https:\/\/gifex.com\/fr\/wp-content\/uploads\/42425\/Carte-en-relief-ombre-du-Liban-827x1024.jpg 827w, https:\/\/gifex.com\/fr\/wp-content\/uploads\/42425\/Carte-en-relief-ombre-du-Liban-768x951.jpg 768w, https:\/\/gifex.com\/fr\/wp-content\/uploads\/42425\/Carte-en-relief-ombre-du-Liban-1241x1536.jpg 1241w, https:\/\/gifex.com\/fr\/wp-content\/uploads\/42425\/Carte-en-relief-ombre-du-Liban-1655x2048.jpg 1655w, https:\/\/gifex.com\/fr\/wp-content\/uploads\/42425\/Carte-en-relief-ombre-du-Liban-300x371.jpg 300w, https:\/\/gifex.com\/fr\/wp-content\/uploads\/42425\/Carte-en-relief-ombre-du-Liban-1293x1600.jpg 1293w, https:\/\/gifex.com\/fr\/wp-content\/uploads\/42425\/Carte-en-relief-ombre-du-Liban.jpg 1986w\" sizes=\"(max-width: 400px) 100vw, 400px\" \/><\/a><figcaption id=\"caption-attachment-42432\" class=\"wp-caption-text\"><label style=\"font-size: 15px;\">Carte en relief ombr\u00e9 du Liban.<\/label><\/figcaption><\/figure>\n<\/div>\n<div class=\"col-sm\">\n<figure id=\"attachment_42435\" aria-describedby=\"caption-attachment-42435\" style=\"width: 400px\" class=\"wp-caption alignright\"><a href=\"https:\/\/gifex.com\/fr\/wp-content\/uploads\/42425\/Carte-des-zones-humides-au-Liban.jpg\" target=\"_blank\" rel=\"noopener\"><img loading=\"lazy\" decoding=\"async\" class=\"wp-image-42435\" title=\"Carte des zones humides au Liban.\" src=\"https:\/\/gifex.com\/fr\/wp-content\/uploads\/42425\/Carte-des-zones-humides-au-Liban-293x300.jpg\" alt=\"Carte des zones humides au Liban.\" width=\"400\" height=\"409\" srcset=\"https:\/\/gifex.com\/fr\/wp-content\/uploads\/42425\/Carte-des-zones-humides-au-Liban-293x300.jpg 293w, https:\/\/gifex.com\/fr\/wp-content\/uploads\/42425\/Carte-des-zones-humides-au-Liban-768x786.jpg 768w, https:\/\/gifex.com\/fr\/wp-content\/uploads\/42425\/Carte-des-zones-humides-au-Liban-300x307.jpg 300w, https:\/\/gifex.com\/fr\/wp-content\/uploads\/42425\/Carte-des-zones-humides-au-Liban.jpg 1000w\" sizes=\"(max-width: 400px) 100vw, 400px\" \/><\/a><figcaption id=\"caption-attachment-42435\" class=\"wp-caption-text\"><label style=\"font-size: 15px;\">Carte des zones humides au Liban.<\/label><\/figcaption><\/figure>\n<\/div>\n<div class=\"col-sm\">\n<figure id=\"attachment_42433\" aria-describedby=\"caption-attachment-42433\" style=\"width: 400px\" class=\"wp-caption alignleft\"><a href=\"https:\/\/gifex.com\/fr\/wp-content\/uploads\/42425\/Carte-du-couvert-forestier-du-Liban-2010.jpg\" target=\"_blank\" rel=\"noopener\"><img loading=\"lazy\" decoding=\"async\" class=\"wp-image-42433\" title=\"Carte du couvert forestier du Liban.\" src=\"https:\/\/gifex.com\/fr\/wp-content\/uploads\/42425\/Carte-du-couvert-forestier-du-Liban-2010-233x300.jpg\" alt=\"Carte du couvert forestier du Liban.\" width=\"400\" height=\"515\" srcset=\"https:\/\/gifex.com\/fr\/wp-content\/uploads\/42425\/Carte-du-couvert-forestier-du-Liban-2010-233x300.jpg 233w, https:\/\/gifex.com\/fr\/wp-content\/uploads\/42425\/Carte-du-couvert-forestier-du-Liban-2010-795x1024.jpg 795w, https:\/\/gifex.com\/fr\/wp-content\/uploads\/42425\/Carte-du-couvert-forestier-du-Liban-2010-768x989.jpg 768w, https:\/\/gifex.com\/fr\/wp-content\/uploads\/42425\/Carte-du-couvert-forestier-du-Liban-2010-1193x1536.jpg 1193w, https:\/\/gifex.com\/fr\/wp-content\/uploads\/42425\/Carte-du-couvert-forestier-du-Liban-2010-1590x2048.jpg 1590w, https:\/\/gifex.com\/fr\/wp-content\/uploads\/42425\/Carte-du-couvert-forestier-du-Liban-2010-300x386.jpg 300w, https:\/\/gifex.com\/fr\/wp-content\/uploads\/42425\/Carte-du-couvert-forestier-du-Liban-2010-1242x1600.jpg 1242w, https:\/\/gifex.com\/fr\/wp-content\/uploads\/42425\/Carte-du-couvert-forestier-du-Liban-2010.jpg 1883w\" sizes=\"(max-width: 400px) 100vw, 400px\" \/><\/a><figcaption id=\"caption-attachment-42433\" class=\"wp-caption-text\"><label style=\"font-size: 15px;\">Carte du couvert forestier du Liban montrant 9 des 20 zones v\u00e9g\u00e9tales importantes (Yazbek et al. 2010) \u00e0 l&#8217;int\u00e9rieur des bordures grises.<\/label><\/figcaption><\/figure>\n<\/div>\n<div class=\"col-sm\">\n<figure id=\"attachment_42434\" aria-describedby=\"caption-attachment-42434\" style=\"width: 400px\" class=\"wp-caption alignright\"><a href=\"https:\/\/gifex.com\/fr\/wp-content\/uploads\/42425\/Topographie-du-Liban-1963.jpg\" target=\"_blank\" rel=\"noopener\"><img loading=\"lazy\" decoding=\"async\" class=\"wp-image-42434\" title=\"Topographie du Liban.\" src=\"https:\/\/gifex.com\/fr\/wp-content\/uploads\/42425\/Topographie-du-Liban-1963-218x300.jpg\" alt=\"Topographie du Liban.\" width=\"400\" height=\"551\" srcset=\"https:\/\/gifex.com\/fr\/wp-content\/uploads\/42425\/Topographie-du-Liban-1963-218x300.jpg 218w, https:\/\/gifex.com\/fr\/wp-content\/uploads\/42425\/Topographie-du-Liban-1963-744x1024.jpg 744w, https:\/\/gifex.com\/fr\/wp-content\/uploads\/42425\/Topographie-du-Liban-1963-768x1058.jpg 768w, https:\/\/gifex.com\/fr\/wp-content\/uploads\/42425\/Topographie-du-Liban-1963-1115x1536.jpg 1115w, https:\/\/gifex.com\/fr\/wp-content\/uploads\/42425\/Topographie-du-Liban-1963-300x413.jpg 300w, https:\/\/gifex.com\/fr\/wp-content\/uploads\/42425\/Topographie-du-Liban-1963-1162x1600.jpg 1162w, https:\/\/gifex.com\/fr\/wp-content\/uploads\/42425\/Topographie-du-Liban-1963.jpg 1249w\" sizes=\"(max-width: 400px) 100vw, 400px\" \/><\/a><figcaption id=\"caption-attachment-42434\" class=\"wp-caption-text\"><label style=\"font-size: 15px;\">Topographie du Liban bas\u00e9e sur la carte topographique du Liban 1 : 20.000 (Minist\u00e8re de la D\u00e9fense Nationale, 1963).<\/label><\/figcaption><\/figure>\n<\/div>\n<\/div>\n<\/div>\n","protected":false},"excerpt":{"rendered":"<p>Carte physique du Liban. Le Liban est situ\u00e9 en Asie occidentale entre les latitudes 33\u00b0 et 35\u00b0 N et les longitudes 35\u00b0 et 37\u00b0 E. Son territoire chevauche le &#8230;<\/p>\n","protected":false},"author":1,"featured_media":42426,"template":"","categoria_ficha":[170],"class_list":["post-42425","ficha","type-ficha","status-publish","has-post-thumbnail","hentry","categoria_ficha-cartes-du-liban"],"acf":[],"_links":{"self":[{"href":"https:\/\/gifex.com\/fr\/wp-json\/wp\/v2\/ficha\/42425","targetHints":{"allow":["GET"]}}],"collection":[{"href":"https:\/\/gifex.com\/fr\/wp-json\/wp\/v2\/ficha"}],"about":[{"href":"https:\/\/gifex.com\/fr\/wp-json\/wp\/v2\/types\/ficha"}],"author":[{"embeddable":true,"href":"https:\/\/gifex.com\/fr\/wp-json\/wp\/v2\/users\/1"}],"version-history":[{"count":6,"href":"https:\/\/gifex.com\/fr\/wp-json\/wp\/v2\/ficha\/42425\/revisions"}],"predecessor-version":[{"id":42439,"href":"https:\/\/gifex.com\/fr\/wp-json\/wp\/v2\/ficha\/42425\/revisions\/42439"}],"wp:featuredmedia":[{"embeddable":true,"href":"https:\/\/gifex.com\/fr\/wp-json\/wp\/v2\/media\/42426"}],"wp:attachment":[{"href":"https:\/\/gifex.com\/fr\/wp-json\/wp\/v2\/media?parent=42425"}],"wp:term":[{"taxonomy":"categoria_ficha","embeddable":true,"href":"https:\/\/gifex.com\/fr\/wp-json\/wp\/v2\/categoria_ficha?post=42425"}],"curies":[{"name":"wp","href":"https:\/\/api.w.org\/{rel}","templated":true}]}}