{"id":42357,"date":"2023-07-21T23:17:42","date_gmt":"2023-07-21T23:17:42","guid":{"rendered":"https:\/\/gifex.com\/fr\/?post_type=ficha&#038;p=42357"},"modified":"2023-07-25T15:08:54","modified_gmt":"2023-07-25T15:08:54","slug":"carte-climatique-du-liban","status":"publish","type":"ficha","link":"https:\/\/gifex.com\/fr\/fichier\/carte-climatique-du-liban\/","title":{"rendered":"Carte climatique du Liban"},"content":{"rendered":"<p style=\"text-align: center;\"><label style=\"font-size: 15px;\">Carte de classification climatique de K\u00f6ppen\u2013Geiger pour le Liban.<\/label><\/p>\n<figure id=\"attachment_42360\" aria-describedby=\"caption-attachment-42360\" style=\"width: 360px\" class=\"wp-caption alignright\"><a href=\"https:\/\/gifex.com\/fr\/wp-content\/uploads\/42357\/Carte-pluviometrique-du-Liban.jpg\" target=\"_blank\" rel=\"noopener\"><img fetchpriority=\"high\" decoding=\"async\" class=\"wp-image-42360\" title=\"Carte pluviom\u00e9trique du Liban.\" src=\"https:\/\/gifex.com\/fr\/wp-content\/uploads\/42357\/Carte-pluviometrique-du-Liban-246x300.jpg\" alt=\"Carte pluviom\u00e9trique du Liban.\" width=\"360\" height=\"439\" srcset=\"https:\/\/gifex.com\/fr\/wp-content\/uploads\/42357\/Carte-pluviometrique-du-Liban-246x300.jpg 246w, https:\/\/gifex.com\/fr\/wp-content\/uploads\/42357\/Carte-pluviometrique-du-Liban-839x1024.jpg 839w, https:\/\/gifex.com\/fr\/wp-content\/uploads\/42357\/Carte-pluviometrique-du-Liban-768x937.jpg 768w, https:\/\/gifex.com\/fr\/wp-content\/uploads\/42357\/Carte-pluviometrique-du-Liban-300x366.jpg 300w, https:\/\/gifex.com\/fr\/wp-content\/uploads\/42357\/Carte-pluviometrique-du-Liban.jpg 1200w\" sizes=\"(max-width: 360px) 100vw, 360px\" \/><\/a><figcaption id=\"caption-attachment-42360\" class=\"wp-caption-text\"><label style=\"font-size: 15px;\">Carte pluviom\u00e9trique du Liban (Plassard, 1971).<\/label><\/figcaption><\/figure>\n<p>Le Liban a un climat m\u00e9diterran\u00e9en caract\u00e9ris\u00e9 par un \u00e9t\u00e9 long, chaud et sec, et un hiver frais et pluvieux. L&#8217;automne est une saison de transition avec une baisse de temp\u00e9rature et peu de pluie ; le printemps survient lorsque les pluies hivernales font rena\u00eetre la v\u00e9g\u00e9tation. La variation topographique cr\u00e9e des modifications locales du r\u00e9gime climatique de base. Le long de la c\u00f4te, les \u00e9t\u00e9s sont chauds et humides, avec peu ou pas de pluie. De fortes ros\u00e9es se forment, qui sont b\u00e9n\u00e9fiques pour l&#8217;agriculture. L&#8217;amplitude quotidienne des temp\u00e9ratures n&#8217;est pas large. Un vent d&#8217;ouest soulage l&#8217;apr\u00e8s-midi et le soir; la nuit, la direction du vent est invers\u00e9e, soufflant de la terre vers la mer.<\/p>\n<p>L&#8217;hiver est la saison des pluies, avec des pr\u00e9cipitations importantes tombant apr\u00e8s d\u00e9cembre. Les pluies sont g\u00e9n\u00e9reuses mais concentr\u00e9es sur quelques jours seulement de la saison des pluies, tombant par fortes averses. La quantit\u00e9 de pluie varie beaucoup d&#8217;une ann\u00e9e \u00e0 l&#8217;autre. Un vent chaud soufflant du d\u00e9sert \u00e9gyptien appel\u00e9 le khamsin (arabe pour \u00abcinquantaine\u00bb), peut fournir une tendance au r\u00e9chauffement pendant l&#8217;automne mais se produit plus souvent au printemps. Des vents tr\u00e8s froids peuvent provenir du sud de l&#8217;Europe. Le long de la c\u00f4te, la proximit\u00e9 de la mer a une influence mod\u00e9ratrice sur le climat, rendant la plage de temp\u00e9ratures plus \u00e9troite qu&#8217;\u00e0 l&#8217;int\u00e9rieur des terres, mais les temp\u00e9ratures sont plus fra\u00eeches dans les parties nord de la c\u00f4te o\u00f9 il y a aussi plus de pluie.<\/p>\n<figure id=\"attachment_42359\" aria-describedby=\"caption-attachment-42359\" style=\"width: 360px\" class=\"wp-caption alignright\"><a href=\"https:\/\/gifex.com\/fr\/wp-content\/uploads\/42357\/Carte-de-l-irradiation-normale-directe-au-Liban.jpg\" target=\"_blank\" rel=\"noopener\"><img decoding=\"async\" class=\"wp-image-42359\" title=\"Carte d'irradiation normale directe au Liban.\" src=\"https:\/\/gifex.com\/fr\/wp-content\/uploads\/42357\/Carte-de-l-irradiation-normale-directe-au-Liban-247x300.jpg\" alt=\"Carte d'irradiation normale directe au Liban.\" width=\"360\" height=\"437\" srcset=\"https:\/\/gifex.com\/fr\/wp-content\/uploads\/42357\/Carte-de-l-irradiation-normale-directe-au-Liban-247x300.jpg 247w, https:\/\/gifex.com\/fr\/wp-content\/uploads\/42357\/Carte-de-l-irradiation-normale-directe-au-Liban-844x1024.jpg 844w, https:\/\/gifex.com\/fr\/wp-content\/uploads\/42357\/Carte-de-l-irradiation-normale-directe-au-Liban-768x932.jpg 768w, https:\/\/gifex.com\/fr\/wp-content\/uploads\/42357\/Carte-de-l-irradiation-normale-directe-au-Liban-300x364.jpg 300w, https:\/\/gifex.com\/fr\/wp-content\/uploads\/42357\/Carte-de-l-irradiation-normale-directe-au-Liban.jpg 970w\" sizes=\"(max-width: 360px) 100vw, 360px\" \/><\/a><figcaption id=\"caption-attachment-42359\" class=\"wp-caption-text\"><label style=\"font-size: 15px;\">Carte d&#8217;irradiation normale directe au Liban.<\/label><\/figcaption><\/figure>\n<p>Dans les montagnes du Liban, l&#8217;augmentation progressive des altitudes produit des hivers extr\u00eamement froids avec plus de pr\u00e9cipitations et de neige. Les \u00e9t\u00e9s ont une gamme quotidienne de temp\u00e9ratures plus large et moins d&#8217;humidit\u00e9. En hiver, les gel\u00e9es sont fr\u00e9quentes et les neiges abondantes ; en fait, la neige recouvre les plus hauts sommets pendant une grande partie de l&#8217;ann\u00e9e. En \u00e9t\u00e9, les temp\u00e9ratures peuvent monter aussi haut pendant la journ\u00e9e que le long de la c\u00f4te, mais elles chutent beaucoup plus bas la nuit. Les habitants des villes c\u00f4ti\u00e8res, ainsi que les visiteurs, cherchent refuge contre l&#8217;humidit\u00e9 accablante de la c\u00f4te en passant une grande partie de l&#8217;\u00e9t\u00e9 dans les montagnes, o\u00f9 se trouvent de nombreuses stations baln\u00e9aires. L&#8217;influence de la mer M\u00e9diterran\u00e9e est att\u00e9nu\u00e9e par l&#8217;altitude et, bien que les pr\u00e9cipitations soient encore plus \u00e9lev\u00e9es que le long de la c\u00f4te, la plage de temp\u00e9ratures est plus large et les hivers plus rigoureux.<\/p>\n<p>La plaine de la Bekaa et la cha\u00eene de l&#8217;Anti-Liban sont prot\u00e9g\u00e9es de l&#8217;influence de la mer par les montagnes du Liban. Le r\u00e9sultat est consid\u00e9rablement moins de pr\u00e9cipitations et d&#8217;humidit\u00e9 et une plus grande variation des temp\u00e9ratures quotidiennes et annuelles. Le khamsin ne se produit pas dans la plaine de la Bekaa, mais le vent du nord en hiver est si violent que les habitants disent qu&#8217;il peut \u00abcasser les ongles\u00bb. Malgr\u00e9 l&#8217;altitude relativement basse de la plaine de la Bekaa (dont le point culminant, pr\u00e8s de Baalbek, n&#8217;est qu&#8217;\u00e0 1 100 m\u00e8tres), il y tombe plus de neige qu&#8217;\u00e0 des altitudes comparables \u00e0 l&#8217;ouest des montagnes du Liban.<\/p>\n<p>En raison de leurs altitudes, les montagnes de l&#8217;Anti-Liban re\u00e7oivent plus de pr\u00e9cipitations que la vall\u00e9e de la Bekaa, malgr\u00e9 leur \u00e9loignement des influences maritimes. Une grande partie de ces pr\u00e9cipitations appara\u00eet sous forme de neige, et les sommets de l&#8217;Anti-Liban, comme ceux des montagnes du Liban, sont enneig\u00e9s pendant une grande partie de l&#8217;ann\u00e9e. Les temp\u00e9ratures sont plus fra\u00eeches que dans la vall\u00e9e de la Bekaa.<\/p>\n<p>Les temp\u00e9ratures augmentent au Liban dans le cadre du r\u00e9chauffement climatique. Le Liban est consid\u00e9r\u00e9 comme faisant partie du Croissant fertile, mais avec les changements climatiques s\u00e9v\u00e8res, il pourrait perdre sa fertilit\u00e9.<\/p>\n<figure id=\"attachment_42361\" aria-describedby=\"caption-attachment-42361\" style=\"width: 400px\" class=\"wp-caption aligncenter\"><a href=\"https:\/\/gifex.com\/fr\/wp-content\/uploads\/42357\/Carte-de-l-evapotranspiration-du-Liban.jpg\" target=\"_blank\" rel=\"noopener\"><img decoding=\"async\" class=\"wp-image-42361\" title=\"Carte de l'\u00e9vapotranspiration du Liban.\" src=\"https:\/\/gifex.com\/fr\/wp-content\/uploads\/42357\/Carte-de-l-evapotranspiration-du-Liban-245x300.jpg\" alt=\"Carte de l'\u00e9vapotranspiration du Liban.\" width=\"400\" height=\"490\" srcset=\"https:\/\/gifex.com\/fr\/wp-content\/uploads\/42357\/Carte-de-l-evapotranspiration-du-Liban-245x300.jpg 245w, https:\/\/gifex.com\/fr\/wp-content\/uploads\/42357\/Carte-de-l-evapotranspiration-du-Liban-836x1024.jpg 836w, https:\/\/gifex.com\/fr\/wp-content\/uploads\/42357\/Carte-de-l-evapotranspiration-du-Liban-768x940.jpg 768w, https:\/\/gifex.com\/fr\/wp-content\/uploads\/42357\/Carte-de-l-evapotranspiration-du-Liban-300x367.jpg 300w, https:\/\/gifex.com\/fr\/wp-content\/uploads\/42357\/Carte-de-l-evapotranspiration-du-Liban.jpg 1200w\" sizes=\"(max-width: 400px) 100vw, 400px\" \/><\/a><figcaption id=\"caption-attachment-42361\" class=\"wp-caption-text\"><label style=\"font-size: 15px;\">Carte de l&#8217;\u00e9vapotranspiration du Liban.<\/label><\/figcaption><\/figure>\n","protected":false},"excerpt":{"rendered":"<p>Carte de classification climatique de K\u00f6ppen\u2013Geiger pour le Liban. Le Liban a un climat m\u00e9diterran\u00e9en caract\u00e9ris\u00e9 par un \u00e9t\u00e9 long, chaud et sec, et un hiver &#8230;<\/p>\n","protected":false},"author":1,"featured_media":42405,"template":"","categoria_ficha":[170],"class_list":["post-42357","ficha","type-ficha","status-publish","has-post-thumbnail","hentry","categoria_ficha-cartes-du-liban"],"acf":[],"_links":{"self":[{"href":"https:\/\/gifex.com\/fr\/wp-json\/wp\/v2\/ficha\/42357","targetHints":{"allow":["GET"]}}],"collection":[{"href":"https:\/\/gifex.com\/fr\/wp-json\/wp\/v2\/ficha"}],"about":[{"href":"https:\/\/gifex.com\/fr\/wp-json\/wp\/v2\/types\/ficha"}],"author":[{"embeddable":true,"href":"https:\/\/gifex.com\/fr\/wp-json\/wp\/v2\/users\/1"}],"version-history":[{"count":1,"href":"https:\/\/gifex.com\/fr\/wp-json\/wp\/v2\/ficha\/42357\/revisions"}],"predecessor-version":[{"id":42362,"href":"https:\/\/gifex.com\/fr\/wp-json\/wp\/v2\/ficha\/42357\/revisions\/42362"}],"wp:featuredmedia":[{"embeddable":true,"href":"https:\/\/gifex.com\/fr\/wp-json\/wp\/v2\/media\/42405"}],"wp:attachment":[{"href":"https:\/\/gifex.com\/fr\/wp-json\/wp\/v2\/media?parent=42357"}],"wp:term":[{"taxonomy":"categoria_ficha","embeddable":true,"href":"https:\/\/gifex.com\/fr\/wp-json\/wp\/v2\/categoria_ficha?post=42357"}],"curies":[{"name":"wp","href":"https:\/\/api.w.org\/{rel}","templated":true}]}}