{"id":42227,"date":"2023-07-19T17:53:41","date_gmt":"2023-07-19T17:53:41","guid":{"rendered":"https:\/\/gifex.com\/fr\/?post_type=ficha&#038;p=42227"},"modified":"2023-07-19T21:33:04","modified_gmt":"2023-07-19T21:33:04","slug":"carte-de-la-prefecture-de-la-kemo","status":"publish","type":"ficha","link":"https:\/\/gifex.com\/fr\/fichier\/carte-de-la-prefecture-de-la-kemo\/","title":{"rendered":"Carte de la pr\u00e9fecture de la K\u00e9mo"},"content":{"rendered":"<p style=\"text-align: center;\"><label style=\"font-size: 15px;\">Carte de la pr\u00e9fecture de la K\u00e9mo.<\/label><\/p>\n<p>La K\u00e9mo est une pr\u00e9fecture de la R\u00e9publique centrafricaine dont le chef-lieu est Sibut. La superficie de la pr\u00e9fecture est de 16 510 km\u00b2. En 2022, 183 742 r\u00e9sidents ont \u00e9t\u00e9 recens\u00e9s.<\/p>\n<p><strong>G\u00e9ographie<\/strong><\/p>\n<figure id=\"attachment_42230\" aria-describedby=\"caption-attachment-42230\" style=\"width: 360px\" class=\"wp-caption alignright\"><a href=\"https:\/\/gifex.com\/fr\/wp-content\/uploads\/42227\/Carte-de-localisation-de-la-prefecture-de-la-Kemo.png\" target=\"_blank\" rel=\"noopener\"><img fetchpriority=\"high\" decoding=\"async\" class=\"wp-image-42230\" title=\"Carte de localisation de la pr\u00e9fecture de la K\u00e9mo.\" src=\"https:\/\/gifex.com\/fr\/wp-content\/uploads\/42227\/Carte-de-localisation-de-la-prefecture-de-la-Kemo-300x182.png\" alt=\"Carte de localisation de la pr\u00e9fecture de la K\u00e9mo.\" width=\"360\" height=\"219\" srcset=\"https:\/\/gifex.com\/fr\/wp-content\/uploads\/42227\/Carte-de-localisation-de-la-prefecture-de-la-Kemo-300x182.png 300w, https:\/\/gifex.com\/fr\/wp-content\/uploads\/42227\/Carte-de-localisation-de-la-prefecture-de-la-Kemo-768x467.png 768w, https:\/\/gifex.com\/fr\/wp-content\/uploads\/42227\/Carte-de-localisation-de-la-prefecture-de-la-Kemo.png 1025w\" sizes=\"(max-width: 360px) 100vw, 360px\" \/><\/a><figcaption id=\"caption-attachment-42230\" class=\"wp-caption-text\"><label style=\"font-size: 15px;\">Carte de localisation de la pr\u00e9fecture de la K\u00e9mo.<\/label><\/figcaption><\/figure>\n<p>Situ\u00e9e au sud du pays, la pr\u00e9fecture borde la pr\u00e9fecture de Nana-Gr\u00e9bizi au nord, la pr\u00e9fecture de Ouaka \u00e0 l&#8217;est, la R\u00e9publique d\u00e9mocratique du Congo au sud, la pr\u00e9fecture d&#8217;Ombella-Mpoko au sud-ouest et la pr\u00e9fecture d&#8217;Ouham-Fafa au nord-ouest. La pr\u00e9fecture porte le nom de la rivi\u00e8re K\u00e9mo, qui y a son bassin versant.<\/p>\n<p><strong>\u00c9conomie<\/strong><\/p>\n<p>La pr\u00e9fecture se situe dans la zone de cultures vivri\u00e8res \u00e0 mil et manioc dominants, ma\u00efs, courges et haricots. La culture commerciale principale est le coton. La p\u00eache fluviale traditionnelle est pratiqu\u00e9e sur la rivi\u00e8re Oubangui.<\/p>\n<p><strong>Sous-pr\u00e9fectures et communes<\/strong><\/p>\n<p>La K\u00e9mo est divis\u00e9e en quatre sous-pr\u00e9fectures et 8 communes :<\/p>\n<div class=\"boxscrl\">\n<table>\n<tbody>\n<tr>\n<td valign=\"top\">\n<ul>\n<li>Sous-pr\u00e9fecture de D\u00e9koa\u00a0:\n<ul>\n<li>D\u00e9koa<\/li>\n<li>Tilo<\/li>\n<li>Guiffa<\/li>\n<\/ul>\n<\/li>\n<li>Sous-pr\u00e9fecture de Mala\u00a0:\n<ul>\n<li>Mala<\/li>\n<\/ul>\n<\/li>\n<\/ul>\n<\/td>\n<td valign=\"top\" width=\"25px\"><\/td>\n<td><\/td>\n<td valign=\"top\">\n<ul>\n<li>Sous-pr\u00e9fecture de Ndjoukou\u00a0:\n<ul>\n<li>Galafondo<\/li>\n<li>Galabadja<\/li>\n<\/ul>\n<\/li>\n<li>Sous-pr\u00e9fecture de Sibut\u00a0:\n<ul>\n<li>Sibut<\/li>\n<li>Ngoumb\u00e9l\u00e9<\/li>\n<\/ul>\n<\/li>\n<\/ul>\n<\/td>\n<\/tr>\n<\/tbody>\n<\/table>\n<\/div>\n<p>Les huit communes de la K\u00e9mo sont constitu\u00e9es de 247 villages ou quartiers.<\/p>\n<p><strong>Autres localit\u00e9s<\/strong><\/p>\n<ul>\n<li>Banga, commune de Galabadja<\/li>\n<li>Bomb\u00e9, commune de Ngoumb\u00e9l\u00e9<\/li>\n<li>Possel, commune de Galafondo, anciennement Fort-de-Possel, capitale de la colonie de l&#8217;Oubangui-Chari-Tchad du 11 f\u00e9vrier au 11 d\u00e9cembre 1906.<\/li>\n<\/ul>\n<figure id=\"attachment_42231\" aria-describedby=\"caption-attachment-42231\" style=\"width: 400px\" class=\"wp-caption aligncenter\"><a href=\"https:\/\/gifex.com\/fr\/wp-content\/uploads\/42227\/Carte-de-la-prefecture-de-la-Kemo-avec-les-villes-et-les-routes-4-11-2020.jpg\" target=\"_blank\" rel=\"noopener\"><img decoding=\"async\" class=\"wp-image-42231\" title=\"Carte de la pr\u00e9fecture de la K\u00e9mo avec les villes et les routes.\" src=\"https:\/\/gifex.com\/fr\/wp-content\/uploads\/42227\/Carte-de-la-prefecture-de-la-Kemo-avec-les-villes-et-les-routes-4-11-2020-300x233.jpg\" alt=\"Carte de la pr\u00e9fecture de la K\u00e9mo avec les villes et les routes.\" width=\"400\" height=\"311\" srcset=\"https:\/\/gifex.com\/fr\/wp-content\/uploads\/42227\/Carte-de-la-prefecture-de-la-Kemo-avec-les-villes-et-les-routes-4-11-2020-300x233.jpg 300w, https:\/\/gifex.com\/fr\/wp-content\/uploads\/42227\/Carte-de-la-prefecture-de-la-Kemo-avec-les-villes-et-les-routes-4-11-2020-1024x796.jpg 1024w, https:\/\/gifex.com\/fr\/wp-content\/uploads\/42227\/Carte-de-la-prefecture-de-la-Kemo-avec-les-villes-et-les-routes-4-11-2020-768x597.jpg 768w, https:\/\/gifex.com\/fr\/wp-content\/uploads\/42227\/Carte-de-la-prefecture-de-la-Kemo-avec-les-villes-et-les-routes-4-11-2020-1536x1194.jpg 1536w, https:\/\/gifex.com\/fr\/wp-content\/uploads\/42227\/Carte-de-la-prefecture-de-la-Kemo-avec-les-villes-et-les-routes-4-11-2020-2048x1593.jpg 2048w, https:\/\/gifex.com\/fr\/wp-content\/uploads\/42227\/Carte-de-la-prefecture-de-la-Kemo-avec-les-villes-et-les-routes-4-11-2020-1600x1244.jpg 1600w\" sizes=\"(max-width: 400px) 100vw, 400px\" \/><\/a><figcaption id=\"caption-attachment-42231\" class=\"wp-caption-text\"><label style=\"font-size: 15px;\">Carte de la pr\u00e9fecture de la K\u00e9mo avec les villes et les routes.<\/label><\/figcaption><\/figure>\n","protected":false},"excerpt":{"rendered":"<p>Carte de la pr\u00e9fecture de la K\u00e9mo. La K\u00e9mo est une pr\u00e9fecture de la R\u00e9publique centrafricaine dont le chef-lieu est Sibut. La superficie de la pr\u00e9fecture est de <\/p>\n","protected":false},"author":1,"featured_media":42228,"template":"","categoria_ficha":[225],"class_list":["post-42227","ficha","type-ficha","status-publish","has-post-thumbnail","hentry","categoria_ficha-cartes-de-la-republique-centrafricaine"],"acf":[],"_links":{"self":[{"href":"https:\/\/gifex.com\/fr\/wp-json\/wp\/v2\/ficha\/42227","targetHints":{"allow":["GET"]}}],"collection":[{"href":"https:\/\/gifex.com\/fr\/wp-json\/wp\/v2\/ficha"}],"about":[{"href":"https:\/\/gifex.com\/fr\/wp-json\/wp\/v2\/types\/ficha"}],"author":[{"embeddable":true,"href":"https:\/\/gifex.com\/fr\/wp-json\/wp\/v2\/users\/1"}],"version-history":[{"count":3,"href":"https:\/\/gifex.com\/fr\/wp-json\/wp\/v2\/ficha\/42227\/revisions"}],"predecessor-version":[{"id":42265,"href":"https:\/\/gifex.com\/fr\/wp-json\/wp\/v2\/ficha\/42227\/revisions\/42265"}],"wp:featuredmedia":[{"embeddable":true,"href":"https:\/\/gifex.com\/fr\/wp-json\/wp\/v2\/media\/42228"}],"wp:attachment":[{"href":"https:\/\/gifex.com\/fr\/wp-json\/wp\/v2\/media?parent=42227"}],"wp:term":[{"taxonomy":"categoria_ficha","embeddable":true,"href":"https:\/\/gifex.com\/fr\/wp-json\/wp\/v2\/categoria_ficha?post=42227"}],"curies":[{"name":"wp","href":"https:\/\/api.w.org\/{rel}","templated":true}]}}