{"id":41232,"date":"2023-06-30T18:41:43","date_gmt":"2023-06-30T18:41:43","guid":{"rendered":"https:\/\/gifex.com\/fr\/?post_type=ficha&#038;p=41232"},"modified":"2023-06-30T18:41:43","modified_gmt":"2023-06-30T18:41:43","slug":"carte-du-canton-de-remich","status":"publish","type":"ficha","link":"https:\/\/gifex.com\/fr\/fichier\/carte-du-canton-de-remich\/","title":{"rendered":"Carte du canton de Remich"},"content":{"rendered":"<p>Carte du canton de Remich, un canton luxembourgeois situ\u00e9 dans le Sud-Est du Luxembourg \u00e0 la fronti\u00e8re avec l&#8217;Allemagne et la France.<\/p>\n<figure id=\"attachment_41234\" aria-describedby=\"caption-attachment-41234\" style=\"width: 360px\" class=\"wp-caption alignright\"><a href=\"https:\/\/gifex.com\/fr\/wp-content\/uploads\/41232\/Carte-de-localisation-du-canton-de-Remich-au-Luxembourg.png\" target=\"_blank\" rel=\"noopener\"><img fetchpriority=\"high\" decoding=\"async\" class=\"wp-image-41234\" title=\"Carte de localisation du canton de Remich au Luxembourg.\" src=\"https:\/\/gifex.com\/fr\/wp-content\/uploads\/41232\/Carte-de-localisation-du-canton-de-Remich-au-Luxembourg-210x300.png\" alt=\"Carte de localisation du canton de Remich au Luxembourg.\" width=\"360\" height=\"513\" srcset=\"https:\/\/gifex.com\/fr\/wp-content\/uploads\/41232\/Carte-de-localisation-du-canton-de-Remich-au-Luxembourg-210x300.png 210w, https:\/\/gifex.com\/fr\/wp-content\/uploads\/41232\/Carte-de-localisation-du-canton-de-Remich-au-Luxembourg-718x1024.png 718w, https:\/\/gifex.com\/fr\/wp-content\/uploads\/41232\/Carte-de-localisation-du-canton-de-Remich-au-Luxembourg-768x1095.png 768w, https:\/\/gifex.com\/fr\/wp-content\/uploads\/41232\/Carte-de-localisation-du-canton-de-Remich-au-Luxembourg-1077x1536.png 1077w, https:\/\/gifex.com\/fr\/wp-content\/uploads\/41232\/Carte-de-localisation-du-canton-de-Remich-au-Luxembourg-300x428.png 300w, https:\/\/gifex.com\/fr\/wp-content\/uploads\/41232\/Carte-de-localisation-du-canton-de-Remich-au-Luxembourg-1122x1600.png 1122w, https:\/\/gifex.com\/fr\/wp-content\/uploads\/41232\/Carte-de-localisation-du-canton-de-Remich-au-Luxembourg.png 1436w\" sizes=\"(max-width: 360px) 100vw, 360px\" \/><\/a><figcaption id=\"caption-attachment-41234\" class=\"wp-caption-text\"><label style=\"font-size: 15px;\">Carte de localisation du canton de Remich (en orange) au Luxembourg.<\/label><\/figcaption><\/figure>\n<ul>\n<li>Superficie : 127,87 km\u00b2<\/li>\n<li>Population au 1<sup>er<\/sup> janvier 2023 : 24 186 hab.<\/li>\n<li>Chef-lieu : Remich<\/li>\n<\/ul>\n<p>Le canton est d\u00e9limit\u00e9 au sud par la fronti\u00e8re fran\u00e7aise qui le s\u00e9pare des cantons de Cattenom et Sierck-les-Bains situ\u00e9s dans l\u2019arrondissement de Thionville en Moselle et r\u00e9gion Grand Est.<\/p>\n<p>Il est d\u00e9limit\u00e9 \u00e0 l\u2019est par la fronti\u00e8re allemande et la Moselle qui le s\u00e9parent de deux communes :<\/p>\n<ul>\n<li>vers le sud : Perl, situ\u00e9e dans l\u2019arrondissement de Merzig-Wadern dans la Sarre ;<\/li>\n<li>vers le nord : Palzem, situ\u00e9e dans l\u2019arrondissement de Tr\u00e8ves-Sarrebourg en Rh\u00e9nanie-Palatinat.<\/li>\n<\/ul>\n<p>Le tripoint Allemagne-France-Luxembourg se trouve donc dans le canton de Remich, plus pr\u00e9cis\u00e9ment dans la commune de Schengen.<\/p>\n<p>Le canton de Remich comprend les huit communes suivantes :<\/p>\n<div class=\"boxscrl\">\n<table width=\"459\">\n<tbody>\n<tr>\n<td colspan=\"4\" width=\"459\">Donn\u00e9es au 1<sup>er<\/sup> janvier 2023<\/td>\n<\/tr>\n<tr>\n<td rowspan=\"2\" width=\"157\">Commune<\/td>\n<td rowspan=\"2\" width=\"98\">Superficie<\/td>\n<td rowspan=\"2\" width=\"101\">Population<\/td>\n<td width=\"103\">Densit\u00e9<\/td>\n<\/tr>\n<tr>\n<td width=\"103\">(en hab.\/km\u00b2)<\/td>\n<\/tr>\n<tr>\n<td>Bous<\/td>\n<td width=\"98\">15,43<\/td>\n<td width=\"101\">1\u00a0752<\/td>\n<td width=\"103\">113,5<\/td>\n<\/tr>\n<tr>\n<td>Dalheim<\/td>\n<td width=\"98\">18,98<\/td>\n<td width=\"101\">2\u00a0408<\/td>\n<td width=\"103\">126,9<\/td>\n<\/tr>\n<tr>\n<td>Lenningen<\/td>\n<td width=\"98\">20,35<\/td>\n<td width=\"101\">2\u00a0070<\/td>\n<td width=\"103\">101,7<\/td>\n<\/tr>\n<tr>\n<td>Mondorf-les-Bains<\/td>\n<td width=\"98\">13,66<\/td>\n<td width=\"101\">5\u00a0424<\/td>\n<td width=\"103\">397,1<\/td>\n<\/tr>\n<tr>\n<td width=\"157\">Remich<\/td>\n<td width=\"98\">5,29<\/td>\n<td width=\"101\">4\u00a0015<\/td>\n<td width=\"103\">759<\/td>\n<\/tr>\n<tr>\n<td>Schengen<\/td>\n<td width=\"98\">31,42<\/td>\n<td width=\"101\">5\u00a0196<\/td>\n<td width=\"103\">165,4<\/td>\n<\/tr>\n<tr>\n<td>Stadtbredimus<\/td>\n<td width=\"98\">10,17<\/td>\n<td width=\"101\">1\u00a0984<\/td>\n<td width=\"103\">195,1<\/td>\n<\/tr>\n<tr>\n<td>Waldbredimus<\/td>\n<td width=\"98\">12,57<\/td>\n<td width=\"101\">1\u00a0337<\/td>\n<td width=\"103\">106,4<\/td>\n<\/tr>\n<\/tbody>\n<\/table>\n<\/div>\n","protected":false},"excerpt":{"rendered":"<p>Carte du canton de Remich, un canton luxembourgeois situ\u00e9 dans le Sud-Est du Luxembourg \u00e0 la fronti\u00e8re avec l&#8217;Allemagne et la France. Superficie : 127,87 km\u00b2<\/p>\n","protected":false},"author":1,"featured_media":41233,"template":"","categoria_ficha":[125],"class_list":["post-41232","ficha","type-ficha","status-publish","has-post-thumbnail","hentry","categoria_ficha-cartes-du-luxembourg"],"acf":[],"_links":{"self":[{"href":"https:\/\/gifex.com\/fr\/wp-json\/wp\/v2\/ficha\/41232","targetHints":{"allow":["GET"]}}],"collection":[{"href":"https:\/\/gifex.com\/fr\/wp-json\/wp\/v2\/ficha"}],"about":[{"href":"https:\/\/gifex.com\/fr\/wp-json\/wp\/v2\/types\/ficha"}],"author":[{"embeddable":true,"href":"https:\/\/gifex.com\/fr\/wp-json\/wp\/v2\/users\/1"}],"version-history":[{"count":2,"href":"https:\/\/gifex.com\/fr\/wp-json\/wp\/v2\/ficha\/41232\/revisions"}],"predecessor-version":[{"id":41387,"href":"https:\/\/gifex.com\/fr\/wp-json\/wp\/v2\/ficha\/41232\/revisions\/41387"}],"wp:featuredmedia":[{"embeddable":true,"href":"https:\/\/gifex.com\/fr\/wp-json\/wp\/v2\/media\/41233"}],"wp:attachment":[{"href":"https:\/\/gifex.com\/fr\/wp-json\/wp\/v2\/media?parent=41232"}],"wp:term":[{"taxonomy":"categoria_ficha","embeddable":true,"href":"https:\/\/gifex.com\/fr\/wp-json\/wp\/v2\/categoria_ficha?post=41232"}],"curies":[{"name":"wp","href":"https:\/\/api.w.org\/{rel}","templated":true}]}}