{"id":41228,"date":"2023-06-30T18:25:05","date_gmt":"2023-06-30T18:25:05","guid":{"rendered":"https:\/\/gifex.com\/fr\/?post_type=ficha&#038;p=41228"},"modified":"2023-06-30T18:25:05","modified_gmt":"2023-06-30T18:25:05","slug":"carte-du-canton-de-vianden","status":"publish","type":"ficha","link":"https:\/\/gifex.com\/fr\/fichier\/carte-du-canton-de-vianden\/","title":{"rendered":"Carte du canton de Vianden"},"content":{"rendered":"<figure id=\"attachment_41230\" aria-describedby=\"caption-attachment-41230\" style=\"width: 360px\" class=\"wp-caption alignright\"><a href=\"https:\/\/gifex.com\/fr\/wp-content\/uploads\/41228\/Carte-de-localisation-du-canton-de-Vianden-au-Luxembourg.png\" target=\"_blank\" rel=\"noopener\"><img fetchpriority=\"high\" decoding=\"async\" class=\"wp-image-41230\" title=\"Carte de localisation du canton de Vianden au Luxembourg.\" src=\"https:\/\/gifex.com\/fr\/wp-content\/uploads\/41228\/Carte-de-localisation-du-canton-de-Vianden-au-Luxembourg-210x300.png\" alt=\"Carte de localisation du canton de Vianden au Luxembourg.\" width=\"360\" height=\"513\" srcset=\"https:\/\/gifex.com\/fr\/wp-content\/uploads\/41228\/Carte-de-localisation-du-canton-de-Vianden-au-Luxembourg-210x300.png 210w, https:\/\/gifex.com\/fr\/wp-content\/uploads\/41228\/Carte-de-localisation-du-canton-de-Vianden-au-Luxembourg-718x1024.png 718w, https:\/\/gifex.com\/fr\/wp-content\/uploads\/41228\/Carte-de-localisation-du-canton-de-Vianden-au-Luxembourg-768x1095.png 768w, https:\/\/gifex.com\/fr\/wp-content\/uploads\/41228\/Carte-de-localisation-du-canton-de-Vianden-au-Luxembourg-1077x1536.png 1077w, https:\/\/gifex.com\/fr\/wp-content\/uploads\/41228\/Carte-de-localisation-du-canton-de-Vianden-au-Luxembourg-300x428.png 300w, https:\/\/gifex.com\/fr\/wp-content\/uploads\/41228\/Carte-de-localisation-du-canton-de-Vianden-au-Luxembourg-1122x1600.png 1122w, https:\/\/gifex.com\/fr\/wp-content\/uploads\/41228\/Carte-de-localisation-du-canton-de-Vianden-au-Luxembourg.png 1436w\" sizes=\"(max-width: 360px) 100vw, 360px\" \/><\/a><figcaption id=\"caption-attachment-41230\" class=\"wp-caption-text\"><label style=\"font-size: 15px;\">Carte de localisation du canton de Vianden (en orange) au Luxembourg.<\/label><\/figcaption><\/figure>\n<p>Carte du canton de Vianden, un canton luxembourgeois situ\u00e9 dans le Nord-Est du Luxembourg.<\/p>\n<ul>\n<li>Superficie : 54,08 km\u00b2<\/li>\n<li>Population au 1<sup>er<\/sup> janvier 2023 : 5 593 hab.<\/li>\n<li>Chef-lieu : Vianden<\/li>\n<\/ul>\n<p>Le canton est bord\u00e9 \u00e0 l\u2019est par la fronti\u00e8re allemande qui le s\u00e9pare de l\u2019arrondissement d&#8217;Eifel-Bitburg-Pr\u00fcm situ\u00e9 en Rh\u00e9nanie-Palatinat. Le cours de l\u2019Our, un affluent de la S\u00fbre, correspond \u00e0 cette fronti\u00e8re sauf au niveau de la commune de Vianden o\u00f9 il coule en territoire luxembourgeois.<\/p>\n<p>Le canton de Vianden comprend les trois communes suivantes :<\/p>\n<div class=\"boxscrl\">\n<table width=\"459\">\n<tbody>\n<tr>\n<td colspan=\"4\" width=\"459\">Donn\u00e9es au 1<sup>er<\/sup> janvier 2023<\/td>\n<\/tr>\n<tr>\n<td rowspan=\"2\" width=\"157\">Commune<\/td>\n<td rowspan=\"2\" width=\"98\">Superficie<\/td>\n<td rowspan=\"2\" width=\"101\">Population<\/td>\n<td width=\"103\">Densit\u00e9<\/td>\n<\/tr>\n<tr>\n<td width=\"103\">(en hab.\/km\u00b2)<\/td>\n<\/tr>\n<tr>\n<td>Putscheid<\/td>\n<td width=\"98\">27,13<\/td>\n<td width=\"101\">1\u00a0153<\/td>\n<td width=\"103\">42,5<\/td>\n<\/tr>\n<tr>\n<td>Tandel<\/td>\n<td width=\"98\">41,72<\/td>\n<td width=\"101\">2\u00a0238<\/td>\n<td width=\"103\">53,6<\/td>\n<\/tr>\n<tr>\n<td width=\"157\">Vianden<\/td>\n<td width=\"98\">9,67<\/td>\n<td width=\"101\">2\u00a0203<\/td>\n<td width=\"103\">227,8<\/td>\n<\/tr>\n<\/tbody>\n<\/table>\n<\/div>\n","protected":false},"excerpt":{"rendered":"<p>Carte du canton de Vianden, un canton luxembourgeois situ\u00e9 dans le Nord-Est du Luxembourg. Superficie : 54,08 km\u00b2. Population au 1er janvier 2023 : 5 593 hab.<\/p>\n","protected":false},"author":1,"featured_media":41229,"template":"","categoria_ficha":[125],"class_list":["post-41228","ficha","type-ficha","status-publish","has-post-thumbnail","hentry","categoria_ficha-cartes-du-luxembourg"],"acf":[],"_links":{"self":[{"href":"https:\/\/gifex.com\/fr\/wp-json\/wp\/v2\/ficha\/41228","targetHints":{"allow":["GET"]}}],"collection":[{"href":"https:\/\/gifex.com\/fr\/wp-json\/wp\/v2\/ficha"}],"about":[{"href":"https:\/\/gifex.com\/fr\/wp-json\/wp\/v2\/types\/ficha"}],"author":[{"embeddable":true,"href":"https:\/\/gifex.com\/fr\/wp-json\/wp\/v2\/users\/1"}],"version-history":[{"count":1,"href":"https:\/\/gifex.com\/fr\/wp-json\/wp\/v2\/ficha\/41228\/revisions"}],"predecessor-version":[{"id":41231,"href":"https:\/\/gifex.com\/fr\/wp-json\/wp\/v2\/ficha\/41228\/revisions\/41231"}],"wp:featuredmedia":[{"embeddable":true,"href":"https:\/\/gifex.com\/fr\/wp-json\/wp\/v2\/media\/41229"}],"wp:attachment":[{"href":"https:\/\/gifex.com\/fr\/wp-json\/wp\/v2\/media?parent=41228"}],"wp:term":[{"taxonomy":"categoria_ficha","embeddable":true,"href":"https:\/\/gifex.com\/fr\/wp-json\/wp\/v2\/categoria_ficha?post=41228"}],"curies":[{"name":"wp","href":"https:\/\/api.w.org\/{rel}","templated":true}]}}