{"id":41220,"date":"2023-06-30T16:59:36","date_gmt":"2023-06-30T16:59:36","guid":{"rendered":"https:\/\/gifex.com\/fr\/?post_type=ficha&#038;p=41220"},"modified":"2023-06-30T16:59:36","modified_gmt":"2023-06-30T16:59:36","slug":"carte-du-canton-de-mersch","status":"publish","type":"ficha","link":"https:\/\/gifex.com\/fr\/fichier\/carte-du-canton-de-mersch\/","title":{"rendered":"Carte du canton de Mersch"},"content":{"rendered":"<figure id=\"attachment_41222\" aria-describedby=\"caption-attachment-41222\" style=\"width: 360px\" class=\"wp-caption alignright\"><a href=\"https:\/\/gifex.com\/fr\/wp-content\/uploads\/41220\/Carte-de-localisation-du-canton-de-Mersch-au-Luxembourg.png\" target=\"_blank\" rel=\"noopener\"><img fetchpriority=\"high\" decoding=\"async\" class=\"wp-image-41222\" title=\"Carte de localisation du canton de Mersch au Luxembourg.\" src=\"https:\/\/gifex.com\/fr\/wp-content\/uploads\/41220\/Carte-de-localisation-du-canton-de-Mersch-au-Luxembourg-210x300.png\" alt=\"Carte de localisation du canton de Mersch au Luxembourg.\" width=\"360\" height=\"513\" srcset=\"https:\/\/gifex.com\/fr\/wp-content\/uploads\/41220\/Carte-de-localisation-du-canton-de-Mersch-au-Luxembourg-210x300.png 210w, https:\/\/gifex.com\/fr\/wp-content\/uploads\/41220\/Carte-de-localisation-du-canton-de-Mersch-au-Luxembourg-718x1024.png 718w, https:\/\/gifex.com\/fr\/wp-content\/uploads\/41220\/Carte-de-localisation-du-canton-de-Mersch-au-Luxembourg-768x1095.png 768w, https:\/\/gifex.com\/fr\/wp-content\/uploads\/41220\/Carte-de-localisation-du-canton-de-Mersch-au-Luxembourg-1077x1536.png 1077w, https:\/\/gifex.com\/fr\/wp-content\/uploads\/41220\/Carte-de-localisation-du-canton-de-Mersch-au-Luxembourg-300x428.png 300w, https:\/\/gifex.com\/fr\/wp-content\/uploads\/41220\/Carte-de-localisation-du-canton-de-Mersch-au-Luxembourg-1122x1600.png 1122w, https:\/\/gifex.com\/fr\/wp-content\/uploads\/41220\/Carte-de-localisation-du-canton-de-Mersch-au-Luxembourg.png 1436w\" sizes=\"(max-width: 360px) 100vw, 360px\" \/><\/a><figcaption id=\"caption-attachment-41222\" class=\"wp-caption-text\"><label style=\"font-size: 15px;\">Carte de localisation du canton de Mersch (en orange) au Luxembourg.<\/label><\/figcaption><\/figure>\n<p>Carte du canton de Mersch, un canton luxembourgeois situ\u00e9 dans le centre du Luxembourg.<\/p>\n<ul>\n<li>Superficie : 223,90 km\u00b2<\/li>\n<li>Population au 1<sup>er<\/sup> janvier 2023 : 35 579 hab.<\/li>\n<li>Chef-lieu : Mersch<\/li>\n<\/ul>\n<p>Le canton de Mersch est bord\u00e9 au nord par le canton de Diekirch, \u00e0 l&#8217;est par les cantons d&#8217;Echternach et de Grevenmacher, au sud par les cantons de Luxembourg et de Capellen, et \u00e0 l&#8217;ouest par le canton de Redange. C&#8217;est le seul canton, autre que le Luxembourg, \u00e0 \u00eatre enti\u00e8rement entour\u00e9 d&#8217;autres cantons, et donc \u00e0 ne pas avoir de fronti\u00e8re internationale.<\/p>\n<p>Le canton de Mersch comprend les dix communes suivantes :<\/p>\n<div class=\"boxscrl\">\n<table width=\"459\">\n<tbody>\n<tr>\n<td colspan=\"4\" width=\"459\">Donn\u00e9es au 1<sup>er<\/sup> janvier 2023<\/td>\n<\/tr>\n<tr>\n<td rowspan=\"2\" width=\"157\">Commune<\/td>\n<td rowspan=\"2\" width=\"98\">Superficie<\/td>\n<td rowspan=\"2\" width=\"101\">Population<\/td>\n<td width=\"103\">Densit\u00e9<\/td>\n<\/tr>\n<tr>\n<td width=\"103\">(en hab.\/km\u00b2)<\/td>\n<\/tr>\n<tr>\n<td>Bissen<\/td>\n<td width=\"98\">20,75<\/td>\n<td width=\"101\">3\u00a0450<\/td>\n<td width=\"103\">166,3<\/td>\n<\/tr>\n<tr>\n<td>Colmar-Berg<\/td>\n<td width=\"98\">12,31<\/td>\n<td width=\"101\">2\u00a0336<\/td>\n<td width=\"103\">189,8<\/td>\n<\/tr>\n<tr>\n<td>Fischbach<\/td>\n<td width=\"98\">19,61<\/td>\n<td width=\"101\">1\u00a0308<\/td>\n<td width=\"103\">66,7<\/td>\n<\/tr>\n<tr>\n<td>Heffingen<\/td>\n<td width=\"98\">13,34<\/td>\n<td width=\"101\">1\u00a0549<\/td>\n<td width=\"103\">116,1<\/td>\n<\/tr>\n<tr>\n<td>Helperknapp<\/td>\n<td width=\"98\">37,61<\/td>\n<td width=\"101\">4\u00a0941<\/td>\n<td width=\"103\">131,4<\/td>\n<\/tr>\n<tr>\n<td>Larochette<\/td>\n<td width=\"98\">15,4<\/td>\n<td width=\"101\">2\u00a0208<\/td>\n<td width=\"103\">143,4<\/td>\n<\/tr>\n<tr>\n<td>Lintgen<\/td>\n<td width=\"98\">15,25<\/td>\n<td width=\"101\">3\u00a0436<\/td>\n<td width=\"103\">225,3<\/td>\n<\/tr>\n<tr>\n<td>Lorentzweiler<\/td>\n<td width=\"98\">17,45<\/td>\n<td width=\"101\">4\u00a0521<\/td>\n<td width=\"103\">259,1<\/td>\n<\/tr>\n<tr>\n<td width=\"157\">Mersch<\/td>\n<td width=\"98\">49,74<\/td>\n<td width=\"101\">10\u00a0393<\/td>\n<td width=\"103\">208,9<\/td>\n<\/tr>\n<tr>\n<td>Nommern<\/td>\n<td width=\"98\">22,44<\/td>\n<td width=\"101\">1\u00a0437<\/td>\n<td width=\"103\">64<\/td>\n<\/tr>\n<\/tbody>\n<\/table>\n<\/div>\n","protected":false},"excerpt":{"rendered":"<p>Carte du canton de Mersch, un canton luxembourgeois situ\u00e9 dans le centre du Luxembourg. Superficie : 223,90 km\u00b2. Population au 1er janvier 2023 : 35 579 hab.<\/p>\n","protected":false},"author":1,"featured_media":41221,"template":"","categoria_ficha":[125],"class_list":["post-41220","ficha","type-ficha","status-publish","has-post-thumbnail","hentry","categoria_ficha-cartes-du-luxembourg"],"acf":[],"_links":{"self":[{"href":"https:\/\/gifex.com\/fr\/wp-json\/wp\/v2\/ficha\/41220","targetHints":{"allow":["GET"]}}],"collection":[{"href":"https:\/\/gifex.com\/fr\/wp-json\/wp\/v2\/ficha"}],"about":[{"href":"https:\/\/gifex.com\/fr\/wp-json\/wp\/v2\/types\/ficha"}],"author":[{"embeddable":true,"href":"https:\/\/gifex.com\/fr\/wp-json\/wp\/v2\/users\/1"}],"version-history":[{"count":1,"href":"https:\/\/gifex.com\/fr\/wp-json\/wp\/v2\/ficha\/41220\/revisions"}],"predecessor-version":[{"id":41223,"href":"https:\/\/gifex.com\/fr\/wp-json\/wp\/v2\/ficha\/41220\/revisions\/41223"}],"wp:featuredmedia":[{"embeddable":true,"href":"https:\/\/gifex.com\/fr\/wp-json\/wp\/v2\/media\/41221"}],"wp:attachment":[{"href":"https:\/\/gifex.com\/fr\/wp-json\/wp\/v2\/media?parent=41220"}],"wp:term":[{"taxonomy":"categoria_ficha","embeddable":true,"href":"https:\/\/gifex.com\/fr\/wp-json\/wp\/v2\/categoria_ficha?post=41220"}],"curies":[{"name":"wp","href":"https:\/\/api.w.org\/{rel}","templated":true}]}}