{"id":41215,"date":"2023-06-30T16:31:24","date_gmt":"2023-06-30T16:31:24","guid":{"rendered":"https:\/\/gifex.com\/fr\/?post_type=ficha&#038;p=41215"},"modified":"2023-06-30T16:31:24","modified_gmt":"2023-06-30T16:31:24","slug":"carte-du-canton-de-luxembourg","status":"publish","type":"ficha","link":"https:\/\/gifex.com\/fr\/fichier\/carte-du-canton-de-luxembourg\/","title":{"rendered":"Carte du canton de Luxembourg"},"content":{"rendered":"<figure id=\"attachment_41217\" aria-describedby=\"caption-attachment-41217\" style=\"width: 360px\" class=\"wp-caption alignright\"><a href=\"https:\/\/gifex.com\/fr\/wp-content\/uploads\/41215\/Carte-de-localisation-du-canton-de-Luxembourg-au-Luxembourg.png\" target=\"_blank\" rel=\"noopener\"><img fetchpriority=\"high\" decoding=\"async\" class=\"wp-image-41217\" title=\"Carte de localisation du canton de Luxembourg au Luxembourg.\" src=\"https:\/\/gifex.com\/fr\/wp-content\/uploads\/41215\/Carte-de-localisation-du-canton-de-Luxembourg-au-Luxembourg-210x300.png\" alt=\"Carte de localisation du canton de Luxembourg au Luxembourg.\" width=\"360\" height=\"513\" srcset=\"https:\/\/gifex.com\/fr\/wp-content\/uploads\/41215\/Carte-de-localisation-du-canton-de-Luxembourg-au-Luxembourg-210x300.png 210w, https:\/\/gifex.com\/fr\/wp-content\/uploads\/41215\/Carte-de-localisation-du-canton-de-Luxembourg-au-Luxembourg-718x1024.png 718w, https:\/\/gifex.com\/fr\/wp-content\/uploads\/41215\/Carte-de-localisation-du-canton-de-Luxembourg-au-Luxembourg-768x1095.png 768w, https:\/\/gifex.com\/fr\/wp-content\/uploads\/41215\/Carte-de-localisation-du-canton-de-Luxembourg-au-Luxembourg-1077x1536.png 1077w, https:\/\/gifex.com\/fr\/wp-content\/uploads\/41215\/Carte-de-localisation-du-canton-de-Luxembourg-au-Luxembourg-300x428.png 300w, https:\/\/gifex.com\/fr\/wp-content\/uploads\/41215\/Carte-de-localisation-du-canton-de-Luxembourg-au-Luxembourg-1122x1600.png 1122w, https:\/\/gifex.com\/fr\/wp-content\/uploads\/41215\/Carte-de-localisation-du-canton-de-Luxembourg-au-Luxembourg.png 1436w\" sizes=\"(max-width: 360px) 100vw, 360px\" \/><\/a><figcaption id=\"caption-attachment-41217\" class=\"wp-caption-text\"><label style=\"font-size: 15px;\">Carte de localisation du canton de Luxembourg (en orange) au Luxembourg.<\/label><\/figcaption><\/figure>\n<p>Carte du canton de Luxembourg, un canton luxembourgeois situ\u00e9 dans le sud du Luxembourg.<\/p>\n<ul>\n<li>Superficie : 238,46 km\u00b2<\/li>\n<li>Population au 1<sup>er<\/sup> janvier 2023 : 204 358 hab.<\/li>\n<li>Chef-lieu : Luxembourg<\/li>\n<\/ul>\n<p>Ce canton est organis\u00e9 autour de la capitale du pays, Luxembourg. Son altitude varie de 228 m \u00e0 429 m. C&#8217;est le seul canton, autre que Mersch, qui est enti\u00e8rement entour\u00e9 par d&#8217;autres cantons et, par cons\u00e9quent, n&#8217;a pas de fronti\u00e8re internationale.<\/p>\n<p>Le canton de Luxembourg comprend les onze communes suivantes :<\/p>\n<div class=\"boxscrl\">\n<table width=\"459\">\n<tbody>\n<tr>\n<td colspan=\"4\" width=\"459\">Donn\u00e9es au 1<sup>er<\/sup> janvier 2023<\/td>\n<\/tr>\n<tr>\n<td rowspan=\"2\" width=\"157\">Commune<\/td>\n<td rowspan=\"2\" width=\"98\">Superficie<\/td>\n<td rowspan=\"2\" width=\"101\">Population<\/td>\n<td width=\"103\">Densit\u00e9<\/td>\n<\/tr>\n<tr>\n<td width=\"103\">(en hab.\/km\u00b2)<\/td>\n<\/tr>\n<tr>\n<td>Bertrange<\/td>\n<td width=\"98\">17,39<\/td>\n<td width=\"101\">8\u00a0668<\/td>\n<td width=\"103\">498,4<\/td>\n<\/tr>\n<tr>\n<td>Contern<\/td>\n<td width=\"98\">20,55<\/td>\n<td width=\"101\">4\u00a0374<\/td>\n<td width=\"103\">212,8<\/td>\n<\/tr>\n<tr>\n<td>Hesperange<\/td>\n<td width=\"98\">27,22<\/td>\n<td width=\"101\">16\u00a0433<\/td>\n<td width=\"103\">603,7<\/td>\n<\/tr>\n<tr>\n<td width=\"157\">Luxembourg<\/td>\n<td width=\"98\">51,46<\/td>\n<td width=\"101\">132\u00a0780<\/td>\n<td width=\"103\">2\u00a0580,3<\/td>\n<\/tr>\n<tr>\n<td>Niederanven<\/td>\n<td width=\"98\">41,36<\/td>\n<td width=\"101\">6\u00a0660<\/td>\n<td width=\"103\">161<\/td>\n<\/tr>\n<tr>\n<td>Sandweiler<\/td>\n<td width=\"98\">7,73<\/td>\n<td width=\"101\">3\u00a0751<\/td>\n<td width=\"103\">485,3<\/td>\n<\/tr>\n<tr>\n<td>Schuttrange<\/td>\n<td width=\"98\">16,1<\/td>\n<td width=\"101\">4\u00a0387<\/td>\n<td width=\"103\">272,5<\/td>\n<\/tr>\n<tr>\n<td>Steinsel<\/td>\n<td width=\"98\">21,81<\/td>\n<td width=\"101\">5\u00a0539<\/td>\n<td width=\"103\">254<\/td>\n<\/tr>\n<tr>\n<td>Strassen<\/td>\n<td width=\"98\">10,71<\/td>\n<td width=\"101\">10\u00a0538<\/td>\n<td width=\"103\">983,9<\/td>\n<\/tr>\n<tr>\n<td>Walferdange<\/td>\n<td width=\"98\">7,06<\/td>\n<td width=\"101\">8\u00a0730<\/td>\n<td width=\"103\">1\u00a0236,5<\/td>\n<\/tr>\n<tr>\n<td>Weiler-la-Tour<\/td>\n<td width=\"98\">17,07<\/td>\n<td width=\"101\">2\u00a0498<\/td>\n<td width=\"103\">146,3<\/td>\n<\/tr>\n<\/tbody>\n<\/table>\n<\/div>\n","protected":false},"excerpt":{"rendered":"<p>Carte du canton de Luxembourg, un canton luxembourgeois situ\u00e9 dans le sud du Luxembourg. Superficie : 238,46 km\u00b2. Population au 1er janvier 2023 : 204 358 hab.<\/p>\n","protected":false},"author":1,"featured_media":41216,"template":"","categoria_ficha":[125],"class_list":["post-41215","ficha","type-ficha","status-publish","has-post-thumbnail","hentry","categoria_ficha-cartes-du-luxembourg"],"acf":[],"_links":{"self":[{"href":"https:\/\/gifex.com\/fr\/wp-json\/wp\/v2\/ficha\/41215","targetHints":{"allow":["GET"]}}],"collection":[{"href":"https:\/\/gifex.com\/fr\/wp-json\/wp\/v2\/ficha"}],"about":[{"href":"https:\/\/gifex.com\/fr\/wp-json\/wp\/v2\/types\/ficha"}],"author":[{"embeddable":true,"href":"https:\/\/gifex.com\/fr\/wp-json\/wp\/v2\/users\/1"}],"version-history":[{"count":1,"href":"https:\/\/gifex.com\/fr\/wp-json\/wp\/v2\/ficha\/41215\/revisions"}],"predecessor-version":[{"id":41218,"href":"https:\/\/gifex.com\/fr\/wp-json\/wp\/v2\/ficha\/41215\/revisions\/41218"}],"wp:featuredmedia":[{"embeddable":true,"href":"https:\/\/gifex.com\/fr\/wp-json\/wp\/v2\/media\/41216"}],"wp:attachment":[{"href":"https:\/\/gifex.com\/fr\/wp-json\/wp\/v2\/media?parent=41215"}],"wp:term":[{"taxonomy":"categoria_ficha","embeddable":true,"href":"https:\/\/gifex.com\/fr\/wp-json\/wp\/v2\/categoria_ficha?post=41215"}],"curies":[{"name":"wp","href":"https:\/\/api.w.org\/{rel}","templated":true}]}}