{"id":41155,"date":"2023-06-29T12:44:01","date_gmt":"2023-06-29T12:44:01","guid":{"rendered":"https:\/\/gifex.com\/fr\/?post_type=ficha&#038;p=41155"},"modified":"2023-06-30T00:20:54","modified_gmt":"2023-06-30T00:20:54","slug":"quels-sont-les-cantons-du-luxembourg","status":"publish","type":"ficha","link":"https:\/\/gifex.com\/fr\/fichier\/quels-sont-les-cantons-du-luxembourg\/","title":{"rendered":"Quels sont les cantons du Luxembourg ?"},"content":{"rendered":"<p style=\"text-align: center;\"><label style=\"font-size: 15px;\">Carte des cantons du Luxembourg.<\/label><\/p>\n<p>Les 12 cantons du Grand-Duch\u00e9 de Luxembourg sont des zones de collectivit\u00e9s locales au premier niveau d&#8217;unit\u00e9 administrative locale (LAU-1) dans la nomenclature des unit\u00e9s territoriales statistiques de l&#8217;Union europ\u00e9enne aux fins d&#8217;Eurostat. Ils \u00e9taient des subdivisions des trois arrondissements du Luxembourg jusqu&#8217;en 2015, date \u00e0 laquelle le niveau de gouvernement de l&#8217;arrondissement a \u00e9t\u00e9 aboli. Les cantons sont \u00e0 leur tour subdivis\u00e9s en 102 communes (c&#8217;est-\u00e0-dire des municipalit\u00e9s).<\/p>\n<p>Les cantons ne disposent pas d&#8217;une structure administrative propre, ils servent d&#8217;unit\u00e9s territoriales pour d\u00e9limiter les circonscriptions \u00e9lectorales et les arrondissements judiciaires.<\/p>\n<div class=\"boxscrl\">\n<table width=\"1307\">\n<tbody>\n<tr>\n<td colspan=\"9\" width=\"1307\">Au 1er janvier 2023 les 12 cantons du Luxembourg sont :<\/td>\n<\/tr>\n<tr>\n<td rowspan=\"2\" width=\"64\">Code ISO<\/td>\n<td rowspan=\"2\" width=\"164\">Nom<\/td>\n<td rowspan=\"2\">Chef-lieu<\/td>\n<td rowspan=\"2\">Circonscription \u00e9lectorale<\/td>\n<td rowspan=\"2\">Arrondissement judiciaire<\/td>\n<td rowspan=\"2\" width=\"115\">Population<\/td>\n<td width=\"124\">Superficie<\/td>\n<td width=\"141\">Densit\u00e9<\/td>\n<td rowspan=\"2\">Communes<\/td>\n<\/tr>\n<tr>\n<td width=\"124\">(en km<sup>2<\/sup>)<\/td>\n<td width=\"141\">(en hab.\/km\u00b2)<\/td>\n<\/tr>\n<tr>\n<td width=\"64\">LU-CA<\/td>\n<td>Capellen<\/td>\n<td>Capellen<\/td>\n<td>Sud<\/td>\n<td>Luxembourg<\/td>\n<td width=\"115\">52\u00a0828<\/td>\n<td width=\"124\">199,21<\/td>\n<td width=\"141\">265,2<\/td>\n<td width=\"128\">9<\/td>\n<\/tr>\n<tr>\n<td width=\"64\">LU-CL<\/td>\n<td>Clervaux<\/td>\n<td>Clervaux<\/td>\n<td>Nord<\/td>\n<td>Diekirch<\/td>\n<td width=\"115\">20\u00a0687<\/td>\n<td width=\"124\">342<\/td>\n<td width=\"141\">60,5<\/td>\n<td width=\"128\">5<\/td>\n<\/tr>\n<tr>\n<td width=\"64\">LU-DI<\/td>\n<td>Diekirch<\/td>\n<td>Diekirch<\/td>\n<td>Nord<\/td>\n<td>Diekirch<\/td>\n<td width=\"115\">35\u00a0150<\/td>\n<td width=\"124\">204,51<\/td>\n<td width=\"141\">171,9<\/td>\n<td width=\"128\">10<\/td>\n<\/tr>\n<tr>\n<td width=\"64\">LU-EC<\/td>\n<td>Echternach<\/td>\n<td>Echternach<\/td>\n<td>Est<\/td>\n<td>Diekirch<\/td>\n<td width=\"115\">20\u00a0280<\/td>\n<td width=\"124\">185,54<\/td>\n<td width=\"141\">109,3<\/td>\n<td width=\"128\">7<\/td>\n<\/tr>\n<tr>\n<td width=\"64\">LU-ES<\/td>\n<td>Esch-sur-Alzette<\/td>\n<td>Esch-sur-Alzette<\/td>\n<td>Sud<\/td>\n<td>Luxembourg<\/td>\n<td width=\"115\">189\u00a0540<\/td>\n<td width=\"124\">242,77<\/td>\n<td width=\"141\">780,7<\/td>\n<td width=\"128\">14<\/td>\n<\/tr>\n<tr>\n<td width=\"64\">LU-GR<\/td>\n<td>Grevenmacher<\/td>\n<td>Grevenmacher<\/td>\n<td>Est<\/td>\n<td>Luxembourg<\/td>\n<td width=\"115\">32\u00a0524<\/td>\n<td width=\"124\">211,37<\/td>\n<td width=\"141\">153,9<\/td>\n<td width=\"128\">8<\/td>\n<\/tr>\n<tr>\n<td width=\"64\">LU-LU<\/td>\n<td>Luxembourg<\/td>\n<td>Luxembourg<\/td>\n<td>Centre<\/td>\n<td>Luxembourg<\/td>\n<td width=\"115\">204\u00a0358<\/td>\n<td width=\"124\">238,46<\/td>\n<td width=\"141\">857<\/td>\n<td width=\"128\">11<\/td>\n<\/tr>\n<tr>\n<td width=\"64\">LU-ME<\/td>\n<td>Mersch<\/td>\n<td>Mersch<\/td>\n<td>Centre<\/td>\n<td>Luxembourg<\/td>\n<td width=\"115\">35\u00a0579<\/td>\n<td width=\"124\">223,9<\/td>\n<td width=\"141\">158,9<\/td>\n<td width=\"128\">10<\/td>\n<\/tr>\n<tr>\n<td width=\"64\">LU-RD<\/td>\n<td>Redange<\/td>\n<td>Redange-sur-Attert<\/td>\n<td>Nord<\/td>\n<td>Diekirch<\/td>\n<td width=\"115\">20\u00a0874<\/td>\n<td width=\"124\">267,49<\/td>\n<td width=\"141\">78<\/td>\n<td width=\"128\">10<\/td>\n<\/tr>\n<tr>\n<td width=\"64\">LU-RM<\/td>\n<td>Remich<\/td>\n<td>Remich<\/td>\n<td>Est<\/td>\n<td>Luxembourg<\/td>\n<td width=\"115\">24\u00a0186<\/td>\n<td width=\"124\">127,87<\/td>\n<td width=\"141\">189,1<\/td>\n<td width=\"128\">8<\/td>\n<\/tr>\n<tr>\n<td width=\"64\">LU-VD<\/td>\n<td>Vianden<\/td>\n<td>Vianden<\/td>\n<td>Nord<\/td>\n<td>Diekirch<\/td>\n<td width=\"115\">5\u00a0593<\/td>\n<td width=\"124\">54,08<\/td>\n<td width=\"141\">103,4<\/td>\n<td width=\"128\">3<\/td>\n<\/tr>\n<tr>\n<td width=\"64\">LU-WI<\/td>\n<td>Wiltz<\/td>\n<td>Wiltz<\/td>\n<td>Nord<\/td>\n<td>Diekirch<\/td>\n<td width=\"115\">19\u00a0209<\/td>\n<td width=\"124\">264,55<\/td>\n<td width=\"141\">72,6<\/td>\n<td width=\"128\">7<\/td>\n<\/tr>\n<\/tbody>\n<\/table>\n<\/div>\n","protected":false},"excerpt":{"rendered":"<p>Carte des cantons du Luxembourg. Les 12 cantons du Grand-Duch\u00e9 de Luxembourg sont des zones de collectivit\u00e9s locales au premier niveau d&#8217;unit\u00e9 administrative <\/p>\n","protected":false},"author":1,"featured_media":41182,"template":"","categoria_ficha":[125],"class_list":["post-41155","ficha","type-ficha","status-publish","has-post-thumbnail","hentry","categoria_ficha-cartes-du-luxembourg"],"acf":[],"_links":{"self":[{"href":"https:\/\/gifex.com\/fr\/wp-json\/wp\/v2\/ficha\/41155","targetHints":{"allow":["GET"]}}],"collection":[{"href":"https:\/\/gifex.com\/fr\/wp-json\/wp\/v2\/ficha"}],"about":[{"href":"https:\/\/gifex.com\/fr\/wp-json\/wp\/v2\/types\/ficha"}],"author":[{"embeddable":true,"href":"https:\/\/gifex.com\/fr\/wp-json\/wp\/v2\/users\/1"}],"version-history":[{"count":1,"href":"https:\/\/gifex.com\/fr\/wp-json\/wp\/v2\/ficha\/41155\/revisions"}],"predecessor-version":[{"id":41157,"href":"https:\/\/gifex.com\/fr\/wp-json\/wp\/v2\/ficha\/41155\/revisions\/41157"}],"wp:featuredmedia":[{"embeddable":true,"href":"https:\/\/gifex.com\/fr\/wp-json\/wp\/v2\/media\/41182"}],"wp:attachment":[{"href":"https:\/\/gifex.com\/fr\/wp-json\/wp\/v2\/media?parent=41155"}],"wp:term":[{"taxonomy":"categoria_ficha","embeddable":true,"href":"https:\/\/gifex.com\/fr\/wp-json\/wp\/v2\/categoria_ficha?post=41155"}],"curies":[{"name":"wp","href":"https:\/\/api.w.org\/{rel}","templated":true}]}}