{"id":40756,"date":"2023-06-20T01:03:55","date_gmt":"2023-06-20T01:03:55","guid":{"rendered":"https:\/\/gifex.com\/fr\/?post_type=ficha&#038;p=40756"},"modified":"2023-06-20T01:03:55","modified_gmt":"2023-06-20T01:03:55","slug":"carte-de-la-region-de-menaka","status":"publish","type":"ficha","link":"https:\/\/gifex.com\/fr\/fichier\/carte-de-la-region-de-menaka\/","title":{"rendered":"Carte de la r\u00e9gion de M\u00e9naka"},"content":{"rendered":"<p>Carte de la r\u00e9gion de M\u00e9naka, l&#8217;une des dix subdivisions nationales de premier niveau au Mali appel\u00e9es R\u00e9gions.<\/p>\n<figure id=\"attachment_40758\" aria-describedby=\"caption-attachment-40758\" style=\"width: 360px\" class=\"wp-caption alignright\"><a href=\"https:\/\/gifex.com\/fr\/wp-content\/uploads\/40756\/Carte-de-localisation-de-la-region-de-Menaka-au-Mali.png\" target=\"_blank\" rel=\"noopener\"><img fetchpriority=\"high\" decoding=\"async\" class=\"wp-image-40758\" title=\"Carte de localisation de la r\u00e9gion de M\u00e9naka au Mali.\" src=\"https:\/\/gifex.com\/fr\/wp-content\/uploads\/40756\/Carte-de-localisation-de-la-region-de-Menaka-au-Mali-300x286.png\" alt=\"Carte de localisation de la r\u00e9gion de M\u00e9naka au Mali.\" width=\"360\" height=\"343\" srcset=\"https:\/\/gifex.com\/fr\/wp-content\/uploads\/40756\/Carte-de-localisation-de-la-region-de-Menaka-au-Mali-300x286.png 300w, https:\/\/gifex.com\/fr\/wp-content\/uploads\/40756\/Carte-de-localisation-de-la-region-de-Menaka-au-Mali-1024x977.png 1024w, https:\/\/gifex.com\/fr\/wp-content\/uploads\/40756\/Carte-de-localisation-de-la-region-de-Menaka-au-Mali-768x733.png 768w, https:\/\/gifex.com\/fr\/wp-content\/uploads\/40756\/Carte-de-localisation-de-la-region-de-Menaka-au-Mali-1536x1465.png 1536w, https:\/\/gifex.com\/fr\/wp-content\/uploads\/40756\/Carte-de-localisation-de-la-region-de-Menaka-au-Mali-2048x1954.png 2048w, https:\/\/gifex.com\/fr\/wp-content\/uploads\/40756\/Carte-de-localisation-de-la-region-de-Menaka-au-Mali-1600x1526.png 1600w\" sizes=\"(max-width: 360px) 100vw, 360px\" \/><\/a><figcaption id=\"caption-attachment-40758\" class=\"wp-caption-text\"><label style=\"font-size: 15px;\">Carte de localisation de la r\u00e9gion de M\u00e9naka (en orange) au Mali.<\/label><\/figcaption><\/figure>\n<p>M\u00e9naka est une r\u00e9gion du Mali cr\u00e9\u00e9e l\u00e9gislativement en 2012 \u00e0 partir du cercle du m\u00eame nom qui faisait auparavant partie de la r\u00e9gion de Gao. La mise en place effective de la r\u00e9gion a d\u00e9but\u00e9 le 19 janvier 2016 avec la nomination de Daouda Ma\u00efga au poste de gouverneur de la r\u00e9gion.<\/p>\n<p><strong>Cercles de la r\u00e9gion de M\u00e9naka<\/strong><\/p>\n<p>Cette r\u00e9gion est compos\u00e9e de quatre cercles:<\/p>\n<ul>\n<li>Cercle de M\u00e9naka comprenant les Arrondissements de M\u00e9naka central et Infourkara\u00eftane ;<\/li>\n<li>Cercle d&#8217;And\u00e9ramboukane comprenant les Arrondissements de And\u00e9ramboukane central et Azawak (In Chinanane) ;<\/li>\n<li>Cercle d&#8217;In\u00e9kar comprenant les Arrondissements de In\u00e9kar central et Ilamawane (Fanfi) ;<\/li>\n<li>Cercle de Tiderm\u00e8ne comprenant les Arrondissements de Tiderm\u00e8ne central, Alata (Sahen) et Tedjarerte.<\/li>\n<\/ul>\n<p><strong>Population de la r\u00e9gion de M\u00e9naka<\/strong><\/p>\n<p>La tribu dominante dans la r\u00e9gion de M\u00e9naka est celle des Ouelleminden.<\/p>\n<p>Les principaux groupes minoritaires sont les Touaregs Imghad, Chamanamas et Ichadinharen, et la fraction Iskakna des Arabes du Tilemsi.<\/p>\n<p>L&#8217;essentiel de la population de la ville est les iwillimidane parmi lesquels on peut cit\u00e9 kel talatayt, kel ahhara ikrabassan inzoubouroutan, idaragagan et les Iboguilitane etc&#8230; D\u2019autres groupes moins importante se trouve a Menaka qui sont d ailleurs \u00e9trangers attirer par le commerce et la tranquillit\u00e9 t\u00e9l que les Peuls et les s\u00e9dentaires (principalement des Haoussa et quelques Songha\u00ef) repr\u00e9sentent l\u2019essentiel de la population noire et m\u00e9tisse. Les daousahak aussi constitue un groupement important en nombres Ces 30 derni\u00e8res ann\u00e9es, les Daoussahak de la r\u00e9gion de M\u00e9naka ont \u00e9t\u00e9 en conflit avec les Touaregs, les Iboguilitane et les Peuls.<\/p>\n","protected":false},"excerpt":{"rendered":"<p>Carte de la r\u00e9gion de M\u00e9naka, l&#8217;une des dix subdivisions nationales de premier niveau au Mali appel\u00e9es R\u00e9gions. M\u00e9naka est une r\u00e9gion du Mali cr\u00e9\u00e9e &#8230;<\/p>\n","protected":false},"author":1,"featured_media":40757,"template":"","categoria_ficha":[217],"class_list":["post-40756","ficha","type-ficha","status-publish","has-post-thumbnail","hentry","categoria_ficha-cartes-du-mali"],"acf":[],"_links":{"self":[{"href":"https:\/\/gifex.com\/fr\/wp-json\/wp\/v2\/ficha\/40756","targetHints":{"allow":["GET"]}}],"collection":[{"href":"https:\/\/gifex.com\/fr\/wp-json\/wp\/v2\/ficha"}],"about":[{"href":"https:\/\/gifex.com\/fr\/wp-json\/wp\/v2\/types\/ficha"}],"author":[{"embeddable":true,"href":"https:\/\/gifex.com\/fr\/wp-json\/wp\/v2\/users\/1"}],"version-history":[{"count":1,"href":"https:\/\/gifex.com\/fr\/wp-json\/wp\/v2\/ficha\/40756\/revisions"}],"predecessor-version":[{"id":40759,"href":"https:\/\/gifex.com\/fr\/wp-json\/wp\/v2\/ficha\/40756\/revisions\/40759"}],"wp:featuredmedia":[{"embeddable":true,"href":"https:\/\/gifex.com\/fr\/wp-json\/wp\/v2\/media\/40757"}],"wp:attachment":[{"href":"https:\/\/gifex.com\/fr\/wp-json\/wp\/v2\/media?parent=40756"}],"wp:term":[{"taxonomy":"categoria_ficha","embeddable":true,"href":"https:\/\/gifex.com\/fr\/wp-json\/wp\/v2\/categoria_ficha?post=40756"}],"curies":[{"name":"wp","href":"https:\/\/api.w.org\/{rel}","templated":true}]}}