{"id":40744,"date":"2023-06-19T22:21:42","date_gmt":"2023-06-19T22:21:42","guid":{"rendered":"https:\/\/gifex.com\/fr\/?post_type=ficha&#038;p=40744"},"modified":"2023-06-19T22:21:42","modified_gmt":"2023-06-19T22:21:42","slug":"carte-de-la-region-de-taoudenit","status":"publish","type":"ficha","link":"https:\/\/gifex.com\/fr\/fichier\/carte-de-la-region-de-taoudenit\/","title":{"rendered":"Carte de la r\u00e9gion de Taoud\u00e9nit"},"content":{"rendered":"<p>Carte de la r\u00e9gion de Taoud\u00e9nit, une r\u00e9gion cr\u00e9\u00e9e en 2016, apr\u00e8s l&#8217;accord d&#8217;Alger. Elle faisait autrefois partie du Cercle de Tombouctou, dans la r\u00e9gion de Tombouctou. Sa capitale Taoudeni est une localit\u00e9 du nord du Mali situ\u00e9e \u00e0 peu pr\u00e8s \u00e0 750 km au nord de Tombouctou et dans la partie sud du d\u00e9sert alg\u00e9ro-malien du Tanezrouft, qui est la partie m\u00e9ridionale du Sahara.<\/p>\n<figure id=\"attachment_40747\" aria-describedby=\"caption-attachment-40747\" style=\"width: 360px\" class=\"wp-caption alignright\"><a href=\"https:\/\/gifex.com\/fr\/wp-content\/uploads\/40744\/Carte-de-localisation-de-la-region-de-Taoudenit-au-Mali.png\" target=\"_blank\" rel=\"noopener\"><img fetchpriority=\"high\" decoding=\"async\" class=\"wp-image-40747\" title=\"Carte de localisation de la r\u00e9gion de Taoud\u00e9nit au Mali.\" src=\"https:\/\/gifex.com\/fr\/wp-content\/uploads\/40744\/Carte-de-localisation-de-la-region-de-Taoudenit-au-Mali-300x286.png\" alt=\"Carte de localisation de la r\u00e9gion de Taoud\u00e9nit au Mali.\" width=\"360\" height=\"343\" srcset=\"https:\/\/gifex.com\/fr\/wp-content\/uploads\/40744\/Carte-de-localisation-de-la-region-de-Taoudenit-au-Mali-300x286.png 300w, https:\/\/gifex.com\/fr\/wp-content\/uploads\/40744\/Carte-de-localisation-de-la-region-de-Taoudenit-au-Mali-1024x977.png 1024w, https:\/\/gifex.com\/fr\/wp-content\/uploads\/40744\/Carte-de-localisation-de-la-region-de-Taoudenit-au-Mali-768x733.png 768w, https:\/\/gifex.com\/fr\/wp-content\/uploads\/40744\/Carte-de-localisation-de-la-region-de-Taoudenit-au-Mali-1536x1465.png 1536w, https:\/\/gifex.com\/fr\/wp-content\/uploads\/40744\/Carte-de-localisation-de-la-region-de-Taoudenit-au-Mali-2048x1954.png 2048w, https:\/\/gifex.com\/fr\/wp-content\/uploads\/40744\/Carte-de-localisation-de-la-region-de-Taoudenit-au-Mali-1600x1526.png 1600w\" sizes=\"(max-width: 360px) 100vw, 360px\" \/><\/a><figcaption id=\"caption-attachment-40747\" class=\"wp-caption-text\"><label style=\"font-size: 15px;\">Carte de localisation de la r\u00e9gion de Taoud\u00e9nit (en orange) au Mali.<\/label><\/figcaption><\/figure>\n<p>La r\u00e9gion de Taoud\u00e9nit, cr\u00e9\u00e9e par la loi 2012-18 du 2 mars 2012, portant sur la cr\u00e9ation des cercles et arrondissements, se compose de six cercles que sont Achourat, Arawane, Al-Ourche, Boujbeha, Foum-Alba et Taoud\u00e9nit et trente arrondissements. Sa superficie est de plus de 323 326 km<sup>2<\/sup> (environ 25 % du territoire du Mali) pour une population totale estim\u00e9e en 2009 (source RGPH) \u00e0 18 160 habitants soit une densit\u00e9 estim\u00e9e \u00e0 moins d&#8217;un habitant au kilom\u00e8tre carr\u00e9.<\/p>\n<p>Taoudenit, capitale de la r\u00e9gion, n&#8217;est pas une ville \u00e0 proprement parler, et actuellement ne subsistent que les ruines de l&#8217;ancien bagne abandonn\u00e9 il y a quelques ann\u00e9es.<\/p>\n<p><strong>Climat de la r\u00e9gion de Taoud\u00e9nit<\/strong><\/p>\n<p>La r\u00e9gion se trouve dans la moiti\u00e9 m\u00e9ridionale du Tanezrouft, au c\u0153ur du Sahara, une des r\u00e9gions les plus torrides de la plan\u00e8te, \u00e0 des centaines de kilom\u00e8tres du village le plus proche. Expos\u00e9 \u00e0 un ensoleillement complet tout au long de l&#8217;ann\u00e9e, elle est soumise \u00e0 une version extr\u00eame du climat d\u00e9sertique (BWh suivant la classification de K\u00f6ppen) : c&#8217;est un climat torride, et des plus arides. Les temp\u00e9ratures maximales mensuelles d\u00e9passent 40 \u00b0C d&#8217;avril \u00e0 septembre, avec un pic de 48 \u00b0C en juillet, ce qui constitue un record pour cette altitude. Les hivers sont m\u00eame chauds au regard du reste de la Terre : la moyenne des temp\u00e9ratures maximales approche de 27 \u00b0C pour le mois le plus frais. La temp\u00e9rature diurne moyenne est d&#8217;environ 29 \u00b0C. Les pr\u00e9cipitations moyennes annuelles sont comprises entre 10 et 20 mm, l&#8217;essentiel des pluies survenant entre juillet et octobre. En moyenne, la r\u00e9gion de Taoudenit enregistre 3 700 heures de soleil annuellement, avec 84 % de plein soleil en p\u00e9riode diurne.<\/p>\n","protected":false},"excerpt":{"rendered":"<p>Carte de la r\u00e9gion de Taoud\u00e9nit, une r\u00e9gion cr\u00e9\u00e9e en 2016, apr\u00e8s l&#8217;accord d&#8217;Alger. Elle faisait autrefois partie du Cercle de Tombouctou, dans la r\u00e9gion de &#8230;<\/p>\n","protected":false},"author":1,"featured_media":40745,"template":"","categoria_ficha":[217],"class_list":["post-40744","ficha","type-ficha","status-publish","has-post-thumbnail","hentry","categoria_ficha-cartes-du-mali"],"acf":[],"_links":{"self":[{"href":"https:\/\/gifex.com\/fr\/wp-json\/wp\/v2\/ficha\/40744","targetHints":{"allow":["GET"]}}],"collection":[{"href":"https:\/\/gifex.com\/fr\/wp-json\/wp\/v2\/ficha"}],"about":[{"href":"https:\/\/gifex.com\/fr\/wp-json\/wp\/v2\/types\/ficha"}],"author":[{"embeddable":true,"href":"https:\/\/gifex.com\/fr\/wp-json\/wp\/v2\/users\/1"}],"version-history":[{"count":1,"href":"https:\/\/gifex.com\/fr\/wp-json\/wp\/v2\/ficha\/40744\/revisions"}],"predecessor-version":[{"id":40748,"href":"https:\/\/gifex.com\/fr\/wp-json\/wp\/v2\/ficha\/40744\/revisions\/40748"}],"wp:featuredmedia":[{"embeddable":true,"href":"https:\/\/gifex.com\/fr\/wp-json\/wp\/v2\/media\/40745"}],"wp:attachment":[{"href":"https:\/\/gifex.com\/fr\/wp-json\/wp\/v2\/media?parent=40744"}],"wp:term":[{"taxonomy":"categoria_ficha","embeddable":true,"href":"https:\/\/gifex.com\/fr\/wp-json\/wp\/v2\/categoria_ficha?post=40744"}],"curies":[{"name":"wp","href":"https:\/\/api.w.org\/{rel}","templated":true}]}}