{"id":39814,"date":"2023-06-01T22:06:38","date_gmt":"2023-06-01T22:06:38","guid":{"rendered":"https:\/\/gifex.com\/fr\/?post_type=ficha&#038;p=39814"},"modified":"2023-06-19T17:11:29","modified_gmt":"2023-06-19T17:11:29","slug":"carte-de-la-region-de-matam","status":"publish","type":"ficha","link":"https:\/\/gifex.com\/fr\/fichier\/carte-de-la-region-de-matam\/","title":{"rendered":"Carte de la r\u00e9gion de Matam"},"content":{"rendered":"<p>Carte de la r\u00e9gion de Matam, l&#8217;une des 14 r\u00e9gions administratives du S\u00e9n\u00e9gal.<\/p>\n<figure id=\"attachment_40723\" aria-describedby=\"caption-attachment-40723\" style=\"width: 360px\" class=\"wp-caption alignright\"><a href=\"https:\/\/gifex.com\/fr\/wp-content\/uploads\/39814\/Carte-de-localisation-de-la-region-de-Matam-au-Senegal.png\" target=\"_blank\" rel=\"noopener\"><img fetchpriority=\"high\" decoding=\"async\" class=\"wp-image-40723\" title=\"Carte de localisation de la r\u00e9gion de Matam au S\u00e9n\u00e9gal.\" src=\"https:\/\/gifex.com\/fr\/wp-content\/uploads\/39814\/Carte-de-localisation-de-la-region-de-Matam-au-Senegal-300x226.png\" alt=\"Carte de localisation de la r\u00e9gion de Matam au S\u00e9n\u00e9gal.\" width=\"360\" height=\"271\" srcset=\"https:\/\/gifex.com\/fr\/wp-content\/uploads\/39814\/Carte-de-localisation-de-la-region-de-Matam-au-Senegal-300x226.png 300w, https:\/\/gifex.com\/fr\/wp-content\/uploads\/39814\/Carte-de-localisation-de-la-region-de-Matam-au-Senegal-1024x772.png 1024w, https:\/\/gifex.com\/fr\/wp-content\/uploads\/39814\/Carte-de-localisation-de-la-region-de-Matam-au-Senegal-768x579.png 768w, https:\/\/gifex.com\/fr\/wp-content\/uploads\/39814\/Carte-de-localisation-de-la-region-de-Matam-au-Senegal-1536x1157.png 1536w, https:\/\/gifex.com\/fr\/wp-content\/uploads\/39814\/Carte-de-localisation-de-la-region-de-Matam-au-Senegal-2048x1543.png 2048w, https:\/\/gifex.com\/fr\/wp-content\/uploads\/39814\/Carte-de-localisation-de-la-region-de-Matam-au-Senegal-800x600.png 800w, https:\/\/gifex.com\/fr\/wp-content\/uploads\/39814\/Carte-de-localisation-de-la-region-de-Matam-au-Senegal-1600x1206.png 1600w\" sizes=\"(max-width: 360px) 100vw, 360px\" \/><\/a><figcaption id=\"caption-attachment-40723\" class=\"wp-caption-text\"><label style=\"font-size: 15px;\">Carte de localisation de la r\u00e9gion de Matam (en orange) au S\u00e9n\u00e9gal.<\/label><\/figcaption><\/figure>\n<ul>\n<li>Superficie : 29,445 km\u00b2<\/li>\n<li>Population en 2013 : 541,032 hab.<\/li>\n<li>Chef-lieu : Matam<\/li>\n<\/ul>\n<p>La r\u00e9gion est situ\u00e9e au nord-est du pays et est bord\u00e9e par la r\u00e9gion de Saint-Louis au Nord, la r\u00e9gion de Louga \u00e0 l&#8217;Ouest, la r\u00e9gion de Kaffrine au sud-Ouest et la r\u00e9gion de Tambacounda au Sud. A l&#8217;Est, elle est frontali\u00e8re avec la Mauritanie.<\/p>\n<p>C&#8217;est un endroit aust\u00e8re, plat et aride d\u00e9limit\u00e9 au nord par le fleuve S\u00e9n\u00e9gal et au sud par la plaine sah\u00e9lienne parsem\u00e9e de baobabs. Matam est peupl\u00e9e par les grands Toucouleurs parlant Peul qui ont apport\u00e9 l&#8217;Islam au S\u00e9n\u00e9gal au 11<sup>\u00e8me<\/sup> si\u00e8cle et nous ont donn\u00e9 la musique de Baaba Maal au 21<sup>\u00e8me<\/sup> si\u00e8cle.<\/p>\n<p><strong>D\u00e9partements de la r\u00e9gion de Matam<\/strong><\/p>\n<p>La r\u00e9gion est compos\u00e9e de 3 d\u00e9partements :<\/p>\n<ul>\n<li>D\u00e9partement de Kanel<\/li>\n<li>D\u00e9partement de Matam<\/li>\n<li>D\u00e9partement de Ran\u00e9rou-Ferlo<\/li>\n<\/ul>\n<p><strong>Arrondissements de la r\u00e9gion de Matam<\/strong><\/p>\n<p>La r\u00e9gion comprend 5 arrondissements :<\/p>\n<ul>\n<li>Arrondissement de Orkadiere<\/li>\n<li>Arrondissement de Wouro Sidy, cr\u00e9\u00e9 en 2008<\/li>\n<li>Arrondissement de Agnam Civol<\/li>\n<li>Arrondissement de Ogo<\/li>\n<li>Arrondissement de V\u00e9lingara<\/li>\n<\/ul>\n<p><strong>Communes de la r\u00e9gion de Matam<\/strong><\/p>\n<p>Les localit\u00e9s ayant le statut de commune sont :<\/p>\n<ul>\n<li>Kanel<\/li>\n<li>Semm\u00e9<\/li>\n<li>Waounde<\/li>\n<li>Dembakan\u00e9 (2008)<\/li>\n<li>Hamady Hounar\u00e9 (2008)<\/li>\n<li>Sinthiou Bamamb\u00e9-Banadji (2008)<\/li>\n<li>Matam<\/li>\n<li>Ourossogui<\/li>\n<li>Thilogne<\/li>\n<li>Ran\u00e9rou<\/li>\n<li>Nguidjilone (2010)<\/li>\n<li>Odob\u00e9r\u00e9 (2011)<\/li>\n<li>Bokidiaw\u00e9 (2014)<\/li>\n<\/ul>\n","protected":false},"excerpt":{"rendered":"<p>Carte de la r\u00e9gion de Matam, l&#8217;une des 14 r\u00e9gions administratives du S\u00e9n\u00e9gal. Superficie : 29,445 km\u00b2. Population en 2013 : 541,032 hab. Chef-lieu : Matam<\/p>\n","protected":false},"author":1,"featured_media":40724,"template":"","categoria_ficha":[230],"class_list":["post-39814","ficha","type-ficha","status-publish","has-post-thumbnail","hentry","categoria_ficha-cartes-du-senegal"],"acf":[],"_links":{"self":[{"href":"https:\/\/gifex.com\/fr\/wp-json\/wp\/v2\/ficha\/39814","targetHints":{"allow":["GET"]}}],"collection":[{"href":"https:\/\/gifex.com\/fr\/wp-json\/wp\/v2\/ficha"}],"about":[{"href":"https:\/\/gifex.com\/fr\/wp-json\/wp\/v2\/types\/ficha"}],"author":[{"embeddable":true,"href":"https:\/\/gifex.com\/fr\/wp-json\/wp\/v2\/users\/1"}],"version-history":[{"count":4,"href":"https:\/\/gifex.com\/fr\/wp-json\/wp\/v2\/ficha\/39814\/revisions"}],"predecessor-version":[{"id":39817,"href":"https:\/\/gifex.com\/fr\/wp-json\/wp\/v2\/ficha\/39814\/revisions\/39817"}],"wp:featuredmedia":[{"embeddable":true,"href":"https:\/\/gifex.com\/fr\/wp-json\/wp\/v2\/media\/40724"}],"wp:attachment":[{"href":"https:\/\/gifex.com\/fr\/wp-json\/wp\/v2\/media?parent=39814"}],"wp:term":[{"taxonomy":"categoria_ficha","embeddable":true,"href":"https:\/\/gifex.com\/fr\/wp-json\/wp\/v2\/categoria_ficha?post=39814"}],"curies":[{"name":"wp","href":"https:\/\/api.w.org\/{rel}","templated":true}]}}