{"id":39773,"date":"2023-06-01T15:17:59","date_gmt":"2023-06-01T15:17:59","guid":{"rendered":"https:\/\/gifex.com\/fr\/?post_type=ficha&#038;p=39773"},"modified":"2023-06-19T15:41:37","modified_gmt":"2023-06-19T15:41:37","slug":"carte-de-la-region-de-dakar","status":"publish","type":"ficha","link":"https:\/\/gifex.com\/fr\/fichier\/carte-de-la-region-de-dakar\/","title":{"rendered":"Carte de la r\u00e9gion de Dakar"},"content":{"rendered":"<figure id=\"attachment_40655\" aria-describedby=\"caption-attachment-40655\" style=\"width: 360px\" class=\"wp-caption alignright\"><a href=\"https:\/\/gifex.com\/fr\/wp-content\/uploads\/39773\/Carte-administrative-de-la-region-de-Dakar.png\" target=\"_blank\" rel=\"noopener\"><img fetchpriority=\"high\" decoding=\"async\" class=\"wp-image-40655\" title=\"Carte administrative de la r\u00e9gion de Dakar.\" src=\"https:\/\/gifex.com\/fr\/wp-content\/uploads\/39773\/Carte-administrative-de-la-region-de-Dakar-300x225.png\" alt=\"Carte administrative de la r\u00e9gion de Dakar.\" width=\"360\" height=\"270\" srcset=\"https:\/\/gifex.com\/fr\/wp-content\/uploads\/39773\/Carte-administrative-de-la-region-de-Dakar-300x225.png 300w, https:\/\/gifex.com\/fr\/wp-content\/uploads\/39773\/Carte-administrative-de-la-region-de-Dakar-1024x767.png 1024w, https:\/\/gifex.com\/fr\/wp-content\/uploads\/39773\/Carte-administrative-de-la-region-de-Dakar-768x575.png 768w, https:\/\/gifex.com\/fr\/wp-content\/uploads\/39773\/Carte-administrative-de-la-region-de-Dakar-1536x1151.png 1536w, https:\/\/gifex.com\/fr\/wp-content\/uploads\/39773\/Carte-administrative-de-la-region-de-Dakar-2048x1535.png 2048w, https:\/\/gifex.com\/fr\/wp-content\/uploads\/39773\/Carte-administrative-de-la-region-de-Dakar-800x600.png 800w, https:\/\/gifex.com\/fr\/wp-content\/uploads\/39773\/Carte-administrative-de-la-region-de-Dakar-1600x1199.png 1600w\" sizes=\"(max-width: 360px) 100vw, 360px\" \/><\/a><figcaption id=\"caption-attachment-40655\" class=\"wp-caption-text\"><label style=\"font-size: 15px;\">Carte administrative de la r\u00e9gion de Dakar.<\/label><\/figcaption><\/figure>\n<p>Carte de la r\u00e9gion de Dakar, la r\u00e9gion la plus petite et la plus peupl\u00e9e du S\u00e9n\u00e9gal, englobant la capitale du pays, Dakar, et toutes ses banlieues le long de la p\u00e9ninsule du Cap-Vert, le point le plus \u00e0 l&#8217;ouest de l&#8217;Afrique.<\/p>\n<ul>\n<li>Superficie : 550 km\u00b2<\/li>\n<li>Population estim\u00e9e en 2021 : 3,938,358 hab.<\/li>\n<li>Chef-lieu : Dakar<\/li>\n<\/ul>\n<p>La r\u00e9gion de Dakar est divis\u00e9e en cinq d\u00e9partements (structures administratives sans pouvoir politique, contrairement aux d\u00e9partements fran\u00e7ais). Les d\u00e9partements avaient les superficies et populations suivantes au recensement de 2013 :<\/p>\n<div class=\"boxscrl\">\n<table width=\"431\">\n<tbody>\n<tr>\n<td rowspan=\"2\" width=\"107\">D\u00e9partements<\/td>\n<td width=\"75\">Population<\/td>\n<td width=\"70\">Superficie<\/td>\n<td rowspan=\"2\" width=\"179\">Arrondissements<\/td>\n<\/tr>\n<tr>\n<td width=\"75\">2013<\/td>\n<td width=\"70\">km<sup>2<\/sup><\/td>\n<\/tr>\n<tr>\n<td>Dakar<\/td>\n<td width=\"75\">1\u00a0030\u00a0594<\/td>\n<td width=\"70\">79<\/td>\n<td width=\"179\">Almadies \u2022 Dakar Plateau \u2022 Grand Dakar \u2022 Parcelles Assainies<\/td>\n<\/tr>\n<tr>\n<td>Gu\u00e9diawaye<\/td>\n<td width=\"75\">329\u00a0659<\/td>\n<td width=\"70\">13<\/td>\n<td width=\"179\">Sam Notaire \u2022 Wakhinane Nimzatt<\/td>\n<\/tr>\n<tr>\n<td>Keur Massar<\/td>\n<td width=\"75\">(593\u00a0000)<\/td>\n<td width=\"70\">(&gt;40)<\/td>\n<td width=\"179\">Jaxxay \u2022 Malika \u2022 Yeumbeul<\/td>\n<\/tr>\n<tr>\n<td>Pikine<\/td>\n<td width=\"75\">1\u00a0170\u00a0791<\/td>\n<td width=\"70\">87<\/td>\n<td width=\"179\">Pikine Dagoudane \u2022 Thiaroye<\/td>\n<\/tr>\n<tr>\n<td>Rufisque<\/td>\n<td width=\"75\">490\u00a0694<\/td>\n<td width=\"70\">372<\/td>\n<td width=\"179\">Diamniadio \u2022 Rufisque \u2022 Sangalkam<\/td>\n<\/tr>\n<tr>\n<td width=\"107\">R\u00e9gion de Dakar<\/td>\n<td width=\"75\">2\u00a0956\u00a0023<\/td>\n<td width=\"70\">547<\/td>\n<td width=\"179\"><\/td>\n<\/tr>\n<\/tbody>\n<\/table>\n<\/div>\n<p><strong>Communes de la r\u00e9gion de Dakar<\/strong><\/p>\n<figure id=\"attachment_40653\" aria-describedby=\"caption-attachment-40653\" style=\"width: 360px\" class=\"wp-caption alignright\"><a href=\"https:\/\/gifex.com\/fr\/wp-content\/uploads\/39773\/Carte-de-localisation-de-la-region-de-Dakar-au-Senegal.png\" target=\"_blank\" rel=\"noopener\"><img decoding=\"async\" class=\"wp-image-40653\" title=\"Carte de localisation de la r\u00e9gion de Dakar au S\u00e9n\u00e9gal.\" src=\"https:\/\/gifex.com\/fr\/wp-content\/uploads\/39773\/Carte-de-localisation-de-la-region-de-Dakar-au-Senegal-300x226.png\" alt=\"Carte de localisation de la r\u00e9gion de Dakar au S\u00e9n\u00e9gal.\" width=\"360\" height=\"271\" srcset=\"https:\/\/gifex.com\/fr\/wp-content\/uploads\/39773\/Carte-de-localisation-de-la-region-de-Dakar-au-Senegal-300x226.png 300w, https:\/\/gifex.com\/fr\/wp-content\/uploads\/39773\/Carte-de-localisation-de-la-region-de-Dakar-au-Senegal-1024x772.png 1024w, https:\/\/gifex.com\/fr\/wp-content\/uploads\/39773\/Carte-de-localisation-de-la-region-de-Dakar-au-Senegal-768x579.png 768w, https:\/\/gifex.com\/fr\/wp-content\/uploads\/39773\/Carte-de-localisation-de-la-region-de-Dakar-au-Senegal-1536x1157.png 1536w, https:\/\/gifex.com\/fr\/wp-content\/uploads\/39773\/Carte-de-localisation-de-la-region-de-Dakar-au-Senegal-2048x1543.png 2048w, https:\/\/gifex.com\/fr\/wp-content\/uploads\/39773\/Carte-de-localisation-de-la-region-de-Dakar-au-Senegal-800x600.png 800w, https:\/\/gifex.com\/fr\/wp-content\/uploads\/39773\/Carte-de-localisation-de-la-region-de-Dakar-au-Senegal-1600x1206.png 1600w\" sizes=\"(max-width: 360px) 100vw, 360px\" \/><\/a><figcaption id=\"caption-attachment-40653\" class=\"wp-caption-text\"><label style=\"font-size: 15px;\">Carte de localisation de la r\u00e9gion de Dakar (en orange) au S\u00e9n\u00e9gal.<\/label><\/figcaption><\/figure>\n<p>Les localit\u00e9s ayant le statut de commune sont :<\/p>\n<ul>\n<li>Rufisque (1880)<\/li>\n<li>Dakar (1887)<\/li>\n<li>Pikine (1983)<\/li>\n<li>Bargny (1990)<\/li>\n<li>Gu\u00e9diawaye (1990)<\/li>\n<li>S\u00e9bikhotane (1996)<\/li>\n<li>Diamniadio (2002)<\/li>\n<li>Jaxaay-Parcelles-Niakoul Rab (2011)<\/li>\n<li>Sendou (2011)<\/li>\n<li>Sangalkam (2011)<\/li>\n<\/ul>\n<p>Depuis 2014, les communaut\u00e9s rurales de l&#8217;arrondissement de Sangalkam sont \u00e9rig\u00e9es en communes :<\/p>\n<ul>\n<li>Yenne<\/li>\n<li>Bambylor<\/li>\n<li>Tivaouane Peulh-Niaga<\/li>\n<\/ul>\n","protected":false},"excerpt":{"rendered":"<p>Carte de la r\u00e9gion de Dakar, la r\u00e9gion la plus petite et la plus peupl\u00e9e du S\u00e9n\u00e9gal, englobant la capitale du pays, Dakar, et toutes ses banlieues le long &#8230;<\/p>\n","protected":false},"author":1,"featured_media":40715,"template":"","categoria_ficha":[230],"class_list":["post-39773","ficha","type-ficha","status-publish","has-post-thumbnail","hentry","categoria_ficha-cartes-du-senegal"],"acf":[],"_links":{"self":[{"href":"https:\/\/gifex.com\/fr\/wp-json\/wp\/v2\/ficha\/39773","targetHints":{"allow":["GET"]}}],"collection":[{"href":"https:\/\/gifex.com\/fr\/wp-json\/wp\/v2\/ficha"}],"about":[{"href":"https:\/\/gifex.com\/fr\/wp-json\/wp\/v2\/types\/ficha"}],"author":[{"embeddable":true,"href":"https:\/\/gifex.com\/fr\/wp-json\/wp\/v2\/users\/1"}],"version-history":[{"count":6,"href":"https:\/\/gifex.com\/fr\/wp-json\/wp\/v2\/ficha\/39773\/revisions"}],"predecessor-version":[{"id":40656,"href":"https:\/\/gifex.com\/fr\/wp-json\/wp\/v2\/ficha\/39773\/revisions\/40656"}],"wp:featuredmedia":[{"embeddable":true,"href":"https:\/\/gifex.com\/fr\/wp-json\/wp\/v2\/media\/40715"}],"wp:attachment":[{"href":"https:\/\/gifex.com\/fr\/wp-json\/wp\/v2\/media?parent=39773"}],"wp:term":[{"taxonomy":"categoria_ficha","embeddable":true,"href":"https:\/\/gifex.com\/fr\/wp-json\/wp\/v2\/categoria_ficha?post=39773"}],"curies":[{"name":"wp","href":"https:\/\/api.w.org\/{rel}","templated":true}]}}