{"id":39733,"date":"2023-05-31T01:11:50","date_gmt":"2023-05-31T01:11:50","guid":{"rendered":"https:\/\/gifex.com\/fr\/?post_type=ficha&#038;p=39733"},"modified":"2023-05-31T01:13:37","modified_gmt":"2023-05-31T01:13:37","slug":"quels-sont-les-departements-du-senegal","status":"publish","type":"ficha","link":"https:\/\/gifex.com\/fr\/fichier\/quels-sont-les-departements-du-senegal\/","title":{"rendered":"Quels sont les d\u00e9partements du S\u00e9n\u00e9gal ?"},"content":{"rendered":"<p style=\"text-align: center;\"><label style=\"font-size: 15px;\">Carte des d\u00e9partements du S\u00e9n\u00e9gal.<\/label><\/p>\n<p>Les d\u00e9partements du S\u00e9n\u00e9gal sont des subdivisions administratives au sein des 14 r\u00e9gions du S\u00e9n\u00e9gal. Il y en a eu 45 depuis 2008, et 46 en 2021 avec l&#8217;\u00e9rection de Keur Massar en d\u00e9partement.<\/p>\n<p><strong>Liste des d\u00e9partements par ordre alphab\u00e9tique<\/strong><\/p>\n<div class=\"boxscrl\">\n<table width=\"1045\">\n<tbody>\n<tr>\n<td width=\"131\"><strong>D\u00e9partement<\/strong><\/td>\n<td width=\"93\">R\u00e9gion<\/td>\n<td width=\"821\">Chef-lieu<\/td>\n<\/tr>\n<tr>\n<td>Bakel<\/td>\n<td width=\"93\">Tambacounda<\/td>\n<td>Bakel (commune)<\/td>\n<\/tr>\n<tr>\n<td>Bambey<\/td>\n<td width=\"93\">Diourbel<\/td>\n<td>Bambey (commune)<\/td>\n<\/tr>\n<tr>\n<td>Bignona<\/td>\n<td width=\"93\">Ziguinchor<\/td>\n<td>Bignona (commune)<\/td>\n<\/tr>\n<tr>\n<td>Birkelane<\/td>\n<td width=\"93\">Kaffrine<\/td>\n<td>Birkelane (commune)<\/td>\n<\/tr>\n<tr>\n<td>Bounkiling<\/td>\n<td width=\"93\">S\u00e9dhiou<\/td>\n<td>Bounkiling (commune)<\/td>\n<\/tr>\n<tr>\n<td>Dagana<\/td>\n<td width=\"93\">Saint-Louis<\/td>\n<td>Dagana (commune)<\/td>\n<\/tr>\n<tr>\n<td>Dakar<\/td>\n<td width=\"93\">Dakar<\/td>\n<td>Dakar (commune sp\u00e9ciale divis\u00e9e en 19 communes d&#8217;arrondissement, chef-lieu de d\u00e9partement et de r\u00e9gion, capitale nationale)<\/td>\n<\/tr>\n<tr>\n<td>Diourbel<\/td>\n<td width=\"93\">Diourbel<\/td>\n<td>Diourbel (commune, chef-lieu de d\u00e9partement et de r\u00e9gion)<\/td>\n<\/tr>\n<tr>\n<td>Fatick<\/td>\n<td width=\"93\">Fatick<\/td>\n<td>Fatick (commune, chef-lieu de d\u00e9partement et de r\u00e9gion)<\/td>\n<\/tr>\n<tr>\n<td>Foundiougne<\/td>\n<td width=\"93\">Fatick<\/td>\n<td>Foundiougne (commune)<\/td>\n<\/tr>\n<tr>\n<td>Gossas<\/td>\n<td width=\"93\">Fatick<\/td>\n<td>Gossas (commune)<\/td>\n<\/tr>\n<tr>\n<td>Goudiry<\/td>\n<td width=\"93\">Tambacounda<\/td>\n<td>Goudiry (commune)<\/td>\n<\/tr>\n<tr>\n<td>Goudomp<\/td>\n<td width=\"93\">S\u00e9dhiou<\/td>\n<td>Goudomp (commune)<\/td>\n<\/tr>\n<tr>\n<td>Gu\u00e9diawaye<\/td>\n<td width=\"93\">Dakar<\/td>\n<td>Gu\u00e9diawaye (commune sp\u00e9ciale divis\u00e9e en 5 communes d&#8217;arrondissement)<\/td>\n<\/tr>\n<tr>\n<td>Guinguin\u00e9o<\/td>\n<td width=\"93\">Kaolack<\/td>\n<td>Guinguin\u00e9o (commune)<\/td>\n<\/tr>\n<tr>\n<td>Kaffrine<\/td>\n<td width=\"93\">Kaffrine<\/td>\n<td>Kaffrine (commune, chef-lieu de d\u00e9partement et de r\u00e9gion)<\/td>\n<\/tr>\n<tr>\n<td>Kanel<\/td>\n<td width=\"93\">Matam<\/td>\n<td>Kanel (commune)<\/td>\n<\/tr>\n<tr>\n<td>Kaolack<\/td>\n<td width=\"93\">Kaolack<\/td>\n<td>Kaolack (commune, chef-lieu de d\u00e9partement et de r\u00e9gion)<\/td>\n<\/tr>\n<tr>\n<td>K\u00e9b\u00e9mer<\/td>\n<td width=\"93\">Louga<\/td>\n<td>K\u00e9b\u00e9mer (commune)<\/td>\n<\/tr>\n<tr>\n<td>K\u00e9dougou<\/td>\n<td width=\"93\">K\u00e9dougou<\/td>\n<td>K\u00e9dougou (commune, chef-lieu de d\u00e9partement et de r\u00e9gion)<\/td>\n<\/tr>\n<tr>\n<td>Keur Massar<\/td>\n<td width=\"93\">Dakar<\/td>\n<td>Keur Massar (commune sp\u00e9ciale divis\u00e9e en 3 communes d&#8217;arrondissement)<\/td>\n<\/tr>\n<tr>\n<td>Kolda<\/td>\n<td width=\"93\">Kolda<\/td>\n<td>Kolda (commune, chef-lieu de d\u00e9partement et de r\u00e9gion)<\/td>\n<\/tr>\n<tr>\n<td>Koumpentoum<\/td>\n<td width=\"93\">Tambacounda<\/td>\n<td>Koumpentoum (commune)<\/td>\n<\/tr>\n<tr>\n<td>Koungheul<\/td>\n<td width=\"93\">Kaffrine<\/td>\n<td>Koungheul (commune)<\/td>\n<\/tr>\n<tr>\n<td>Lingu\u00e8re<\/td>\n<td width=\"93\">Louga<\/td>\n<td>Lingu\u00e8re (commune)<\/td>\n<\/tr>\n<tr>\n<td>Louga<\/td>\n<td width=\"93\">Louga<\/td>\n<td>Louga (commune, chef-lieu de d\u00e9partement et de r\u00e9gion)<\/td>\n<\/tr>\n<tr>\n<td>Malem-Hodar<\/td>\n<td width=\"93\">Kaffrine<\/td>\n<td>Malem-Hodar (commune)<\/td>\n<\/tr>\n<tr>\n<td>Matam<\/td>\n<td width=\"93\">Matam<\/td>\n<td>Matam (commune, chef-lieu de d\u00e9partement et de r\u00e9gion)<\/td>\n<\/tr>\n<tr>\n<td>Mback\u00e9<\/td>\n<td width=\"93\">Diourbel<\/td>\n<td>Mback\u00e9 (commune)<\/td>\n<\/tr>\n<tr>\n<td>M&#8217;bour<\/td>\n<td width=\"93\">Thi\u00e8s<\/td>\n<td>M&#8217;bour (commune)<\/td>\n<\/tr>\n<tr>\n<td>M\u00e9dina Yoro Foulah<\/td>\n<td width=\"93\">Kolda<\/td>\n<td>M\u00e9dina Yoro Foulah (commune)<\/td>\n<\/tr>\n<tr>\n<td>Nioro du Rip<\/td>\n<td width=\"93\">Kaolack<\/td>\n<td>Nioro du Rip (commune)<\/td>\n<\/tr>\n<tr>\n<td>Oussouye<\/td>\n<td width=\"93\">Ziguinchor<\/td>\n<td>Oussouye (commune)<\/td>\n<\/tr>\n<tr>\n<td>Pikine<\/td>\n<td width=\"93\">Dakar<\/td>\n<td>Pikine (commune sp\u00e9ciale divis\u00e9e en 16 communes d&#8217;arrondissement)<\/td>\n<\/tr>\n<tr>\n<td>Podor<\/td>\n<td width=\"93\">Saint-Louis<\/td>\n<td>Podor (commune)<\/td>\n<\/tr>\n<tr>\n<td>Ran\u00e9rou<\/td>\n<td width=\"93\">Matam<\/td>\n<td>Ran\u00e9rou (commune)<\/td>\n<\/tr>\n<tr>\n<td>Rufisque<\/td>\n<td width=\"93\">Dakar<\/td>\n<td>Rufisque (commune sp\u00e9ciale divis\u00e9e en 3 communes d&#8217;arrondissement)<\/td>\n<\/tr>\n<tr>\n<td>Saint-Louis<\/td>\n<td width=\"93\">Saint-Louis<\/td>\n<td>Saint-Louis (commune, chef-lieu de d\u00e9partement et de r\u00e9gion)<\/td>\n<\/tr>\n<tr>\n<td>Salemata<\/td>\n<td width=\"93\">K\u00e9dougou<\/td>\n<td>Salemata (commune)<\/td>\n<\/tr>\n<tr>\n<td>Saraya<\/td>\n<td width=\"93\">K\u00e9dougou<\/td>\n<td>Saraya (commune)<\/td>\n<\/tr>\n<tr>\n<td>S\u00e9dhiou<\/td>\n<td width=\"93\">S\u00e9dhiou<\/td>\n<td>S\u00e9dhiou (commune, chef-lieu de d\u00e9partement et de r\u00e9gion)<\/td>\n<\/tr>\n<tr>\n<td>Tambacounda<\/td>\n<td width=\"93\">Tambacounda<\/td>\n<td>Tambacounda (commune, chef-lieu de d\u00e9partement et de r\u00e9gion)<\/td>\n<\/tr>\n<tr>\n<td>Thi\u00e8s<\/td>\n<td width=\"93\">Thi\u00e8s<\/td>\n<td>Thi\u00e8s (commune sp\u00e9ciale divis\u00e9e en 3 communes d&#8217;arrondissement, chef-lieu de d\u00e9partement et de r\u00e9gion)<\/td>\n<\/tr>\n<tr>\n<td>Tivaouane<\/td>\n<td width=\"93\">Thi\u00e8s<\/td>\n<td>Tivaouane (commune)<\/td>\n<\/tr>\n<tr>\n<td>V\u00e9lingara<\/td>\n<td width=\"93\">Kolda<\/td>\n<td>V\u00e9lingara (commune)<\/td>\n<\/tr>\n<tr>\n<td>Ziguinchor<\/td>\n<td width=\"93\">Ziguinchor<\/td>\n<td>Ziguinchor (commune, chef-lieu de d\u00e9partement et de r\u00e9gion)<\/td>\n<\/tr>\n<\/tbody>\n<\/table>\n<\/div>\n","protected":false},"excerpt":{"rendered":"<p>Carte des d\u00e9partements du S\u00e9n\u00e9gal. Les d\u00e9partements du S\u00e9n\u00e9gal sont des subdivisions administratives au sein des 14 r\u00e9gions du S\u00e9n\u00e9gal. Il y en a eu 45 depuis  <\/p>\n","protected":false},"author":1,"featured_media":39734,"template":"","categoria_ficha":[230],"class_list":["post-39733","ficha","type-ficha","status-publish","has-post-thumbnail","hentry","categoria_ficha-cartes-du-senegal"],"acf":[],"_links":{"self":[{"href":"https:\/\/gifex.com\/fr\/wp-json\/wp\/v2\/ficha\/39733","targetHints":{"allow":["GET"]}}],"collection":[{"href":"https:\/\/gifex.com\/fr\/wp-json\/wp\/v2\/ficha"}],"about":[{"href":"https:\/\/gifex.com\/fr\/wp-json\/wp\/v2\/types\/ficha"}],"author":[{"embeddable":true,"href":"https:\/\/gifex.com\/fr\/wp-json\/wp\/v2\/users\/1"}],"version-history":[{"count":2,"href":"https:\/\/gifex.com\/fr\/wp-json\/wp\/v2\/ficha\/39733\/revisions"}],"predecessor-version":[{"id":39736,"href":"https:\/\/gifex.com\/fr\/wp-json\/wp\/v2\/ficha\/39733\/revisions\/39736"}],"wp:featuredmedia":[{"embeddable":true,"href":"https:\/\/gifex.com\/fr\/wp-json\/wp\/v2\/media\/39734"}],"wp:attachment":[{"href":"https:\/\/gifex.com\/fr\/wp-json\/wp\/v2\/media?parent=39733"}],"wp:term":[{"taxonomy":"categoria_ficha","embeddable":true,"href":"https:\/\/gifex.com\/fr\/wp-json\/wp\/v2\/categoria_ficha?post=39733"}],"curies":[{"name":"wp","href":"https:\/\/api.w.org\/{rel}","templated":true}]}}