{"id":39726,"date":"2023-05-31T00:16:20","date_gmt":"2023-05-31T00:16:20","guid":{"rendered":"https:\/\/gifex.com\/fr\/?post_type=ficha&#038;p=39726"},"modified":"2023-05-31T00:16:20","modified_gmt":"2023-05-31T00:16:20","slug":"carte-des-groupes-ethniques-au-senegal","status":"publish","type":"ficha","link":"https:\/\/gifex.com\/fr\/fichier\/carte-des-groupes-ethniques-au-senegal\/","title":{"rendered":"Carte des groupes ethniques au S\u00e9n\u00e9gal"},"content":{"rendered":"<p style=\"text-align: center;\"><label style=\"font-size: 15px;\">Carte des groupes ethniques au S\u00e9n\u00e9gal.<\/label><\/p>\n<p>Il existe diff\u00e9rents groupes ethniques au S\u00e9n\u00e9gal, les Wolofs selon les statistiques de la CIA sont le groupe ethnique majoritaire au S\u00e9n\u00e9gal. De nombreux sous-groupes de ceux-ci peuvent \u00eatre distingu\u00e9s davantage, en fonction de la religion, du lieu et de la langue. Selon une estimation de 2005, il existe au moins vingt groupes distincts de taille tr\u00e8s variable.<\/p>\n<p><strong>Principaux groupes<\/strong><\/p>\n<figure id=\"attachment_39724\" aria-describedby=\"caption-attachment-39724\" style=\"width: 360px\" class=\"wp-caption alignright\"><a href=\"https:\/\/gifex.com\/fr\/wp-content\/uploads\/39723\/Carte-linguistique-du-Senegal.png\" target=\"_blank\" rel=\"noopener\"><img fetchpriority=\"high\" decoding=\"async\" class=\"wp-image-39724\" title=\"Carte linguistique du S\u00e9n\u00e9gal.\" src=\"https:\/\/gifex.com\/fr\/wp-content\/uploads\/39723\/Carte-linguistique-du-Senegal-279x300.png\" alt=\"Carte linguistique du S\u00e9n\u00e9gal.\" width=\"360\" height=\"387\" srcset=\"https:\/\/gifex.com\/fr\/wp-content\/uploads\/39723\/Carte-linguistique-du-Senegal-279x300.png 279w, https:\/\/gifex.com\/fr\/wp-content\/uploads\/39723\/Carte-linguistique-du-Senegal-300x323.png 300w, https:\/\/gifex.com\/fr\/wp-content\/uploads\/39723\/Carte-linguistique-du-Senegal.png 742w\" sizes=\"(max-width: 360px) 100vw, 360px\" \/><\/a><figcaption id=\"caption-attachment-39724\" class=\"wp-caption-text\"><label style=\"font-size: 15px;\">Carte linguistique du S\u00e9n\u00e9gal.<\/label><\/figcaption><\/figure>\n<p>Les Wolofs sont les plus nombreux (53,3 %), pr\u00e9sents surtout dans l&#8217;ouest du pays (Ndiambour au Cayor, Waalo, Baol, Djolof, Saloum), dans le bassin arachidier du centre-ouest et particuli\u00e8rement dans les grands centres urbains. Les Wolofs sont en majorit\u00e9 musulmans, pour la plupart affili\u00e9s aux confr\u00e9ries des Mourides ou des Tidjanes. Les L\u00e9bous de la presqu&#8217;\u00eele du Cap-Vert et de la Petite-C\u00f4te leur sont apparent\u00e9s, mais repr\u00e9sentent moins de 1 % de la population. L&#8217;influence des Wolofs dans le pays tend \u00e0 s&#8217;accro\u00eetre, linguistiquement et politiquement : on a pu parler de \u00ab wolofisation \u00bb du S\u00e9n\u00e9gal.<\/p>\n<p>Les Halpulaarens (litt\u00e9ralement \u00ab ceux qui parlent peul \u00bb) constituent le second groupe (18,8 %).Selon les enqu\u00eates, ces deux populations sont tant\u00f4t d\u00e9compt\u00e9es ensemble, tant\u00f4t s\u00e9par\u00e9ment. On trouve aussi la d\u00e9nomination de Poulars. Leurs territoires sont topographiquement plus \u00e9tendus que ceux des Wolofs, mais le plus souvent ce sont des r\u00e9gions faiblement peupl\u00e9es, comme le Ferlo, la Haute-Casamance, la vall\u00e9e du fleuve S\u00e9n\u00e9gal surtout peupl\u00e9e par les Toucouleurs, et le Badiar. Traditionnellement \u00e9leveurs et marchands nomades, ils sont aujourd&#8217;hui s\u00e9dentaris\u00e9s dans leur grande majorit\u00e9. De nos jours l&#8217;exode rural touche davantage les Toucouleurs que les Peuls.<\/p>\n<figure id=\"attachment_39731\" aria-describedby=\"caption-attachment-39731\" style=\"width: 360px\" class=\"wp-caption alignright\"><a href=\"https:\/\/gifex.com\/fr\/wp-content\/uploads\/39726\/Carte-des-peuplades-du-Senegal-1853.jpg\" target=\"_blank\" rel=\"noopener\"><img decoding=\"async\" class=\"wp-image-39731\" title=\"Carte des peuplades du S\u00e9n\u00e9gal de l'abb\u00e9 David Boilat (1853).\" src=\"https:\/\/gifex.com\/fr\/wp-content\/uploads\/39726\/Carte-des-peuplades-du-Senegal-1853-300x176.jpg\" alt=\"Carte des peuplades du S\u00e9n\u00e9gal de l'abb\u00e9 David Boilat (1853).\" width=\"360\" height=\"212\" srcset=\"https:\/\/gifex.com\/fr\/wp-content\/uploads\/39726\/Carte-des-peuplades-du-Senegal-1853-300x176.jpg 300w, https:\/\/gifex.com\/fr\/wp-content\/uploads\/39726\/Carte-des-peuplades-du-Senegal-1853-1024x602.jpg 1024w, https:\/\/gifex.com\/fr\/wp-content\/uploads\/39726\/Carte-des-peuplades-du-Senegal-1853-768x451.jpg 768w, https:\/\/gifex.com\/fr\/wp-content\/uploads\/39726\/Carte-des-peuplades-du-Senegal-1853-1536x903.jpg 1536w, https:\/\/gifex.com\/fr\/wp-content\/uploads\/39726\/Carte-des-peuplades-du-Senegal-1853-2048x1203.jpg 2048w, https:\/\/gifex.com\/fr\/wp-content\/uploads\/39726\/Carte-des-peuplades-du-Senegal-1853-1600x940.jpg 1600w\" sizes=\"(max-width: 360px) 100vw, 360px\" \/><\/a><figcaption id=\"caption-attachment-39731\" class=\"wp-caption-text\"><label style=\"font-size: 15px;\">Carte des peuplades du S\u00e9n\u00e9gal de l&#8217;abb\u00e9 David Boilat (1853).<\/label><\/figcaption><\/figure>\n<p>Le troisi\u00e8me groupe est celui des S\u00e9r\u00e8res concentr\u00e9s dans l\u2019ouest du pays et repr\u00e9sentant 11,5 % de la population. Ils vivent sur la Petite-C\u00f4te et dans le Sine-Saloum, notamment dans les \u00eeles du delta du Saloum. Les Ndut, les Niominkas, les Saf\u00e8nes et d&#8217;autres sous-groupes leur sont proches. Chez les S\u00e9r\u00e8res il y a d&#8217;importantes communaut\u00e9s chr\u00e9tiennes, mais l&#8217;islam est majoritaire. Ils ont conserv\u00e9 n\u00e9anmoins certaines traditions de leur religion africaine ant\u00e9rieure.<\/p>\n<p>Les Diolas de langue diola (3,7 %) sont diff\u00e9rents des commer\u00e7ants mandingues appel\u00e9s Dioulas et vivent pour la plupart en Basse-Casamance o\u00f9 ils pratiquent surtout la riziculture et la p\u00eache. Alors que les Dioulas ont \u00e9t\u00e9 parmi les premiers peuples africains islamis\u00e9s, les Diolas ont longuement conserv\u00e9 leur religion traditionnelle africaine avant de commencer \u00e0 adopter l&#8217;islam ou le christianisme au XX<sup>e<\/sup> si\u00e8cle seulement, tout en pratiquant encore des rituels d&#8217;origine animiste, qui leur sont reproch\u00e9s par les chr\u00e9tiens et les musulmans.<\/p>\n<p>D&#8217;autres peuples vivent en Casamance : leur mode de vie est assez semblable \u00e0 celui des Diolas, mais ils s&#8217;en distinguent par leurs langues et sont tr\u00e8s minoritaires. C&#8217;est le cas des Ba\u00efnouk, des Balantes, des Manjaques, des Mancagnes, mais aussi des Karones et des Bandials.<\/p>\n<p>Outre les Diolas ou Dyulas, le grand groupe des Mandingues (2,6 %) compte les Malink\u00e9s, les Soc\u00e9s, les Bambaras, les Diakhank\u00e9s et les Sonink\u00e9s (0,8 %, dont une grande partie vit le long du fleuve S\u00e9n\u00e9gal et de la Fal\u00e9m\u00e9, dans l&#8217;ancien Royaume de Galam). Les Sonink\u00e9s ont \u00e9t\u00e9 islamis\u00e9s plus t\u00f4t que la plupart des autres groupes. Il existe une importante diaspora, notamment en France, dans la r\u00e9gion parisienne.<\/p>\n<p>Peu nombreux, Bassaris et B\u00e9diks vivent sur les hauteurs du S\u00e9n\u00e9gal oriental, autour de K\u00e9dougou. Comme les Coniaguis et les Badiarank\u00e9s, ils font partie du groupe Tenda.<\/p>\n<p>Le S\u00e9n\u00e9gal accueille en outre beaucoup d&#8217;Africains originaires d&#8217;autres pays du continent. Il y a de petites communaut\u00e9s ivoiriennes \u00e0 Dakar, ainsi que des Nig\u00e9rians, appartenant le plus souvent aux peuples haoussas. Il existe \u00e9galement une importante communaut\u00e9 marocaine plus anciennement implant\u00e9e que les autres \u00e9trangers africains. Les Maliens sont aussi tr\u00e8s pr\u00e9sents. Les Cap-verdiens, aux racines s\u00e9n\u00e9galaises et portugaises, sont nombreux \u00e0 avoir obtenu la citoyennet\u00e9 s\u00e9n\u00e9galaise : ce sont les \u00ab S\u00e9n\u00e9galo-Capverdiens \u00bb, tr\u00e8s nombreux \u00e0 Dakar.<\/p>\n<p>Les Maures, investis depuis longtemps dans les activit\u00e9s commerciales, sont \u00e9tablis dans le nord et dans les villes ; parmi eux, le sous-groupe des Maures Darmanko est pr\u00e9sent au S\u00e9n\u00e9gal depuis des si\u00e8cles, sur tout le territoire et c&#8217;est pourquoi les Maures sont class\u00e9s comme un groupe ethnique \u00e0 part enti\u00e8re du S\u00e9n\u00e9gal.<\/p>\n<p>Enfin en milieu urbain, on rencontre de nombreux commer\u00e7ants Libanais et expatri\u00e9s Europ\u00e9ens.<\/p>\n<p><strong>Une sph\u00e8re culturelle commune<\/strong><\/p>\n<p>Quelles que soient leurs origines, langues, histoires et croyances, les \u00ab ethnies \u00bb du S\u00e9n\u00e9gal partagent un fond culturel commun, sans v\u00e9ritables barri\u00e8res culturelles entre elles, o\u00f9 la musique, la gastronomie, l&#8217;habillement et diverses traditions se diffusent librement. Ceci a permis au S\u00e9n\u00e9gal d&#8217;\u00e9viter les guerres ethniques, et les mariages interethniques y sont tr\u00e8s fr\u00e9quents. Toutes les familles comptent parmi elles, plus ou moins, un membre de chaque ethnie. L&#8217;islam s\u00e9n\u00e9galais, partag\u00e9 par 95 % de la population et structur\u00e9 par des confr\u00e9ries traditionnelles qui n&#8217;appr\u00e9cient pas l&#8217;extr\u00e9misme et la violence, n&#8217;a fait que resserrer la coh\u00e9sion et la solidarit\u00e9 entre les groupes, renfor\u00e7ant cette tol\u00e9rance et diffusant les m\u00eames id\u00e9aux religieux. Les valeurs chr\u00e9tiennes de tol\u00e9rance et de libert\u00e9 ont aussi contribu\u00e9 \u00e0 cette cohabitation paisible. Que ce soit au niveau politique, scolaire ou humanitaire, ces valeurs ont \u00e9t\u00e9 promues par L\u00e9opold S\u00e9dar Senghor (premier pr\u00e9sident), par Elisabeth Diouf (\u00e9pouse du second pr\u00e9sident), par les \u00e9coles religieuses et par les nombreuses \u0153uvres humanitaires. Les gouvernements successifs, soucieux de maintenir l&#8217;ordre et de favoriser l&#8217;\u00e9conomie, ont eux aussi cherch\u00e9 \u00e0 maintenir cette coh\u00e9sion en adoptant les principes d&#8217;un \u00e9tat la\u00efc.<\/p>\n<p>Ceci est \u00e9galement valable pour les pays de la frange sah\u00e9lienne, comme le Mali, la Guin\u00e9e, le Burkina Faso et le Niger qui forment avec le S\u00e9n\u00e9gal une unit\u00e9 culturelle.<\/p>\n","protected":false},"excerpt":{"rendered":"<p>Carte des groupes ethniques au S\u00e9n\u00e9gal. Il existe diff\u00e9rents groupes ethniques au S\u00e9n\u00e9gal, les Wolofs selon les statistiques de la CIA sont le groupe ethnique <\/p>\n","protected":false},"author":1,"featured_media":39729,"template":"","categoria_ficha":[230],"class_list":["post-39726","ficha","type-ficha","status-publish","has-post-thumbnail","hentry","categoria_ficha-cartes-du-senegal"],"acf":[],"_links":{"self":[{"href":"https:\/\/gifex.com\/fr\/wp-json\/wp\/v2\/ficha\/39726","targetHints":{"allow":["GET"]}}],"collection":[{"href":"https:\/\/gifex.com\/fr\/wp-json\/wp\/v2\/ficha"}],"about":[{"href":"https:\/\/gifex.com\/fr\/wp-json\/wp\/v2\/types\/ficha"}],"author":[{"embeddable":true,"href":"https:\/\/gifex.com\/fr\/wp-json\/wp\/v2\/users\/1"}],"version-history":[{"count":2,"href":"https:\/\/gifex.com\/fr\/wp-json\/wp\/v2\/ficha\/39726\/revisions"}],"predecessor-version":[{"id":39732,"href":"https:\/\/gifex.com\/fr\/wp-json\/wp\/v2\/ficha\/39726\/revisions\/39732"}],"wp:featuredmedia":[{"embeddable":true,"href":"https:\/\/gifex.com\/fr\/wp-json\/wp\/v2\/media\/39729"}],"wp:attachment":[{"href":"https:\/\/gifex.com\/fr\/wp-json\/wp\/v2\/media?parent=39726"}],"wp:term":[{"taxonomy":"categoria_ficha","embeddable":true,"href":"https:\/\/gifex.com\/fr\/wp-json\/wp\/v2\/categoria_ficha?post=39726"}],"curies":[{"name":"wp","href":"https:\/\/api.w.org\/{rel}","templated":true}]}}