{"id":39723,"date":"2023-05-30T21:47:27","date_gmt":"2023-05-30T21:47:27","guid":{"rendered":"https:\/\/gifex.com\/fr\/?post_type=ficha&#038;p=39723"},"modified":"2023-05-30T21:47:27","modified_gmt":"2023-05-30T21:47:27","slug":"carte-linguistique-du-senegal","status":"publish","type":"ficha","link":"https:\/\/gifex.com\/fr\/fichier\/carte-linguistique-du-senegal\/","title":{"rendered":"Carte linguistique du S\u00e9n\u00e9gal"},"content":{"rendered":"<p style=\"text-align: center;\"><label style=\"font-size: 15px;\">Carte linguistique du S\u00e9n\u00e9gal.<\/label><\/p>\n<p>Le fran\u00e7ais est la langue officielle, parl\u00e9e par tous ceux qui ont pass\u00e9 plusieurs ann\u00e9es dans le syst\u00e8me \u00e9ducatif, dans lequel le fran\u00e7ais est utilis\u00e9 comme langue d&#8217;enseignement (les \u00e9coles coraniques sont \u00e9galement populaires, mais l&#8217;arabe est moins parl\u00e9 en dehors du contexte de la r\u00e9citation) . Dans l&#8217;ensemble, on estimait que les locuteurs du fran\u00e7ais repr\u00e9sentaient 26% de la population en 2022. Au cours du XV<sup>e<\/sup> si\u00e8cle, de nombreux territoires europ\u00e9ens ont commenc\u00e9 \u00e0 faire du commerce au S\u00e9n\u00e9gal. Au 19<sup>\u00e8me<\/sup> si\u00e8cle, la France a accru son influence coloniale au S\u00e9n\u00e9gal et ainsi le nombre de francophones s&#8217;est multipli\u00e9 sans cesse. Le fran\u00e7ais a \u00e9t\u00e9 ratifi\u00e9 comme langue officielle du S\u00e9n\u00e9gal en 1960 lorsque le pays a acc\u00e9d\u00e9 \u00e0 l&#8217;ind\u00e9pendance.<\/p>\n<p>La plupart des gens parlent aussi leur propre langue ethnique alors que, surtout \u00e0 Dakar, le wolof est la lingua franca. Le pulaar est parl\u00e9 par les peuls et les toucouleurs. La langue s\u00e9r\u00e8re est largement parl\u00e9e par les s\u00e9r\u00e8res et les non-s\u00e9r\u00e8res (y compris le pr\u00e9sident Sall, dont l&#8217;\u00e9pouse est s\u00e9r\u00e8re) ; il en va de m\u00eame pour les langues Cangin, dont les locuteurs sont ethniquement s\u00e9r\u00e8res. Les langues Diola sont largement parl\u00e9es en Casamance. Dans l&#8217;ensemble, le S\u00e9n\u00e9gal abrite environ 39 langues distinctes. Plusieurs ont le statut juridique de \u00ablangues nationales\u00bb: Balante-Ganja, Arabe, Diola-fogny, Mandinka, Manjaque, Mancagne, Noon (Serer-Noon), Pulaar, Serer, Sonink\u00e9 et Wolof.<\/p>\n<p>L&#8217;anglais est enseign\u00e9 comme langue \u00e9trang\u00e8re dans les \u00e9coles secondaires et dans de nombreux programmes d&#8217;\u00e9tudes sup\u00e9rieures, et c&#8217;est la seule mati\u00e8re qui dispose d&#8217;un bureau sp\u00e9cial au sein du minist\u00e8re de l&#8217;\u00c9ducation. Dakar accueille quelques \u00e9coles bilingues qui proposent 50% de leur programme en anglais. L&#8217;\u00e9cole bilingue am\u00e9ricaine s\u00e9n\u00e9galaise (SABS), Yavuz Selim et le Coll\u00e8ge ouest-africain de l&#8217;Atlantique (WACA) forment des milliers d&#8217;anglophones couramment dans le cadre de programmes de quatre ans. L&#8217;anglais est largement utilis\u00e9 par la communaut\u00e9 scientifique et dans les affaires, y compris par les Modou-Modou (hommes d&#8217;affaires analphab\u00e8tes et autodidactes).<\/p>\n<p>Le cr\u00e9ole portugais, localement connu sous le nom de portugais, est une langue minoritaire importante \u00e0 Ziguinchor, capitale r\u00e9gionale de la Casamance, parl\u00e9e par les cr\u00e9oles portugais locaux et les immigrants de Guin\u00e9e-Bissau. La communaut\u00e9 capverdienne locale parle un cr\u00e9ole portugais similaire, le cr\u00e9ole capverdien et le portugais standard. Le portugais a \u00e9t\u00e9 introduit dans l&#8217;enseignement secondaire s\u00e9n\u00e9galais en 1961 \u00e0 Dakar par le premier pr\u00e9sident du pays, L\u00e9opold S\u00e9dar Senghor. Il est actuellement disponible dans la majeure partie du S\u00e9n\u00e9gal et dans l&#8217;enseignement sup\u00e9rieur. Il est particuli\u00e8rement r\u00e9pandu en Casamance car il est li\u00e9 \u00e0 l&#8217;identit\u00e9 culturelle locale.<\/p>\n<p>Une vari\u00e9t\u00e9 de langues immigr\u00e9es sont parl\u00e9es, telles que le bambara (70 000), le mor\u00e9 (37 000), le cr\u00e9ole du Cap-Vert (34 000), le krio (6 100), le vietnamien (2 500) et le portugais (1 700), principalement \u00e0 Dakar.<\/p>\n<p>Alors que le fran\u00e7ais est la seule langue officielle, un mouvement nationaliste linguistique s\u00e9n\u00e9galais en plein essor soutient l&#8217;int\u00e9gration du wolof, la langue vernaculaire commune du pays, dans la constitution nationale.<\/p>\n<p>Les r\u00e9gions s\u00e9n\u00e9galaises de Dakar, Diourbel, Fatick, Kaffrine, Kaolack, K\u00e9dougou, Kolda, Louga, Matam, Saint-Louis, S\u00e9dhiou, Tambacounda, Thi\u00e8s et Ziguinchor sont membres de l&#8217;Association internationale des r\u00e9gions francophones.<\/p>\n","protected":false},"excerpt":{"rendered":"<p>Carte linguistique du S\u00e9n\u00e9gal. Le fran\u00e7ais est la langue officielle, parl\u00e9e par tous ceux qui ont pass\u00e9 plusieurs ann\u00e9es dans le syst\u00e8me \u00e9ducatif, dans lequel  <\/p>\n","protected":false},"author":1,"featured_media":39724,"template":"","categoria_ficha":[230],"class_list":["post-39723","ficha","type-ficha","status-publish","has-post-thumbnail","hentry","categoria_ficha-cartes-du-senegal"],"acf":[],"_links":{"self":[{"href":"https:\/\/gifex.com\/fr\/wp-json\/wp\/v2\/ficha\/39723","targetHints":{"allow":["GET"]}}],"collection":[{"href":"https:\/\/gifex.com\/fr\/wp-json\/wp\/v2\/ficha"}],"about":[{"href":"https:\/\/gifex.com\/fr\/wp-json\/wp\/v2\/types\/ficha"}],"author":[{"embeddable":true,"href":"https:\/\/gifex.com\/fr\/wp-json\/wp\/v2\/users\/1"}],"version-history":[{"count":1,"href":"https:\/\/gifex.com\/fr\/wp-json\/wp\/v2\/ficha\/39723\/revisions"}],"predecessor-version":[{"id":39725,"href":"https:\/\/gifex.com\/fr\/wp-json\/wp\/v2\/ficha\/39723\/revisions\/39725"}],"wp:featuredmedia":[{"embeddable":true,"href":"https:\/\/gifex.com\/fr\/wp-json\/wp\/v2\/media\/39724"}],"wp:attachment":[{"href":"https:\/\/gifex.com\/fr\/wp-json\/wp\/v2\/media?parent=39723"}],"wp:term":[{"taxonomy":"categoria_ficha","embeddable":true,"href":"https:\/\/gifex.com\/fr\/wp-json\/wp\/v2\/categoria_ficha?post=39723"}],"curies":[{"name":"wp","href":"https:\/\/api.w.org\/{rel}","templated":true}]}}