{"id":39705,"date":"2023-05-29T20:41:54","date_gmt":"2023-05-29T20:41:54","guid":{"rendered":"https:\/\/gifex.com\/fr\/?post_type=ficha&#038;p=39705"},"modified":"2023-06-01T01:14:25","modified_gmt":"2023-06-01T01:14:25","slug":"carte-physique-du-senegal","status":"publish","type":"ficha","link":"https:\/\/gifex.com\/fr\/fichier\/carte-physique-du-senegal\/","title":{"rendered":"Carte physique du S\u00e9n\u00e9gal"},"content":{"rendered":"<p>Carte physique du S\u00e9n\u00e9gal, bord\u00e9 \u00e0 l&#8217;ouest par l&#8217;oc\u00e9an Atlantique Nord. Sur terre, la plus longue fronti\u00e8re du pays est avec la Mauritanie au nord, une fronti\u00e8re de 813 km le long du fleuve S\u00e9n\u00e9gal. \u00c0 l&#8217;est se trouve la fronti\u00e8re de 419 km avec le Mali. Au sud-est se trouve la Guin\u00e9e (330 km de fronti\u00e8re) et au sud-sud-ouest la Guin\u00e9e-Bissau (338 km), les deux fronti\u00e8res longeant le fleuve Casamance. Le S\u00e9n\u00e9gal est l&#8217;un des rares pays \u00e0 avoir une quasi-enclave \u00e0 l&#8217;int\u00e9rieur de ses fronti\u00e8res &#8211; la petite nation de la Gambie \u00e0 l&#8217;int\u00e9rieur, qui a une fronti\u00e8re de 740 km avec le S\u00e9n\u00e9gal.<\/p>\n<figure id=\"attachment_39708\" aria-describedby=\"caption-attachment-39708\" style=\"width: 360px\" class=\"wp-caption alignright\"><a href=\"https:\/\/gifex.com\/fr\/wp-content\/uploads\/39705\/Carte-en-relief-ombre-du-Senegal-1989.jpg\" target=\"_blank\" rel=\"noopener\"><img fetchpriority=\"high\" decoding=\"async\" class=\"wp-image-39708\" title=\"Carte en relief ombr\u00e9 du S\u00e9n\u00e9gal.\" src=\"https:\/\/gifex.com\/fr\/wp-content\/uploads\/39705\/Carte-en-relief-ombre-du-Senegal-1989-256x300.jpg\" alt=\"Carte en relief ombr\u00e9 du S\u00e9n\u00e9gal.\" width=\"360\" height=\"421\" srcset=\"https:\/\/gifex.com\/fr\/wp-content\/uploads\/39705\/Carte-en-relief-ombre-du-Senegal-1989-256x300.jpg 256w, https:\/\/gifex.com\/fr\/wp-content\/uploads\/39705\/Carte-en-relief-ombre-du-Senegal-1989-875x1024.jpg 875w, https:\/\/gifex.com\/fr\/wp-content\/uploads\/39705\/Carte-en-relief-ombre-du-Senegal-1989-768x899.jpg 768w, https:\/\/gifex.com\/fr\/wp-content\/uploads\/39705\/Carte-en-relief-ombre-du-Senegal-1989-300x351.jpg 300w, https:\/\/gifex.com\/fr\/wp-content\/uploads\/39705\/Carte-en-relief-ombre-du-Senegal-1989.jpg 1104w\" sizes=\"(max-width: 360px) 100vw, 360px\" \/><\/a><figcaption id=\"caption-attachment-39708\" class=\"wp-caption-text\"><label style=\"font-size: 15px;\">Carte en relief ombr\u00e9 du S\u00e9n\u00e9gal.<\/label><\/figcaption><\/figure>\n<p>La Gambie p\u00e9n\u00e8tre sur plus de 320 km au S\u00e9n\u00e9gal, de la c\u00f4te atlantique au centre du S\u00e9n\u00e9gal le long du fleuve Gambie, qui coupe le territoire s\u00e9n\u00e9galais en deux. Au total, le S\u00e9n\u00e9gal compte 2 640 km de fronti\u00e8res terrestres et 531 km de c\u00f4tes et de rivages. Le S\u00e9n\u00e9gal revendique maritimement une zone contigu\u00eb de 24 milles marins (44,4 km), une mer territoriale de 12 milles marins (22,2 km) et une zone \u00e9conomique exclusive de 370 km (200 milles marins). Il revendique \u00e9galement un plateau continental de 200 milles marins (370,4 km), ou jusqu&#8217;au bord de la marge continentale.<\/p>\n<p>Une autre caract\u00e9ristique distinctive et bien connue du pays est le lac R\u00ebtba aux eaux roses, pr\u00e8s de la ville de Dakar, qui est l&#8217;un des rares lacs au monde avec une eau naturellement rose ou rouge\u00e2tre.<\/p>\n<p>Le point le plus bas du S\u00e9n\u00e9gal est l&#8217;oc\u00e9an Atlantique, au niveau de la mer. Le point culminant est la cr\u00eate de Baunez situ\u00e9e \u00e0 2,7 km au sud-est de Nepen Diakha \u00e0 648 m.<\/p>\n<p><strong>Hydrographie<\/strong><\/p>\n<figure id=\"attachment_39707\" aria-describedby=\"caption-attachment-39707\" style=\"width: 360px\" class=\"wp-caption alignright\"><a href=\"https:\/\/gifex.com\/fr\/wp-content\/uploads\/39705\/Carte-topographique-du-Senegal.png\" target=\"_blank\" rel=\"noopener\"><img decoding=\"async\" class=\"wp-image-39707\" title=\"Carte topographique du S\u00e9n\u00e9gal.\" src=\"https:\/\/gifex.com\/fr\/wp-content\/uploads\/39705\/Carte-topographique-du-Senegal-300x197.png\" alt=\"Carte topographique du S\u00e9n\u00e9gal.\" width=\"360\" height=\"236\" srcset=\"https:\/\/gifex.com\/fr\/wp-content\/uploads\/39705\/Carte-topographique-du-Senegal-300x197.png 300w, https:\/\/gifex.com\/fr\/wp-content\/uploads\/39705\/Carte-topographique-du-Senegal-1024x671.png 1024w, https:\/\/gifex.com\/fr\/wp-content\/uploads\/39705\/Carte-topographique-du-Senegal-768x503.png 768w, https:\/\/gifex.com\/fr\/wp-content\/uploads\/39705\/Carte-topographique-du-Senegal.png 1047w\" sizes=\"(max-width: 360px) 100vw, 360px\" \/><\/a><figcaption id=\"caption-attachment-39707\" class=\"wp-caption-text\"><label style=\"font-size: 15px;\">Carte topographique du S\u00e9n\u00e9gal.<\/label><\/figcaption><\/figure>\n<p>Le fleuve S\u00e9n\u00e9gal est long de 1 750 km. Il prend sa source en R\u00e9publique de Guin\u00e9e \u00e0 750 m d&#8217;altitude et sert de fronti\u00e8re entre le Mali et la Mauritanie avant de se jeter dans l&#8217;oc\u00e9an Atlantique \u00e0 Saint-Louis. \u00c9galement, le pays est en partie travers\u00e9 par le fleuve Gambie. Le pays comprend aussi de nombreux lacs d&#8217;eau sal\u00e9e et d&#8217;eau douce dont les principaux sont le lac Rose et le lac de Guiers.<\/p>\n<p><strong>Diversit\u00e9 et \u00e9cosyst\u00e8mes<\/strong><\/p>\n<p>Except\u00e9 les deux collines des Mamelles (roches \u00e9ruptives \u00e9galement \u00e0 l\u2019origine des \u00eeles de Gor\u00e9e et des Madeleines) aucun relief n\u2019agr\u00e9mente l\u2019horizon de la c\u00f4te. Les seules v\u00e9ritables collines sont celles du Fouta-Djalon \u00e0 la fronti\u00e8re guin\u00e9enne qui ont du mal \u00e0 culminer au-dessus de 500 m\u00e8tres. Les estuaires du S\u00e9n\u00e9gal, du Saloum et de la Casamance sont m\u00eame au-dessous du niveau de la mer \u00e0 mar\u00e9e haute. Les Niayes, dunes c\u00f4ti\u00e8res sculpt\u00e9es par le vent emp\u00eachent n\u00e9anmoins le marin de voir le paysage continental sur la distance Dakar-Saint-Louis.<\/p>\n<figure id=\"attachment_39769\" aria-describedby=\"caption-attachment-39769\" style=\"width: 360px\" class=\"wp-caption alignright\"><a href=\"https:\/\/gifex.com\/fr\/wp-content\/uploads\/39705\/Carte-des-formations-vegetales-et-forestieres-du-Senegal.jpg\" target=\"_blank\" rel=\"noopener\"><img decoding=\"async\" class=\"wp-image-39769\" title=\"Carte des formations v\u00e9g\u00e9tales et foresti\u00e8res du S\u00e9n\u00e9gal.\" src=\"https:\/\/gifex.com\/fr\/wp-content\/uploads\/39705\/Carte-des-formations-vegetales-et-forestieres-du-Senegal-300x219.jpg\" alt=\"Carte des formations v\u00e9g\u00e9tales et foresti\u00e8res du S\u00e9n\u00e9gal.\" width=\"360\" height=\"262\" srcset=\"https:\/\/gifex.com\/fr\/wp-content\/uploads\/39705\/Carte-des-formations-vegetales-et-forestieres-du-Senegal-300x219.jpg 300w, https:\/\/gifex.com\/fr\/wp-content\/uploads\/39705\/Carte-des-formations-vegetales-et-forestieres-du-Senegal-1024x746.jpg 1024w, https:\/\/gifex.com\/fr\/wp-content\/uploads\/39705\/Carte-des-formations-vegetales-et-forestieres-du-Senegal-768x559.jpg 768w, https:\/\/gifex.com\/fr\/wp-content\/uploads\/39705\/Carte-des-formations-vegetales-et-forestieres-du-Senegal-1536x1119.jpg 1536w, https:\/\/gifex.com\/fr\/wp-content\/uploads\/39705\/Carte-des-formations-vegetales-et-forestieres-du-Senegal.jpg 1587w\" sizes=\"(max-width: 360px) 100vw, 360px\" \/><\/a><figcaption id=\"caption-attachment-39769\" class=\"wp-caption-text\"><label style=\"font-size: 15px;\">Carte des formations v\u00e9g\u00e9tales et foresti\u00e8res du S\u00e9n\u00e9gal.<\/label><\/figcaption><\/figure>\n<p>Un des grands int\u00e9r\u00eats du S\u00e9n\u00e9gal est qu\u2019il poss\u00e8de, malgr\u00e9 sa modeste superficie, un grand nombre d\u2019\u00e9cosyst\u00e8mes diff\u00e9rents :<\/p>\n<ul>\n<li>la montagne : sur les remparts du Fouta-Djalon (S\u00e9n\u00e9gal sud-oriental), \u00e0 la fronti\u00e8re de la Guin\u00e9e, de l&#8217;ouest du Parc national du Niokolo-Koba \u00e0 la rivi\u00e8re Fal\u00e9m\u00e9.<\/li>\n<li>la for\u00eat dense : en Basse-Casamance (par exemple Oussouye ou Diouloulou) et principalement dans la r\u00e9gion frontali\u00e8re avec la Guin\u00e9e-Bissau.<\/li>\n<li>le d\u00e9sert dunaire : dans la r\u00e9gion de Saint-Louis, \u00e0 l&#8217;extr\u00eame nord du pays, dans la partie la plus septentrionale du Ferlo.<\/li>\n<li>la mangrove : dans l&#8217;ensemble de la Basse-Casamance et du Sine-Saloum, de Joal-Fadiouth jusqu&#8217;\u00e0 Cap Skirring.<\/li>\n<li>les lacs : le lac de Guiers et l&#8217;ensemble des points d&#8217;eau permanents ou provisoires le long du fleuve S\u00e9n\u00e9gal.<\/li>\n<li>la brousse : au S\u00e9n\u00e9gal Central<\/li>\n<li>les lacs sal\u00e9s : le lac Rose, le lac Mbeubeusse et de nombreux petits lacs y compris pr\u00e8s de la Petite-C\u00f4te.<\/li>\n<li>les fleuves et rivi\u00e8res : le fleuve S\u00e9n\u00e9gal, le fleuve Gambie, les rivi\u00e8res Niokolo Koba, Fal\u00e9m\u00e9, Saloum, Soungrougrou, etc.<\/li>\n<li>la savane : au sud d&#8217;une ligne Mbour-Kidira, la brousse claire se transforme en savane plus arbor\u00e9e particuli\u00e8rement repr\u00e9sent\u00e9e dans la r\u00e9gion de Tambacounda.<\/li>\n<li>l\u2019oc\u00e9an : tout le long de la c\u00f4te, de Saint-Louis au nord \u00e0 Kabrousse au sud.<\/li>\n<\/ul>\n<div style=\"clear: both; display: inline-block; width: 100%;\">\n<div class=\"row\">\n<div class=\"col-sm\">\n<figure id=\"attachment_39770\" aria-describedby=\"caption-attachment-39770\" style=\"width: 400px\" class=\"wp-caption alignleft\"><a href=\"https:\/\/gifex.com\/fr\/wp-content\/uploads\/39705\/Carte-des-grands-domaines-de-peuplements-vegetaux-au-Senegal.jpg\" target=\"_blank\" rel=\"noopener\"><img loading=\"lazy\" decoding=\"async\" class=\"wp-image-39770\" title=\"Carte des grands domaines de peuplements v\u00e9g\u00e9taux au S\u00e9n\u00e9gal.\" src=\"https:\/\/gifex.com\/fr\/wp-content\/uploads\/39705\/Carte-des-grands-domaines-de-peuplements-vegetaux-au-Senegal-300x212.jpg\" alt=\"Carte des grands domaines de peuplements v\u00e9g\u00e9taux au S\u00e9n\u00e9gal.\" width=\"400\" height=\"282\" srcset=\"https:\/\/gifex.com\/fr\/wp-content\/uploads\/39705\/Carte-des-grands-domaines-de-peuplements-vegetaux-au-Senegal-300x212.jpg 300w, https:\/\/gifex.com\/fr\/wp-content\/uploads\/39705\/Carte-des-grands-domaines-de-peuplements-vegetaux-au-Senegal-1024x722.jpg 1024w, https:\/\/gifex.com\/fr\/wp-content\/uploads\/39705\/Carte-des-grands-domaines-de-peuplements-vegetaux-au-Senegal-768x542.jpg 768w, https:\/\/gifex.com\/fr\/wp-content\/uploads\/39705\/Carte-des-grands-domaines-de-peuplements-vegetaux-au-Senegal.jpg 1198w\" sizes=\"(max-width: 400px) 100vw, 400px\" \/><\/a><figcaption id=\"caption-attachment-39770\" class=\"wp-caption-text\"><label style=\"font-size: 15px;\">Carte des grands domaines de peuplements v\u00e9g\u00e9taux au S\u00e9n\u00e9gal.<\/label><\/figcaption><\/figure>\n<\/div>\n<div class=\"col-sm\">\n<figure id=\"attachment_39771\" aria-describedby=\"caption-attachment-39771\" style=\"width: 400px\" class=\"wp-caption alignright\"><a href=\"https:\/\/gifex.com\/fr\/wp-content\/uploads\/39705\/Carte-de-la-vegetation-et-de-l-occupation-du-sol-du-Senegal-2006.png\" target=\"_blank\" rel=\"noopener\"><img loading=\"lazy\" decoding=\"async\" class=\"wp-image-39771\" title=\"Carte de la v\u00e9g\u00e9tation et de l'occupation du sol du S\u00e9n\u00e9gal.\" src=\"https:\/\/gifex.com\/fr\/wp-content\/uploads\/39705\/Carte-de-la-vegetation-et-de-l-occupation-du-sol-du-Senegal-2006-300x223.png\" alt=\"Carte de la v\u00e9g\u00e9tation et de l'occupation du sol du S\u00e9n\u00e9gal.\" width=\"400\" height=\"297\" srcset=\"https:\/\/gifex.com\/fr\/wp-content\/uploads\/39705\/Carte-de-la-vegetation-et-de-l-occupation-du-sol-du-Senegal-2006-300x223.png 300w, https:\/\/gifex.com\/fr\/wp-content\/uploads\/39705\/Carte-de-la-vegetation-et-de-l-occupation-du-sol-du-Senegal-2006-768x571.png 768w, https:\/\/gifex.com\/fr\/wp-content\/uploads\/39705\/Carte-de-la-vegetation-et-de-l-occupation-du-sol-du-Senegal-2006.png 1005w\" sizes=\"(max-width: 400px) 100vw, 400px\" \/><\/a><figcaption id=\"caption-attachment-39771\" class=\"wp-caption-text\"><label style=\"font-size: 15px;\">Carte de la v\u00e9g\u00e9tation et de l&#8217;occupation du sol du S\u00e9n\u00e9gal.<\/label><\/figcaption><\/figure>\n<\/div>\n<\/div>\n<\/div>\n","protected":false},"excerpt":{"rendered":"<p>Carte physique du S\u00e9n\u00e9gal, bord\u00e9 \u00e0 l&#8217;ouest par l&#8217;oc\u00e9an Atlantique Nord. Sur terre, la plus longue fronti\u00e8re du pays est avec la Mauritanie au nord, une &#8230;<\/p>\n","protected":false},"author":1,"featured_media":39706,"template":"","categoria_ficha":[230],"class_list":["post-39705","ficha","type-ficha","status-publish","has-post-thumbnail","hentry","categoria_ficha-cartes-du-senegal"],"acf":[],"_links":{"self":[{"href":"https:\/\/gifex.com\/fr\/wp-json\/wp\/v2\/ficha\/39705","targetHints":{"allow":["GET"]}}],"collection":[{"href":"https:\/\/gifex.com\/fr\/wp-json\/wp\/v2\/ficha"}],"about":[{"href":"https:\/\/gifex.com\/fr\/wp-json\/wp\/v2\/types\/ficha"}],"author":[{"embeddable":true,"href":"https:\/\/gifex.com\/fr\/wp-json\/wp\/v2\/users\/1"}],"version-history":[{"count":5,"href":"https:\/\/gifex.com\/fr\/wp-json\/wp\/v2\/ficha\/39705\/revisions"}],"predecessor-version":[{"id":39772,"href":"https:\/\/gifex.com\/fr\/wp-json\/wp\/v2\/ficha\/39705\/revisions\/39772"}],"wp:featuredmedia":[{"embeddable":true,"href":"https:\/\/gifex.com\/fr\/wp-json\/wp\/v2\/media\/39706"}],"wp:attachment":[{"href":"https:\/\/gifex.com\/fr\/wp-json\/wp\/v2\/media?parent=39705"}],"wp:term":[{"taxonomy":"categoria_ficha","embeddable":true,"href":"https:\/\/gifex.com\/fr\/wp-json\/wp\/v2\/categoria_ficha?post=39705"}],"curies":[{"name":"wp","href":"https:\/\/api.w.org\/{rel}","templated":true}]}}