{"id":39681,"date":"2023-05-29T17:05:20","date_gmt":"2023-05-29T17:05:20","guid":{"rendered":"https:\/\/gifex.com\/fr\/?post_type=ficha&#038;p=39681"},"modified":"2023-05-29T17:05:20","modified_gmt":"2023-05-29T17:05:20","slug":"carte-climatique-du-senegal","status":"publish","type":"ficha","link":"https:\/\/gifex.com\/fr\/fichier\/carte-climatique-du-senegal\/","title":{"rendered":"Carte climatique du S\u00e9n\u00e9gal"},"content":{"rendered":"<p style=\"text-align: center;\"><label style=\"font-size: 15px;\">Carte de classification climatique de K\u00f6ppen-Geiger pour le S\u00e9n\u00e9gal.<\/label><\/p>\n<p>Le S\u00e9n\u00e9gal a un climat tropical avec une chaleur agr\u00e9able tout au long de l&#8217;ann\u00e9e avec des saisons s\u00e8ches et humides bien d\u00e9finies qui r\u00e9sultent des vents d&#8217;hiver du nord-est et des vents d&#8217;\u00e9t\u00e9 du sud-ouest. La saison s\u00e8che (d\u00e9cembre \u00e0 avril) est domin\u00e9e par le vent chaud et sec de l&#8217;harmattan. Les pr\u00e9cipitations annuelles d&#8217;environ 600 mm \u00e0 Dakar se produisent entre juin et octobre lorsque les temp\u00e9ratures maximales sont en moyenne de 30 \u00b0C et les minimales de 24,2 \u00b0C ; Les temp\u00e9ratures maximales de d\u00e9cembre \u00e0 f\u00e9vrier sont en moyenne de 25,7 \u00b0C et les minimales de 18 \u00b0C.<\/p>\n<p>Les temp\u00e9ratures int\u00e9rieures sont plus \u00e9lev\u00e9es que le long de la c\u00f4te (par exemple, les temp\u00e9ratures quotidiennes moyennes \u00e0 Kaolack et Tambacounda en mai sont respectivement de 30 \u00b0C et 32,7 \u00b0C, contre 23,2 \u00b0C \u00e0 Dakar, et les pr\u00e9cipitations augmentent consid\u00e9rablement plus au sud, d\u00e9passant 1 500 mm par an en certaines zones.<\/p>\n<p>\u00c0 Tambacounda dans l&#8217;extr\u00eame int\u00e9rieur, notamment \u00e0 la fronti\u00e8re malienne o\u00f9 commence le d\u00e9sert, les temp\u00e9ratures peuvent atteindre 54 \u00b0C. La partie la plus au nord du pays a un climat presque d\u00e9sertique chaud, la partie centrale a un climat semi-aride chaud et la partie la plus au sud a un climat tropical humide et sec. Le S\u00e9n\u00e9gal est un pays principalement ensoleill\u00e9 et sec.<\/p>\n<p>Le changement climatique au S\u00e9n\u00e9gal aura des impacts consid\u00e9rables sur de nombreux aspects de la vie au S\u00e9n\u00e9gal. Le changement climatique entra\u00eenera une augmentation des temp\u00e9ratures moyennes en Afrique de l&#8217;Ouest de 1,5 \u00e0 4 \u00b0C d&#8217;ici le milieu du si\u00e8cle, par rapport \u00e0 1986-2005. Les projections de pr\u00e9cipitations indiquent une diminution globale des pr\u00e9cipitations et une augmentation des m\u00e9ga-temp\u00eates intenses sur le Sahel. Le niveau de la mer devrait augmenter plus rapidement en Afrique de l&#8217;Ouest que la moyenne mondiale. Bien que le S\u00e9n\u00e9gal ne soit actuellement pas un contributeur majeur aux \u00e9missions mondiales de gaz \u00e0 effet de serre, il est l&#8217;un des pays les plus vuln\u00e9rables au changement climatique.<\/p>\n<p>La s\u00e9cheresse extr\u00eame a un impact sur l&#8217;agriculture et entra\u00eene une ins\u00e9curit\u00e9 alimentaire et professionnelle. Plus de 70% de la population est employ\u00e9e dans le secteur agricole. L&#8217;\u00e9l\u00e9vation du niveau de la mer et l&#8217;\u00e9rosion c\u00f4ti\u00e8re qui en r\u00e9sulte devraient endommager les infrastructures c\u00f4ti\u00e8res et d\u00e9placer un grand pourcentage de la population vivant dans les zones c\u00f4ti\u00e8res. Le changement climatique a \u00e9galement le potentiel d&#8217;augmenter la d\u00e9gradation des terres qui augmentera probablement la d\u00e9sertification dans l&#8217;est du S\u00e9n\u00e9gal, conduisant \u00e0 une expansion du Sahara.<\/p>\n","protected":false},"excerpt":{"rendered":"<p>Carte de classification climatique de K\u00f6ppen-Geiger pour le S\u00e9n\u00e9gal. Le S\u00e9n\u00e9gal a un climat tropical avec une chaleur agr\u00e9able tout au long de l&#8217;ann\u00e9e avec des <\/p>\n","protected":false},"author":1,"featured_media":39682,"template":"","categoria_ficha":[230],"class_list":["post-39681","ficha","type-ficha","status-publish","has-post-thumbnail","hentry","categoria_ficha-cartes-du-senegal"],"acf":[],"_links":{"self":[{"href":"https:\/\/gifex.com\/fr\/wp-json\/wp\/v2\/ficha\/39681","targetHints":{"allow":["GET"]}}],"collection":[{"href":"https:\/\/gifex.com\/fr\/wp-json\/wp\/v2\/ficha"}],"about":[{"href":"https:\/\/gifex.com\/fr\/wp-json\/wp\/v2\/types\/ficha"}],"author":[{"embeddable":true,"href":"https:\/\/gifex.com\/fr\/wp-json\/wp\/v2\/users\/1"}],"version-history":[{"count":2,"href":"https:\/\/gifex.com\/fr\/wp-json\/wp\/v2\/ficha\/39681\/revisions"}],"predecessor-version":[{"id":39684,"href":"https:\/\/gifex.com\/fr\/wp-json\/wp\/v2\/ficha\/39681\/revisions\/39684"}],"wp:featuredmedia":[{"embeddable":true,"href":"https:\/\/gifex.com\/fr\/wp-json\/wp\/v2\/media\/39682"}],"wp:attachment":[{"href":"https:\/\/gifex.com\/fr\/wp-json\/wp\/v2\/media?parent=39681"}],"wp:term":[{"taxonomy":"categoria_ficha","embeddable":true,"href":"https:\/\/gifex.com\/fr\/wp-json\/wp\/v2\/categoria_ficha?post=39681"}],"curies":[{"name":"wp","href":"https:\/\/api.w.org\/{rel}","templated":true}]}}