{"id":39140,"date":"2023-05-11T00:48:53","date_gmt":"2023-05-11T00:48:53","guid":{"rendered":"https:\/\/gifex.com\/fr\/?post_type=ficha&#038;p=39140"},"modified":"2023-05-11T00:48:53","modified_gmt":"2023-05-11T00:48:53","slug":"carte-des-groupes-ethniques-au-moyen-orient","status":"publish","type":"ficha","link":"https:\/\/gifex.com\/fr\/fichier\/carte-des-groupes-ethniques-au-moyen-orient\/","title":{"rendered":"Carte des groupes ethniques au Moyen-Orient"},"content":{"rendered":"<p style=\"text-align: center;\"><label style=\"font-size: 15px;\">Carte des groupes ethniques au Moyen-Orient.<\/label><\/p>\n<p>Les ethnies du Moyen-Orient dans la r\u00e9gion \u00ab transcontinentale \u00bb commun\u00e9ment appel\u00e9e sous son terme g\u00e9opolitique ; le Moyen-Orient qui comprend l&#8217;Asie occidentale et les r\u00e9gions proches de l&#8217;Asie occidentale telles que Chypre. La r\u00e9gion a toujours \u00e9t\u00e9 un carrefour de diff\u00e9rentes cultures et langues. Depuis les ann\u00e9es 1960, les changements des facteurs politiques et \u00e9conomiques (en particulier l&#8217;\u00e9norme richesse p\u00e9troli\u00e8re de la r\u00e9gion et les conflits) ont consid\u00e9rablement modifi\u00e9 la composition ethnique des groupes de la r\u00e9gion. Alors que certains groupes ethniques sont pr\u00e9sents dans la r\u00e9gion depuis des mill\u00e9naires, d&#8217;autres sont arriv\u00e9s assez r\u00e9cemment gr\u00e2ce \u00e0 l&#8217;immigration. Les groupes socioethniques les plus importants de la r\u00e9gion sont les Arabes, les Turcs, les Perses, les Kurdes et les Azerba\u00efdjanais, mais il existe des dizaines d&#8217;autres groupes ethniques qui comptent des centaines de milliers, voire des millions de membres.<\/p>\n<p>D&#8217;autres groupes ethniques minoritaires indig\u00e8nes, religieux ou de longue date comprennent : les Aram\u00e9ens, les Assyriens, les Arm\u00e9niens, les Bahrani, les Baloutches, les chr\u00e9tiens coptes, les Grecs de Cappadoce, les Chypriotes, les Druzes, les Gilaks, les Grecs, les Juifs, les Kawliya, les Laz, les Lurs, les Mand\u00e9ens, les Maronites, Mazanderanis, Mhallami, Nawar, Grecs pontiques, R\u00fbm chr\u00e9tiens, Samaritains, Shabaks, Talysh, Tats, Kurdes et Zazas.<\/p>\n<p>Les groupes ethniques de la diaspora vivant dans la r\u00e9gion comprennent : les Albanais, les Bengalis, les Britanniques, les Bosniaques, les Chinois, les Circassiens, les Tatars de Crim\u00e9e, les Juifs, les Philippins, les Fran\u00e7ais, les G\u00e9orgiens, les Indiens, les Indon\u00e9siens, les Kawliya, les Italiens, les Malais, les Malayali, les Pakistanais, les Pachtounes, les Punjabis , Roms, Sikhs, Sindhis, Somaliens, Sri Lankais, Turkm\u00e8nes et Africains subsahariens.<\/p>\n","protected":false},"excerpt":{"rendered":"<p>Les ethnies du Moyen-Orient dans la r\u00e9gion \u00ab transcontinentale \u00bb commun\u00e9ment appel\u00e9e sous son terme g\u00e9opolitique ; le Moyen-Orient qui comprend l&#8217;Asie &#8230;<\/p>\n","protected":false},"author":1,"featured_media":39141,"template":"","categoria_ficha":[378],"class_list":["post-39140","ficha","type-ficha","status-publish","has-post-thumbnail","hentry","categoria_ficha-cartes-du-moyen-orient"],"acf":[],"_links":{"self":[{"href":"https:\/\/gifex.com\/fr\/wp-json\/wp\/v2\/ficha\/39140","targetHints":{"allow":["GET"]}}],"collection":[{"href":"https:\/\/gifex.com\/fr\/wp-json\/wp\/v2\/ficha"}],"about":[{"href":"https:\/\/gifex.com\/fr\/wp-json\/wp\/v2\/types\/ficha"}],"author":[{"embeddable":true,"href":"https:\/\/gifex.com\/fr\/wp-json\/wp\/v2\/users\/1"}],"version-history":[{"count":1,"href":"https:\/\/gifex.com\/fr\/wp-json\/wp\/v2\/ficha\/39140\/revisions"}],"predecessor-version":[{"id":39142,"href":"https:\/\/gifex.com\/fr\/wp-json\/wp\/v2\/ficha\/39140\/revisions\/39142"}],"wp:featuredmedia":[{"embeddable":true,"href":"https:\/\/gifex.com\/fr\/wp-json\/wp\/v2\/media\/39141"}],"wp:attachment":[{"href":"https:\/\/gifex.com\/fr\/wp-json\/wp\/v2\/media?parent=39140"}],"wp:term":[{"taxonomy":"categoria_ficha","embeddable":true,"href":"https:\/\/gifex.com\/fr\/wp-json\/wp\/v2\/categoria_ficha?post=39140"}],"curies":[{"name":"wp","href":"https:\/\/api.w.org\/{rel}","templated":true}]}}