{"id":38445,"date":"2023-04-20T20:02:29","date_gmt":"2023-04-20T20:02:29","guid":{"rendered":"https:\/\/gifex.com\/fr\/?post_type=ficha&#038;p=38445"},"modified":"2025-09-16T00:25:02","modified_gmt":"2025-09-16T00:25:02","slug":"carte-des-caraibes","status":"publish","type":"ficha","link":"https:\/\/gifex.com\/fr\/fichier\/carte-des-caraibes\/","title":{"rendered":"Carte des Cara\u00efbes"},"content":{"rendered":"<figure id=\"attachment_38556\" aria-describedby=\"caption-attachment-38556\" style=\"width: 360px\" class=\"wp-caption alignright\"><a href=\"https:\/\/gifex.com\/fr\/wp-content\/uploads\/38445\/Image-satellite-des-Caraibes.jpg\" target=\"_blank\" rel=\"noopener\"><img fetchpriority=\"high\" decoding=\"async\" class=\"wp-image-38556\" title=\"Image satellite des Cara\u00efbes.\" src=\"https:\/\/gifex.com\/fr\/wp-content\/uploads\/38445\/Image-satellite-des-Caraibes-300x231.jpg\" alt=\"Image satellite des Cara\u00efbes.\" width=\"360\" height=\"278\" srcset=\"https:\/\/gifex.com\/fr\/wp-content\/uploads\/38445\/Image-satellite-des-Caraibes-300x231.jpg 300w, https:\/\/gifex.com\/fr\/wp-content\/uploads\/38445\/Image-satellite-des-Caraibes-1024x789.jpg 1024w, https:\/\/gifex.com\/fr\/wp-content\/uploads\/38445\/Image-satellite-des-Caraibes-768x592.jpg 768w, https:\/\/gifex.com\/fr\/wp-content\/uploads\/38445\/Image-satellite-des-Caraibes.jpg 1179w\" sizes=\"(max-width: 360px) 100vw, 360px\" \/><\/a><figcaption id=\"caption-attachment-38556\" class=\"wp-caption-text\"><label style=\"font-size: 15px;\">Image satellite des Cara\u00efbes.<\/label><\/figcaption><\/figure>\n<p>Carte des Cara\u00efbes, une sous-r\u00e9gion d&#8217;Am\u00e9rique qui se compose de la mer des Cara\u00efbes et de ses \u00eeles (certaines entour\u00e9es par la mer des Cara\u00efbes et d&#8217;autres bordant \u00e0 la fois la mer des Cara\u00efbes et l&#8217;oc\u00e9an Atlantique Nord), les zones c\u00f4ti\u00e8res voisines du continent peuvent \u00e9galement \u00eatre incluses. La r\u00e9gion est au sud-est du golfe du Mexique et du continent nord-am\u00e9ricain, \u00e0 l&#8217;est de l&#8217;Am\u00e9rique centrale et au nord de l&#8217;Am\u00e9rique du Sud.<\/p>\n<p>Situ\u00e9e en grande partie sur la plaque carib\u00e9enne, la r\u00e9gion compte plus de 700 \u00eeles, \u00eelots, r\u00e9cifs et cayes. Des arcs insulaires d\u00e9limitent les bords nord et est de la mer des Cara\u00efbes : les Grandes Antilles au nord et les Petites Antilles (qui comprennent les \u00eeles Sous-le-Vent) \u00e0 l&#8217;est et au sud. L&#8217;archipel voisin des \u00eeles Lucayes (comprenant les Bahamas et les Turques-et-Ca\u00efques) est consid\u00e9r\u00e9 comme faisant partie des Cara\u00efbes bien qu&#8217;il ne borde pas la mer des Cara\u00efbes.<\/p>\n<p>Toutes les \u00eeles des Antilles plus l&#8217;archipel de Lucayan forment les Antilles, qui est souvent interchangeable avec le terme Cara\u00efbes. Sur le continent, le Belize, le Guyana et le Suriname sont souvent inclus dans les Cara\u00efbes en raison de leurs liens politiques et culturels avec la r\u00e9gion.<\/p>\n<figure id=\"attachment_38554\" aria-describedby=\"caption-attachment-38554\" style=\"width: 360px\" class=\"wp-caption alignright\"><a href=\"https:\/\/gifex.com\/fr\/wp-content\/uploads\/38445\/Carte-des-des-frontieres-maritimes-dans-les-Caraibes.png\" target=\"_blank\" rel=\"noopener\"><img decoding=\"async\" class=\"wp-image-38554\" title=\"Carte des des fronti\u00e8res maritimes dans les Cara\u00efbes.\" src=\"https:\/\/gifex.com\/fr\/wp-content\/uploads\/38445\/Carte-des-des-frontieres-maritimes-dans-les-Caraibes-300x186.png\" alt=\"Carte des des fronti\u00e8res maritimes dans les Cara\u00efbes.\" width=\"360\" height=\"223\" srcset=\"https:\/\/gifex.com\/fr\/wp-content\/uploads\/38445\/Carte-des-des-frontieres-maritimes-dans-les-Caraibes-300x186.png 300w, https:\/\/gifex.com\/fr\/wp-content\/uploads\/38445\/Carte-des-des-frontieres-maritimes-dans-les-Caraibes-1024x634.png 1024w, https:\/\/gifex.com\/fr\/wp-content\/uploads\/38445\/Carte-des-des-frontieres-maritimes-dans-les-Caraibes-768x476.png 768w, https:\/\/gifex.com\/fr\/wp-content\/uploads\/38445\/Carte-des-des-frontieres-maritimes-dans-les-Caraibes-1536x951.png 1536w, https:\/\/gifex.com\/fr\/wp-content\/uploads\/38445\/Carte-des-des-frontieres-maritimes-dans-les-Caraibes-2048x1268.png 2048w, https:\/\/gifex.com\/fr\/wp-content\/uploads\/38445\/Carte-des-des-frontieres-maritimes-dans-les-Caraibes-1600x991.png 1600w\" sizes=\"(max-width: 360px) 100vw, 360px\" \/><\/a><figcaption id=\"caption-attachment-38554\" class=\"wp-caption-text\"><label style=\"font-size: 15px;\">Carte des des fronti\u00e8res maritimes dans les Cara\u00efbes.<\/label><\/figcaption><\/figure>\n<p>Sur le plan g\u00e9opolitique, les \u00eeles des Cara\u00efbes sont souvent consid\u00e9r\u00e9es comme une sous-r\u00e9gion de l&#8217;Am\u00e9rique du Nord, m\u00eame si elles sont parfois incluses dans l&#8217;Am\u00e9rique centrale ou laiss\u00e9es comme une sous-r\u00e9gion \u00e0 part enti\u00e8re et sont organis\u00e9es en 33 entit\u00e9s politiques, dont 13 \u00c9tats souverains, 12 d\u00e9pendances, 1 territoire contest\u00e9, et 7 autres territoires d&#8217;outre-mer. Du 15 d\u00e9cembre 1954 au 10 octobre 2010, il y avait un territoire connu sous le nom d&#8217;Antilles n\u00e9erlandaises compos\u00e9 de cinq \u00eeles, qui \u00e9taient toutes des d\u00e9pendances n\u00e9erlandaises. Du 3 janvier 1958 au 31 mai 1962, il y avait aussi une union politique de courte dur\u00e9e appel\u00e9e la F\u00e9d\u00e9ration des Indes occidentales compos\u00e9e de dix territoires anglophones des Cara\u00efbes, qui \u00e9taient alors tous des d\u00e9pendances britanniques. L&#8217;\u00e9quipe de cricket des Indes occidentales continue de repr\u00e9senter bon nombre de ces nations.<\/p>\n","protected":false},"excerpt":{"rendered":"<p>Carte des Cara\u00efbes, une sous-r\u00e9gion d&#8217;Am\u00e9rique qui se compose de la mer des Cara\u00efbes et de ses \u00eeles (certaines entour\u00e9es par la mer des Cara\u00efbes et d&#8217;autres &#8230;<\/p>\n","protected":false},"author":1,"featured_media":38446,"template":"","categoria_ficha":[2012],"class_list":["post-38445","ficha","type-ficha","status-publish","has-post-thumbnail","hentry","categoria_ficha-cartes-de-caraibes"],"acf":[],"_links":{"self":[{"href":"https:\/\/gifex.com\/fr\/wp-json\/wp\/v2\/ficha\/38445","targetHints":{"allow":["GET"]}}],"collection":[{"href":"https:\/\/gifex.com\/fr\/wp-json\/wp\/v2\/ficha"}],"about":[{"href":"https:\/\/gifex.com\/fr\/wp-json\/wp\/v2\/types\/ficha"}],"author":[{"embeddable":true,"href":"https:\/\/gifex.com\/fr\/wp-json\/wp\/v2\/users\/1"}],"version-history":[{"count":7,"href":"https:\/\/gifex.com\/fr\/wp-json\/wp\/v2\/ficha\/38445\/revisions"}],"predecessor-version":[{"id":56613,"href":"https:\/\/gifex.com\/fr\/wp-json\/wp\/v2\/ficha\/38445\/revisions\/56613"}],"wp:featuredmedia":[{"embeddable":true,"href":"https:\/\/gifex.com\/fr\/wp-json\/wp\/v2\/media\/38446"}],"wp:attachment":[{"href":"https:\/\/gifex.com\/fr\/wp-json\/wp\/v2\/media?parent=38445"}],"wp:term":[{"taxonomy":"categoria_ficha","embeddable":true,"href":"https:\/\/gifex.com\/fr\/wp-json\/wp\/v2\/categoria_ficha?post=38445"}],"curies":[{"name":"wp","href":"https:\/\/api.w.org\/{rel}","templated":true}]}}