{"id":38362,"date":"2023-04-18T19:31:45","date_gmt":"2023-04-18T19:31:45","guid":{"rendered":"https:\/\/gifex.com\/fr\/?post_type=ficha&#038;p=38362"},"modified":"2023-04-18T19:31:45","modified_gmt":"2023-04-18T19:31:45","slug":"carte-ethnique-de-l-amerique-du-sud","status":"publish","type":"ficha","link":"https:\/\/gifex.com\/fr\/fichier\/carte-ethnique-de-l-amerique-du-sud\/","title":{"rendered":"Carte ethnique de l&#8217;Am\u00e9rique du Sud"},"content":{"rendered":"<p style=\"text-align: center;\"><label style=\"font-size: 15px;\">Carte ethnique de l&#8217;Am\u00e9rique du Sud.<\/label><\/p>\n<p>La r\u00e9gion est l&#8217;une des plus diversifi\u00e9es au monde. Ceci est le r\u00e9sultat de la colonisation espagnole et portugaise dans une r\u00e9gion peupl\u00e9e de nombreux peuples indig\u00e8nes, par l&#8217;apport forc\u00e9 d&#8217;esclaves noirs d&#8217;Afrique, par l&#8217;immigration massive d&#8217;Europ\u00e9ens et d&#8217;Asiatiques depuis le 19<sup>\u00e8me<\/sup> si\u00e8cle et par le m\u00e9lange entre ces diff\u00e9rents groupes, donnant lieu \u00e0 de nombreuses variantes.<\/p>\n<figure id=\"attachment_38367\" aria-describedby=\"caption-attachment-38367\" style=\"width: 360px\" class=\"wp-caption alignright\"><a href=\"https:\/\/gifex.com\/fr\/wp-content\/uploads\/38362\/Carte-de-la-composition-ethnique-de-l-Amerique.png\" target=\"_blank\" rel=\"noopener\"><img fetchpriority=\"high\" decoding=\"async\" class=\"wp-image-38367\" title=\"Carte de la composition ethnique de l'Am\u00e9rique.\" src=\"https:\/\/gifex.com\/fr\/wp-content\/uploads\/38362\/Carte-de-la-composition-ethnique-de-l-Amerique-249x300.png\" alt=\"Carte de la composition ethnique de l'Am\u00e9rique.\" width=\"360\" height=\"434\" srcset=\"https:\/\/gifex.com\/fr\/wp-content\/uploads\/38362\/Carte-de-la-composition-ethnique-de-l-Amerique-249x300.png 249w, https:\/\/gifex.com\/fr\/wp-content\/uploads\/38362\/Carte-de-la-composition-ethnique-de-l-Amerique-849x1024.png 849w, https:\/\/gifex.com\/fr\/wp-content\/uploads\/38362\/Carte-de-la-composition-ethnique-de-l-Amerique-768x926.png 768w, https:\/\/gifex.com\/fr\/wp-content\/uploads\/38362\/Carte-de-la-composition-ethnique-de-l-Amerique-1274x1536.png 1274w, https:\/\/gifex.com\/fr\/wp-content\/uploads\/38362\/Carte-de-la-composition-ethnique-de-l-Amerique-1698x2048.png 1698w, https:\/\/gifex.com\/fr\/wp-content\/uploads\/38362\/Carte-de-la-composition-ethnique-de-l-Amerique-300x362.png 300w, https:\/\/gifex.com\/fr\/wp-content\/uploads\/38362\/Carte-de-la-composition-ethnique-de-l-Amerique-1327x1600.png 1327w\" sizes=\"(max-width: 360px) 100vw, 360px\" \/><\/a><figcaption id=\"caption-attachment-38367\" class=\"wp-caption-text\"><label style=\"font-size: 15px;\">Carte de la composition ethnique de l&#8217;Am\u00e9rique. Il est important de noter que les travaux du Dr Lizcano (sur lesquels ce graphique est bas\u00e9) ne sont pas bas\u00e9s sur la g\u00e9n\u00e9tique. De plus, la classification des m\u00e9tis repose davantage sur la culture dans laquelle vivent les individus de chaque pays que sur des traits biologiques, dans ces pays, une bonne partie des personnes consid\u00e9r\u00e9es comme biologiquement blanches sont m\u00e9tisses sur le plan culturel, elles sont donc class\u00e9es comme m\u00e9tisses.<\/label><\/figcaption><\/figure>\n<p>Bien qu&#8217;il n&#8217;y ait pas de clart\u00e9 ou de consensus sur les volumes de la population indig\u00e8ne apr\u00e8s l&#8217;arriv\u00e9e des colonisateurs europ\u00e9ens, on estime que leur nombre devrait s&#8217;\u00e9lever \u00e0 au moins 20 millions de personnes, dont quelque 10 millions en Am\u00e9rique du Sud andine, et environ 10 en Am\u00e9rique du Sud extra-andine ; bien qu&#8217;il y ait des chercheurs qui calculent le nombre en plusieurs centaines de millions. Entre le XVI<sup>e<\/sup> et le XIX<sup>e<\/sup> si\u00e8cle, la r\u00e9gion a re\u00e7u l&#8217;arriv\u00e9e de plusieurs millions d&#8217;esclaves d&#8217;Afrique, dont au moins 3 millions seraient arriv\u00e9s au Br\u00e9sil, et un million et demi dans les diff\u00e9rentes colonies espagnoles d&#8217;Am\u00e9rique.<\/p>\n<p>\u00c0 partir de la seconde moiti\u00e9 du XIX<sup>e<\/sup> si\u00e8cle et de la premi\u00e8re moiti\u00e9 du XX<sup>e<\/sup> si\u00e8cle, la r\u00e9gion a connu une immigration europ\u00e9enne massive, se concentrant de pr\u00e9f\u00e9rence en Argentine, au Br\u00e9sil, en Uruguay, au Chili, en Colombie, au Venezuela et au P\u00e9rou. Cette population venait d&#8217;Espagne, d&#8217;Italie, d&#8217;Allemagne et du Portugal, entre autres pays. Une immigration consid\u00e9rable de Palestine, d&#8217;Arm\u00e9nie, de Syrie, etc., a \u00e9galement \u00e9t\u00e9 re\u00e7ue; ainsi que le Japon, la Chine et la Cor\u00e9e.<\/p>\n<p>Des pays comme l&#8217;Uruguay, l&#8217;Argentine et le Chili ont une forte composante europ\u00e9enne dans leurs populations, avec des pourcentages compris entre 60% et 80% du total. En 2005, le g\u00e9n\u00e9ticien argentin Daniel Corach a men\u00e9 une \u00e9tude g\u00e9n\u00e9tique en Argentine diff\u00e9renciant les deux voies. Le r\u00e9sultat a \u00e9t\u00e9 que par la voie maternelle (ADN mitochondrial), la pr\u00e9sence d&#8217;ascendance indig\u00e8ne a \u00e9t\u00e9 trouv\u00e9e dans la plupart des cas (53,7%), tandis que par la voie paternelle (chromosome Y), presque tous les cas (94, 1%) r\u00e9v\u00e8lent une ascendance europ\u00e9enne. Une autre \u00e9tude r\u00e9alis\u00e9e par des chercheurs de diverses nationalit\u00e9s, et \u00e9galement publi\u00e9e dans PloS One Genetics, en 2015, a r\u00e9v\u00e9l\u00e9 que la composition argentine \u00e9tait compos\u00e9e de 67,3% de contribution europ\u00e9enne, 27,7% de contribution am\u00e9rindienne, 3,6% de contribution africaine et 1,4% Apport asiatique. L&#8217;\u00e9tude montre \u00e9galement comment 90% de la population argentine a une composition g\u00e9n\u00e9tique notoirement diff\u00e9rente de celle des Europ\u00e9ens natifs, mettant ainsi en \u00e9vidence un profil proprement latino-am\u00e9ricain de m\u00e9tissage ou de m\u00e9lange dans la majeure partie de la population argentine. Au Chili, le degr\u00e9 de composante europ\u00e9enne est tr\u00e8s important atteignant 47% de sa population, au Venezuela environ 49-50% du total, au Br\u00e9sil 47,7% et en Colombie ils repr\u00e9sentent 45-50% du total de sa population. Le pays o\u00f9 le pourcentage d&#8217;Am\u00e9rindiens est le plus important composant de la population est la Bolivie. De m\u00eame, il existe d&#8217;importantes communaut\u00e9s autochtones en \u00c9quateur et au P\u00e9rou. Au Chili, les Am\u00e9rindiens purs sont presque inexistants, car la plupart d&#8217;entre eux ont un certain degr\u00e9 de m\u00e9lange europ\u00e9en par m\u00e9tissage. En Argentine la population correspond \u00e0 un faible nombre d\u00e9passant 6% de la population totale du pays. Dans le cas du Br\u00e9sil et du Paraguay, des minorit\u00e9s quasi inexistantes sont consid\u00e9r\u00e9es. En Uruguay, il n&#8217;est pas possible de trouver des descendants am\u00e9rindiens purs, cependant, il existe des descendants m\u00e9tis concentr\u00e9s surtout dans le nord-ouest de ce pays. Dans cette mesure, l&#8217;Argentine, le Chili et l&#8217;Uruguay pourraient \u00eatre class\u00e9s comme \u00e0 pr\u00e9dominance caucasienne ; Bolivie, majoritairement am\u00e9rindienne ; le Venezuela, le P\u00e9rou, le Br\u00e9sil et la Colombie en tant que pays mixtes (blanc-mixte) ; pendant ce temps, le Paraguay et l&#8217;\u00c9quateur ont une majorit\u00e9 m\u00e9tisse; La Guyane et le Suriname peuvent \u00eatre class\u00e9s comme pays asiatiques et afro-descendants.<\/p>\n<p>Une \u00e9tude g\u00e9n\u00e9tique autosomique de 2015, qui comprenait 25 autres \u00e9tudes, avec 38 populations du Br\u00e9sil, la composition du Br\u00e9sil est la suivante : la contribution europ\u00e9enne est de 62 %, l&#8217;africaine de 21 % et l&#8217;indig\u00e8ne de 17 %. La contribution europ\u00e9enne est la plus \u00e9lev\u00e9e au Sud (77%), celle africaine la plus forte au Nord-Est (21%) et celle indig\u00e8ne au Nord (32%).<\/p>\n","protected":false},"excerpt":{"rendered":"<p>La r\u00e9gion est l&#8217;une des plus diversifi\u00e9es au monde. Ceci est le r\u00e9sultat de la colonisation espagnole et portugaise dans une r\u00e9gion peupl\u00e9e de nombreux peuples <\/p>\n","protected":false},"author":1,"featured_media":38364,"template":"","categoria_ficha":[38],"class_list":["post-38362","ficha","type-ficha","status-publish","has-post-thumbnail","hentry","categoria_ficha-cartes-de-l-amerique-du-sud"],"acf":[],"_links":{"self":[{"href":"https:\/\/gifex.com\/fr\/wp-json\/wp\/v2\/ficha\/38362","targetHints":{"allow":["GET"]}}],"collection":[{"href":"https:\/\/gifex.com\/fr\/wp-json\/wp\/v2\/ficha"}],"about":[{"href":"https:\/\/gifex.com\/fr\/wp-json\/wp\/v2\/types\/ficha"}],"author":[{"embeddable":true,"href":"https:\/\/gifex.com\/fr\/wp-json\/wp\/v2\/users\/1"}],"version-history":[{"count":2,"href":"https:\/\/gifex.com\/fr\/wp-json\/wp\/v2\/ficha\/38362\/revisions"}],"predecessor-version":[{"id":38368,"href":"https:\/\/gifex.com\/fr\/wp-json\/wp\/v2\/ficha\/38362\/revisions\/38368"}],"wp:featuredmedia":[{"embeddable":true,"href":"https:\/\/gifex.com\/fr\/wp-json\/wp\/v2\/media\/38364"}],"wp:attachment":[{"href":"https:\/\/gifex.com\/fr\/wp-json\/wp\/v2\/media?parent=38362"}],"wp:term":[{"taxonomy":"categoria_ficha","embeddable":true,"href":"https:\/\/gifex.com\/fr\/wp-json\/wp\/v2\/categoria_ficha?post=38362"}],"curies":[{"name":"wp","href":"https:\/\/api.w.org\/{rel}","templated":true}]}}