{"id":38022,"date":"2023-04-10T15:31:56","date_gmt":"2023-04-10T15:31:56","guid":{"rendered":"https:\/\/gifex.com\/fr\/?post_type=ficha&#038;p=38022"},"modified":"2023-04-10T15:33:21","modified_gmt":"2023-04-10T15:33:21","slug":"carte-geologique-de-l-amerique-du-nord","status":"publish","type":"ficha","link":"https:\/\/gifex.com\/fr\/fichier\/carte-geologique-de-l-amerique-du-nord\/","title":{"rendered":"Carte g\u00e9ologique de l&#8217;Am\u00e9rique du Nord"},"content":{"rendered":"<p style=\"text-align: center;\"><label style=\"font-size: 15px;\">Carte g\u00e9ologique de l&#8217;Am\u00e9rique du Nord de l&#8217;Institut d&#8217;\u00e9tudes g\u00e9ologiques des \u00c9tats-Unis (USGS).<\/label><\/p>\n<p>La g\u00e9ologie de l&#8217;Am\u00e9rique du Nord est un sujet de g\u00e9ologie r\u00e9gionale et couvre le continent nord-am\u00e9ricain, le troisi\u00e8me plus grand au monde. Les unit\u00e9s et les processus g\u00e9ologiques sont \u00e9tudi\u00e9s \u00e0 grande \u00e9chelle pour parvenir \u00e0 une image synth\u00e9tique du d\u00e9veloppement g\u00e9ologique du continent.<\/p>\n<figure id=\"attachment_38025\" aria-describedby=\"caption-attachment-38025\" style=\"width: 360px\" class=\"wp-caption alignright\"><a href=\"https:\/\/gifex.com\/fr\/wp-content\/uploads\/38022\/Carte-montrant-l-age-variable-du-substrat-rocheux-sous-jacent-a-l-Amerique-du-Nord.jpg\" target=\"_blank\" rel=\"noopener\"><img fetchpriority=\"high\" decoding=\"async\" class=\"wp-image-38025\" title=\"Carte montrant l'\u00e2ge variable du substrat rocheux sous-jacent \u00e0 l'Am\u00e9rique du Nord.\" src=\"https:\/\/gifex.com\/fr\/wp-content\/uploads\/38022\/Carte-montrant-l-age-variable-du-substrat-rocheux-sous-jacent-a-l-Amerique-du-Nord-300x231.jpg\" alt=\"Carte montrant l'\u00e2ge variable du substrat rocheux sous-jacent \u00e0 l'Am\u00e9rique du Nord.\" width=\"360\" height=\"278\" srcset=\"https:\/\/gifex.com\/fr\/wp-content\/uploads\/38022\/Carte-montrant-l-age-variable-du-substrat-rocheux-sous-jacent-a-l-Amerique-du-Nord-300x231.jpg 300w, https:\/\/gifex.com\/fr\/wp-content\/uploads\/38022\/Carte-montrant-l-age-variable-du-substrat-rocheux-sous-jacent-a-l-Amerique-du-Nord-1024x789.jpg 1024w, https:\/\/gifex.com\/fr\/wp-content\/uploads\/38022\/Carte-montrant-l-age-variable-du-substrat-rocheux-sous-jacent-a-l-Amerique-du-Nord-768x592.jpg 768w, https:\/\/gifex.com\/fr\/wp-content\/uploads\/38022\/Carte-montrant-l-age-variable-du-substrat-rocheux-sous-jacent-a-l-Amerique-du-Nord-1536x1184.jpg 1536w, https:\/\/gifex.com\/fr\/wp-content\/uploads\/38022\/Carte-montrant-l-age-variable-du-substrat-rocheux-sous-jacent-a-l-Amerique-du-Nord-2048x1579.jpg 2048w, https:\/\/gifex.com\/fr\/wp-content\/uploads\/38022\/Carte-montrant-l-age-variable-du-substrat-rocheux-sous-jacent-a-l-Amerique-du-Nord-1600x1234.jpg 1600w\" sizes=\"(max-width: 360px) 100vw, 360px\" \/><\/a><figcaption id=\"caption-attachment-38025\" class=\"wp-caption-text\"><label style=\"font-size: 15px;\">Carte montrant l&#8217;\u00e2ge variable du substrat rocheux sous-jacent \u00e0 l&#8217;Am\u00e9rique du Nord.<\/label><\/figcaption><\/figure>\n<p>Les divisions de la g\u00e9ologie r\u00e9gionale sont trac\u00e9es de diff\u00e9rentes mani\u00e8res, mais sont g\u00e9n\u00e9ralement d\u00e9finies par une histoire g\u00e9ologique commune, un voisinage g\u00e9ographique ou des fronti\u00e8res politiques. La g\u00e9ologie r\u00e9gionale de l&#8217;Am\u00e9rique du Nord englobe g\u00e9n\u00e9ralement les r\u00e9gions g\u00e9ographiques de l&#8217;Alaska, du Canada, du Groenland, des \u00c9tats-Unis continentaux, du Mexique, de l&#8217;Am\u00e9rique centrale et des Cara\u00efbes. Les parties de la plaque nord-am\u00e9ricaine qui ne sont pas occup\u00e9es par les pays nord-am\u00e9ricains ne sont g\u00e9n\u00e9ralement pas abord\u00e9es dans le cadre de la g\u00e9ologie r\u00e9gionale. Les r\u00e9gions qui ne sont pas g\u00e9ographiquement nord-am\u00e9ricaines mais r\u00e9sident sur la plaque nord-am\u00e9ricaine comprennent des parties de la Sib\u00e9rie, de l&#8217;Islande et des Bermudes. Une discussion sur la g\u00e9ologie nord-am\u00e9ricaine peut \u00e9galement inclure d&#8217;autres plaques continentales, notamment les plaques Cocos et Juan de Fuca subduct\u00e9es sous l&#8217;ouest de l&#8217;Am\u00e9rique du Nord. Une partie de la plaque du Pacifique sous-tend la Basse-Californie et une partie de la Californie \u00e0 l&#8217;ouest de la faille de San Andreas.<\/p>\n<div style=\"clear: both; display: inline-block; width: 100%;\">\n<div class=\"row\">\n<div class=\"col-sm\">\n<figure id=\"attachment_38026\" aria-describedby=\"caption-attachment-38026\" style=\"width: 400px\" class=\"wp-caption alignleft\"><a href=\"https:\/\/gifex.com\/fr\/wp-content\/uploads\/38022\/Carte-des-roches-volcaniques-en-Amerique-du-Nord.jpg\" target=\"_blank\" rel=\"noopener\"><img decoding=\"async\" class=\"wp-image-38026\" title=\"Carte des roches volcaniques en Am\u00e9rique du Nord.\" src=\"https:\/\/gifex.com\/fr\/wp-content\/uploads\/38022\/Carte-des-roches-volcaniques-en-Amerique-du-Nord-300x245.jpg\" alt=\"Carte des roches volcaniques en Am\u00e9rique du Nord.\" width=\"400\" height=\"327\" srcset=\"https:\/\/gifex.com\/fr\/wp-content\/uploads\/38022\/Carte-des-roches-volcaniques-en-Amerique-du-Nord-300x245.jpg 300w, https:\/\/gifex.com\/fr\/wp-content\/uploads\/38022\/Carte-des-roches-volcaniques-en-Amerique-du-Nord.jpg 644w\" sizes=\"(max-width: 400px) 100vw, 400px\" \/><\/a><figcaption id=\"caption-attachment-38026\" class=\"wp-caption-text\"><label style=\"font-size: 15px;\">Carte des roches volcaniques en Am\u00e9rique du Nord.<\/label><\/figcaption><\/figure>\n<\/div>\n<div class=\"col-sm\">\n<figure id=\"attachment_38027\" aria-describedby=\"caption-attachment-38027\" style=\"width: 400px\" class=\"wp-caption alignright\"><a href=\"https:\/\/gifex.com\/fr\/wp-content\/uploads\/38022\/Carte-des-roches-sedimentaires-en-Amerique-du-Nord.jpg\" target=\"_blank\" rel=\"noopener\"><img decoding=\"async\" class=\"wp-image-38027\" title=\"Carte des roches s\u00e9dimentaires en Am\u00e9rique du Nord.\" src=\"https:\/\/gifex.com\/fr\/wp-content\/uploads\/38022\/Carte-des-roches-sedimentaires-en-Amerique-du-Nord-300x245.jpg\" alt=\"Carte des roches s\u00e9dimentaires en Am\u00e9rique du Nord.\" width=\"400\" height=\"327\" srcset=\"https:\/\/gifex.com\/fr\/wp-content\/uploads\/38022\/Carte-des-roches-sedimentaires-en-Amerique-du-Nord-300x245.jpg 300w, https:\/\/gifex.com\/fr\/wp-content\/uploads\/38022\/Carte-des-roches-sedimentaires-en-Amerique-du-Nord.jpg 644w\" sizes=\"(max-width: 400px) 100vw, 400px\" \/><\/a><figcaption id=\"caption-attachment-38027\" class=\"wp-caption-text\"><label style=\"font-size: 15px;\">Carte des roches s\u00e9dimentaires en Am\u00e9rique du Nord.<\/label><\/figcaption><\/figure>\n<\/div>\n<div class=\"col-sm\">\n<figure id=\"attachment_38028\" aria-describedby=\"caption-attachment-38028\" style=\"width: 400px\" class=\"wp-caption alignleft\"><a href=\"https:\/\/gifex.com\/fr\/wp-content\/uploads\/38022\/Carte-des-roches-metamorphiques-en-Amerique-du-Nord.jpg\" target=\"_blank\" rel=\"noopener\"><img loading=\"lazy\" decoding=\"async\" class=\"wp-image-38028\" title=\"Carte des roches m\u00e9tamorphiques en Am\u00e9rique du Nord.\" src=\"https:\/\/gifex.com\/fr\/wp-content\/uploads\/38022\/Carte-des-roches-metamorphiques-en-Amerique-du-Nord-300x245.jpg\" alt=\"Carte des roches m\u00e9tamorphiques en Am\u00e9rique du Nord.\" width=\"400\" height=\"327\" srcset=\"https:\/\/gifex.com\/fr\/wp-content\/uploads\/38022\/Carte-des-roches-metamorphiques-en-Amerique-du-Nord-300x245.jpg 300w, https:\/\/gifex.com\/fr\/wp-content\/uploads\/38022\/Carte-des-roches-metamorphiques-en-Amerique-du-Nord.jpg 644w\" sizes=\"(max-width: 400px) 100vw, 400px\" \/><\/a><figcaption id=\"caption-attachment-38028\" class=\"wp-caption-text\"><label style=\"font-size: 15px;\">Carte des roches m\u00e9tamorphiques en Am\u00e9rique du Nord.<\/label><\/figcaption><\/figure>\n<\/div>\n<div class=\"col-sm\">\n<figure id=\"attachment_38029\" aria-describedby=\"caption-attachment-38029\" style=\"width: 400px\" class=\"wp-caption alignright\"><a href=\"https:\/\/gifex.com\/fr\/wp-content\/uploads\/38022\/Carte-des-roches-plutoniques-en-Amerique-du-Nord.jpg\" target=\"_blank\" rel=\"noopener\"><img loading=\"lazy\" decoding=\"async\" class=\"wp-image-38029\" title=\"Carte des roches plutoniques en Am\u00e9rique du Nord.\" src=\"https:\/\/gifex.com\/fr\/wp-content\/uploads\/38022\/Carte-des-roches-plutoniques-en-Amerique-du-Nord-300x245.jpg\" alt=\"Carte des roches plutoniques en Am\u00e9rique du Nord.\" width=\"400\" height=\"327\" srcset=\"https:\/\/gifex.com\/fr\/wp-content\/uploads\/38022\/Carte-des-roches-plutoniques-en-Amerique-du-Nord-300x245.jpg 300w, https:\/\/gifex.com\/fr\/wp-content\/uploads\/38022\/Carte-des-roches-plutoniques-en-Amerique-du-Nord.jpg 644w\" sizes=\"(max-width: 400px) 100vw, 400px\" \/><\/a><figcaption id=\"caption-attachment-38029\" class=\"wp-caption-text\"><label style=\"font-size: 15px;\">Carte des roches plutoniques en Am\u00e9rique du Nord.<\/label><\/figcaption><\/figure>\n<\/div>\n<\/div>\n<\/div>\n","protected":false},"excerpt":{"rendered":"<p>La g\u00e9ologie de l&#8217;Am\u00e9rique du Nord est un sujet de g\u00e9ologie r\u00e9gionale et couvre le continent nord-am\u00e9ricain, le troisi\u00e8me plus grand au monde. Les unit\u00e9s et &#8230;<\/p>\n","protected":false},"author":1,"featured_media":38023,"template":"","categoria_ficha":[37],"class_list":["post-38022","ficha","type-ficha","status-publish","has-post-thumbnail","hentry","categoria_ficha-cartes-de-l-amerique-du-nord"],"acf":[],"_links":{"self":[{"href":"https:\/\/gifex.com\/fr\/wp-json\/wp\/v2\/ficha\/38022","targetHints":{"allow":["GET"]}}],"collection":[{"href":"https:\/\/gifex.com\/fr\/wp-json\/wp\/v2\/ficha"}],"about":[{"href":"https:\/\/gifex.com\/fr\/wp-json\/wp\/v2\/types\/ficha"}],"author":[{"embeddable":true,"href":"https:\/\/gifex.com\/fr\/wp-json\/wp\/v2\/users\/1"}],"version-history":[{"count":1,"href":"https:\/\/gifex.com\/fr\/wp-json\/wp\/v2\/ficha\/38022\/revisions"}],"predecessor-version":[{"id":38030,"href":"https:\/\/gifex.com\/fr\/wp-json\/wp\/v2\/ficha\/38022\/revisions\/38030"}],"wp:featuredmedia":[{"embeddable":true,"href":"https:\/\/gifex.com\/fr\/wp-json\/wp\/v2\/media\/38023"}],"wp:attachment":[{"href":"https:\/\/gifex.com\/fr\/wp-json\/wp\/v2\/media?parent=38022"}],"wp:term":[{"taxonomy":"categoria_ficha","embeddable":true,"href":"https:\/\/gifex.com\/fr\/wp-json\/wp\/v2\/categoria_ficha?post=38022"}],"curies":[{"name":"wp","href":"https:\/\/api.w.org\/{rel}","templated":true}]}}