{"id":37546,"date":"2023-03-29T14:58:10","date_gmt":"2023-03-29T14:58:10","guid":{"rendered":"https:\/\/gifex.com\/fr\/?post_type=ficha&#038;p=37546"},"modified":"2023-03-29T14:58:10","modified_gmt":"2023-03-29T14:58:10","slug":"carte-des-zones-climatiques-de-l-europe","status":"publish","type":"ficha","link":"https:\/\/gifex.com\/fr\/fichier\/carte-des-zones-climatiques-de-l-europe\/","title":{"rendered":"Carte des zones climatiques de l&#8217;Europe"},"content":{"rendered":"<p style=\"text-align: center;\"><label style=\"font-size: 15px;\">Carte des zones climatiques de l&#8217;Europe.<\/label><\/p>\n<p>L&#8217;Europe se situe principalement dans les zones climatiques temp\u00e9r\u00e9es, soumises aux vents d&#8217;ouest dominants. Le climat est plus doux par rapport \u00e0 d&#8217;autres r\u00e9gions de la m\u00eame latitude autour du globe en raison de l&#8217;influence du Gulf Stream. Le Gulf Stream est surnomm\u00e9 \u00able chauffage central de l&#8217;Europe\u00bb, car il rend le climat de l&#8217;Europe plus chaud et plus humide qu&#8217;il ne le serait autrement. Le Gulf Stream transporte non seulement de l&#8217;eau chaude vers la c\u00f4te europ\u00e9enne, mais r\u00e9chauffe \u00e9galement les vents dominants d&#8217;ouest qui soufflent sur le continent depuis l&#8217;oc\u00e9an Atlantique.<\/p>\n<figure id=\"attachment_37548\" aria-describedby=\"caption-attachment-37548\" style=\"width: 360px\" class=\"wp-caption alignright\"><a href=\"https:\/\/gifex.com\/fr\/wp-content\/uploads\/37546\/Carte-du-parcours-du-Gulf-Stream-et-de-ses-branches-associees.jpg\" target=\"_blank\" rel=\"noopener\"><img fetchpriority=\"high\" decoding=\"async\" class=\"wp-image-37548\" title=\"Carte du parcours du Gulf Stream et de ses branches associ\u00e9es.\" src=\"https:\/\/gifex.com\/fr\/wp-content\/uploads\/37546\/Carte-du-parcours-du-Gulf-Stream-et-de-ses-branches-associees-300x218.jpg\" alt=\"Carte du parcours du Gulf Stream et de ses branches associ\u00e9es.\" width=\"360\" height=\"262\" srcset=\"https:\/\/gifex.com\/fr\/wp-content\/uploads\/37546\/Carte-du-parcours-du-Gulf-Stream-et-de-ses-branches-associees-300x218.jpg 300w, https:\/\/gifex.com\/fr\/wp-content\/uploads\/37546\/Carte-du-parcours-du-Gulf-Stream-et-de-ses-branches-associees-768x559.jpg 768w, https:\/\/gifex.com\/fr\/wp-content\/uploads\/37546\/Carte-du-parcours-du-Gulf-Stream-et-de-ses-branches-associees.jpg 1024w\" sizes=\"(max-width: 360px) 100vw, 360px\" \/><\/a><figcaption id=\"caption-attachment-37548\" class=\"wp-caption-text\"><label style=\"font-size: 15px;\">Carte du parcours du Gulf Stream et de ses branches associ\u00e9es.<\/label><\/figcaption><\/figure>\n<p>Ainsi, la temp\u00e9rature moyenne tout au long de l&#8217;ann\u00e9e \u00e0 Aveiro est de 16 \u00b0C, alors qu&#8217;elle n&#8217;est que de 13 \u00b0C \u00e0 New York qui se trouve quasiment \u00e0 la m\u00eame latitude, bordant le m\u00eame oc\u00e9an. Berlin, Allemagne; Calgary, Canada; et Irkoutsk, dans l&#8217;extr\u00eame sud-est de la Russie, se situent \u00e0 peu pr\u00e8s \u00e0 la m\u00eame latitude ; Les temp\u00e9ratures de janvier \u00e0 Berlin sont en moyenne sup\u00e9rieures d&#8217;environ 8 \u00b0C \u00e0 celles de Calgary et de pr\u00e8s de 22 \u00b0C sup\u00e9rieures aux temp\u00e9ratures moyennes \u00e0 Irkoutsk.<\/p>\n<p>Les grandes masses d&#8217;eau de la mer M\u00e9diterran\u00e9e, qui \u00e9galisent les temp\u00e9ratures en moyenne annuelle et journali\u00e8re, rev\u00eatent \u00e9galement une importance particuli\u00e8re. L&#8217;eau de la M\u00e9diterran\u00e9e s&#8217;\u00e9tend du d\u00e9sert du Sahara \u00e0 l&#8217;arc alpin dans sa partie la plus septentrionale de la mer Adriatique pr\u00e8s de Trieste.<\/p>\n<figure id=\"attachment_37549\" aria-describedby=\"caption-attachment-37549\" style=\"width: 360px\" class=\"wp-caption alignright\"><a href=\"https:\/\/gifex.com\/fr\/wp-content\/uploads\/37546\/Carte-de-classification-climatique-de-Koppen-Geiger-pour-l-Europe.gif\" target=\"_blank\" rel=\"noopener\"><img decoding=\"async\" class=\"wp-image-37549\" title=\"Carte de classification climatique de K\u00f6ppen-Geiger pour l'Europe.\" src=\"https:\/\/gifex.com\/fr\/wp-content\/uploads\/37546\/Carte-de-classification-climatique-de-Koppen-Geiger-pour-l-Europe-300x191.gif\" alt=\"Carte de classification climatique de K\u00f6ppen-Geiger pour l'Europe.\" width=\"360\" height=\"229\" srcset=\"https:\/\/gifex.com\/fr\/wp-content\/uploads\/37546\/Carte-de-classification-climatique-de-Koppen-Geiger-pour-l-Europe-300x191.gif 300w, https:\/\/gifex.com\/fr\/wp-content\/uploads\/37546\/Carte-de-classification-climatique-de-Koppen-Geiger-pour-l-Europe-1024x652.gif 1024w, https:\/\/gifex.com\/fr\/wp-content\/uploads\/37546\/Carte-de-classification-climatique-de-Koppen-Geiger-pour-l-Europe-768x489.gif 768w, https:\/\/gifex.com\/fr\/wp-content\/uploads\/37546\/Carte-de-classification-climatique-de-Koppen-Geiger-pour-l-Europe-1536x978.gif 1536w, https:\/\/gifex.com\/fr\/wp-content\/uploads\/37546\/Carte-de-classification-climatique-de-Koppen-Geiger-pour-l-Europe-1600x1019.gif 1600w\" sizes=\"(max-width: 360px) 100vw, 360px\" \/><\/a><figcaption id=\"caption-attachment-37549\" class=\"wp-caption-text\"><label style=\"font-size: 15px;\">Carte de classification climatique de K\u00f6ppen-Geiger pour l&#8217;Europe.<\/label><\/figcaption><\/figure>\n<p>En g\u00e9n\u00e9ral, l&#8217;Europe n&#8217;est pas seulement plus froide vers le nord que vers le sud, mais elle devient \u00e9galement plus froide de l&#8217;ouest vers l&#8217;est. Le climat est plus oc\u00e9anique \u00e0 l&#8217;ouest et moins \u00e0 l&#8217;est. Ceci peut \u00eatre illustr\u00e9 par le tableau suivant des temp\u00e9ratures moyennes \u00e0 des endroits suivant approximativement les 64e, 60e, 55e, 50e, 45e et 40e latitudes. Aucun d&#8217;entre eux n&#8217;est situ\u00e9 \u00e0 haute altitude ; la plupart d&#8217;entre eux sont proches de la mer. (emplacement, latitude et longitude approximatives, moyenne du mois le plus froid, moyenne du mois le plus chaud et temp\u00e9ratures moyennes annuelles en degr\u00e9s C).<\/p>\n<div class=\"boxscrl\">\n<table width=\"453\">\n<tbody>\n<tr>\n<td colspan=\"6\" width=\"453\">Temp\u00e9ratures en \u00b0C<\/td>\n<\/tr>\n<tr>\n<td rowspan=\"2\" width=\"120\">Emplacement<\/td>\n<td rowspan=\"2\" width=\"58\">Latitude<\/td>\n<td rowspan=\"2\" width=\"69\">Longitude<\/td>\n<td width=\"66\">mois le<\/td>\n<td width=\"73\">mois le<\/td>\n<td width=\"67\">Moyenne<\/td>\n<\/tr>\n<tr>\n<td width=\"66\">plus froid<\/td>\n<td width=\"73\">plus chaud<\/td>\n<td width=\"67\">annuelle<\/td>\n<\/tr>\n<tr>\n<td>Reykjav\u00edk<\/td>\n<td width=\"58\">64 N<\/td>\n<td width=\"69\">22 O<\/td>\n<td width=\"66\">0.1<\/td>\n<td width=\"73\">11.2<\/td>\n<td width=\"67\">4.7<\/td>\n<\/tr>\n<tr>\n<td>Ume\u00e5<\/td>\n<td width=\"58\">64 N<\/td>\n<td width=\"69\">20 E<\/td>\n<td width=\"66\">\u22126.2<\/td>\n<td width=\"73\">16<\/td>\n<td width=\"67\">3.9<\/td>\n<\/tr>\n<tr>\n<td>Oulu<\/td>\n<td width=\"58\">65 N<\/td>\n<td width=\"69\">25.5 E<\/td>\n<td width=\"66\">\u22129.6<\/td>\n<td width=\"73\">16.5<\/td>\n<td width=\"67\">2.7<\/td>\n<\/tr>\n<tr>\n<td>Arkhangelsk<\/td>\n<td width=\"58\">64.5 N<\/td>\n<td width=\"69\">40.5 E<\/td>\n<td width=\"66\">\u221212.7<\/td>\n<td width=\"73\">16.3<\/td>\n<td width=\"67\">1.3<\/td>\n<\/tr>\n<tr>\n<td colspan=\"6\" width=\"453\"><\/td>\n<\/tr>\n<tr>\n<td>Lerwick<\/td>\n<td width=\"58\">60 N<\/td>\n<td width=\"69\">1 O<\/td>\n<td width=\"66\">3.5<\/td>\n<td width=\"73\">12.4<\/td>\n<td width=\"67\">7.4<\/td>\n<\/tr>\n<tr>\n<td>Stockholm<\/td>\n<td width=\"58\">59.5 N<\/td>\n<td width=\"69\">19 E<\/td>\n<td width=\"66\">\u22121.7<\/td>\n<td width=\"73\">18.4<\/td>\n<td width=\"67\">7.4<\/td>\n<\/tr>\n<tr>\n<td>Helsinki<\/td>\n<td width=\"58\">60 N<\/td>\n<td width=\"69\">25 E<\/td>\n<td width=\"66\">\u22124.7<\/td>\n<td width=\"73\">17.8<\/td>\n<td width=\"67\">5.9<\/td>\n<\/tr>\n<tr>\n<td>Saint-P\u00e9tersbourg<\/td>\n<td width=\"58\">60 N<\/td>\n<td width=\"69\">30 E<\/td>\n<td width=\"66\">\u22125.8<\/td>\n<td width=\"73\">18.8<\/td>\n<td width=\"67\">5.8<\/td>\n<\/tr>\n<tr>\n<td colspan=\"6\" width=\"453\"><\/td>\n<\/tr>\n<tr>\n<td>\u00c9dimbourg<\/td>\n<td width=\"58\">55.5 N<\/td>\n<td width=\"69\">3 O<\/td>\n<td width=\"66\">4.2<\/td>\n<td width=\"73\">15.3<\/td>\n<td width=\"67\">9.3<\/td>\n<\/tr>\n<tr>\n<td>Copenhague<\/td>\n<td width=\"58\">55.5 N<\/td>\n<td width=\"69\">12 E<\/td>\n<td width=\"66\">1.4<\/td>\n<td width=\"73\">18.1<\/td>\n<td width=\"67\">9.1<\/td>\n<\/tr>\n<tr>\n<td>Klaip\u0117da<\/td>\n<td width=\"58\">55.5 N<\/td>\n<td width=\"69\">21 E<\/td>\n<td width=\"66\">\u22121.3<\/td>\n<td width=\"73\">17.9<\/td>\n<td width=\"67\">8<\/td>\n<\/tr>\n<tr>\n<td>Moscou<\/td>\n<td width=\"58\">55.5 N<\/td>\n<td width=\"69\">30 E<\/td>\n<td width=\"66\">\u22126.5<\/td>\n<td width=\"73\">19.2<\/td>\n<td width=\"67\">5.8<\/td>\n<\/tr>\n<tr>\n<td colspan=\"6\" width=\"453\"><\/td>\n<\/tr>\n<tr>\n<td>\u00celes Scilly<\/td>\n<td width=\"58\">50 N<\/td>\n<td width=\"69\">6 O<\/td>\n<td width=\"66\">7.9<\/td>\n<td width=\"73\">16.9<\/td>\n<td width=\"67\">11.8<\/td>\n<\/tr>\n<tr>\n<td>Bruxelles<\/td>\n<td width=\"58\">50.5 N<\/td>\n<td width=\"69\">4 E<\/td>\n<td width=\"66\">3.3<\/td>\n<td width=\"73\">18.4<\/td>\n<td width=\"67\">10.5<\/td>\n<\/tr>\n<tr>\n<td>Cracovie<\/td>\n<td width=\"58\">50 N<\/td>\n<td width=\"69\">20 E<\/td>\n<td width=\"66\">\u22122.0<\/td>\n<td width=\"73\">19.2<\/td>\n<td width=\"67\">8.7<\/td>\n<\/tr>\n<tr>\n<td>Kiev<\/td>\n<td width=\"58\">50.5 N<\/td>\n<td width=\"69\">30 E<\/td>\n<td width=\"66\">\u22123.5<\/td>\n<td width=\"73\">20.5<\/td>\n<td width=\"67\">8.4<\/td>\n<\/tr>\n<tr>\n<td colspan=\"6\" width=\"453\"><\/td>\n<\/tr>\n<tr>\n<td>Bordeaux<\/td>\n<td width=\"58\">45 N<\/td>\n<td width=\"69\">0<\/td>\n<td width=\"66\">6.6<\/td>\n<td width=\"73\">21.4<\/td>\n<td width=\"67\">13.8<\/td>\n<\/tr>\n<tr>\n<td>Venise<\/td>\n<td width=\"58\">45.5 N<\/td>\n<td width=\"69\">12 E<\/td>\n<td width=\"66\">3.3<\/td>\n<td width=\"73\">23<\/td>\n<td width=\"67\">13<\/td>\n<\/tr>\n<tr>\n<td>Belgrade<\/td>\n<td width=\"58\">45 N<\/td>\n<td width=\"69\">20 E<\/td>\n<td width=\"66\">1.4<\/td>\n<td width=\"73\">23<\/td>\n<td width=\"67\">12.5<\/td>\n<\/tr>\n<tr>\n<td>Astrakhan<\/td>\n<td width=\"58\">46 N<\/td>\n<td width=\"69\">48 E<\/td>\n<td width=\"66\">\u22123.7<\/td>\n<td width=\"73\">25.6<\/td>\n<td width=\"67\">10.5<\/td>\n<\/tr>\n<tr>\n<td colspan=\"6\" width=\"453\"><\/td>\n<\/tr>\n<tr>\n<td>Coimbra<\/td>\n<td width=\"58\">40 N<\/td>\n<td width=\"69\">8 O<\/td>\n<td width=\"66\">9.9<\/td>\n<td width=\"73\">21.9<\/td>\n<td width=\"67\">16<\/td>\n<\/tr>\n<tr>\n<td>Valence<\/td>\n<td width=\"58\">39.5 N<\/td>\n<td width=\"69\">0<\/td>\n<td width=\"66\">11.9<\/td>\n<td width=\"73\">26.1<\/td>\n<td width=\"67\">18.3<\/td>\n<\/tr>\n<tr>\n<td>Naples<\/td>\n<td width=\"58\">40.5 N<\/td>\n<td width=\"69\">14 E<\/td>\n<td width=\"66\">8.7<\/td>\n<td width=\"73\">24.9<\/td>\n<td width=\"67\">15.9<\/td>\n<\/tr>\n<tr>\n<td>Istanbul<\/td>\n<td width=\"58\">41 N<\/td>\n<td width=\"69\">29 E<\/td>\n<td width=\"66\">5.5<\/td>\n<td width=\"73\">23.4<\/td>\n<td width=\"67\">13.9<\/td>\n<\/tr>\n<\/tbody>\n<\/table>\n<\/div>\n<p>Il est \u00e0 noter que les temp\u00e9ratures moyennes du mois le plus froid, ainsi que les temp\u00e9ratures moyennes annuelles, chutent d&#8217;ouest en est. Par exemple, \u00c9dimbourg est plus chaud que Belgrade pendant le mois le plus froid de l&#8217;ann\u00e9e, bien que Belgrade soit \u00e0 environ 10\u00b0 de latitude plus au sud.<\/p>\n<div style=\"clear: both; display: inline-block; width: 100%;\">\n<div class=\"row\">\n<div class=\"col-sm\">\n<figure id=\"attachment_37550\" aria-describedby=\"caption-attachment-37550\" style=\"width: 400px\" class=\"wp-caption alignleft\"><a href=\"https:\/\/gifex.com\/fr\/wp-content\/uploads\/37546\/Carte-des-heures-d-ensoleillement-en-Europe.png\" target=\"_blank\" rel=\"noopener\"><img decoding=\"async\" class=\"wp-image-37550\" title=\"Carte des heures d'ensoleillement en Europe.\" src=\"https:\/\/gifex.com\/fr\/wp-content\/uploads\/37546\/Carte-des-heures-d-ensoleillement-en-Europe-300x275.png\" alt=\"Carte des heures d'ensoleillement en Europe.\" width=\"400\" height=\"366\" srcset=\"https:\/\/gifex.com\/fr\/wp-content\/uploads\/37546\/Carte-des-heures-d-ensoleillement-en-Europe-300x275.png 300w, https:\/\/gifex.com\/fr\/wp-content\/uploads\/37546\/Carte-des-heures-d-ensoleillement-en-Europe-1024x937.png 1024w, https:\/\/gifex.com\/fr\/wp-content\/uploads\/37546\/Carte-des-heures-d-ensoleillement-en-Europe-768x703.png 768w, https:\/\/gifex.com\/fr\/wp-content\/uploads\/37546\/Carte-des-heures-d-ensoleillement-en-Europe.png 1360w\" sizes=\"(max-width: 400px) 100vw, 400px\" \/><\/a><figcaption id=\"caption-attachment-37550\" class=\"wp-caption-text\"><label style=\"font-size: 15px;\">Carte des heures d&#8217;ensoleillement en Europe.<\/label><\/figcaption><\/figure>\n<\/div>\n<div class=\"col-sm\">\n<figure id=\"attachment_37551\" aria-describedby=\"caption-attachment-37551\" style=\"width: 400px\" class=\"wp-caption alignright\"><a href=\"https:\/\/gifex.com\/fr\/wp-content\/uploads\/37546\/Carte-des-temperatures-annuelles-moyennes-en-Europe-1981-2010.png\" target=\"_blank\" rel=\"noopener\"><img loading=\"lazy\" decoding=\"async\" class=\"wp-image-37551\" title=\"Carte des temp\u00e9ratures annuelles moyennes en Europe 1981-2010.\" src=\"https:\/\/gifex.com\/fr\/wp-content\/uploads\/37546\/Carte-des-temperatures-annuelles-moyennes-en-Europe-1981-2010-300x212.png\" alt=\"Carte des temp\u00e9ratures annuelles moyennes en Europe 1981-2010.\" width=\"400\" height=\"283\" srcset=\"https:\/\/gifex.com\/fr\/wp-content\/uploads\/37546\/Carte-des-temperatures-annuelles-moyennes-en-Europe-1981-2010-300x212.png 300w, https:\/\/gifex.com\/fr\/wp-content\/uploads\/37546\/Carte-des-temperatures-annuelles-moyennes-en-Europe-1981-2010-1024x724.png 1024w, https:\/\/gifex.com\/fr\/wp-content\/uploads\/37546\/Carte-des-temperatures-annuelles-moyennes-en-Europe-1981-2010-768x543.png 768w, https:\/\/gifex.com\/fr\/wp-content\/uploads\/37546\/Carte-des-temperatures-annuelles-moyennes-en-Europe-1981-2010-1536x1086.png 1536w, https:\/\/gifex.com\/fr\/wp-content\/uploads\/37546\/Carte-des-temperatures-annuelles-moyennes-en-Europe-1981-2010-2048x1448.png 2048w, https:\/\/gifex.com\/fr\/wp-content\/uploads\/37546\/Carte-des-temperatures-annuelles-moyennes-en-Europe-1981-2010-1600x1131.png 1600w\" sizes=\"(max-width: 400px) 100vw, 400px\" \/><\/a><figcaption id=\"caption-attachment-37551\" class=\"wp-caption-text\"><label style=\"font-size: 15px;\">Carte des temp\u00e9ratures annuelles moyennes en Europe 1981-2010.<\/label><\/figcaption><\/figure>\n<\/div>\n<\/div>\n<\/div>\n","protected":false},"excerpt":{"rendered":"<p>L&#8217;Europe se situe principalement dans les zones climatiques temp\u00e9r\u00e9es, soumises aux vents d&#8217;ouest dominants. Le climat est plus doux par rapport \u00e0 d&#8217;autres &#8230;<\/p>\n","protected":false},"author":1,"featured_media":37547,"template":"","categoria_ficha":[41],"class_list":["post-37546","ficha","type-ficha","status-publish","has-post-thumbnail","hentry","categoria_ficha-cartes-de-l-europe"],"acf":[],"_links":{"self":[{"href":"https:\/\/gifex.com\/fr\/wp-json\/wp\/v2\/ficha\/37546","targetHints":{"allow":["GET"]}}],"collection":[{"href":"https:\/\/gifex.com\/fr\/wp-json\/wp\/v2\/ficha"}],"about":[{"href":"https:\/\/gifex.com\/fr\/wp-json\/wp\/v2\/types\/ficha"}],"author":[{"embeddable":true,"href":"https:\/\/gifex.com\/fr\/wp-json\/wp\/v2\/users\/1"}],"version-history":[{"count":1,"href":"https:\/\/gifex.com\/fr\/wp-json\/wp\/v2\/ficha\/37546\/revisions"}],"predecessor-version":[{"id":37552,"href":"https:\/\/gifex.com\/fr\/wp-json\/wp\/v2\/ficha\/37546\/revisions\/37552"}],"wp:featuredmedia":[{"embeddable":true,"href":"https:\/\/gifex.com\/fr\/wp-json\/wp\/v2\/media\/37547"}],"wp:attachment":[{"href":"https:\/\/gifex.com\/fr\/wp-json\/wp\/v2\/media?parent=37546"}],"wp:term":[{"taxonomy":"categoria_ficha","embeddable":true,"href":"https:\/\/gifex.com\/fr\/wp-json\/wp\/v2\/categoria_ficha?post=37546"}],"curies":[{"name":"wp","href":"https:\/\/api.w.org\/{rel}","templated":true}]}}