{"id":34923,"date":"2023-03-09T14:27:05","date_gmt":"2023-03-09T14:27:05","guid":{"rendered":"https:\/\/gifex.com\/fr\/?post_type=ficha&#038;p=34923"},"modified":"2023-03-09T14:27:05","modified_gmt":"2023-03-09T14:27:05","slug":"carte-de-la-delegation-de-ben-gardane","status":"publish","type":"ficha","link":"https:\/\/gifex.com\/fr\/fichier\/carte-de-la-delegation-de-ben-gardane\/","title":{"rendered":"Carte de la d\u00e9l\u00e9gation de Ben Gardane"},"content":{"rendered":"<p>Carte de la d\u00e9l\u00e9gation de Ben Gardane, une d\u00e9l\u00e9gation tunisienne d\u00e9pendant du gouvernorat de M\u00e9denine.<\/p>\n<p>La d\u00e9l\u00e9gation englobe la bande c\u00f4ti\u00e8re la plus au sud-est, totalisant 4732 km\u00b2, en 2014, elle compte 79 912 habitants dont 39 819 hommes et 40 093 femmes r\u00e9partis dans 16 512 m\u00e9nages et 21 053 logements.<\/p>\n<p>Cette d\u00e9l\u00e9gation est subdivis\u00e9e en douze imadas (secteurs) :<\/p>\n<div class=\"boxscrl\">\n<table width=\"308\">\n<tbody>\n<tr>\n<td width=\"121\">Imada<\/td>\n<td width=\"117\">Population (2014)<\/td>\n<td width=\"70\">Superficie (km\u00b2)<\/td>\n<\/tr>\n<tr>\n<td width=\"121\">Ben Gardane Nord<\/td>\n<td width=\"117\">6\u00a0708<\/td>\n<td width=\"70\">8<\/td>\n<\/tr>\n<tr>\n<td width=\"121\">Ben Gardane Sud<\/td>\n<td width=\"117\">7\u00a0160<\/td>\n<td width=\"70\">7<\/td>\n<\/tr>\n<tr>\n<td width=\"121\">Essayah<\/td>\n<td width=\"117\">8\u00a0312<\/td>\n<td width=\"70\">170<\/td>\n<\/tr>\n<tr>\n<td width=\"121\">Jamila<\/td>\n<td width=\"117\">6\u00a0173<\/td>\n<td width=\"70\">155<\/td>\n<\/tr>\n<tr>\n<td width=\"121\">El Moamarat<\/td>\n<td width=\"117\">7\u00a0038<\/td>\n<td width=\"70\">482<\/td>\n<\/tr>\n<tr>\n<td width=\"121\">El Amria<\/td>\n<td width=\"117\">9\u00a0970<\/td>\n<td width=\"70\">1\u00a0600<\/td>\n<\/tr>\n<tr>\n<td width=\"121\">Ettaba\u00ef<\/td>\n<td width=\"117\">6\u00a0886<\/td>\n<td width=\"70\">1\u00a0078<\/td>\n<\/tr>\n<tr>\n<td width=\"121\">Jallel<\/td>\n<td width=\"117\">11\u00a0739<\/td>\n<td width=\"70\">98<\/td>\n<\/tr>\n<tr>\n<td width=\"121\">Ourasnia<\/td>\n<td width=\"117\">8\u00a0421<\/td>\n<td width=\"70\">137<\/td>\n<\/tr>\n<tr>\n<td width=\"121\">Chareb Errajel<\/td>\n<td width=\"117\">4\u00a0108<\/td>\n<td width=\"70\">135<\/td>\n<\/tr>\n<tr>\n<td width=\"121\">Neffatia<\/td>\n<td width=\"117\">996<\/td>\n<td width=\"70\">375<\/td>\n<\/tr>\n<tr>\n<td width=\"121\">Chahbania<\/td>\n<td width=\"117\">2\u00a0401<\/td>\n<td width=\"70\">487<\/td>\n<\/tr>\n<tr>\n<td width=\"121\">Total<\/td>\n<td width=\"117\">79\u00a0912<\/td>\n<td width=\"70\">4\u00a0732<\/td>\n<\/tr>\n<\/tbody>\n<\/table>\n<\/div>\n","protected":false},"excerpt":{"rendered":"<p>Carte de la d\u00e9l\u00e9gation de Ben Gardane, une d\u00e9l\u00e9gation tunisienne d\u00e9pendant du gouvernorat de M\u00e9denine. La d\u00e9l\u00e9gation englobe la bande c\u00f4ti\u00e8re la plus au sud-est<\/p>\n","protected":false},"author":1,"featured_media":34925,"template":"","categoria_ficha":[2002],"class_list":["post-34923","ficha","type-ficha","status-publish","has-post-thumbnail","hentry","categoria_ficha-cartes-du-gouvernorat-de-medenine"],"acf":[],"_links":{"self":[{"href":"https:\/\/gifex.com\/fr\/wp-json\/wp\/v2\/ficha\/34923","targetHints":{"allow":["GET"]}}],"collection":[{"href":"https:\/\/gifex.com\/fr\/wp-json\/wp\/v2\/ficha"}],"about":[{"href":"https:\/\/gifex.com\/fr\/wp-json\/wp\/v2\/types\/ficha"}],"author":[{"embeddable":true,"href":"https:\/\/gifex.com\/fr\/wp-json\/wp\/v2\/users\/1"}],"version-history":[{"count":1,"href":"https:\/\/gifex.com\/fr\/wp-json\/wp\/v2\/ficha\/34923\/revisions"}],"predecessor-version":[{"id":34926,"href":"https:\/\/gifex.com\/fr\/wp-json\/wp\/v2\/ficha\/34923\/revisions\/34926"}],"wp:featuredmedia":[{"embeddable":true,"href":"https:\/\/gifex.com\/fr\/wp-json\/wp\/v2\/media\/34925"}],"wp:attachment":[{"href":"https:\/\/gifex.com\/fr\/wp-json\/wp\/v2\/media?parent=34923"}],"wp:term":[{"taxonomy":"categoria_ficha","embeddable":true,"href":"https:\/\/gifex.com\/fr\/wp-json\/wp\/v2\/categoria_ficha?post=34923"}],"curies":[{"name":"wp","href":"https:\/\/api.w.org\/{rel}","templated":true}]}}