{"id":34805,"date":"2023-03-06T13:48:51","date_gmt":"2023-03-06T13:48:51","guid":{"rendered":"https:\/\/gifex.com\/fr\/?post_type=ficha&#038;p=34805"},"modified":"2023-03-06T13:48:51","modified_gmt":"2023-03-06T13:48:51","slug":"desertification-dans-le-gouvernorat-du-kef","status":"publish","type":"ficha","link":"https:\/\/gifex.com\/fr\/fichier\/desertification-dans-le-gouvernorat-du-kef\/","title":{"rendered":"D\u00e9sertification dans le gouvernorat du Kef"},"content":{"rendered":"<p style=\"text-align: center;\"><label style=\"font-size: 15px;\">Carte de sensibilit\u00e9 \u00e0 la d\u00e9sertification dans le gouvernorat du Kef.<\/label><\/p>\n<p><strong>D\u00e9sertification dans le gouvernorat du Kef<\/strong><\/p>\n<p>Le spectacle qui s\u2019offre au visiteur dans certaines r\u00e9gions du sud du gouvernorat du Kef est plus qu\u2019inqui\u00e9tant, tant la terre semble quasi d\u00e9serte, d\u00e9peupl\u00e9e et d\u00e9fra\u00eechie alors que la v\u00e9g\u00e9tation, autrefois luxuriante, est en train de laisser place au d\u00e9sert, avec d\u00e9j\u00e0 une flore tr\u00e8s appauvrie. Autant dire que la sonnette d\u2019alarme doit \u00eatre tir\u00e9e afin de sauver le pays d\u2019un avenir incertain, d\u2019autant plus que le ph\u00e9nom\u00e8ne de l\u2019\u00e9rosion a accentu\u00e9 cette sensation de d\u00e9sertification et que les \u00e9tudes accomplies sur le r\u00e9chauffement climatique montrent, \u00e0 leur tour, que la r\u00e9gion du Kef est menac\u00e9e par la d\u00e9sertification \u00e0 hauteur de 75% de son territoire d\u2019ici les 20 prochaines ann\u00e9es. D\u00e9j\u00e0, la pluviom\u00e9trie a sensiblement baiss\u00e9 dans la r\u00e9gion, ces derni\u00e8res ann\u00e9es, entra\u00eenant de graves probl\u00e8mes pour le secteur agricole et pour l\u2019eau potable, au demeurant devenue une denr\u00e9e rare, ces derni\u00e8res ann\u00e9es.<\/p>\n","protected":false},"excerpt":{"rendered":"<p>Carte de sensibilit\u00e9 \u00e0 la d\u00e9sertification dans le gouvernorat du Kef. D\u00e9sertification dans le gouvernorat du Kef. Le spectacle qui s\u2019offre au visiteur dans &#8230;<\/p>\n","protected":false},"author":1,"featured_media":34806,"template":"","categoria_ficha":[2000],"class_list":["post-34805","ficha","type-ficha","status-publish","has-post-thumbnail","hentry","categoria_ficha-cartes-du-gouvernorat-du-kef"],"acf":[],"_links":{"self":[{"href":"https:\/\/gifex.com\/fr\/wp-json\/wp\/v2\/ficha\/34805","targetHints":{"allow":["GET"]}}],"collection":[{"href":"https:\/\/gifex.com\/fr\/wp-json\/wp\/v2\/ficha"}],"about":[{"href":"https:\/\/gifex.com\/fr\/wp-json\/wp\/v2\/types\/ficha"}],"author":[{"embeddable":true,"href":"https:\/\/gifex.com\/fr\/wp-json\/wp\/v2\/users\/1"}],"version-history":[{"count":1,"href":"https:\/\/gifex.com\/fr\/wp-json\/wp\/v2\/ficha\/34805\/revisions"}],"predecessor-version":[{"id":34807,"href":"https:\/\/gifex.com\/fr\/wp-json\/wp\/v2\/ficha\/34805\/revisions\/34807"}],"wp:featuredmedia":[{"embeddable":true,"href":"https:\/\/gifex.com\/fr\/wp-json\/wp\/v2\/media\/34806"}],"wp:attachment":[{"href":"https:\/\/gifex.com\/fr\/wp-json\/wp\/v2\/media?parent=34805"}],"wp:term":[{"taxonomy":"categoria_ficha","embeddable":true,"href":"https:\/\/gifex.com\/fr\/wp-json\/wp\/v2\/categoria_ficha?post=34805"}],"curies":[{"name":"wp","href":"https:\/\/api.w.org\/{rel}","templated":true}]}}