{"id":34741,"date":"2023-03-04T15:56:51","date_gmt":"2023-03-04T15:56:51","guid":{"rendered":"https:\/\/gifex.com\/fr\/?post_type=ficha&#038;p=34741"},"modified":"2023-03-04T15:59:50","modified_gmt":"2023-03-04T15:59:50","slug":"carte-de-la-delegation-de-bouficha","status":"publish","type":"ficha","link":"https:\/\/gifex.com\/fr\/fichier\/carte-de-la-delegation-de-bouficha\/","title":{"rendered":"Carte de la d\u00e9l\u00e9gation de Bouficha"},"content":{"rendered":"<p>Carte de la d\u00e9l\u00e9gation de Bouficha, situ\u00e9e au Nord du gouvernorat de Sousse, est d\u00e9limit\u00e9e au Nord par le gouvernorat de Nabeul, \u00e0 l\u2019Est par la mer m\u00e9diterran\u00e9e, \u00e0 l\u2019Ouest par le gouvernorat de Zaghouan et au Sud par la d\u00e9l\u00e9gation Enfidha. Elle se compose de 9 secteurs et compte en 2017, 27577 habitants. La commune de Bouficha a \u00e9t\u00e9 cr\u00e9\u00e9e en vertu du d\u00e9cret n\u00b0171\/1966 en date de 25\/04\/1966.<\/p>\n","protected":false},"excerpt":{"rendered":"<p>Carte de la d\u00e9l\u00e9gation de Bouficha, situ\u00e9e au Nord du gouvernorat de Sousse, est d&#8230;<\/p>\n","protected":false},"author":1,"featured_media":34753,"template":"","categoria_ficha":[1999],"class_list":["post-34741","ficha","type-ficha","status-publish","has-post-thumbnail","hentry","categoria_ficha-cartes-du-gouvernorat-de-sousse"],"acf":[],"_links":{"self":[{"href":"https:\/\/gifex.com\/fr\/wp-json\/wp\/v2\/ficha\/34741","targetHints":{"allow":["GET"]}}],"collection":[{"href":"https:\/\/gifex.com\/fr\/wp-json\/wp\/v2\/ficha"}],"about":[{"href":"https:\/\/gifex.com\/fr\/wp-json\/wp\/v2\/types\/ficha"}],"author":[{"embeddable":true,"href":"https:\/\/gifex.com\/fr\/wp-json\/wp\/v2\/users\/1"}],"version-history":[{"count":2,"href":"https:\/\/gifex.com\/fr\/wp-json\/wp\/v2\/ficha\/34741\/revisions"}],"predecessor-version":[{"id":34756,"href":"https:\/\/gifex.com\/fr\/wp-json\/wp\/v2\/ficha\/34741\/revisions\/34756"}],"wp:featuredmedia":[{"embeddable":true,"href":"https:\/\/gifex.com\/fr\/wp-json\/wp\/v2\/media\/34753"}],"wp:attachment":[{"href":"https:\/\/gifex.com\/fr\/wp-json\/wp\/v2\/media?parent=34741"}],"wp:term":[{"taxonomy":"categoria_ficha","embeddable":true,"href":"https:\/\/gifex.com\/fr\/wp-json\/wp\/v2\/categoria_ficha?post=34741"}],"curies":[{"name":"wp","href":"https:\/\/api.w.org\/{rel}","templated":true}]}}