{"id":345,"date":"2022-02-04T00:10:48","date_gmt":"2022-02-04T00:10:48","guid":{"rendered":"https:\/\/gifex.com\/fr\/?post_type=ficha&#038;p=345"},"modified":"2025-01-04T15:19:17","modified_gmt":"2025-01-04T15:19:17","slug":"image-satellite-de-cuba","status":"publish","type":"ficha","link":"https:\/\/gifex.com\/fr\/fichier\/image-satellite-de-cuba\/","title":{"rendered":"Image satellite de Cuba"},"content":{"rendered":"<p>Bien que les \u00c9tats-Unis et Cuba aient \u00e9volu\u00e9 dans des sph\u00e8res \u00e9conomiques largement s\u00e9par\u00e9es pendant des d\u00e9cennies, ils ne sont s\u00e9par\u00e9s que par 150 kilom\u00e8tres (90 miles). Le 2 d\u00e9cembre 2018, le spectroradiom\u00e8tre imageur \u00e0 r\u00e9solution moyenne (MODIS) du satellite Terra de la NASA a captur\u00e9 cette image <a href=\"https:\/\/gifex.com\/fr\/wp-content\/uploads\/345\/Image-satellite-de-Cuba-du-2-decembre-2018.pdf\" target=\"_blank\" rel=\"noopener\">(format PDF)<\/a> des \u00e9troites fronti\u00e8res maritimes qui s\u00e9parent les \u00c9tats-Unis, Cuba et les Bahamas.<\/p>\n<p>Depuis l&#8217;espace, les eaux profondes du d\u00e9troit de Floride apparaissent bleu fonc\u00e9, en comparaison avec les eaux turquoise, moins profondes, qui recouvrent les bancs de Cay Sal et des Bahamas. Ces deux plateformes se sont form\u00e9es lorsque des min\u00e9raux carbonat\u00e9s, produits par certains types de bact\u00e9ries et d&#8217;organismes marins, se sont d\u00e9pos\u00e9s sur le fond de l&#8217;oc\u00e9an au cours de millions d&#8217;ann\u00e9es.<\/p>\n<p>Selon une analyse r\u00e9cente des images Landsat, les \u00e9cosyst\u00e8mes non d\u00e9velopp\u00e9s (for\u00eats et zones humides) couvrent 53 % de Cuba. Environ 40 % de la surface terrestre de l\u2019\u00eele est utilis\u00e9e pour l\u2019agriculture. Les principales cultures sont le manioc, le tabac, le pamplemousse et la canne \u00e0 sucre. Les r\u00e9servoirs couvrent environ 1 % de la surface terrestre de l\u2019\u00eele et les villes moins de 1 %.<\/p>\n<p>Malgr\u00e9 la mosa\u00efque de terres agricoles et de p\u00e2turages, Cuba est connue pour poss\u00e9der des \u00e9tendues relativement vastes de for\u00eats de mangroves vierges et de r\u00e9cifs coralliens, de plages et de marais d&#8217;herbiers marins intacts.<br \/>\n\u00ab Cuba est une raret\u00e9 \u00e9cologique en Am\u00e9rique latine et dans la r\u00e9gion des Cara\u00efbes \u00bb, a d\u00e9clar\u00e9 Gillian Galford, scientifique en t\u00e9l\u00e9d\u00e9tection \u00e0 l\u2019Universit\u00e9 du Vermont, dans un rapport de 2018. \u00ab Son histoire politique et \u00e9conomique complexe montre peu de perturbations, d\u2019extinctions, de pollution et d\u2019\u00e9puisement des ressources. \u00bb<\/p>\n<p>Image de l&#8217;observatoire de la Terre de la NASA par Joshua Stevens, utilisant les donn\u00e9es MODIS de la NASA EOSDIS\/LANCE et GIBS\/Worldview. Article d&#8217;Adam Voiland.<\/p>\n","protected":false},"excerpt":{"rendered":"<p>Le 2 d\u00e9cembre 2018, le spectroradiom\u00e8tre imageur \u00e0 r\u00e9solution moyenne (MODIS) du satellite Terra de la NASA a captur\u00e9 cette image (format PDF) des \u00e9troites &#8230;<\/p>\n","protected":false},"author":1,"featured_media":56357,"template":"","categoria_ficha":[53],"class_list":["post-345","ficha","type-ficha","status-publish","has-post-thumbnail","hentry","categoria_ficha-cartes-de-cuba"],"acf":[],"_links":{"self":[{"href":"https:\/\/gifex.com\/fr\/wp-json\/wp\/v2\/ficha\/345","targetHints":{"allow":["GET"]}}],"collection":[{"href":"https:\/\/gifex.com\/fr\/wp-json\/wp\/v2\/ficha"}],"about":[{"href":"https:\/\/gifex.com\/fr\/wp-json\/wp\/v2\/types\/ficha"}],"author":[{"embeddable":true,"href":"https:\/\/gifex.com\/fr\/wp-json\/wp\/v2\/users\/1"}],"version-history":[{"count":5,"href":"https:\/\/gifex.com\/fr\/wp-json\/wp\/v2\/ficha\/345\/revisions"}],"predecessor-version":[{"id":56358,"href":"https:\/\/gifex.com\/fr\/wp-json\/wp\/v2\/ficha\/345\/revisions\/56358"}],"wp:featuredmedia":[{"embeddable":true,"href":"https:\/\/gifex.com\/fr\/wp-json\/wp\/v2\/media\/56357"}],"wp:attachment":[{"href":"https:\/\/gifex.com\/fr\/wp-json\/wp\/v2\/media?parent=345"}],"wp:term":[{"taxonomy":"categoria_ficha","embeddable":true,"href":"https:\/\/gifex.com\/fr\/wp-json\/wp\/v2\/categoria_ficha?post=345"}],"curies":[{"name":"wp","href":"https:\/\/api.w.org\/{rel}","templated":true}]}}