{"id":339,"date":"2022-02-04T00:10:44","date_gmt":"2022-02-04T00:10:44","guid":{"rendered":"https:\/\/gifex.com\/fr\/?post_type=ficha&#038;p=339"},"modified":"2024-12-23T17:51:44","modified_gmt":"2024-12-23T17:51:44","slug":"quelles-sont-les-principales-villes-du-costa-rica","status":"publish","type":"ficha","link":"https:\/\/gifex.com\/fr\/fichier\/quelles-sont-les-principales-villes-du-costa-rica\/","title":{"rendered":"Quelles sont les principales villes du Costa Rica ?"},"content":{"rendered":"<p><strong>Carte du Costa Rica <a href=\"https:\/\/gifex.com\/fr\/wp-content\/uploads\/339\/Carte-des-principales-villes-du-Costa-Rica.pdf\" target=\"_blank\" rel=\"noopener\">(format pdf)<\/a><\/strong> montrant les <strong>principales villes<\/strong> ainsi que des parties des pays environnants et l&#8217;oc\u00e9an Pacifique Nord et la mer des Cara\u00efbes.<\/p>\n<p>La plus grande agglom\u00e9ration du Costa Rica est de loin San Jos\u00e9 avec une population de 1 611 616 (au 1<sup>er<\/sup> janvier 2006). Cela signifie qu&#8217;un quart de la population du pays est concentr\u00e9 dans la r\u00e9gion de la capitale.<\/p>\n<p>Le tableau plus bas r\u00e9pertorie les villes costariciennes de plus de 20 000 habitants en 2006, calcul\u00e9e sur la base du recensement de 2000. \u00a0La province \u00e0 laquelle appartient la ville est \u00e9galement r\u00e9pertori\u00e9e.<\/p>\n<div class=\"boxscrl\">\n<table width=\"319\">\n<tbody>\n<tr>\n<td colspan=\"3\" width=\"319\">Villes costariciennes par population en 2006<\/td>\n<\/tr>\n<tr>\n<td width=\"166\">Ville<\/td>\n<td width=\"75\">Population<\/td>\n<td width=\"78\">Province<\/td>\n<\/tr>\n<tr>\n<td width=\"166\">San Jos\u00e9<\/td>\n<td width=\"75\">339,448<\/td>\n<td width=\"78\">San Jos\u00e9<\/td>\n<\/tr>\n<tr>\n<td width=\"166\">Puerto Lim\u00f3n<\/td>\n<td width=\"75\">64,285<\/td>\n<td width=\"78\">Lim\u00f3n<\/td>\n<\/tr>\n<tr>\n<td width=\"166\">San Francisco<\/td>\n<td width=\"75\">59,484<\/td>\n<td width=\"78\">Heredia<\/td>\n<\/tr>\n<tr>\n<td width=\"166\">Alajuela<\/td>\n<td width=\"75\">48,366<\/td>\n<td width=\"78\">Alajuela<\/td>\n<\/tr>\n<tr>\n<td width=\"166\">Liberia<\/td>\n<td width=\"75\">47,906<\/td>\n<td width=\"78\">Guanacaste<\/td>\n<\/tr>\n<tr>\n<td width=\"166\">Para\u00edso<\/td>\n<td width=\"75\">41,936<\/td>\n<td width=\"78\">Cartago<\/td>\n<\/tr>\n<tr>\n<td width=\"166\">Desamparados<\/td>\n<td width=\"75\">39,704<\/td>\n<td width=\"78\">San Jos\u00e9<\/td>\n<\/tr>\n<tr>\n<td width=\"166\">San Isidro de El General<\/td>\n<td width=\"75\">36,258<\/td>\n<td width=\"78\">San Jos\u00e9<\/td>\n<\/tr>\n<tr>\n<td width=\"166\">Puntarenas<\/td>\n<td width=\"75\">36,242<\/td>\n<td width=\"78\">Puntarenas<\/td>\n<\/tr>\n<tr>\n<td width=\"166\">Curridabat<\/td>\n<td width=\"75\">35,443<\/td>\n<td width=\"78\">San Jos\u00e9<\/td>\n<\/tr>\n<tr>\n<td width=\"166\">San Vicente de Moravia<\/td>\n<td width=\"75\">34,947<\/td>\n<td width=\"78\">San Jos\u00e9<\/td>\n<\/tr>\n<tr>\n<td width=\"166\">San Jos\u00e9 de Alajuela<\/td>\n<td width=\"75\">32,187<\/td>\n<td width=\"78\">Alajuela<\/td>\n<\/tr>\n<tr>\n<td width=\"166\">Purral<\/td>\n<td width=\"75\">30,701<\/td>\n<td width=\"78\">San Jos\u00e9<\/td>\n<\/tr>\n<tr>\n<td width=\"166\">Turrialba<\/td>\n<td width=\"75\">29,848<\/td>\n<td width=\"78\">Cartago<\/td>\n<\/tr>\n<tr>\n<td width=\"166\">San Miguel<\/td>\n<td width=\"75\">29,467<\/td>\n<td width=\"78\">San Jos\u00e9<\/td>\n<\/tr>\n<tr>\n<td width=\"166\">Aguacaliente<\/td>\n<td width=\"75\">29,140<\/td>\n<td width=\"78\">Cartago<\/td>\n<\/tr>\n<tr>\n<td width=\"166\">San Rafael Abajo<\/td>\n<td width=\"75\">28,490<\/td>\n<td width=\"78\">San Jos\u00e9<\/td>\n<\/tr>\n<tr>\n<td width=\"166\">Quesada<\/td>\n<td width=\"75\">28,134<\/td>\n<td width=\"78\">Alajuela<\/td>\n<\/tr>\n<tr>\n<td width=\"166\">San Pedro Montes de Oca<\/td>\n<td width=\"75\">27,599<\/td>\n<td width=\"78\">San Jos\u00e9<\/td>\n<\/tr>\n<tr>\n<td width=\"166\">Mercedes<\/td>\n<td width=\"75\">27,461<\/td>\n<td width=\"78\">Heredia<\/td>\n<\/tr>\n<tr>\n<td width=\"166\">Cartago<\/td>\n<td width=\"75\">27,049<\/td>\n<td width=\"78\">Cartago<\/td>\n<\/tr>\n<tr>\n<td width=\"166\">Chacarita<\/td>\n<td width=\"75\">27,008<\/td>\n<td width=\"78\">Puntarenas<\/td>\n<\/tr>\n<tr>\n<td width=\"166\">San Rafael de Coronado<\/td>\n<td width=\"75\">26,854<\/td>\n<td width=\"78\">San Jos\u00e9<\/td>\n<\/tr>\n<tr>\n<td width=\"166\">Ip\u00eds<\/td>\n<td width=\"75\">26,699<\/td>\n<td width=\"78\">San Jos\u00e9<\/td>\n<\/tr>\n<tr>\n<td width=\"166\">Aserr\u00ed<\/td>\n<td width=\"75\">26,448<\/td>\n<td width=\"78\">San Jos\u00e9<\/td>\n<\/tr>\n<tr>\n<td width=\"166\">Guadalupe<\/td>\n<td width=\"75\">26,408<\/td>\n<td width=\"78\">San Jos\u00e9<\/td>\n<\/tr>\n<tr>\n<td width=\"166\">San Juan de Tib\u00e1s<\/td>\n<td width=\"75\">26,205<\/td>\n<td width=\"78\">San Jos\u00e9<\/td>\n<\/tr>\n<tr>\n<td width=\"166\">San Rafael de Oreamuno<\/td>\n<td width=\"75\">25,937<\/td>\n<td width=\"78\">Cartago<\/td>\n<\/tr>\n<tr>\n<td width=\"166\">Patalillo<\/td>\n<td width=\"75\">25,805<\/td>\n<td width=\"78\">San Jos\u00e9<\/td>\n<\/tr>\n<tr>\n<td width=\"166\">San Felipe<\/td>\n<td width=\"75\">25,540<\/td>\n<td width=\"78\">San Jos\u00e9<\/td>\n<\/tr>\n<tr>\n<td width=\"166\">Patarr\u00e1<\/td>\n<td width=\"75\">24,516<\/td>\n<td width=\"78\">San Jos\u00e9<\/td>\n<\/tr>\n<tr>\n<td width=\"166\">El Tejar<\/td>\n<td width=\"75\">23,483<\/td>\n<td width=\"78\">Cartago<\/td>\n<\/tr>\n<tr>\n<td width=\"166\">San Nicol\u00e1s<\/td>\n<td width=\"75\">23,157<\/td>\n<td width=\"78\">Cartago<\/td>\n<\/tr>\n<tr>\n<td width=\"166\">Concepti\u00f3n<\/td>\n<td width=\"75\">22,714<\/td>\n<td width=\"78\">San Jos\u00e9<\/td>\n<\/tr>\n<tr>\n<td width=\"166\">San Pablo<\/td>\n<td width=\"75\">22,571<\/td>\n<td width=\"78\">Heredia<\/td>\n<\/tr>\n<tr>\n<td width=\"166\">Tirrases<\/td>\n<td width=\"75\">22,494<\/td>\n<td width=\"78\">San Jos\u00e9<\/td>\n<\/tr>\n<tr>\n<td width=\"166\">Heredia<\/td>\n<td width=\"75\">22,241<\/td>\n<td width=\"78\">Heredia<\/td>\n<\/tr>\n<tr>\n<td width=\"166\">San Antonio<\/td>\n<td width=\"75\">21,233<\/td>\n<td width=\"78\">San Jos\u00e9<\/td>\n<\/tr>\n<tr>\n<td width=\"166\">Ca\u00f1as<\/td>\n<td width=\"75\">21,135<\/td>\n<td width=\"78\">Guanacaste<\/td>\n<\/tr>\n<tr>\n<td width=\"166\">Calle Blancos<\/td>\n<td width=\"75\">20,929<\/td>\n<td width=\"78\">San Jos\u00e9<\/td>\n<\/tr>\n<tr>\n<td width=\"166\">Ulloa<\/td>\n<td width=\"75\">20,456<\/td>\n<td width=\"78\">Heredia<\/td>\n<\/tr>\n<\/tbody>\n<\/table>\n<\/div>\n<p>Urbanisation<\/p>\n<ul>\n<li>Population urbaine\u00a0: 79,3\u00a0% de la population totale (2018)<\/li>\n<li>Taux d&#8217;urbanisation\u00a0: taux de variation annuel de 1,5\u00a0% (estimation 2015-20)<\/li>\n<\/ul>\n<p>Source : Institut national de la statistique et des recensements ; Recensement national IX de la population et V de l&#8217;habitation 2000.<\/p>\n<p>Carte du Costa Rica montrant les principales villes courtoisie de l&#8217;Organisation des Nations unies (ONU).<\/p>\n","protected":false},"excerpt":{"rendered":"<p>Carte du Costa Rica (format pdf) montrant les principales villes ainsi que des parties des pays environnants et l&#8217;oc\u00e9an Pacifique Nord et la mer des Cara\u00efbes.<\/p>\n","protected":false},"author":1,"featured_media":56092,"template":"","categoria_ficha":[52],"class_list":["post-339","ficha","type-ficha","status-publish","has-post-thumbnail","hentry","categoria_ficha-cartes-du-costa-rica"],"acf":[],"_links":{"self":[{"href":"https:\/\/gifex.com\/fr\/wp-json\/wp\/v2\/ficha\/339","targetHints":{"allow":["GET"]}}],"collection":[{"href":"https:\/\/gifex.com\/fr\/wp-json\/wp\/v2\/ficha"}],"about":[{"href":"https:\/\/gifex.com\/fr\/wp-json\/wp\/v2\/types\/ficha"}],"author":[{"embeddable":true,"href":"https:\/\/gifex.com\/fr\/wp-json\/wp\/v2\/users\/1"}],"version-history":[{"count":7,"href":"https:\/\/gifex.com\/fr\/wp-json\/wp\/v2\/ficha\/339\/revisions"}],"predecessor-version":[{"id":56094,"href":"https:\/\/gifex.com\/fr\/wp-json\/wp\/v2\/ficha\/339\/revisions\/56094"}],"wp:featuredmedia":[{"embeddable":true,"href":"https:\/\/gifex.com\/fr\/wp-json\/wp\/v2\/media\/56092"}],"wp:attachment":[{"href":"https:\/\/gifex.com\/fr\/wp-json\/wp\/v2\/media?parent=339"}],"wp:term":[{"taxonomy":"categoria_ficha","embeddable":true,"href":"https:\/\/gifex.com\/fr\/wp-json\/wp\/v2\/categoria_ficha?post=339"}],"curies":[{"name":"wp","href":"https:\/\/api.w.org\/{rel}","templated":true}]}}