{"id":33864,"date":"2023-02-14T15:13:28","date_gmt":"2023-02-14T15:13:28","guid":{"rendered":"https:\/\/gifex.com\/fr\/?post_type=ficha&#038;p=33864"},"modified":"2023-02-16T14:05:13","modified_gmt":"2023-02-16T14:05:13","slug":"les-ressources-en-eau-du-gouvernorat-de-beja","status":"publish","type":"ficha","link":"https:\/\/gifex.com\/fr\/fichier\/les-ressources-en-eau-du-gouvernorat-de-beja\/","title":{"rendered":"Les ressources en eau du gouvernorat de B\u00e9ja"},"content":{"rendered":"<p style=\"text-align: center;\"><label style=\"font-size: 15px;\">Carte des ressources en eau du gouvernorat de B\u00e9ja.<\/label><\/p>\n<p>Les ressources en eau du gouvernorat de B\u00e9ja se pr\u00e9sentent pour 97% en eaux de surface.<\/p>\n<p><strong>Les eaux de surface<\/strong><\/p>\n<p>Les eaux de surface constituent un potentiel d\u2019environ 900Mm<sup>3<\/sup> dont 526Mm<sup>3<\/sup> sont mobilis\u00e9s dans les trois barrages r\u00e9alis\u00e9s :<\/p>\n<div class=\"boxscrl\">\n<figure id=\"attachment_33869\" aria-describedby=\"caption-attachment-33869\" style=\"width: 640px\" class=\"wp-caption aligncenter\"><a href=\"https:\/\/gifex.com\/fr\/wp-content\/uploads\/33864\/Nombre-et-capacite-des-barrages-et-des-lacs-collinaires-du-gouvernorat-de-Beja.jpg\" target=\"_blank\" rel=\"noopener\"><img fetchpriority=\"high\" decoding=\"async\" class=\"wp-image-33869 size-large\" title=\"Nombre et capacit\u00e9 des barrages et des lacs collinaires du gouvernorat de B\u00e9ja.\" src=\"https:\/\/gifex.com\/fr\/wp-content\/uploads\/33864\/Nombre-et-capacite-des-barrages-et-des-lacs-collinaires-du-gouvernorat-de-Beja-1024x363.jpg\" alt=\"Nombre et capacit\u00e9 des barrages et des lacs collinaires du gouvernorat de B\u00e9ja.\" width=\"640\" height=\"227\" srcset=\"https:\/\/gifex.com\/fr\/wp-content\/uploads\/33864\/Nombre-et-capacite-des-barrages-et-des-lacs-collinaires-du-gouvernorat-de-Beja-1024x363.jpg 1024w, https:\/\/gifex.com\/fr\/wp-content\/uploads\/33864\/Nombre-et-capacite-des-barrages-et-des-lacs-collinaires-du-gouvernorat-de-Beja-300x106.jpg 300w, https:\/\/gifex.com\/fr\/wp-content\/uploads\/33864\/Nombre-et-capacite-des-barrages-et-des-lacs-collinaires-du-gouvernorat-de-Beja-768x272.jpg 768w, https:\/\/gifex.com\/fr\/wp-content\/uploads\/33864\/Nombre-et-capacite-des-barrages-et-des-lacs-collinaires-du-gouvernorat-de-Beja.jpg 1445w\" sizes=\"(max-width: 640px) 100vw, 640px\" \/><\/a><figcaption id=\"caption-attachment-33869\" class=\"wp-caption-text\"><label style=\"font-size: 15px;\">Nombre et capacit\u00e9 des barrages et des lacs collinaires du gouvernorat de B\u00e9ja.<\/label><\/figcaption><\/figure>\n<\/div>\n<ul>\n<li>Barrage Sidi Salem : sur l\u2019oued Medjerda, pr\u00e9sentant une capacit\u00e9 de 650Mm<sup>3<\/sup> ; dont 450Mm<sup>3<\/sup> sont mobilisables. Construit en 1977, il permet l\u2019irrigation de 10600ha \u00e0 Testour, Medjez El Bab, et la production d&#8217;\u00e9nergie \u00e9lectrique<\/li>\n<li>Barrage Kasseb : sur oued Kasseb, r\u00e9alis\u00e9 en 1969, pr\u00e9sentant une capacit\u00e9 de 80Mm<sup>3<\/sup> est destin\u00e9 \u00e0 l\u2019alimentation en eau potable de la r\u00e9gion de Tunis et \u00e0 la production de l\u2019\u00e9nergie \u00e9lectrique ; le volume mobilisable est de 50Mm<sup>3<\/sup>. Le barrage poss\u00e8de un d\u00e9versoir d&#8217;une longueur de 51 m\u00e8tres avec un d\u00e9bit maximal de 460 m\u00e8tres cubes par seconde. Une usine hydro\u00e9lectrique d&#8217;une puissance de 660 KW est implant\u00e9e \u00e0 400 m\u00e8tres en aval du barrage. Elle produit en moyenne 3,6 GWh par an.<\/li>\n<li>Barrage Sidi Barrak : sur Oued Zouar\u00e2a, pr\u00e9sente une capacit\u00e9 de 264Mm<sup>3<\/sup> environ. Il est destin\u00e9 principalement \u00e0 radoucir les eaux du Barrage Sidi Salem, particuli\u00e8rement en p\u00e9riode de s\u00e9cheresse.<\/li>\n<\/ul>\n<p><strong>Les nappes phr\u00e9atiques et les nappes profondes<\/strong><\/p>\n<p>Les ressources en eaux souterraines sont r\u00e9duites et de qualit\u00e9 assez m\u00e9diocre en raison de la nature g\u00e9ologique des terrains, avec pr\u00e9dominance des affleurements marneux.<\/p>\n<div class=\"boxscrl\">\n<figure id=\"attachment_33870\" aria-describedby=\"caption-attachment-33870\" style=\"width: 640px\" class=\"wp-caption aligncenter\"><a href=\"https:\/\/gifex.com\/fr\/wp-content\/uploads\/33864\/Les-nappes-phreatiques-et-les-nappes-profondes-du-gouvernorat-de-Beja.jpg\" target=\"_blank\" rel=\"noopener\"><img decoding=\"async\" class=\"wp-image-33870 size-large\" title=\"Les nappes phr\u00e9atiques et les nappes profondes du gouvernorat de B\u00e9ja.\" src=\"https:\/\/gifex.com\/fr\/wp-content\/uploads\/33864\/Les-nappes-phreatiques-et-les-nappes-profondes-du-gouvernorat-de-Beja-1024x271.jpg\" alt=\"Les nappes phr\u00e9atiques et les nappes profondes du gouvernorat de B\u00e9ja.\" width=\"640\" height=\"169\" srcset=\"https:\/\/gifex.com\/fr\/wp-content\/uploads\/33864\/Les-nappes-phreatiques-et-les-nappes-profondes-du-gouvernorat-de-Beja-1024x271.jpg 1024w, https:\/\/gifex.com\/fr\/wp-content\/uploads\/33864\/Les-nappes-phreatiques-et-les-nappes-profondes-du-gouvernorat-de-Beja-300x79.jpg 300w, https:\/\/gifex.com\/fr\/wp-content\/uploads\/33864\/Les-nappes-phreatiques-et-les-nappes-profondes-du-gouvernorat-de-Beja-768x204.jpg 768w, https:\/\/gifex.com\/fr\/wp-content\/uploads\/33864\/Les-nappes-phreatiques-et-les-nappes-profondes-du-gouvernorat-de-Beja.jpg 1517w\" sizes=\"(max-width: 640px) 100vw, 640px\" \/><\/a><figcaption id=\"caption-attachment-33870\" class=\"wp-caption-text\"><label style=\"font-size: 15px;\">Les nappes phr\u00e9atiques et les nappes profondes du gouvernorat de B\u00e9ja.<\/label><\/figcaption><\/figure>\n<\/div>\n<ul>\n<li><strong>Les nappes phr\u00e9atiques<\/strong> : les principales nappes du gouvernorat de B\u00e9ja sont au nombre de cinq, offrant un volume r\u00e9gularisable de 23.4 Mm<sup>3<\/sup> dont seulement 9.8 Mm<sup>3<\/sup> sont exploit\u00e9s \u00e0 travers 773 puits de surface \u00e9quip\u00e9s. Des nappes secondaires offrent un volume suppl\u00e9mentaire de 10,1 Mm<sup>3<\/sup>, elles sont exploit\u00e9es \u00e0 travers 205puits de surface.. On note \u00e9galement la pr\u00e9sence de nombreuses sources alimentant les groupements ruraux (Ain Sabah, Ain Jamelle, Ain Nehal, Ain Hamme, Ain S\u00e9lam, Ain Tounga). Le degr\u00e9 de salinit\u00e9 diff\u00e8re d\u2019une nappe \u00e0 une autre.<\/li>\n<li><strong>Les nappes profondes<\/strong> : au nombre de quinze avec un potentiel de 27.1 Mm<sup>3<\/sup>sont mobilis\u00e9s \u00e0 travers 44 forages, destin\u00e9s en priorit\u00e9 \u00e0 l\u2019alimentation des habitants en eau potable.<\/li>\n<\/ul>\n<p>Le degr\u00e9 de salinit\u00e9 des nappes est variable, il est en forte relation avec les caract\u00e9ristiques physiques et naturelles de la zone o\u00f9 se trouve la nappe, et \u00e0 son degr\u00e9 d\u2019exploitation de la nappe.<\/p>\n<div class=\"boxscrl\">\n<figure id=\"attachment_33873\" aria-describedby=\"caption-attachment-33873\" style=\"width: 640px\" class=\"wp-caption aligncenter\"><a href=\"https:\/\/gifex.com\/fr\/wp-content\/uploads\/33864\/Degre-de-salinite-des-nappes-phreatiques-et-des-nappes-profondes-du-gouvernorat-de-Beja.jpg\" target=\"_blank\" rel=\"noopener\"><img decoding=\"async\" class=\"wp-image-33873 size-large\" title=\"Degr\u00e9 de salinit\u00e9 des nappes phr\u00e9atiques et des nappes profondes du gouvernorat de B\u00e9ja.\" src=\"https:\/\/gifex.com\/fr\/wp-content\/uploads\/33864\/Degre-de-salinite-des-nappes-phreatiques-et-des-nappes-profondes-du-gouvernorat-de-Beja-922x1024.jpg\" alt=\"Degr\u00e9 de salinit\u00e9 des nappes phr\u00e9atiques et des nappes profondes du gouvernorat de B\u00e9ja.\" width=\"640\" height=\"711\" srcset=\"https:\/\/gifex.com\/fr\/wp-content\/uploads\/33864\/Degre-de-salinite-des-nappes-phreatiques-et-des-nappes-profondes-du-gouvernorat-de-Beja-922x1024.jpg 922w, https:\/\/gifex.com\/fr\/wp-content\/uploads\/33864\/Degre-de-salinite-des-nappes-phreatiques-et-des-nappes-profondes-du-gouvernorat-de-Beja-270x300.jpg 270w, https:\/\/gifex.com\/fr\/wp-content\/uploads\/33864\/Degre-de-salinite-des-nappes-phreatiques-et-des-nappes-profondes-du-gouvernorat-de-Beja-768x853.jpg 768w, https:\/\/gifex.com\/fr\/wp-content\/uploads\/33864\/Degre-de-salinite-des-nappes-phreatiques-et-des-nappes-profondes-du-gouvernorat-de-Beja-1383x1536.jpg 1383w, https:\/\/gifex.com\/fr\/wp-content\/uploads\/33864\/Degre-de-salinite-des-nappes-phreatiques-et-des-nappes-profondes-du-gouvernorat-de-Beja-300x333.jpg 300w, https:\/\/gifex.com\/fr\/wp-content\/uploads\/33864\/Degre-de-salinite-des-nappes-phreatiques-et-des-nappes-profondes-du-gouvernorat-de-Beja-1441x1600.jpg 1441w, https:\/\/gifex.com\/fr\/wp-content\/uploads\/33864\/Degre-de-salinite-des-nappes-phreatiques-et-des-nappes-profondes-du-gouvernorat-de-Beja.jpg 1521w\" sizes=\"(max-width: 640px) 100vw, 640px\" \/><\/a><figcaption id=\"caption-attachment-33873\" class=\"wp-caption-text\"><label style=\"font-size: 15px;\">Degr\u00e9 de salinit\u00e9 des nappes phr\u00e9atiques et des nappes profondes du gouvernorat de B\u00e9ja.<\/label><\/figcaption><\/figure>\n<\/div>\n<p>Le gouvernorat de B\u00e9ja rec\u00e8le des potentialit\u00e9s en eau importantes, les ressources mobilis\u00e9es s\u2019\u00e9l\u00e8vent \u00e0 1096.84 Mm<sup>3<\/sup>, 95.25% des ressources mobilis\u00e9es sont des eaux de ruissellement. Malgr\u00e9 ce potentiel, le taux d\u2019exploitation reste faible et s\u2019\u00e9l\u00e8ve \u00e0 8.5%.<\/p>\n<div class=\"boxscrl\">\n<figure id=\"attachment_33872\" aria-describedby=\"caption-attachment-33872\" style=\"width: 640px\" class=\"wp-caption aligncenter\"><a href=\"https:\/\/gifex.com\/fr\/wp-content\/uploads\/33864\/Les-ressources-en-eaux-mobilisees-du-gouvernorat-de-Beja.jpg\" target=\"_blank\" rel=\"noopener\"><img loading=\"lazy\" decoding=\"async\" class=\"wp-image-33872 size-large\" title=\"Les ressources en eaux mobilis\u00e9es du gouvernorat de B\u00e9ja.\" src=\"https:\/\/gifex.com\/fr\/wp-content\/uploads\/33864\/Les-ressources-en-eaux-mobilisees-du-gouvernorat-de-Beja-1024x664.jpg\" alt=\"Les ressources en eaux mobilis\u00e9es du gouvernorat de B\u00e9ja.\" width=\"640\" height=\"415\" srcset=\"https:\/\/gifex.com\/fr\/wp-content\/uploads\/33864\/Les-ressources-en-eaux-mobilisees-du-gouvernorat-de-Beja-1024x664.jpg 1024w, https:\/\/gifex.com\/fr\/wp-content\/uploads\/33864\/Les-ressources-en-eaux-mobilisees-du-gouvernorat-de-Beja-300x194.jpg 300w, https:\/\/gifex.com\/fr\/wp-content\/uploads\/33864\/Les-ressources-en-eaux-mobilisees-du-gouvernorat-de-Beja-768x498.jpg 768w, https:\/\/gifex.com\/fr\/wp-content\/uploads\/33864\/Les-ressources-en-eaux-mobilisees-du-gouvernorat-de-Beja.jpg 1486w\" sizes=\"(max-width: 640px) 100vw, 640px\" \/><\/a><figcaption id=\"caption-attachment-33872\" class=\"wp-caption-text\"><label style=\"font-size: 15px;\">Les ressources en eaux mobilis\u00e9es du gouvernorat de B\u00e9ja.<\/label><\/figcaption><\/figure>\n<\/div>\n","protected":false},"excerpt":{"rendered":"<p>Carte des ressources en eau du gouvernorat de B\u00e9ja. Les ressources en eau du gouvernorat de B\u00e9ja se pr\u00e9sentent pour 97% en eaux de surface. Les eaux de surface<\/p>\n","protected":false},"author":1,"featured_media":33956,"template":"","categoria_ficha":[1988],"class_list":["post-33864","ficha","type-ficha","status-publish","has-post-thumbnail","hentry","categoria_ficha-cartes-du-gouvernorat-de-beja"],"acf":[],"_links":{"self":[{"href":"https:\/\/gifex.com\/fr\/wp-json\/wp\/v2\/ficha\/33864","targetHints":{"allow":["GET"]}}],"collection":[{"href":"https:\/\/gifex.com\/fr\/wp-json\/wp\/v2\/ficha"}],"about":[{"href":"https:\/\/gifex.com\/fr\/wp-json\/wp\/v2\/types\/ficha"}],"author":[{"embeddable":true,"href":"https:\/\/gifex.com\/fr\/wp-json\/wp\/v2\/users\/1"}],"version-history":[{"count":5,"href":"https:\/\/gifex.com\/fr\/wp-json\/wp\/v2\/ficha\/33864\/revisions"}],"predecessor-version":[{"id":33957,"href":"https:\/\/gifex.com\/fr\/wp-json\/wp\/v2\/ficha\/33864\/revisions\/33957"}],"wp:featuredmedia":[{"embeddable":true,"href":"https:\/\/gifex.com\/fr\/wp-json\/wp\/v2\/media\/33956"}],"wp:attachment":[{"href":"https:\/\/gifex.com\/fr\/wp-json\/wp\/v2\/media?parent=33864"}],"wp:term":[{"taxonomy":"categoria_ficha","embeddable":true,"href":"https:\/\/gifex.com\/fr\/wp-json\/wp\/v2\/categoria_ficha?post=33864"}],"curies":[{"name":"wp","href":"https:\/\/api.w.org\/{rel}","templated":true}]}}