{"id":33849,"date":"2023-02-14T12:07:02","date_gmt":"2023-02-14T12:07:02","guid":{"rendered":"https:\/\/gifex.com\/fr\/?post_type=ficha&#038;p=33849"},"modified":"2023-03-25T22:09:40","modified_gmt":"2023-03-25T22:09:40","slug":"relief-et-topographie-du-gouvernorat-de-beja","status":"publish","type":"ficha","link":"https:\/\/gifex.com\/fr\/fichier\/relief-et-topographie-du-gouvernorat-de-beja\/","title":{"rendered":"Relief et topographie du gouvernorat de B\u00e9ja"},"content":{"rendered":"<p style=\"text-align: center;\"><label style=\"font-size: 15px;\">Carte du relief du gouvernorat de B\u00e9ja.<\/label><\/p>\n<p><strong>Le relief et les caract\u00e9ristiques topographiques<\/strong><\/p>\n<p>Le gouvernorat de B\u00e9ja est situ\u00e9 au Nord-Ouest de la Tunisie, il est limit\u00e9 au Nord par la mer M\u00e9diterran\u00e9e \u00e0 l\u2019Est par les gouvernorats de Bizerte et Mannouba, au Sud-Est par le gouvernorat de Zaghouan, au Sud par le gouvernorat de Siliana, et \u00e0 l\u2019Ouest par le gouvernorat de Jendouba.<\/p>\n<p>Il contient des entit\u00e9s g\u00e9omorphologiques diff\u00e9rentes dont on constate au Nord l\u2019extr\u00e9mit\u00e9 orientale de l\u2019Atlas tellien caract\u00e9ris\u00e9e par le complexe \u00ab Kroumirie-Mogods \u00bb, suivie par de nombreux plissements donnant lieu \u00e0 une altitude atteignant 900m. Dans la r\u00e9gion de \u00ab Amdoun \u00bb et du \u00ab H\u00e9dil \u00bb, ces plissements sont travers\u00e9s par des vall\u00e9es discontinues dont la plus importante est celle de la Medjerda.<\/p>\n<div style=\"clear: both; display: inline-block; width: 100%;\">\n<div class=\"row\">\n<div class=\"col-sm\">\n<figure id=\"attachment_33851\" aria-describedby=\"caption-attachment-33851\" style=\"width: 400px\" class=\"wp-caption alignleft\"><a href=\"https:\/\/gifex.com\/fr\/wp-content\/uploads\/33849\/Carte-des-pentes-du-gouvernorat-de-Beja.jpg\" target=\"_blank\" rel=\"noopener\"><img fetchpriority=\"high\" decoding=\"async\" class=\"wp-image-33851\" title=\"Carte des pentes du gouvernorat de B\u00e9ja.\" src=\"https:\/\/gifex.com\/fr\/wp-content\/uploads\/33849\/Carte-des-pentes-du-gouvernorat-de-Beja-212x300.jpg\" alt=\"Carte des pentes du gouvernorat de B\u00e9ja.\" width=\"400\" height=\"565\" srcset=\"https:\/\/gifex.com\/fr\/wp-content\/uploads\/33849\/Carte-des-pentes-du-gouvernorat-de-Beja-212x300.jpg 212w, https:\/\/gifex.com\/fr\/wp-content\/uploads\/33849\/Carte-des-pentes-du-gouvernorat-de-Beja-725x1024.jpg 725w, https:\/\/gifex.com\/fr\/wp-content\/uploads\/33849\/Carte-des-pentes-du-gouvernorat-de-Beja-768x1085.jpg 768w, https:\/\/gifex.com\/fr\/wp-content\/uploads\/33849\/Carte-des-pentes-du-gouvernorat-de-Beja-300x424.jpg 300w, https:\/\/gifex.com\/fr\/wp-content\/uploads\/33849\/Carte-des-pentes-du-gouvernorat-de-Beja.jpg 1000w\" sizes=\"(max-width: 400px) 100vw, 400px\" \/><\/a><figcaption id=\"caption-attachment-33851\" class=\"wp-caption-text\"><label style=\"font-size: 15px;\">Carte des pentes du gouvernorat de B\u00e9ja.<\/label><\/figcaption><\/figure>\n<\/div>\n<div class=\"col-sm\">\n<figure id=\"attachment_33852\" aria-describedby=\"caption-attachment-33852\" style=\"width: 400px\" class=\"wp-caption alignright\"><a href=\"https:\/\/gifex.com\/fr\/wp-content\/uploads\/33849\/Carte-d-altitude-du-gouvernorat-de-Beja.jpg\" target=\"_blank\" rel=\"noopener\"><img decoding=\"async\" class=\"wp-image-33852\" title=\"Carte d'altitude du gouvernorat de B\u00e9ja.\" src=\"https:\/\/gifex.com\/fr\/wp-content\/uploads\/33849\/Carte-d-altitude-du-gouvernorat-de-Beja-213x300.jpg\" alt=\"Carte d'altitude du gouvernorat de B\u00e9ja.\" width=\"400\" height=\"562\" srcset=\"https:\/\/gifex.com\/fr\/wp-content\/uploads\/33849\/Carte-d-altitude-du-gouvernorat-de-Beja-213x300.jpg 213w, https:\/\/gifex.com\/fr\/wp-content\/uploads\/33849\/Carte-d-altitude-du-gouvernorat-de-Beja-728x1024.jpg 728w, https:\/\/gifex.com\/fr\/wp-content\/uploads\/33849\/Carte-d-altitude-du-gouvernorat-de-Beja-768x1080.jpg 768w, https:\/\/gifex.com\/fr\/wp-content\/uploads\/33849\/Carte-d-altitude-du-gouvernorat-de-Beja-300x422.jpg 300w, https:\/\/gifex.com\/fr\/wp-content\/uploads\/33849\/Carte-d-altitude-du-gouvernorat-de-Beja.jpg 1000w\" sizes=\"(max-width: 400px) 100vw, 400px\" \/><\/a><figcaption id=\"caption-attachment-33852\" class=\"wp-caption-text\"><label style=\"font-size: 15px;\">Carte d&#8217;altitude du gouvernorat de B\u00e9ja.<\/label><\/figcaption><\/figure>\n<\/div>\n<\/div>\n<\/div>\n","protected":false},"excerpt":{"rendered":"<p>Carte du relief du gouvernorat de B\u00e9ja. Le relief et les caract\u00e9ristiques topographiques. Le gouvernorat de B\u00e9ja est situ\u00e9 au Nord-Ouest de la Tunisie, il &#8230;<\/p>\n","protected":false},"author":1,"featured_media":33850,"template":"","categoria_ficha":[1988],"class_list":["post-33849","ficha","type-ficha","status-publish","has-post-thumbnail","hentry","categoria_ficha-cartes-du-gouvernorat-de-beja"],"acf":[],"_links":{"self":[{"href":"https:\/\/gifex.com\/fr\/wp-json\/wp\/v2\/ficha\/33849","targetHints":{"allow":["GET"]}}],"collection":[{"href":"https:\/\/gifex.com\/fr\/wp-json\/wp\/v2\/ficha"}],"about":[{"href":"https:\/\/gifex.com\/fr\/wp-json\/wp\/v2\/types\/ficha"}],"author":[{"embeddable":true,"href":"https:\/\/gifex.com\/fr\/wp-json\/wp\/v2\/users\/1"}],"version-history":[{"count":5,"href":"https:\/\/gifex.com\/fr\/wp-json\/wp\/v2\/ficha\/33849\/revisions"}],"predecessor-version":[{"id":37419,"href":"https:\/\/gifex.com\/fr\/wp-json\/wp\/v2\/ficha\/33849\/revisions\/37419"}],"wp:featuredmedia":[{"embeddable":true,"href":"https:\/\/gifex.com\/fr\/wp-json\/wp\/v2\/media\/33850"}],"wp:attachment":[{"href":"https:\/\/gifex.com\/fr\/wp-json\/wp\/v2\/media?parent=33849"}],"wp:term":[{"taxonomy":"categoria_ficha","embeddable":true,"href":"https:\/\/gifex.com\/fr\/wp-json\/wp\/v2\/categoria_ficha?post=33849"}],"curies":[{"name":"wp","href":"https:\/\/api.w.org\/{rel}","templated":true}]}}