{"id":33840,"date":"2023-02-13T22:41:17","date_gmt":"2023-02-13T22:41:17","guid":{"rendered":"https:\/\/gifex.com\/fr\/?post_type=ficha&#038;p=33840"},"modified":"2023-03-25T22:09:42","modified_gmt":"2023-03-25T22:09:42","slug":"climat-du-gouvernorat-de-beja","status":"publish","type":"ficha","link":"https:\/\/gifex.com\/fr\/fichier\/climat-du-gouvernorat-de-beja\/","title":{"rendered":"Climat du gouvernorat de B\u00e9ja"},"content":{"rendered":"<p style=\"text-align: center;\"><label style=\"font-size: 15px;\">Carte climatique du gouvernorat de B\u00e9ja.<\/label><\/p>\n<p>La partie Nord du gouvernorat de B\u00e9ja est caract\u00e9ris\u00e9e par un climat humide o\u00f9 la moyenne des pr\u00e9cipitations varie entre 600 et 1200 mm\/an. Sa partie Sud appartient \u00e0 l\u2019\u00e9tage bioclimatique semiaride sup\u00e9rieur et moyen ou la moyenne des pr\u00e9cipitations ne d\u00e9passe pas 450 mm\/an. La temp\u00e9rature moyenne du gouvernorat s\u2019\u00e9l\u00e8ve \u00e0 18\u00b0C.<\/p>\n<p><strong>Les \u00e9tages bioclimatiques<\/strong><\/p>\n<p>Le gouvernorat de B\u00e9ja est couvert par quatre \u00e9tages-bioclimatiques distincts :<\/p>\n<ul>\n<li>La partie Nord du gouvernorat int\u00e9grant les d\u00e9l\u00e9gations de Nefza et Amdoun, est situ\u00e9e dans l\u2019\u00e9tage humide inf\u00e9rieur avec 800 \u00e0 1200 mm\/an ; elle couvre environ 26,7% du gouvernorat. Cet \u00e9tage int\u00e8gre deux sous \u00e9tages : humide inf\u00e9rieur doux concentr\u00e9 surtout au niveau de la d\u00e9l\u00e9gation littorale Nefza et inf\u00e9rieur temp\u00e9r\u00e9 et concerne la d\u00e9l\u00e9gation d\u2019Amdoun.<\/li>\n<li>La d\u00e9l\u00e9gation de B\u00e9ja-Sud et Teboursouk : appartiennent \u00e0 l\u2019\u00e9tage subhumide ; la pluviom\u00e9trie moyenne y est de 600mm\/an. Cette zone couvre environ 21,4% du gouvernorat.<\/li>\n<li>Les d\u00e9l\u00e9gations de Medjez El Bab, Testour, Tibar et une partie de la d\u00e9l\u00e9gation de Tboursouk sont situ\u00e9es dans l\u2019\u00e9tage bioclimatique semiaride sup\u00e9rieur, s\u2019\u00e9tendent sur 35,7% de la superficie du gouvernorat.<\/li>\n<li>Les d\u00e9l\u00e9gations de Guebollat, de Medjez El Bab et de Testour appartiennent \u00e0 l\u2019\u00e9tage semi-aride moyen ; cette zone couvre 17,1% de la surface du gouvernorat.<\/li>\n<\/ul>\n<p><strong>Les pr\u00e9cipitations<\/strong><\/p>\n<div class=\"boxscrl\">\n<figure id=\"attachment_33842\" aria-describedby=\"caption-attachment-33842\" style=\"width: 640px\" class=\"wp-caption aligncenter\"><a href=\"https:\/\/gifex.com\/fr\/wp-content\/uploads\/33840\/Repartition-de-la-pluviometrie-mensuelle-du-gouvernorat-de-Beja.jpg\" target=\"_blank\" rel=\"noopener\"><img fetchpriority=\"high\" decoding=\"async\" class=\"wp-image-33842 size-large\" title=\"R\u00e9partition de la pluviom\u00e9trie mensuelle du gouvernorat de B\u00e9ja.\" src=\"https:\/\/gifex.com\/fr\/wp-content\/uploads\/33840\/Repartition-de-la-pluviometrie-mensuelle-du-gouvernorat-de-Beja-1024x750.jpg\" alt=\"R\u00e9partition de la pluviom\u00e9trie mensuelle du gouvernorat de B\u00e9ja.\" width=\"640\" height=\"469\" srcset=\"https:\/\/gifex.com\/fr\/wp-content\/uploads\/33840\/Repartition-de-la-pluviometrie-mensuelle-du-gouvernorat-de-Beja-1024x750.jpg 1024w, https:\/\/gifex.com\/fr\/wp-content\/uploads\/33840\/Repartition-de-la-pluviometrie-mensuelle-du-gouvernorat-de-Beja-300x220.jpg 300w, https:\/\/gifex.com\/fr\/wp-content\/uploads\/33840\/Repartition-de-la-pluviometrie-mensuelle-du-gouvernorat-de-Beja-768x562.jpg 768w, https:\/\/gifex.com\/fr\/wp-content\/uploads\/33840\/Repartition-de-la-pluviometrie-mensuelle-du-gouvernorat-de-Beja.jpg 1370w\" sizes=\"(max-width: 640px) 100vw, 640px\" \/><\/a><figcaption id=\"caption-attachment-33842\" class=\"wp-caption-text\"><label style=\"font-size: 15px;\">R\u00e9partition de la pluviom\u00e9trie mensuelle du gouvernorat de B\u00e9ja.<\/label><\/figcaption><\/figure>\n<\/div>\n<p>Le gouvernorat de B\u00e9ja constitue une partie importante de la zone dite le \u00ab ch\u00e2teau-d&#8217;eau \u00bb de la Tunisie. Il se caract\u00e9rise toutefois par l\u2019importance des \u00e9carts de pluviom\u00e9trie entre le Nord et le Sud de son territoire d\u2019une part, et par les fortes irr\u00e9gularit\u00e9s interannuelles des pr\u00e9cipitations d\u2019autre part. En effet, souvent plusieurs ann\u00e9es s\u00e8ches se succ\u00e8dent rendant al\u00e9atoire la r\u00e9colte des grandes cultures.<\/p>\n<p>Les mois les plus pluvieux correspondent aux mois de f\u00e9vrier, octobre et novembre ou la moyenne des pr\u00e9cipitations d\u00e9passe 600 mm \/an.<\/p>\n<p>La moyenne des pr\u00e9cipitations du gouvernorat cache les disparit\u00e9s et les diff\u00e9rences entre les diff\u00e9rentes d\u00e9l\u00e9gations. Les d\u00e9l\u00e9gations de Nefza et d\u2019Amdoun constituent les zones les plus arros\u00e9es.<\/p>\n<div class=\"boxscrl\">\n<figure id=\"attachment_33843\" aria-describedby=\"caption-attachment-33843\" style=\"width: 640px\" class=\"wp-caption aligncenter\"><a href=\"https:\/\/gifex.com\/fr\/wp-content\/uploads\/33840\/Repartition-de-la-pluviometrie-mensuelle-par-delegation-dans-le-gouvernorat-de-Beja.jpg\" target=\"_blank\" rel=\"noopener\"><img decoding=\"async\" class=\"wp-image-33843 size-large\" title=\"R\u00e9partition de la pluviom\u00e9trie mensuelle par d\u00e9l\u00e9gation dans le gouvernorat de B\u00e9ja.\" src=\"https:\/\/gifex.com\/fr\/wp-content\/uploads\/33840\/Repartition-de-la-pluviometrie-mensuelle-par-delegation-dans-le-gouvernorat-de-Beja-1024x946.jpg\" alt=\"R\u00e9partition de la pluviom\u00e9trie mensuelle par d\u00e9l\u00e9gation dans le gouvernorat de B\u00e9ja.\" width=\"640\" height=\"591\" srcset=\"https:\/\/gifex.com\/fr\/wp-content\/uploads\/33840\/Repartition-de-la-pluviometrie-mensuelle-par-delegation-dans-le-gouvernorat-de-Beja-1024x946.jpg 1024w, https:\/\/gifex.com\/fr\/wp-content\/uploads\/33840\/Repartition-de-la-pluviometrie-mensuelle-par-delegation-dans-le-gouvernorat-de-Beja-300x277.jpg 300w, https:\/\/gifex.com\/fr\/wp-content\/uploads\/33840\/Repartition-de-la-pluviometrie-mensuelle-par-delegation-dans-le-gouvernorat-de-Beja-768x709.jpg 768w, https:\/\/gifex.com\/fr\/wp-content\/uploads\/33840\/Repartition-de-la-pluviometrie-mensuelle-par-delegation-dans-le-gouvernorat-de-Beja-1536x1419.jpg 1536w, https:\/\/gifex.com\/fr\/wp-content\/uploads\/33840\/Repartition-de-la-pluviometrie-mensuelle-par-delegation-dans-le-gouvernorat-de-Beja-1600x1478.jpg 1600w, https:\/\/gifex.com\/fr\/wp-content\/uploads\/33840\/Repartition-de-la-pluviometrie-mensuelle-par-delegation-dans-le-gouvernorat-de-Beja.jpg 1610w\" sizes=\"(max-width: 640px) 100vw, 640px\" \/><\/a><figcaption id=\"caption-attachment-33843\" class=\"wp-caption-text\"><label style=\"font-size: 15px;\">R\u00e9partition de la pluviom\u00e9trie mensuelle par d\u00e9l\u00e9gation dans le gouvernorat de B\u00e9ja.<\/label><\/figcaption><\/figure>\n<\/div>\n<p><strong>Les temp\u00e9ratures<\/strong><br \/>\nLe Nord-Ouest, par opposition au reste du pays, pr\u00e9sente une topographie \u00e0 reliefs, ou l\u2019on trouve des sommets \u00e9lev\u00e9s et des zones tr\u00e8s fra\u00eeches : Kroumirie et Mogods et dans la dorsale au Sud de la r\u00e9gion. C&#8217;est aussi la r\u00e9gion o\u00f9 l&#8217;on trouve des surfaces \u00e9vapor\u00e2tes constitu\u00e9es des eaux de surface et des for\u00eats. Le tout faisant que les temp\u00e9ratures grimpent moins vite que partout ailleurs. En \u00e9t\u00e9, l&#8217;influence de la m\u00e9diterran\u00e9e adoucit les temp\u00e9ratures du littoral Nord. Les temp\u00e9ratures annuelles moyennes varient entre 15\u00b0et 19\u00b0C du Sud au Nord, et repr\u00e9sentent un facteur important de l&#8217;\u00e9vaporation.<\/p>\n<div class=\"boxscrl\">\n<figure id=\"attachment_33844\" aria-describedby=\"caption-attachment-33844\" style=\"width: 640px\" class=\"wp-caption aligncenter\"><a href=\"https:\/\/gifex.com\/fr\/wp-content\/uploads\/33840\/Les-temperatures-du-gouvernorat-de-Beja.jpg\" target=\"_blank\" rel=\"noopener\"><img decoding=\"async\" class=\"wp-image-33844 size-large\" title=\"Les temp\u00e9ratures du gouvernorat de B\u00e9ja.\" src=\"https:\/\/gifex.com\/fr\/wp-content\/uploads\/33840\/Les-temperatures-du-gouvernorat-de-Beja-1024x322.jpg\" alt=\"Les temp\u00e9ratures du gouvernorat de B\u00e9ja.\" width=\"640\" height=\"201\" srcset=\"https:\/\/gifex.com\/fr\/wp-content\/uploads\/33840\/Les-temperatures-du-gouvernorat-de-Beja-1024x322.jpg 1024w, https:\/\/gifex.com\/fr\/wp-content\/uploads\/33840\/Les-temperatures-du-gouvernorat-de-Beja-300x94.jpg 300w, https:\/\/gifex.com\/fr\/wp-content\/uploads\/33840\/Les-temperatures-du-gouvernorat-de-Beja-768x241.jpg 768w, https:\/\/gifex.com\/fr\/wp-content\/uploads\/33840\/Les-temperatures-du-gouvernorat-de-Beja.jpg 1397w\" sizes=\"(max-width: 640px) 100vw, 640px\" \/><\/a><figcaption id=\"caption-attachment-33844\" class=\"wp-caption-text\"><label style=\"font-size: 15px;\">Les temp\u00e9ratures du gouvernorat de B\u00e9ja.<\/label><\/figcaption><\/figure>\n<\/div>\n<p>Les temp\u00e9ratures estivales sont \u00e9lev\u00e9es du fait des facteurs radiatifs et atmosph\u00e9riques : le rayonnement solaire \u00e0 fort intensit\u00e9 en \u00e9t\u00e9 et la dur\u00e9e du jour \u00e9lev\u00e9e.<\/p>\n<p><strong>Les vents<\/strong><\/p>\n<p>Bien que le gouvernorat de B\u00e9ja soit consid\u00e9r\u00e9 parmi les zones les plus vent\u00e9es du territoire national, surtout au niveau de la zone littorale : d\u00e9l\u00e9gation de Nefza. Les zones int\u00e9rieures sont relativement prot\u00e9g\u00e9es gr\u00e2ce au relief qui les encadre. Les vents ont un grand effet sur la distribution des pr\u00e9cipitations et peuvent devenir parfois violents lorsqu\u2019ils sont canalis\u00e9s dans les vall\u00e9es et les couloirs topographiques. Les vents dominants sont de direction Nord et NordOuest. En \u00e9t\u00e9 le sirocco est peu fr\u00e9quent dans la r\u00e9gion, il souffle pendant 10 \u00e0 30 jours par an. Il se traduit par une augmentation de la temp\u00e9rature, un d\u00e9ficit de saturation de l\u2019air et une forte \u00e9vaporation ce qui engendre un stress hydrique impos\u00e9 \u00e0 la v\u00e9g\u00e9tation.<\/p>\n","protected":false},"excerpt":{"rendered":"<p>Carte climatique du gouvernorat de B\u00e9ja. La partie Nord du gouvernorat de B\u00e9ja est caract&#8230;<\/p>\n","protected":false},"author":1,"featured_media":33846,"template":"","categoria_ficha":[1988],"class_list":["post-33840","ficha","type-ficha","status-publish","has-post-thumbnail","hentry","categoria_ficha-cartes-du-gouvernorat-de-beja"],"acf":[],"_links":{"self":[{"href":"https:\/\/gifex.com\/fr\/wp-json\/wp\/v2\/ficha\/33840","targetHints":{"allow":["GET"]}}],"collection":[{"href":"https:\/\/gifex.com\/fr\/wp-json\/wp\/v2\/ficha"}],"about":[{"href":"https:\/\/gifex.com\/fr\/wp-json\/wp\/v2\/types\/ficha"}],"author":[{"embeddable":true,"href":"https:\/\/gifex.com\/fr\/wp-json\/wp\/v2\/users\/1"}],"version-history":[{"count":4,"href":"https:\/\/gifex.com\/fr\/wp-json\/wp\/v2\/ficha\/33840\/revisions"}],"predecessor-version":[{"id":37420,"href":"https:\/\/gifex.com\/fr\/wp-json\/wp\/v2\/ficha\/33840\/revisions\/37420"}],"wp:featuredmedia":[{"embeddable":true,"href":"https:\/\/gifex.com\/fr\/wp-json\/wp\/v2\/media\/33846"}],"wp:attachment":[{"href":"https:\/\/gifex.com\/fr\/wp-json\/wp\/v2\/media?parent=33840"}],"wp:term":[{"taxonomy":"categoria_ficha","embeddable":true,"href":"https:\/\/gifex.com\/fr\/wp-json\/wp\/v2\/categoria_ficha?post=33840"}],"curies":[{"name":"wp","href":"https:\/\/api.w.org\/{rel}","templated":true}]}}