{"id":3015,"date":"2022-02-15T14:03:19","date_gmt":"2022-02-15T14:03:19","guid":{"rendered":"https:\/\/gifex.com\/fr\/?post_type=ficha&#038;p=3015"},"modified":"2022-08-11T22:02:59","modified_gmt":"2022-08-11T22:02:59","slug":"carte-des-ecoregions-du-quebec","status":"publish","type":"ficha","link":"https:\/\/gifex.com\/fr\/fichier\/carte-des-ecoregions-du-quebec\/","title":{"rendered":"Carte des \u00e9cor\u00e9gions du Qu\u00e9bec"},"content":{"rendered":"<p><img fetchpriority=\"high\" decoding=\"async\" class=\"alignleft wp-image-3018\" style=\"width: 100%; max-width: 360px; height: auto;\" src=\"https:\/\/gifex.com\/fr\/wp-content\/uploads\/3015\/Carte-des-ecoregions-du-Quebec1-300x225.png\" alt=\"\" width=\"360\" height=\"270\" srcset=\"https:\/\/gifex.com\/fr\/wp-content\/uploads\/3015\/Carte-des-ecoregions-du-Quebec1-300x225.png 300w, https:\/\/gifex.com\/fr\/wp-content\/uploads\/3015\/Carte-des-ecoregions-du-Quebec1.png 432w\" sizes=\"(max-width: 360px) 100vw, 360px\" \/>Compte tenu de la g\u00e9ologie de la province et de ses diff\u00e9rents climats, il existe plusieurs grandes \u00e9tendues de v\u00e9g\u00e9tation au Qu\u00e9bec. La <strong>carte des \u00e9cor\u00e9gions du Qu\u00e9bec<\/strong> illustre, class\u00e9es du plus au nord au plus au sud : la toundra, la ta\u00efga, la for\u00eat bor\u00e9ale canadienne (conif\u00e8res), la for\u00eat mixte et la for\u00eat de feuillus. En bordure de la baie d&#8217;Ungava et du d\u00e9troit d&#8217;Hudson se trouve la toundra, dont la flore se limite au lichen avec moins de 50 jours de croissance par ann\u00e9e. Plus au sud, le climat est propice \u00e0 la croissance de la for\u00eat bor\u00e9ale canadienne, d\u00e9limit\u00e9e au nord par la ta\u00efga. Moins aride que la toundra, la ta\u00efga est associ\u00e9e aux r\u00e9gions subarctiques du Bouclier canadien et se caract\u00e9rise par un plus grand nombre d&#8217;esp\u00e8ces v\u00e9g\u00e9tales (600) et animales (206). La ta\u00efga couvre environ 20 % de la superficie totale du Qu\u00e9bec. La for\u00eat bor\u00e9ale canadienne est la plus septentrionale et la plus abondante des trois r\u00e9gions foresti\u00e8res du Qu\u00e9bec qui chevauchent le Bouclier canadien et les basses terres sup\u00e9rieures de la province. Compte tenu d&#8217;un climat plus chaud, la diversit\u00e9 des organismes est \u00e9galement plus \u00e9lev\u00e9e : il existe environ 850 esp\u00e8ces de plantes et 280 esp\u00e8ces de vert\u00e9br\u00e9s. La for\u00eat mixte est une zone de transition entre la for\u00eat bor\u00e9ale canadienne et la for\u00eat feuillue. Cette zone contient une diversit\u00e9 d&#8217;esp\u00e8ces de plantes (1000) et de vert\u00e9br\u00e9s (350), malgr\u00e9 des temp\u00e9ratures relativement fra\u00eeches. L&#8217;\u00e9cozone for\u00eat mixte est caract\u00e9ristique des Laurentides, des Appalaches et des for\u00eats des basses terres de l&#8217;Est. La troisi\u00e8me zone foresti\u00e8re la plus septentrionale est caract\u00e9ris\u00e9e par des for\u00eats de feuillus. En raison de son climat, cette r\u00e9gion poss\u00e8de la plus grande diversit\u00e9 d&#8217;esp\u00e8ces, dont plus de 1600 plantes vasculaires et 440 vert\u00e9br\u00e9s.<\/p>\n<figure id=\"attachment_3021\" aria-describedby=\"caption-attachment-3021\" style=\"width: 360px\" class=\"wp-caption alignright\"><a href=\"https:\/\/gifex.com\/fr\/wp-content\/uploads\/3015\/L-automne_au_Quebec.jpg\" target=\"_blank\" rel=\"noopener\"><img decoding=\"async\" class=\"wp-image-3021\" style=\"width: 100%; max-width: 360px; height: auto;\" title=\"L'automne au Qu\u00e9bec\" src=\"https:\/\/gifex.com\/fr\/wp-content\/uploads\/3015\/L-automne_au_Quebec-300x199.jpg\" alt=\"L'automne au Qu\u00e9bec\" width=\"360\" height=\"239\" srcset=\"https:\/\/gifex.com\/fr\/wp-content\/uploads\/3015\/L-automne_au_Quebec-300x199.jpg 300w, https:\/\/gifex.com\/fr\/wp-content\/uploads\/3015\/L-automne_au_Quebec-1024x678.jpg 1024w, https:\/\/gifex.com\/fr\/wp-content\/uploads\/3015\/L-automne_au_Quebec-768x509.jpg 768w, https:\/\/gifex.com\/fr\/wp-content\/uploads\/3015\/L-automne_au_Quebec-1536x1017.jpg 1536w, https:\/\/gifex.com\/fr\/wp-content\/uploads\/3015\/L-automne_au_Quebec-2048x1356.jpg 2048w, https:\/\/gifex.com\/fr\/wp-content\/uploads\/3015\/L-automne_au_Quebec-1600x1060.jpg 1600w\" sizes=\"(max-width: 360px) 100vw, 360px\" \/><\/a><figcaption id=\"caption-attachment-3021\" class=\"wp-caption-text\"><label style=\"font-size: 15px;\">L&#8217;automne au Qu\u00e9bec<\/label><\/figcaption><\/figure>\n<p>La superficie foresti\u00e8re totale du Qu\u00e9bec est estim\u00e9e \u00e0 750 300 km\u00b2. De l&#8217;Abitibi-T\u00e9miscamingue \u00e0 la C\u00f4te-Nord, la for\u00eat est compos\u00e9e principalement de conif\u00e8res tels que l&#8217;Abies balsamea, le pin gris, l&#8217;\u00e9pinette blanche, l&#8217;\u00e9pinette noire et le m\u00e9l\u00e8ze laricin. La for\u00eat de feuillus de la r\u00e9gion des basses-terres de l&#8217;Est des Grands Lacs sont majoritairement compos\u00e9es d&#8217;essences feuillues telles que l&#8217;\u00e9rable \u00e0 sucre, l&#8217;\u00e9rable rouge, le fr\u00eane d&#8217;Am\u00e9rique, le h\u00eatre d&#8217;Am\u00e9rique, le noyer cendr\u00e9 (noyer blanc), l&#8217;orme d&#8217;Am\u00e9rique, le tilleul d&#8217;Am\u00e9rique, le caryer cordiforme et le ch\u00eane rouge du Nord ainsi comme certains conif\u00e8res comme le pin blanc et le thuya occidental. Les aires de r\u00e9partition du bouleau \u00e0 papier, du peuplier faux-tremble et du sorbier couvrent plus de la moiti\u00e9 du territoire qu\u00e9b\u00e9cois.<\/p>\n","protected":false},"excerpt":{"rendered":"<p>Compte tenu de la g\u00e9ologie de la province et de ses diff\u00e9rents climats, il existe plusieurs grandes \u00e9tendues de v\u00e9g\u00e9tation au Qu\u00e9bec. La carte des \u00e9cor\u00e9gions du Qu\u00e9bec illustre, class\u00e9es d<\/p>\n","protected":false},"author":1,"featured_media":3016,"template":"","categoria_ficha":[279],"class_list":["post-3015","ficha","type-ficha","status-publish","has-post-thumbnail","hentry","categoria_ficha-cartes-du-quebec"],"acf":[],"_links":{"self":[{"href":"https:\/\/gifex.com\/fr\/wp-json\/wp\/v2\/ficha\/3015","targetHints":{"allow":["GET"]}}],"collection":[{"href":"https:\/\/gifex.com\/fr\/wp-json\/wp\/v2\/ficha"}],"about":[{"href":"https:\/\/gifex.com\/fr\/wp-json\/wp\/v2\/types\/ficha"}],"author":[{"embeddable":true,"href":"https:\/\/gifex.com\/fr\/wp-json\/wp\/v2\/users\/1"}],"version-history":[{"count":9,"href":"https:\/\/gifex.com\/fr\/wp-json\/wp\/v2\/ficha\/3015\/revisions"}],"predecessor-version":[{"id":20511,"href":"https:\/\/gifex.com\/fr\/wp-json\/wp\/v2\/ficha\/3015\/revisions\/20511"}],"wp:featuredmedia":[{"embeddable":true,"href":"https:\/\/gifex.com\/fr\/wp-json\/wp\/v2\/media\/3016"}],"wp:attachment":[{"href":"https:\/\/gifex.com\/fr\/wp-json\/wp\/v2\/media?parent=3015"}],"wp:term":[{"taxonomy":"categoria_ficha","embeddable":true,"href":"https:\/\/gifex.com\/fr\/wp-json\/wp\/v2\/categoria_ficha?post=3015"}],"curies":[{"name":"wp","href":"https:\/\/api.w.org\/{rel}","templated":true}]}}