{"id":29617,"date":"2023-01-25T00:55:14","date_gmt":"2023-01-25T00:55:14","guid":{"rendered":"https:\/\/gifex.com\/fr\/?post_type=ficha&#038;p=29617"},"modified":"2023-01-25T00:55:14","modified_gmt":"2023-01-25T00:55:14","slug":"quelles-sont-les-dairas-de-la-wilaya-d-ain-temouchent","status":"publish","type":"ficha","link":"https:\/\/gifex.com\/fr\/fichier\/quelles-sont-les-dairas-de-la-wilaya-d-ain-temouchent\/","title":{"rendered":"Quelles sont les da\u00efras de la wilaya d&#8217;A\u00efn T\u00e9mouchent ?"},"content":{"rendered":"<p style=\"text-align: center;\"><label style=\"font-size: 15px;\">Carte des da\u00efras de la wilaya d&#8217;A\u00efn T\u00e9mouchent.<\/label><\/p>\n<p><strong>Da\u00efras de la wilaya d&#8217;A\u00efn T\u00e9mouchent<\/strong><\/p>\n<p>La wilaya d&#8217;A\u00efn T\u00e9mouchent est divis\u00e9e en huit da\u00efras (circonscriptions administratives), chacune comprenant de deux \u00e0 cinq communes, pour un total de vingt-huit communes. Le tableau suivant donne la liste des da\u00efras d&#8217;A\u00efn T\u00e9mouchent, pr\u00e9cisant pour chaque da\u00efra les communes qui la composent.<\/p>\n<div class=\"boxscrl\">\n<table width=\"636\">\n<tbody>\n<tr>\n<td rowspan=\"3\" width=\"137\">Da\u00efra<\/td>\n<td width=\"77\">Nombre de<\/td>\n<td rowspan=\"3\" width=\"422\">Communes<\/td>\n<\/tr>\n<tr>\n<td width=\"77\">communes<\/td>\n<\/tr>\n<tr>\n<td width=\"77\"><\/td>\n<\/tr>\n<tr>\n<td>A\u00efn El Arbaa<\/td>\n<td width=\"77\">4<\/td>\n<td width=\"422\">A\u00efn El Arbaa\u00a0\u2022 Tamzoura\u00a0\u2022 Sidi Boumedienne\u00a0\u2022 Oued Sebbah<\/td>\n<\/tr>\n<tr>\n<td>Ain Kihal<\/td>\n<td width=\"77\">4<\/td>\n<td width=\"422\">A\u00efn Kihal\u00a0\u2022 Aghlal\u00a0\u2022 A\u00efn Tolba\u00a0\u2022 Aoubellil<\/td>\n<\/tr>\n<tr>\n<td>A\u00efn T\u00e9mouchent<\/td>\n<td width=\"77\">2<\/td>\n<td width=\"422\">A\u00efn T\u00e9mouchent\u00a0\u2022 Sidi Ben Adda<\/td>\n<\/tr>\n<tr>\n<td>Beni Saf<\/td>\n<td width=\"77\">3<\/td>\n<td width=\"422\">Beni Saf\u00a0\u2022 Sidi Safi\u00a0\u2022 El Emir Abdelkader<\/td>\n<\/tr>\n<tr>\n<td>El Amria<\/td>\n<td width=\"77\">5<\/td>\n<td width=\"422\">El Amria\u00a0\u2022 Bouzedjar\u00a0\u2022 Ouled Boudjemaa\u00a0\u2022 M&#8217;Said\u00a0\u2022 Hassi El Ghella<\/td>\n<\/tr>\n<tr>\n<td>El Malah<\/td>\n<td width=\"77\">4<\/td>\n<td width=\"422\">El Malah\u00a0\u2022 Terga\u00a0\u2022 Chaabat El Leham\u00a0\u2022 Ouled Kihal<\/td>\n<\/tr>\n<tr>\n<td>Hammam Bou Hadjar<\/td>\n<td width=\"77\">4<\/td>\n<td width=\"422\">Hammam Bou Hadjar\u00a0\u2022 Oued Berkeche\u00a0\u2022 Chentouf\u00a0\u2022 Hassasna<\/td>\n<\/tr>\n<tr>\n<td>Oulha\u00e7a El Gheraba<\/td>\n<td width=\"77\">2<\/td>\n<td width=\"422\">Oulha\u00e7a El Gheraba\u00a0\u2022 Sidi Ouriache<\/td>\n<\/tr>\n<\/tbody>\n<\/table>\n<\/div>\n","protected":false},"excerpt":{"rendered":"<p>Carte des da\u00efras de la wilaya d&#8217;A\u00efn T\u00e9mouchent. Da\u00efras de la wilaya d&#8217;A\u00efn T\u00e9mouchent. La wilaya d&#8217;A\u00efn T\u00e9mouchent est divis\u00e9e en huit da\u00efras (circonscriptions <\/p>\n","protected":false},"author":1,"featured_media":29618,"template":"","categoria_ficha":[1986],"class_list":["post-29617","ficha","type-ficha","status-publish","has-post-thumbnail","hentry","categoria_ficha-cartes-d-ain-temouchent"],"acf":[],"_links":{"self":[{"href":"https:\/\/gifex.com\/fr\/wp-json\/wp\/v2\/ficha\/29617","targetHints":{"allow":["GET"]}}],"collection":[{"href":"https:\/\/gifex.com\/fr\/wp-json\/wp\/v2\/ficha"}],"about":[{"href":"https:\/\/gifex.com\/fr\/wp-json\/wp\/v2\/types\/ficha"}],"author":[{"embeddable":true,"href":"https:\/\/gifex.com\/fr\/wp-json\/wp\/v2\/users\/1"}],"version-history":[{"count":1,"href":"https:\/\/gifex.com\/fr\/wp-json\/wp\/v2\/ficha\/29617\/revisions"}],"predecessor-version":[{"id":29619,"href":"https:\/\/gifex.com\/fr\/wp-json\/wp\/v2\/ficha\/29617\/revisions\/29619"}],"wp:featuredmedia":[{"embeddable":true,"href":"https:\/\/gifex.com\/fr\/wp-json\/wp\/v2\/media\/29618"}],"wp:attachment":[{"href":"https:\/\/gifex.com\/fr\/wp-json\/wp\/v2\/media?parent=29617"}],"wp:term":[{"taxonomy":"categoria_ficha","embeddable":true,"href":"https:\/\/gifex.com\/fr\/wp-json\/wp\/v2\/categoria_ficha?post=29617"}],"curies":[{"name":"wp","href":"https:\/\/api.w.org\/{rel}","templated":true}]}}