{"id":29553,"date":"2023-01-24T01:02:18","date_gmt":"2023-01-24T01:02:18","guid":{"rendered":"https:\/\/gifex.com\/fr\/?post_type=ficha&#038;p=29553"},"modified":"2023-01-24T01:02:18","modified_gmt":"2023-01-24T01:02:18","slug":"quelles-sont-les-dairas-de-la-wilaya-de-mila","status":"publish","type":"ficha","link":"https:\/\/gifex.com\/fr\/fichier\/quelles-sont-les-dairas-de-la-wilaya-de-mila\/","title":{"rendered":"Quelles sont les da\u00efras de la wilaya de Mila ?"},"content":{"rendered":"<p style=\"text-align: center;\"><label style=\"font-size: 15px;\">Carte des da\u00efras de la wilaya de Mila.<\/label><\/p>\n<p><strong>Da\u00efras de la wilaya de Mila<\/strong><\/p>\n<p>La wilaya de Mila est divis\u00e9e en treize da\u00efras (circonscriptions administratives), chacune comprenant de deux ou trois communes, pour un total de trente-deux communes. Le tableau suivant donne la liste des da\u00efras de Mila, pr\u00e9cisant pour chaque da\u00efra la population en 2008, la superficie et les communes qui la composent.<\/p>\n<div class=\"boxscrl\">\n<table width=\"703\">\n<tbody>\n<tr>\n<td rowspan=\"2\" width=\"129\">Da\u00efra<\/td>\n<td width=\"77\">Nombre de<\/td>\n<td rowspan=\"2\" width=\"352\">Communes<\/td>\n<td width=\"70\">Superficie<\/td>\n<td width=\"75\">Population<\/td>\n<\/tr>\n<tr>\n<td width=\"77\">communes<\/td>\n<td width=\"70\">(km\u00b2)<\/td>\n<td width=\"75\">(hab.)<\/td>\n<\/tr>\n<tr>\n<td>Mila<\/td>\n<td width=\"77\">3<\/td>\n<td width=\"352\">Mila\u00a0\u2022 Sidi Khelifa\u00a0\u2022 A\u00efn Tine<\/td>\n<td width=\"70\">214,39<\/td>\n<td width=\"75\">81\u00a0578<\/td>\n<\/tr>\n<tr>\n<td>Chelghoum La\u00efd<\/td>\n<td width=\"77\">3<\/td>\n<td width=\"352\">Chelghoum Laid\u00a0\u2022 A\u00efn Mellouk\u00a0\u2022 Oued Athmania<\/td>\n<td width=\"70\">654,05<\/td>\n<td width=\"75\">137\u00a0448<\/td>\n<\/tr>\n<tr>\n<td>Ferdjioua<\/td>\n<td width=\"77\">2<\/td>\n<td width=\"352\">Ferdjioua\u00a0\u2022 Yahia Beni Guecha<\/td>\n<td width=\"70\">115,26<\/td>\n<td width=\"75\">61\u00a0977<\/td>\n<\/tr>\n<tr>\n<td>Grarem Gouga<\/td>\n<td width=\"77\">2<\/td>\n<td width=\"352\">Grarem Gouga\u00a0\u2022 Hamala<\/td>\n<td width=\"70\">204,2<\/td>\n<td width=\"75\">53\u00a0275<\/td>\n<\/tr>\n<tr>\n<td>Oued Endja<\/td>\n<td width=\"77\">3<\/td>\n<td width=\"352\">Oued Endja\u00a0\u2022 Zeghaia\u00a0\u2022 Ahmed Rachedi<\/td>\n<td width=\"70\">206,21<\/td>\n<td width=\"75\">53\u00a0196<\/td>\n<\/tr>\n<tr>\n<td>Rouached<\/td>\n<td width=\"77\">2<\/td>\n<td width=\"352\">Rouached\u00a0\u2022 Tiberguent<\/td>\n<td width=\"70\">145,46<\/td>\n<td width=\"75\">36\u00a0368<\/td>\n<\/tr>\n<tr>\n<td>Terrai Bainen<\/td>\n<td width=\"77\">3<\/td>\n<td width=\"352\">Terrai Bainen\u00a0\u2022 Amira Arr\u00e8s\u00a0\u2022 Tessala Lemta\u00ef<\/td>\n<td width=\"70\">224,7<\/td>\n<td width=\"75\">58\u00a0380<\/td>\n<\/tr>\n<tr>\n<td>Tassadane Haddada<\/td>\n<td width=\"77\">2<\/td>\n<td width=\"352\">Tassadane Haddada\u00a0\u2022 Minar Zarza<\/td>\n<td width=\"70\">163,8<\/td>\n<td width=\"75\">39\u00a0913<\/td>\n<\/tr>\n<tr>\n<td>A\u00efn Beida Harriche<\/td>\n<td width=\"77\">2<\/td>\n<td width=\"352\">A\u00efn Beida Harriche\u00a0\u2022 Elayadi Barbes<\/td>\n<td width=\"70\">126,76<\/td>\n<td width=\"75\">27\u00a0472<\/td>\n<\/tr>\n<tr>\n<td>Sidi Merouane<\/td>\n<td width=\"77\">2<\/td>\n<td width=\"352\">Sidi Merouane\u00a0\u2022 Chigara<\/td>\n<td width=\"70\">84,94<\/td>\n<td width=\"75\">37\u00a0749<\/td>\n<\/tr>\n<tr>\n<td>Teleghma<\/td>\n<td width=\"77\">3<\/td>\n<td width=\"352\">Teleghma\u00a0\u2022 Oued Seguen\u00a0\u2022 El Mechira<\/td>\n<td width=\"70\">535,44<\/td>\n<td width=\"75\">74\u00a0255<\/td>\n<\/tr>\n<tr>\n<td>Bouhatem<\/td>\n<td width=\"77\">2<\/td>\n<td width=\"352\">Bouhatem\u00a0\u2022 Derrahi Bousselah<\/td>\n<td width=\"70\">228<\/td>\n<td width=\"75\">30\u00a0290<\/td>\n<\/tr>\n<tr>\n<td>Tadjenanet<\/td>\n<td width=\"77\">3<\/td>\n<td width=\"352\">Tadjenanet\u00a0\u2022 Benyahia Abderrahmane\u00a0\u2022 Ouled Khalouf<\/td>\n<td width=\"70\">573,92<\/td>\n<td width=\"75\">74\u00a0984<\/td>\n<\/tr>\n<\/tbody>\n<\/table>\n<\/div>\n","protected":false},"excerpt":{"rendered":"<p>Carte des da\u00efras de la wilaya de Mila. Da\u00efras de la wilaya de Mila. La wilaya de Mila est divis\u00e9e en treize da\u00efras (circonscriptions administratives), chacune <\/p>\n","protected":false},"author":1,"featured_media":29556,"template":"","categoria_ficha":[1983],"class_list":["post-29553","ficha","type-ficha","status-publish","has-post-thumbnail","hentry","categoria_ficha-cartes-de-mila"],"acf":[],"_links":{"self":[{"href":"https:\/\/gifex.com\/fr\/wp-json\/wp\/v2\/ficha\/29553","targetHints":{"allow":["GET"]}}],"collection":[{"href":"https:\/\/gifex.com\/fr\/wp-json\/wp\/v2\/ficha"}],"about":[{"href":"https:\/\/gifex.com\/fr\/wp-json\/wp\/v2\/types\/ficha"}],"author":[{"embeddable":true,"href":"https:\/\/gifex.com\/fr\/wp-json\/wp\/v2\/users\/1"}],"version-history":[{"count":1,"href":"https:\/\/gifex.com\/fr\/wp-json\/wp\/v2\/ficha\/29553\/revisions"}],"predecessor-version":[{"id":29557,"href":"https:\/\/gifex.com\/fr\/wp-json\/wp\/v2\/ficha\/29553\/revisions\/29557"}],"wp:featuredmedia":[{"embeddable":true,"href":"https:\/\/gifex.com\/fr\/wp-json\/wp\/v2\/media\/29556"}],"wp:attachment":[{"href":"https:\/\/gifex.com\/fr\/wp-json\/wp\/v2\/media?parent=29553"}],"wp:term":[{"taxonomy":"categoria_ficha","embeddable":true,"href":"https:\/\/gifex.com\/fr\/wp-json\/wp\/v2\/categoria_ficha?post=29553"}],"curies":[{"name":"wp","href":"https:\/\/api.w.org\/{rel}","templated":true}]}}