{"id":29433,"date":"2023-01-21T22:17:22","date_gmt":"2023-01-21T22:17:22","guid":{"rendered":"https:\/\/gifex.com\/fr\/?post_type=ficha&#038;p=29433"},"modified":"2023-01-24T00:58:33","modified_gmt":"2023-01-24T00:58:33","slug":"quelles-sont-les-dairas-de-la-wilaya-de-boumerdes","status":"publish","type":"ficha","link":"https:\/\/gifex.com\/fr\/fichier\/quelles-sont-les-dairas-de-la-wilaya-de-boumerdes\/","title":{"rendered":"Quelles sont les da\u00efras de la wilaya de Boumerd\u00e8s ?"},"content":{"rendered":"<p style=\"text-align: center;\"><label style=\"font-size: 15px;\">Carte des da\u00efras de la wilaya de Boumerd\u00e8s.<\/label><\/p>\n<p><strong>Da\u00efras de la wilaya de Boumerd\u00e8s<\/strong><\/p>\n<p>La wilaya de Boumerd\u00e8s est divis\u00e9e en neuf da\u00efras (circonscriptions administratives), chacune comprenant de deux \u00e0 cinq communes, pour un total de trente-deux communes. Le tableau suivant donne la liste des da\u00efras de Boumerd\u00e8s, pr\u00e9cisant pour chaque da\u00efra la population, la superficie et les communes qui la composent.<\/p>\n<div class=\"boxscrl\">\n<table width=\"1017\">\n<tbody>\n<tr>\n<td width=\"116\">Da\u00efras<\/td>\n<td width=\"537\">Communes<\/td>\n<td width=\"150\">Nombre de communes<\/td>\n<td width=\"97\">Superficie km\u00b2<\/td>\n<td width=\"117\">Population (2008)<\/td>\n<\/tr>\n<tr>\n<td>Baghlia<\/td>\n<td width=\"537\">Baghlia\u00a0\u2022 Sidi Daoud\u00a0\u2022 Taourga<\/td>\n<td width=\"150\">3<\/td>\n<td width=\"97\">151,15<\/td>\n<td width=\"117\">42 834<\/td>\n<\/tr>\n<tr>\n<td>Boudouaou<\/td>\n<td width=\"537\">Boudouaou\u00a0\u2022 Boudouaou El Bahri\u00a0\u2022 El Kharrouba\u00a0\u2022 Bouzegza Keddara\u00a0\u2022 Ouled Hedadj<\/td>\n<td width=\"150\">5<\/td>\n<td width=\"97\">183,01<\/td>\n<td width=\"117\">135 416<\/td>\n<\/tr>\n<tr>\n<td>Bordj M\u00e9naiel<\/td>\n<td width=\"537\">Bordj Mena\u00efel\u00a0\u2022 Zemmouri\u00a0\u2022 Leghata\u00a0\u2022 Djinet<\/td>\n<td width=\"150\">4<\/td>\n<td width=\"97\">275,13<\/td>\n<td width=\"117\">126 886<\/td>\n<\/tr>\n<tr>\n<td>Boumerd\u00e8s<\/td>\n<td width=\"537\">Boumerd\u00e8s\u00a0\u2022 Corso\u00a0\u2022 Tidjelabine<\/td>\n<td width=\"150\">3<\/td>\n<td width=\"97\">83,53<\/td>\n<td width=\"117\">60 652<\/td>\n<\/tr>\n<tr>\n<td>Dellys<\/td>\n<td width=\"537\">Dellys\u00a0\u2022 Afir\u00a0\u2022 Ben Choud<\/td>\n<td width=\"150\">3<\/td>\n<td width=\"97\">129,93<\/td>\n<td width=\"117\">56 162<\/td>\n<\/tr>\n<tr>\n<td>Khemis El Kechna<\/td>\n<td width=\"537\">Khemis El Khechna\u00a0\u2022 Ouled Moussa\u00a0\u2022 Larbatache\u00a0\u2022 Hammadi<\/td>\n<td width=\"150\">4<\/td>\n<td width=\"97\">189,85<\/td>\n<td width=\"117\">181 634<\/td>\n<\/tr>\n<tr>\n<td>Isser<\/td>\n<td width=\"537\">Isser\u00a0\u2022 Si Mustapha\u00a0\u2022 Timezrit\u00a0\u2022 Chabet El Ameur<\/td>\n<td width=\"150\">4<\/td>\n<td width=\"97\">190,31<\/td>\n<td width=\"117\">88 117<\/td>\n<\/tr>\n<tr>\n<td>Naciria<\/td>\n<td width=\"537\">Naciria\u00a0\u2022 Ouled A\u00efssa<\/td>\n<td width=\"150\">2<\/td>\n<td width=\"97\">85,38<\/td>\n<td width=\"117\">30 116<\/td>\n<\/tr>\n<tr>\n<td>Th\u00e9nia<\/td>\n<td width=\"537\">Th\u00e9nia\u00a0\u2022 Souk El Had\u00a0\u2022 Ammal\u00a0\u2022 B\u00e9ni Amrane<\/td>\n<td width=\"150\">4<\/td>\n<td width=\"97\">167,87<\/td>\n<td width=\"117\">60 258<\/td>\n<\/tr>\n<tr>\n<td width=\"116\">Total<\/td>\n<td width=\"537\"><\/td>\n<td width=\"150\">32<\/td>\n<td width=\"97\">1456,16<\/td>\n<td width=\"117\">802 083<\/td>\n<\/tr>\n<\/tbody>\n<\/table>\n<\/div>\n","protected":false},"excerpt":{"rendered":"<p>Carte des da\u00efras de la wilaya de Boumerd\u00e8s. Da\u00efras de la wilaya de Boumerd\u00e8s. La wilaya de Boumerd\u00e8s est divis\u00e9e en neuf da\u00efras (circonscriptions administra &#8230;<\/p>\n","protected":false},"author":1,"featured_media":29434,"template":"","categoria_ficha":[1977],"class_list":["post-29433","ficha","type-ficha","status-publish","has-post-thumbnail","hentry","categoria_ficha-cartes-de-boumerdes"],"acf":[],"_links":{"self":[{"href":"https:\/\/gifex.com\/fr\/wp-json\/wp\/v2\/ficha\/29433","targetHints":{"allow":["GET"]}}],"collection":[{"href":"https:\/\/gifex.com\/fr\/wp-json\/wp\/v2\/ficha"}],"about":[{"href":"https:\/\/gifex.com\/fr\/wp-json\/wp\/v2\/types\/ficha"}],"author":[{"embeddable":true,"href":"https:\/\/gifex.com\/fr\/wp-json\/wp\/v2\/users\/1"}],"version-history":[{"count":3,"href":"https:\/\/gifex.com\/fr\/wp-json\/wp\/v2\/ficha\/29433\/revisions"}],"predecessor-version":[{"id":29555,"href":"https:\/\/gifex.com\/fr\/wp-json\/wp\/v2\/ficha\/29433\/revisions\/29555"}],"wp:featuredmedia":[{"embeddable":true,"href":"https:\/\/gifex.com\/fr\/wp-json\/wp\/v2\/media\/29434"}],"wp:attachment":[{"href":"https:\/\/gifex.com\/fr\/wp-json\/wp\/v2\/media?parent=29433"}],"wp:term":[{"taxonomy":"categoria_ficha","embeddable":true,"href":"https:\/\/gifex.com\/fr\/wp-json\/wp\/v2\/categoria_ficha?post=29433"}],"curies":[{"name":"wp","href":"https:\/\/api.w.org\/{rel}","templated":true}]}}