{"id":29169,"date":"2023-01-17T00:48:13","date_gmt":"2023-01-17T00:48:13","guid":{"rendered":"https:\/\/gifex.com\/fr\/?post_type=ficha&#038;p=29169"},"modified":"2023-01-17T00:48:13","modified_gmt":"2023-01-17T00:48:13","slug":"quelles-sont-les-dairas-de-la-wilaya-de-mascara","status":"publish","type":"ficha","link":"https:\/\/gifex.com\/fr\/fichier\/quelles-sont-les-dairas-de-la-wilaya-de-mascara\/","title":{"rendered":"Quelles sont les da\u00efras de la wilaya de Mascara ?"},"content":{"rendered":"<p style=\"text-align: center;\"><label style=\"font-size: 15px;\">Carte des da\u00efras de la wilaya de Mascara.<\/label><\/p>\n<p><strong>Da\u00efras de la wilaya de Mascara<\/strong><\/p>\n<p>La wilaya de Mascara est divis\u00e9e en seize da\u00efras (circonscriptions administratives), chacune comprenant d&#8217;une \u00e0 six communes, pour un total de quarante-sept communes. Le tableau suivant donne la liste des da\u00efras de Mascara, en pr\u00e9cisant pour chaque da\u00efra leur population en 2008 et les communes qui la composent.<\/p>\n<div class=\"boxscrl\">\n<table width=\"781\">\n<tbody>\n<tr>\n<td rowspan=\"2\" width=\"92\">Da\u00efra<\/td>\n<td width=\"77\">Nombre de<\/td>\n<td rowspan=\"2\" width=\"537\">Communes<\/td>\n<td width=\"75\">Population<\/td>\n<\/tr>\n<tr>\n<td width=\"77\">communes<\/td>\n<td width=\"75\">(hab.)<\/td>\n<\/tr>\n<tr>\n<td>A\u00efn Fares<\/td>\n<td width=\"77\">2<\/td>\n<td width=\"537\">A\u00efn Fares\u00a0\u2022 Mamounia<\/td>\n<td width=\"75\">24\u00a0858<\/td>\n<\/tr>\n<tr>\n<td>A\u00efn Fekan<\/td>\n<td width=\"77\">2<\/td>\n<td width=\"537\">A\u00efn Fekan\u00a0\u2022 A\u00efn Fras<\/td>\n<td width=\"75\">13\u00a0609<\/td>\n<\/tr>\n<tr>\n<td>Aouf<\/td>\n<td width=\"77\">3<\/td>\n<td width=\"537\">Aouf\u00a0\u2022 Gharrous\u00a0\u2022 Beniane<\/td>\n<td width=\"75\">17\u00a0087<\/td>\n<\/tr>\n<tr>\n<td>Bou Hanifia<\/td>\n<td width=\"77\">3<\/td>\n<td width=\"537\">Bou Hanifia\u00a0\u2022 El Guettana\u00a0\u2022 Hacine<\/td>\n<td width=\"75\">31\u00a0561<\/td>\n<\/tr>\n<tr>\n<td>El Bordj<\/td>\n<td width=\"77\">3<\/td>\n<td width=\"537\">El Bordj\u00a0\u2022 Khalouia\u00a0\u2022 El Menaouer<\/td>\n<td width=\"75\">36\u00a0560<\/td>\n<\/tr>\n<tr>\n<td>Ghriss<\/td>\n<td width=\"77\">5<\/td>\n<td width=\"537\">Ghriss\u00a0\u2022 Makdha\u00a0\u2022 Matemore\u00a0\u2022 Sidi Boussaid\u00a0\u2022 Maoussa<\/td>\n<td width=\"75\">58\u00a0949<\/td>\n<\/tr>\n<tr>\n<td>Hachem<\/td>\n<td width=\"77\">3<\/td>\n<td width=\"537\">Hachem\u00a0\u2022 Zelmata\u00a0\u2022 Nesmoth<\/td>\n<td width=\"75\">36\u00a0622<\/td>\n<\/tr>\n<tr>\n<td>Mascara<\/td>\n<td width=\"77\">1<\/td>\n<td>Mascara<\/td>\n<td width=\"75\">108\u00a0587<\/td>\n<\/tr>\n<tr>\n<td>Mohammadia<\/td>\n<td width=\"77\">6<\/td>\n<td width=\"537\">Mohammadia\u00a0\u2022 El Ghomri\u00a0\u2022 Ferraguig\u00a0\u2022 Mocta Douz\u00a0\u2022 Sedjerara\u00a0\u2022 Sidi Abdelmoumen<\/td>\n<td width=\"75\">129\u00a0562<\/td>\n<\/tr>\n<tr>\n<td>Oggaz<\/td>\n<td width=\"77\">3<\/td>\n<td width=\"537\">Oggaz\u00a0\u2022 Ala\u00efmia\u00a0\u2022 Ras El A\u00efn Amirouche<\/td>\n<td width=\"75\">26\u00a0437<\/td>\n<\/tr>\n<tr>\n<td>Oued El Abtal<\/td>\n<td width=\"77\">3<\/td>\n<td width=\"537\">Oued El Abtal\u00a0\u2022 A\u00efn Ferah\u00a0\u2022 Sidi Abdeldjebar<\/td>\n<td width=\"75\">31\u00a0284<\/td>\n<\/tr>\n<tr>\n<td>Oued Taria<\/td>\n<td width=\"77\">2<\/td>\n<td width=\"537\">Oued Taria\u00a0\u2022 Guerdjoum<\/td>\n<td width=\"75\">18\u00a0450<\/td>\n<\/tr>\n<tr>\n<td>Sig<\/td>\n<td width=\"77\">3<\/td>\n<td width=\"537\">Sig\u00a0\u2022 Chorfa\u00a0\u2022 Bou Henni<\/td>\n<td width=\"75\">84\u00a0822<\/td>\n<\/tr>\n<tr>\n<td>Tighennif<\/td>\n<td width=\"77\">3<\/td>\n<td width=\"537\">Tighennif\u00a0\u2022 Sidi Kada\u00a0\u2022 Sehailia<\/td>\n<td width=\"75\">93\u00a0042<\/td>\n<\/tr>\n<tr>\n<td>Tizi<\/td>\n<td width=\"77\">3<\/td>\n<td width=\"537\">Tizi\u00a0\u2022 Froha\u00a0\u2022 El Keurt<\/td>\n<td width=\"75\">30\u00a0977<\/td>\n<\/tr>\n<tr>\n<td>Zahana<\/td>\n<td width=\"77\">2<\/td>\n<td width=\"537\">El Gaada\u00a0\u2022 Zahana<\/td>\n<td width=\"75\">26\u00a0186<\/td>\n<\/tr>\n<\/tbody>\n<\/table>\n<\/div>\n","protected":false},"excerpt":{"rendered":"<p>Carte des da\u00efras de la wilaya de Mascara. Da\u00efras de la wilaya de Mascara. La wilaya de Mascara est divis\u00e9e en seize da\u00efras (circonscriptions administratives)<\/p>\n","protected":false},"author":1,"featured_media":29170,"template":"","categoria_ficha":[1965],"class_list":["post-29169","ficha","type-ficha","status-publish","has-post-thumbnail","hentry","categoria_ficha-cartes-de-mascara"],"acf":[],"_links":{"self":[{"href":"https:\/\/gifex.com\/fr\/wp-json\/wp\/v2\/ficha\/29169","targetHints":{"allow":["GET"]}}],"collection":[{"href":"https:\/\/gifex.com\/fr\/wp-json\/wp\/v2\/ficha"}],"about":[{"href":"https:\/\/gifex.com\/fr\/wp-json\/wp\/v2\/types\/ficha"}],"author":[{"embeddable":true,"href":"https:\/\/gifex.com\/fr\/wp-json\/wp\/v2\/users\/1"}],"version-history":[{"count":1,"href":"https:\/\/gifex.com\/fr\/wp-json\/wp\/v2\/ficha\/29169\/revisions"}],"predecessor-version":[{"id":29171,"href":"https:\/\/gifex.com\/fr\/wp-json\/wp\/v2\/ficha\/29169\/revisions\/29171"}],"wp:featuredmedia":[{"embeddable":true,"href":"https:\/\/gifex.com\/fr\/wp-json\/wp\/v2\/media\/29170"}],"wp:attachment":[{"href":"https:\/\/gifex.com\/fr\/wp-json\/wp\/v2\/media?parent=29169"}],"wp:term":[{"taxonomy":"categoria_ficha","embeddable":true,"href":"https:\/\/gifex.com\/fr\/wp-json\/wp\/v2\/categoria_ficha?post=29169"}],"curies":[{"name":"wp","href":"https:\/\/api.w.org\/{rel}","templated":true}]}}