{"id":29061,"date":"2023-01-14T22:22:52","date_gmt":"2023-01-14T22:22:52","guid":{"rendered":"https:\/\/gifex.com\/fr\/?post_type=ficha&#038;p=29061"},"modified":"2023-01-14T22:22:52","modified_gmt":"2023-01-14T22:22:52","slug":"quelles-sont-les-dairas-de-la-wilaya-de-relizane","status":"publish","type":"ficha","link":"https:\/\/gifex.com\/fr\/fichier\/quelles-sont-les-dairas-de-la-wilaya-de-relizane\/","title":{"rendered":"Quelles sont les da\u00efras de la wilaya de Relizane ?"},"content":{"rendered":"<p style=\"text-align: center;\"><label style=\"font-size: 15px;\">Carte des da\u00efras de la wilaya de Relizane.<\/label><\/p>\n<p><strong>Da\u00efras de la wilaya de Relizane<\/strong><\/p>\n<p>La wilaya de Relizane est divis\u00e9e en treize da\u00efras (circonscriptions administratives), chacune comprenant de deux \u00e0 quatre communes, pour un total de trente-huit communes. Le tableau suivant donne la liste des da\u00efras de Relizane, en pr\u00e9cisant pour chaque da\u00efra sa superficie, sa population en 2008 et les communes qui la composent.<\/p>\n<div class=\"boxscrl\">\n<table width=\"826\">\n<tbody>\n<tr>\n<td rowspan=\"2\" width=\"140\">Da\u00efra<\/td>\n<td width=\"77\">Nombre de<\/td>\n<td rowspan=\"2\" width=\"464\">Communes<\/td>\n<td width=\"70\">Superficie<\/td>\n<td width=\"75\">Population<\/td>\n<\/tr>\n<tr>\n<td width=\"77\">communes<\/td>\n<td width=\"70\">(km\u00b2)<\/td>\n<td width=\"75\">(hab.)<\/td>\n<\/tr>\n<tr>\n<td>A\u00efn Tarek<\/td>\n<td width=\"77\">2<\/td>\n<td width=\"464\">A\u00efn Tarek \u00a0\u2022 Had Echkalla<\/td>\n<td width=\"70\">336,49<\/td>\n<td width=\"75\">18\u00a0965<\/td>\n<\/tr>\n<tr>\n<td>Ammi Moussa<\/td>\n<td width=\"77\">4<\/td>\n<td width=\"464\">Ammi Moussa\u00a0\u2022 El Hassi \u00a0\u2022 El Ouldja \u00a0\u2022 Ouled Aiche<\/td>\n<td width=\"70\">585,89<\/td>\n<td width=\"75\">42\u00a0728<\/td>\n<\/tr>\n<tr>\n<td>Djidioua<\/td>\n<td width=\"77\">3<\/td>\n<td width=\"464\">Djidioua \u00a0\u2022 Hamri \u00a0\u2022 Ouled Sidi Mihoub<\/td>\n<td width=\"70\">293,94<\/td>\n<td width=\"75\">51\u00a0596<\/td>\n<\/tr>\n<tr>\n<td>El Hamadna<\/td>\n<td width=\"77\">2<\/td>\n<td width=\"464\">El Hamadna \u00a0\u2022 Oued El Djemaa<\/td>\n<td width=\"70\">300,57<\/td>\n<td width=\"75\">44\u00a0285<\/td>\n<\/tr>\n<tr>\n<td>El Matmar<\/td>\n<td width=\"77\">4<\/td>\n<td width=\"464\">El Matmar \u00a0\u2022 Belassel Bouzegza \u00a0\u2022 Sidi Khettab \u00a0\u2022 Sidi M&#8217;Hamed Benaouda<\/td>\n<td width=\"70\">366,02<\/td>\n<td width=\"75\">45\u00a0590<\/td>\n<\/tr>\n<tr>\n<td>Mazouna<\/td>\n<td width=\"77\">2<\/td>\n<td width=\"464\">Mazouna \u00a0\u2022 El Guettar<\/td>\n<td width=\"70\">96,36<\/td>\n<td width=\"75\">41\u00a0466<\/td>\n<\/tr>\n<tr>\n<td>Mendes<\/td>\n<td width=\"77\">3<\/td>\n<td width=\"464\">Mendes \u00a0\u2022 Oued Essalem \u00a0\u2022 Sidi Lazreg<\/td>\n<td width=\"70\">631,5<\/td>\n<td width=\"75\">30\u00a0119<\/td>\n<\/tr>\n<tr>\n<td>Oued Rhiou<\/td>\n<td width=\"77\">4<\/td>\n<td width=\"464\">Oued Rhiou \u00a0\u2022 Merdja Sidi Abed \u00a0\u2022 Ouarizane \u00a0\u2022 Lahlef<\/td>\n<td width=\"70\">254,12<\/td>\n<td width=\"75\">92\u00a0256<\/td>\n<\/tr>\n<tr>\n<td>Ramka<\/td>\n<td width=\"77\">2<\/td>\n<td width=\"464\">Ramka \u00a0\u2022 Souk El Had<\/td>\n<td width=\"70\">206,17<\/td>\n<td width=\"75\">35\u00a0882<\/td>\n<\/tr>\n<tr>\n<td>Relizane<\/td>\n<td width=\"77\">2<\/td>\n<td width=\"464\">Relizane \u00a0\u2022 Bendaoud<\/td>\n<td width=\"70\">225,52<\/td>\n<td width=\"75\">148\u00a0047<\/td>\n<\/tr>\n<tr>\n<td>Sidi M&#8217;Hamed Ben Ali<\/td>\n<td width=\"77\">3<\/td>\n<td width=\"464\">Sidi M&#8217;Hamed Ben Ali \u00a0\u2022 Beni Zentis \u00a0\u2022 Mediouna<\/td>\n<td width=\"70\">609,24<\/td>\n<td width=\"75\">67\u00a0995<\/td>\n<\/tr>\n<tr>\n<td>Yellel<\/td>\n<td width=\"77\">4<\/td>\n<td width=\"464\">Yellel \u00a0\u2022 A\u00efn Rahma \u00a0\u2022 Kalaa \u00a0\u2022 Sidi Saada<\/td>\n<td width=\"70\">489,78<\/td>\n<td width=\"75\">89\u00a0677<\/td>\n<\/tr>\n<tr>\n<td>Zemmora<\/td>\n<td width=\"77\">3<\/td>\n<td width=\"464\">Zemmora \u00a0\u2022 Beni Dergoun \u00a0\u2022 Dar Ben Abdellah<\/td>\n<td width=\"70\">457,61<\/td>\n<td width=\"75\">45\u00a0890<\/td>\n<\/tr>\n<\/tbody>\n<\/table>\n<\/div>\n","protected":false},"excerpt":{"rendered":"<p>Carte des da\u00efras de la wilaya de Relizane. Da\u00efras de la wilaya de Relizane. La wilaya de Relizane est divis\u00e9e en treize da\u00efras (circonscriptions administratives<\/p>\n","protected":false},"author":1,"featured_media":29062,"template":"","categoria_ficha":[1961],"class_list":["post-29061","ficha","type-ficha","status-publish","has-post-thumbnail","hentry","categoria_ficha-cartes-de-relizane"],"acf":[],"_links":{"self":[{"href":"https:\/\/gifex.com\/fr\/wp-json\/wp\/v2\/ficha\/29061","targetHints":{"allow":["GET"]}}],"collection":[{"href":"https:\/\/gifex.com\/fr\/wp-json\/wp\/v2\/ficha"}],"about":[{"href":"https:\/\/gifex.com\/fr\/wp-json\/wp\/v2\/types\/ficha"}],"author":[{"embeddable":true,"href":"https:\/\/gifex.com\/fr\/wp-json\/wp\/v2\/users\/1"}],"version-history":[{"count":1,"href":"https:\/\/gifex.com\/fr\/wp-json\/wp\/v2\/ficha\/29061\/revisions"}],"predecessor-version":[{"id":29063,"href":"https:\/\/gifex.com\/fr\/wp-json\/wp\/v2\/ficha\/29061\/revisions\/29063"}],"wp:featuredmedia":[{"embeddable":true,"href":"https:\/\/gifex.com\/fr\/wp-json\/wp\/v2\/media\/29062"}],"wp:attachment":[{"href":"https:\/\/gifex.com\/fr\/wp-json\/wp\/v2\/media?parent=29061"}],"wp:term":[{"taxonomy":"categoria_ficha","embeddable":true,"href":"https:\/\/gifex.com\/fr\/wp-json\/wp\/v2\/categoria_ficha?post=29061"}],"curies":[{"name":"wp","href":"https:\/\/api.w.org\/{rel}","templated":true}]}}