{"id":29042,"date":"2023-01-14T13:28:36","date_gmt":"2023-01-14T13:28:36","guid":{"rendered":"https:\/\/gifex.com\/fr\/?post_type=ficha&#038;p=29042"},"modified":"2023-01-14T13:28:36","modified_gmt":"2023-01-14T13:28:36","slug":"quelles-sont-les-dairas-de-la-wilaya-de-jijel","status":"publish","type":"ficha","link":"https:\/\/gifex.com\/fr\/fichier\/quelles-sont-les-dairas-de-la-wilaya-de-jijel\/","title":{"rendered":"Quelles sont les da\u00efras de la wilaya de Jijel ?"},"content":{"rendered":"<p style=\"text-align: center;\"><label style=\"font-size: 15px;\">Carte des da\u00efras de la wilaya de Jijel.<\/label><\/p>\n<p><strong>Da\u00efras de la wilaya de Jijel<\/strong><\/p>\n<p>La wilaya de Jijel est divis\u00e9e en onze da\u00efras (circonscriptions administratives), chacune comprenant d&#8217;une \u00e0 cinq communes, pour un total de vingt-huit communes. Le tableau suivant donne la liste des da\u00efras de Jijel, en pr\u00e9cisant pour chaque da\u00efra les communes qui la composent.<\/p>\n<div class=\"boxscrl\">\n<table width=\"560\">\n<tbody>\n<tr>\n<td rowspan=\"3\" width=\"121\">Da\u00efra<\/td>\n<td width=\"77\">Nombre de<\/td>\n<td rowspan=\"3\" width=\"362\">Communes<\/td>\n<\/tr>\n<tr>\n<td width=\"77\">communes<\/td>\n<\/tr>\n<tr>\n<td width=\"77\"><\/td>\n<\/tr>\n<tr>\n<td>Chekfa<\/td>\n<td width=\"77\">4<\/td>\n<td width=\"362\">Bordj Tahar\u00a0\u2022 Chekfa\u00a0\u2022 El Kennar Nouchfi\u00a0\u2022 Sidi Abdelaziz<\/td>\n<\/tr>\n<tr>\n<td>Djimla<\/td>\n<td width=\"77\">2<\/td>\n<td width=\"362\">Boudriaa Ben Yadjis\u00a0\u2022 Djimla<\/td>\n<\/tr>\n<tr>\n<td>El Ancer<\/td>\n<td width=\"77\">4<\/td>\n<td width=\"362\">Djemaa Beni Habibi\u00a0\u2022 Bouraoui Belhadef\u00a0\u2022 El Ancer\u00a0\u2022 Khe\u00efri Oued Adjoul<\/td>\n<\/tr>\n<tr>\n<td>El Aouana<\/td>\n<td width=\"77\">2<\/td>\n<td width=\"362\">El Aouana\u00a0\u2022 Selma Benziada<\/td>\n<\/tr>\n<tr>\n<td>El Milia<\/td>\n<td width=\"77\">2<\/td>\n<td width=\"362\">El Milia\u00a0\u2022 Ouled Yahia Khedrouche<\/td>\n<\/tr>\n<tr>\n<td>Jijel<\/td>\n<td width=\"77\">1<\/td>\n<td>Jijel<\/td>\n<\/tr>\n<tr>\n<td>Settara<\/td>\n<td width=\"77\">2<\/td>\n<td width=\"362\">Ghebala\u00a0\u2022 Settara<\/td>\n<\/tr>\n<tr>\n<td>Sidi Maarouf<\/td>\n<td width=\"77\">2<\/td>\n<td width=\"362\">Ouled Rabah\u00a0\u2022 Sidi Maarouf<\/td>\n<\/tr>\n<tr>\n<td>Taher<\/td>\n<td width=\"77\">5<\/td>\n<td width=\"362\">Boucif Ouled Askeur\u00a0\u2022 Chahna\u00a0\u2022 Emir Abdelkader\u00a0\u2022 Ouadjana\u00a0\u2022 Taher<\/td>\n<\/tr>\n<tr>\n<td>Texenna<\/td>\n<td width=\"77\">2<\/td>\n<td width=\"362\">Kaous\u00a0\u2022 Texenna<\/td>\n<\/tr>\n<tr>\n<td>Ziama Mansouriah<\/td>\n<td width=\"77\">2<\/td>\n<td width=\"362\">Eraguene\u00a0\u2022 Ziama Mansouriah<\/td>\n<\/tr>\n<\/tbody>\n<\/table>\n<\/div>\n","protected":false},"excerpt":{"rendered":"<p>Carte des da\u00efras de la wilaya de Jijel. Da\u00efras de la wilaya de Jijel. La wilaya de Jijel est divis\u00e9e en onze da\u00efras (circonscriptions administratives), chacune <\/p>\n","protected":false},"author":1,"featured_media":29043,"template":"","categoria_ficha":[1960],"class_list":["post-29042","ficha","type-ficha","status-publish","has-post-thumbnail","hentry","categoria_ficha-cartes-de-jijel"],"acf":[],"_links":{"self":[{"href":"https:\/\/gifex.com\/fr\/wp-json\/wp\/v2\/ficha\/29042","targetHints":{"allow":["GET"]}}],"collection":[{"href":"https:\/\/gifex.com\/fr\/wp-json\/wp\/v2\/ficha"}],"about":[{"href":"https:\/\/gifex.com\/fr\/wp-json\/wp\/v2\/types\/ficha"}],"author":[{"embeddable":true,"href":"https:\/\/gifex.com\/fr\/wp-json\/wp\/v2\/users\/1"}],"version-history":[{"count":1,"href":"https:\/\/gifex.com\/fr\/wp-json\/wp\/v2\/ficha\/29042\/revisions"}],"predecessor-version":[{"id":29044,"href":"https:\/\/gifex.com\/fr\/wp-json\/wp\/v2\/ficha\/29042\/revisions\/29044"}],"wp:featuredmedia":[{"embeddable":true,"href":"https:\/\/gifex.com\/fr\/wp-json\/wp\/v2\/media\/29043"}],"wp:attachment":[{"href":"https:\/\/gifex.com\/fr\/wp-json\/wp\/v2\/media?parent=29042"}],"wp:term":[{"taxonomy":"categoria_ficha","embeddable":true,"href":"https:\/\/gifex.com\/fr\/wp-json\/wp\/v2\/categoria_ficha?post=29042"}],"curies":[{"name":"wp","href":"https:\/\/api.w.org\/{rel}","templated":true}]}}