{"id":29023,"date":"2023-01-13T22:06:53","date_gmt":"2023-01-13T22:06:53","guid":{"rendered":"https:\/\/gifex.com\/fr\/?post_type=ficha&#038;p=29023"},"modified":"2023-03-25T01:06:18","modified_gmt":"2023-03-25T01:06:18","slug":"carte-de-jijel","status":"publish","type":"ficha","link":"https:\/\/gifex.com\/fr\/fichier\/carte-de-jijel\/","title":{"rendered":"Carte de Jijel"},"content":{"rendered":"<p>Carte de Jijel, une ville et commune d&#8217;Alg\u00e9rie de la wilaya de Jijel situ\u00e9e en Petite Kabylie, dont elle est le chef-lieu. Elle est consid\u00e9r\u00e9e comme la capitale de la conf\u00e9d\u00e9ration berb\u00e8re des Kutamas. Jijel est desservie par l&#8217;a\u00e9roport international de Jijel &#8211; Ferhat Abbas situ\u00e9 dans la commune de Taher.<\/p>\n<figure id=\"attachment_29025\" aria-describedby=\"caption-attachment-29025\" style=\"width: 360px\" class=\"wp-caption alignright\"><a href=\"https:\/\/gifex.com\/fr\/wp-content\/uploads\/29023\/Panorama-de-Jijel.jpg\" target=\"_blank\" rel=\"noopener\"><img fetchpriority=\"high\" decoding=\"async\" class=\"wp-image-29025\" title=\"Panorama de Jijel.\" src=\"https:\/\/gifex.com\/fr\/wp-content\/uploads\/29023\/Panorama-de-Jijel-300x225.jpg\" alt=\"Panorama de Jijel.\" width=\"360\" height=\"270\" srcset=\"https:\/\/gifex.com\/fr\/wp-content\/uploads\/29023\/Panorama-de-Jijel-300x225.jpg 300w, https:\/\/gifex.com\/fr\/wp-content\/uploads\/29023\/Panorama-de-Jijel-1024x768.jpg 1024w, https:\/\/gifex.com\/fr\/wp-content\/uploads\/29023\/Panorama-de-Jijel-768x576.jpg 768w, https:\/\/gifex.com\/fr\/wp-content\/uploads\/29023\/Panorama-de-Jijel-1536x1152.jpg 1536w, https:\/\/gifex.com\/fr\/wp-content\/uploads\/29023\/Panorama-de-Jijel-2048x1536.jpg 2048w, https:\/\/gifex.com\/fr\/wp-content\/uploads\/29023\/Panorama-de-Jijel-800x600.jpg 800w, https:\/\/gifex.com\/fr\/wp-content\/uploads\/29023\/Panorama-de-Jijel-1600x1200.jpg 1600w\" sizes=\"(max-width: 360px) 100vw, 360px\" \/><\/a><figcaption id=\"caption-attachment-29025\" class=\"wp-caption-text\"><label style=\"font-size: 15px;\">Panorama de Jijel.<\/label><\/figcaption><\/figure>\n<ul>\n<li>Population : 134\u00a0839\u00a0hab. (2008)<\/li>\n<li>Superficie : 62,38\u00a0km<sup>2<\/sup><\/li>\n<li>Densit\u00e9 : 2\u00a0162\u00a0hab.\/km<sup>2<\/sup><\/li>\n<\/ul>\n<p><strong>G\u00e9ographie<\/strong><\/p>\n<p>La ville de Jijel est situ\u00e9e sur la plaine c\u00f4ti\u00e8re d&#8217;\u00e2ge Mioc\u00e8ne d\u00e9limit\u00e9e par la mer M\u00e9diterran\u00e9e au Nord et les formations montagneuses du socle du Mont Babor au sud. Le gneiss, micaschiste et marbre (des roches m\u00e9tamorphiques) attribu\u00e9es au Pal\u00e9ozo\u00efque et m\u00e9tamorphis\u00e9es au cours de l&#8217;orogen\u00e8se alpine, semblent \u00eatre les principales formations. On note \u00e9galement des formations de la nappe numidienne de nature gr\u00e9so-argileuses dans la for\u00eat de Guerrouche.<\/p>\n<p>Le relief de la wilaya est principalement montagneux, et \u00e0 l&#8217;instar de la wilaya voisine de Skikda, les sites sont encore largement vierges et pr\u00e9serv\u00e9s. La wilaya de Jijel compte d&#8217;ailleurs les plus grandes for\u00eats de li\u00e8ge en Alg\u00e9rie dont le parc national de Taza. Cette situation \u00e9volue rapidement au d\u00e9triment du patrimoine \u00e9cologique de la r\u00e9gion. L&#8217;\u00e9t\u00e9, les m\u00eames for\u00eats sont gravement confront\u00e9es aux risques d&#8217;incendies.<\/p>\n<p><strong>Localit\u00e9s de la commune<\/strong><\/p>\n<p>La commune de Jijel est compos\u00e9e de vingt localit\u00e9s\u00a0:<\/p>\n<ul>\n<li>Amezoui<\/li>\n<li>Assoule<\/li>\n<li>B\u00e9ni Ahmed<\/li>\n<li>Boughdir<\/li>\n<li>Boukhenous<\/li>\n<li>Bouyadra<\/li>\n<li>Dar El Battah<\/li>\n<li>Douemna<\/li>\n<li>El Ary\u00e8che<\/li>\n<li>El Djarf<\/li>\n<li>El Haddada<\/li>\n<li>El Mkasseb<\/li>\n<li>Aherraten<\/li>\n<li>Jijel<\/li>\n<li>Leghrifet (grand phare)<\/li>\n<li>Ouled A\u00efssa<\/li>\n<li>Ouled Bounar<\/li>\n<li>Ouled Taffer<\/li>\n<li>Thora<\/li>\n<li>Zebiria<\/li>\n<\/ul>\n<p><strong>\u00c9conomie<\/strong><\/p>\n<p>Jijel est le centre administratif et commercial d&#8217;une r\u00e9gion sp\u00e9cialis\u00e9e dans la transformation du li\u00e8ge, le tannage du cuir et la sid\u00e9rurgie. Les cultures locales comprennent les agrumes et les c\u00e9r\u00e9ales. La p\u00eache est \u00e9galement d&#8217;une grande importance. Les touristes (essentiellement alg\u00e9riens) sont attir\u00e9s \u00e0 Jijel pour ses paysages et ses plages de sable fin. \u00c9tant une station baln\u00e9aire, il y a de nombreux h\u00f4tels et restaurants. Il y a des tombes ph\u00e9niciennes \u00e0 proximit\u00e9.<\/p>\n<p>Durant les ann\u00e9es 2000, la s\u00e9curit\u00e9 \u00e9tant r\u00e9tablie, la ville a repris son d\u00e9veloppement \u00e9conomique, avec notamment la mise en service du grand port commercial de Djen Djen situ\u00e9 \u00e0 quelques kilom\u00e8tres \u00e0 l&#8217;est de Jijel, l&#8217;am\u00e9lioration de la qualit\u00e9 des routes et donc une augmentation des contacts et des \u00e9changes avec les autres r\u00e9gions du pays, la construction d&#8217;une nouvelle universit\u00e9 dans les environs de la ville (\u00e0 Tassoust) pouvant accueillir jusqu&#8217;\u00e0 20\u00a0000\u00a0\u00e9tudiants, et l\u2019agrandissement de l&#8217;a\u00e9roport Ferhat Abbas qui assure depuis 2010 des vols vers la France notamment.<\/p>\n","protected":false},"excerpt":{"rendered":"<p>Jijel, est une ville et commune d&#8217;Alg\u00e9rie de la wilaya de Jijel situ\u00e9e en Petite Kabylie, dont elle est le chef-lieu. Elle est consid\u00e9r\u00e9e comme la capitale &#8230;<\/p>\n","protected":false},"author":1,"featured_media":29024,"template":"","categoria_ficha":[1960],"class_list":["post-29023","ficha","type-ficha","status-publish","has-post-thumbnail","hentry","categoria_ficha-cartes-de-jijel"],"acf":[],"_links":{"self":[{"href":"https:\/\/gifex.com\/fr\/wp-json\/wp\/v2\/ficha\/29023","targetHints":{"allow":["GET"]}}],"collection":[{"href":"https:\/\/gifex.com\/fr\/wp-json\/wp\/v2\/ficha"}],"about":[{"href":"https:\/\/gifex.com\/fr\/wp-json\/wp\/v2\/types\/ficha"}],"author":[{"embeddable":true,"href":"https:\/\/gifex.com\/fr\/wp-json\/wp\/v2\/users\/1"}],"version-history":[{"count":5,"href":"https:\/\/gifex.com\/fr\/wp-json\/wp\/v2\/ficha\/29023\/revisions"}],"predecessor-version":[{"id":36574,"href":"https:\/\/gifex.com\/fr\/wp-json\/wp\/v2\/ficha\/29023\/revisions\/36574"}],"wp:featuredmedia":[{"embeddable":true,"href":"https:\/\/gifex.com\/fr\/wp-json\/wp\/v2\/media\/29024"}],"wp:attachment":[{"href":"https:\/\/gifex.com\/fr\/wp-json\/wp\/v2\/media?parent=29023"}],"wp:term":[{"taxonomy":"categoria_ficha","embeddable":true,"href":"https:\/\/gifex.com\/fr\/wp-json\/wp\/v2\/categoria_ficha?post=29023"}],"curies":[{"name":"wp","href":"https:\/\/api.w.org\/{rel}","templated":true}]}}