{"id":28929,"date":"2023-01-12T14:11:50","date_gmt":"2023-01-12T14:11:50","guid":{"rendered":"https:\/\/gifex.com\/fr\/?post_type=ficha&#038;p=28929"},"modified":"2023-03-24T16:34:00","modified_gmt":"2023-03-24T16:34:00","slug":"carte-de-ghardaia","status":"publish","type":"ficha","link":"https:\/\/gifex.com\/fr\/fichier\/carte-de-ghardaia\/","title":{"rendered":"Carte de Gharda\u00efa"},"content":{"rendered":"<p>Carte de Gharda\u00efa, une commune de la wilaya de Gharda\u00efa en Alg\u00e9rie, dont elle est le chef-lieu, elle est la capitale de la vall\u00e9e du Mzab.<\/p>\n<figure id=\"attachment_28931\" aria-describedby=\"caption-attachment-28931\" style=\"width: 360px\" class=\"wp-caption alignright\"><a href=\"https:\/\/gifex.com\/fr\/wp-content\/uploads\/28929\/Vue-aerienne-de-Ghardaia.png\" target=\"_blank\" rel=\"noopener\"><img fetchpriority=\"high\" decoding=\"async\" class=\"wp-image-28931\" title=\"Vue a\u00e9rienne de Gharda\u00efa.\" src=\"https:\/\/gifex.com\/fr\/wp-content\/uploads\/28929\/Vue-aerienne-de-Ghardaia-300x190.png\" alt=\"Vue a\u00e9rienne de Gharda\u00efa.\" width=\"360\" height=\"228\" srcset=\"https:\/\/gifex.com\/fr\/wp-content\/uploads\/28929\/Vue-aerienne-de-Ghardaia-300x190.png 300w, https:\/\/gifex.com\/fr\/wp-content\/uploads\/28929\/Vue-aerienne-de-Ghardaia-1024x648.png 1024w, https:\/\/gifex.com\/fr\/wp-content\/uploads\/28929\/Vue-aerienne-de-Ghardaia-768x486.png 768w, https:\/\/gifex.com\/fr\/wp-content\/uploads\/28929\/Vue-aerienne-de-Ghardaia.png 1518w\" sizes=\"(max-width: 360px) 100vw, 360px\" \/><\/a><figcaption id=\"caption-attachment-28931\" class=\"wp-caption-text\"><label style=\"font-size: 15px;\">Vue a\u00e9rienne de Gharda\u00efa.<\/label><\/figcaption><\/figure>\n<ul>\n<li>Population : 93\u00a0423\u00a0hab. (2008)<\/li>\n<li>Population de l&#8217;agglom\u00e9ration : 140\u00a0000\u00a0hab.<\/li>\n<li>Superficie : 306\u00a0km<sup>2<\/sup><\/li>\n<li>Densit\u00e9 : 305\u00a0hab.\/km<sup>2<\/sup><\/li>\n<\/ul>\n<p>La ville est situ\u00e9e dans le d\u00e9sert du Sahara et s&#8217;\u00e9tend le long de la rive gauche du Wadi Mzab. La vall\u00e9e du M&#8217;zab dans la wilaya de Gharda\u00efa a \u00e9t\u00e9 inscrite sur la liste du patrimoine mondial de l&#8217;UNESCO en 1982, en tant que bien culturel \u00e9valu\u00e9 selon les crit\u00e8res II (pour son peuplement affectant l&#8217;urbanisme jusqu&#8217;au si\u00e8cle actuel), III (pour ses valeurs culturelles ibadites ), et V (une culture de peuplement qui a pr\u00e9valu jusqu&#8217;au si\u00e8cle actuel).<\/p>\n<figure id=\"attachment_28932\" aria-describedby=\"caption-attachment-28932\" style=\"width: 360px\" class=\"wp-caption alignright\"><a href=\"https:\/\/gifex.com\/fr\/wp-content\/uploads\/28929\/Ruelle-du-souk-de-Ghardaia.jpg\" target=\"_blank\" rel=\"noopener\"><img decoding=\"async\" class=\"wp-image-28932\" title=\"Ruelle du souk de Gharda\u00efa.\" src=\"https:\/\/gifex.com\/fr\/wp-content\/uploads\/28929\/Ruelle-du-souk-de-Ghardaia-300x200.jpg\" alt=\"Ruelle du souk de Gharda\u00efa.\" width=\"360\" height=\"240\" srcset=\"https:\/\/gifex.com\/fr\/wp-content\/uploads\/28929\/Ruelle-du-souk-de-Ghardaia-300x200.jpg 300w, https:\/\/gifex.com\/fr\/wp-content\/uploads\/28929\/Ruelle-du-souk-de-Ghardaia-768x512.jpg 768w, https:\/\/gifex.com\/fr\/wp-content\/uploads\/28929\/Ruelle-du-souk-de-Ghardaia.jpg 960w\" sizes=\"(max-width: 360px) 100vw, 360px\" \/><\/a><figcaption id=\"caption-attachment-28932\" class=\"wp-caption-text\"><label style=\"font-size: 15px;\">Ruelle du souk de Gharda\u00efa.<\/label><\/figcaption><\/figure>\n<p>Gharda\u00efa fait partie d&#8217;une pentapole, une ville perch\u00e9e parmi quatre autres, construite il y a pr\u00e8s de mille ans dans la vall\u00e9e du M&#8217;Zab. Elle a \u00e9t\u00e9 fond\u00e9e par les Mozabites, une secte ibadite des musulmans Berb\u00e8res.<\/p>\n<p>Centre majeur de production de dattes et de fabrication de tapis et de tissus. Divis\u00e9e en trois secteurs fortifi\u00e9s, c&#8217;est une ville fortifi\u00e9e. Au centre se trouve le quartier historique de M\u02bezabite, avec une mosqu\u00e9e de style pyramidal et une place \u00e0 arcades. Des maisons distinctives blanches, roses et rouges, faites de sable, d&#8217;argile et de gypse, s&#8217;\u00e9l\u00e8vent en terrasses et en arcades.<\/p>\n<p>Dans son livre de 1963, La Force des choses, la philosophe existentialiste fran\u00e7aise Simone de Beauvoir d\u00e9crit Gharda\u00efa comme \u00abune peinture cubiste magnifiquement construite\u00bb.<\/p>\n<p><strong>G\u00e9ographie<\/strong><\/p>\n<p>La ville est situ\u00e9e dans le d\u00e9sert du Sahara, dans le centre-nord de l&#8217;Alg\u00e9rie. La wilaya de Gharda\u00efa est divis\u00e9e en 13 communes ou communes, dont fait partie la commune de Gharda\u00efa. Elle est bord\u00e9e par les Wilayas de Ouargla et d&#8217;El Bayadh. Elle est nich\u00e9e dans la vall\u00e9e du M&#8217;zab, situ\u00e9e sur la rive gauche de l&#8217;Oued Mzab, g\u00e9n\u00e9ralement \u00e0 sec toute l&#8217;ann\u00e9e.<\/p>\n<p><strong>Agglom\u00e9rations secondaires<\/strong><\/p>\n<p>La commune de Gharda\u00efa couvre d\u00e9sormais une superficie de 590\u00a0km2 et comprend un certain nombre de faubourgs, villes et villages en plus de Gharda\u00efa. Les \u00e9tablissements de banlieue comprennent M\u00e9lika, B\u00e9ni Isguen, Bounoura (Has Bunur) et El Atteuf (Tadjnint), qui se trouvent tous au sud-est de la ville de Gharda\u00efa et l&#8217;ancien ksar de Metlili-Chaamba ou Metlili qui se trouve \u00e0 42\u00a0km au sud-ouest.<\/p>\n<p>En dehors de la vall\u00e9e du Mzab, Berriane (Has Ibergane) et El Guerrara (Iguerraren) sont des villes remarquables, les premi\u00e8res \u00e0 45\u00a0km au nord et les secondes \u00e0 110\u00a0km au nord-est.<\/p>\n<p><strong>\u00c9conomie<\/strong><\/p>\n<p>Gharda\u00efa est une ville commerciale et industrielle dynamique dans le Sahara alg\u00e9rien, elle consiste une plaque tournante des \u00e9changes a\u00e9riens, et du tourisme, gr\u00e2ce \u00e0 ses infrastructures : h\u00f4tels et a\u00e9roport. En 1970, une zone industrielle a \u00e9t\u00e9 impl\u00e9ment\u00e9e \u00e0 Bounoura. Mais c&#8217;est Gharda\u00efa qui offre la palette la plus large d&#8217;industries, dont l&#8217;essor a d\u00e9marr\u00e9 au d\u00e9but des ann\u00e9es 1980.<\/p>\n<p>En 2006, le secteur industriel rassemblait 55 entreprises r\u00e9parties dans les trois zones industrielles de la wilaya : Gharda\u00efa, Bounoura, et Bouhaoua et la production s&#8217;articule autour des mat\u00e9riaux de construction. La wilaya de Gharda\u00efa pr\u00e9sente notamment une forte concentration de l&#8217;industrie textile et qui constitue une des sp\u00e9cialit\u00e9s de la r\u00e9gion, cette industrie du fait de sa production importante, repr\u00e9sente l&#8217;essentiel du march\u00e9 national. Le secteur est assez largement diversifi\u00e9, la force et la densit\u00e9 des r\u00e9seaux mozabites \u00e9tendus \u00e0 l&#8217;ensemble du territoire national, comme les capacit\u00e9s d&#8217;investissements induites par ces r\u00e9seaux expliquent en partie le dynamisme de ce secteur.<\/p>\n","protected":false},"excerpt":{"rendered":"<p>Gharda\u00efa est une commune de la wilaya de Gharda\u00efa en Alg\u00e9rie, dont elle est le chef-lieu, elle est la capitale de la vall\u00e9e du Mzab. Population : 93\u00a0423\u00a0hab. <\/p>\n","protected":false},"author":1,"featured_media":28930,"template":"","categoria_ficha":[1956],"class_list":["post-28929","ficha","type-ficha","status-publish","has-post-thumbnail","hentry","categoria_ficha-cartes-de-ghardaia"],"acf":[],"_links":{"self":[{"href":"https:\/\/gifex.com\/fr\/wp-json\/wp\/v2\/ficha\/28929","targetHints":{"allow":["GET"]}}],"collection":[{"href":"https:\/\/gifex.com\/fr\/wp-json\/wp\/v2\/ficha"}],"about":[{"href":"https:\/\/gifex.com\/fr\/wp-json\/wp\/v2\/types\/ficha"}],"author":[{"embeddable":true,"href":"https:\/\/gifex.com\/fr\/wp-json\/wp\/v2\/users\/1"}],"version-history":[{"count":3,"href":"https:\/\/gifex.com\/fr\/wp-json\/wp\/v2\/ficha\/28929\/revisions"}],"predecessor-version":[{"id":36342,"href":"https:\/\/gifex.com\/fr\/wp-json\/wp\/v2\/ficha\/28929\/revisions\/36342"}],"wp:featuredmedia":[{"embeddable":true,"href":"https:\/\/gifex.com\/fr\/wp-json\/wp\/v2\/media\/28930"}],"wp:attachment":[{"href":"https:\/\/gifex.com\/fr\/wp-json\/wp\/v2\/media?parent=28929"}],"wp:term":[{"taxonomy":"categoria_ficha","embeddable":true,"href":"https:\/\/gifex.com\/fr\/wp-json\/wp\/v2\/categoria_ficha?post=28929"}],"curies":[{"name":"wp","href":"https:\/\/api.w.org\/{rel}","templated":true}]}}