{"id":28926,"date":"2023-01-12T02:14:34","date_gmt":"2023-01-12T02:14:34","guid":{"rendered":"https:\/\/gifex.com\/fr\/?post_type=ficha&#038;p=28926"},"modified":"2023-01-12T02:14:34","modified_gmt":"2023-01-12T02:14:34","slug":"quelles-sont-les-dairas-de-la-wilaya-de-m-sila","status":"publish","type":"ficha","link":"https:\/\/gifex.com\/fr\/fichier\/quelles-sont-les-dairas-de-la-wilaya-de-m-sila\/","title":{"rendered":"Quelles sont les da\u00efras de la wilaya de M&#8217;Sila ?"},"content":{"rendered":"<p style=\"text-align: center;\"><label style=\"font-size: 15px;\">Carte des da\u00efras de la wilaya de M&#8217;Sila.<\/label><\/p>\n<p><strong>Da\u00efras de la wilaya de M&#8217;Sila<\/strong><\/p>\n<p>La wilaya de M&#8217;Sila est divis\u00e9e en quinze da\u00efras (circonscriptions administratives), chacune comprenant de deux \u00e0 cinq communes, pour un total de quarante-sept communes. Le tableau suivant donne la liste des da\u00efras de M&#8217;Sila, en pr\u00e9cisant pour chaque da\u00efra sa population en 2018 et les communes qui la composent.<\/p>\n<div class=\"boxscrl\">\n<table width=\"654\">\n<tbody>\n<tr>\n<td rowspan=\"2\" width=\"118\">Da\u00efra<\/td>\n<td width=\"77\">Nombre de<\/td>\n<td rowspan=\"2\" width=\"384\">Communes<\/td>\n<td width=\"75\">Population<\/td>\n<\/tr>\n<tr>\n<td width=\"77\">communes<\/td>\n<td width=\"75\">(hab.)<\/td>\n<\/tr>\n<tr>\n<td>M&#8217;Sila<\/td>\n<td width=\"77\">1<\/td>\n<td>M&#8217;Sila<\/td>\n<td width=\"75\">156\u00a0647<\/td>\n<\/tr>\n<tr>\n<td>Hammam Dalaa<\/td>\n<td width=\"77\">4<\/td>\n<td width=\"384\">Hammam Dalaa\u00a0\u2022 Tarmount \u00a0\u2022 Ouled Mansour\u00a0\u2022 Ouanougha<\/td>\n<td width=\"75\">69\u00a0932<\/td>\n<\/tr>\n<tr>\n<td>Ouled Derradj<\/td>\n<td width=\"77\">5<\/td>\n<td width=\"384\">Ouled Derradj\u00a0\u2022 Maadid\u00a0\u2022 M&#8217;Tarfa\u00a0\u2022 Ouled Addi Guebala\u00a0\u2022 Souamaa<\/td>\n<td width=\"75\">91\u00a0531<\/td>\n<\/tr>\n<tr>\n<td>Sidi Aissa<\/td>\n<td width=\"77\">3<\/td>\n<td width=\"384\">Sidi Aissa\u00a0\u2022 Bouti Sayah\u00a0\u2022 Beni Ilmane<\/td>\n<td width=\"75\">89\u00a0881<\/td>\n<\/tr>\n<tr>\n<td>A\u00efn El Melh<\/td>\n<td width=\"77\">5<\/td>\n<td width=\"384\">A\u00efn El Melh\u00a0\u2022 Bir Foda\u00a0\u2022 A\u00efn Fares\u00a0\u2022 Sidi M&#8217;hamed\u00a0\u2022 A\u00efn Errich<\/td>\n<td width=\"75\">73\u00a0421<\/td>\n<\/tr>\n<tr>\n<td>Ben Srour<\/td>\n<td width=\"77\">4<\/td>\n<td width=\"384\">Ben Srour\u00a0\u2022 Ouled Slimane\u00a0\u2022 Zarzour\u00a0\u2022 Mohammed Boudiaf<\/td>\n<td width=\"75\">49\u00a0527<\/td>\n<\/tr>\n<tr>\n<td>Bou Saada<\/td>\n<td width=\"77\">3<\/td>\n<td width=\"384\">Bou Saada\u00a0\u2022 El Hamel\u00a0\u2022 Oultem<\/td>\n<td width=\"75\">138\u00a0880<\/td>\n<\/tr>\n<tr>\n<td>Ouled sidi Brahim<\/td>\n<td width=\"77\">2<\/td>\n<td width=\"384\">Ouled Sidi Brahim\u00a0\u2022 Benzouh<\/td>\n<td width=\"75\">16\u00a0352<\/td>\n<\/tr>\n<tr>\n<td>Sidi Ameur<\/td>\n<td width=\"77\">2<\/td>\n<td width=\"384\">Sidi Ameur\u00a0\u2022 Tamsa<\/td>\n<td width=\"75\">29\u00a0054<\/td>\n<\/tr>\n<tr>\n<td>Magra<\/td>\n<td width=\"77\">5<\/td>\n<td width=\"384\">Magra\u00a0\u2022 Berhoum\u00a0\u2022 A\u00efn El Khadra\u00a0\u2022 Belaiba \u00a0\u2022 Dehahna<\/td>\n<td width=\"75\">126\u00a0017<\/td>\n<\/tr>\n<tr>\n<td>Chellal<\/td>\n<td width=\"77\">4<\/td>\n<td width=\"384\">Chellal\u00a0\u2022 Ouled Madhi\u00a0\u2022 Khettouti Sed El Djir\u00a0\u2022 Maarif<\/td>\n<td width=\"75\">32\u00a0807<\/td>\n<\/tr>\n<tr>\n<td>Khoubana<\/td>\n<td width=\"77\">3<\/td>\n<td width=\"384\">Khoubana\u00a0\u2022 M&#8217;Cif\u00a0\u2022 El Houamed<\/td>\n<td width=\"75\">27\u00a0959<\/td>\n<\/tr>\n<tr>\n<td>Medjedel<\/td>\n<td width=\"77\">2<\/td>\n<td width=\"384\">Medjedel \u00a0\u2022 Ouled Atia<\/td>\n<td width=\"75\">29\u00a0556<\/td>\n<\/tr>\n<tr>\n<td>A\u00efn El Hadjel<\/td>\n<td width=\"77\">2<\/td>\n<td width=\"384\">A\u00efn El Hadjel\u00a0\u2022 Sidi Hadjeres<\/td>\n<td width=\"75\">39\u00a0732<\/td>\n<\/tr>\n<tr>\n<td>Djebel Messaad<\/td>\n<td width=\"77\">2<\/td>\n<td width=\"384\">Djebel Messaad\u00a0\u2022 Slim<\/td>\n<td width=\"75\">19\u00a0296<\/td>\n<\/tr>\n<\/tbody>\n<\/table>\n<\/div>\n","protected":false},"excerpt":{"rendered":"<p>Carte des da\u00efras de la wilaya de M&#8217;Sila. Da\u00efras de la wilaya de M&#8217;Sila. La wilaya de M&#8217;Sila est divis\u00e9e en quinze da\u00efras (circonscriptions administratives) &#8230;<\/p>\n","protected":false},"author":1,"featured_media":28927,"template":"","categoria_ficha":[1955],"class_list":["post-28926","ficha","type-ficha","status-publish","has-post-thumbnail","hentry","categoria_ficha-cartes-de-m-sila"],"acf":[],"_links":{"self":[{"href":"https:\/\/gifex.com\/fr\/wp-json\/wp\/v2\/ficha\/28926","targetHints":{"allow":["GET"]}}],"collection":[{"href":"https:\/\/gifex.com\/fr\/wp-json\/wp\/v2\/ficha"}],"about":[{"href":"https:\/\/gifex.com\/fr\/wp-json\/wp\/v2\/types\/ficha"}],"author":[{"embeddable":true,"href":"https:\/\/gifex.com\/fr\/wp-json\/wp\/v2\/users\/1"}],"version-history":[{"count":1,"href":"https:\/\/gifex.com\/fr\/wp-json\/wp\/v2\/ficha\/28926\/revisions"}],"predecessor-version":[{"id":28928,"href":"https:\/\/gifex.com\/fr\/wp-json\/wp\/v2\/ficha\/28926\/revisions\/28928"}],"wp:featuredmedia":[{"embeddable":true,"href":"https:\/\/gifex.com\/fr\/wp-json\/wp\/v2\/media\/28927"}],"wp:attachment":[{"href":"https:\/\/gifex.com\/fr\/wp-json\/wp\/v2\/media?parent=28926"}],"wp:term":[{"taxonomy":"categoria_ficha","embeddable":true,"href":"https:\/\/gifex.com\/fr\/wp-json\/wp\/v2\/categoria_ficha?post=28926"}],"curies":[{"name":"wp","href":"https:\/\/api.w.org\/{rel}","templated":true}]}}