{"id":28657,"date":"2023-01-05T23:22:38","date_gmt":"2023-01-05T23:22:38","guid":{"rendered":"https:\/\/gifex.com\/fr\/?post_type=ficha&#038;p=28657"},"modified":"2023-01-05T23:22:38","modified_gmt":"2023-01-05T23:22:38","slug":"quelles-sont-les-dairas-de-la-wilaya-de-tlemcen","status":"publish","type":"ficha","link":"https:\/\/gifex.com\/fr\/fichier\/quelles-sont-les-dairas-de-la-wilaya-de-tlemcen\/","title":{"rendered":"Quelles sont les da\u00efras de la wilaya de Tlemcen ?"},"content":{"rendered":"<p style=\"text-align: center;\"><label style=\"font-size: 15px;\">Carte des da\u00efras de la wilaya de Tlemcen.<\/label><\/p>\n<p><strong>Da\u00efras de la wilaya de Tlemcen<\/strong><\/p>\n<p>La wilaya de Tlemcen, est divis\u00e9e en vingt da\u00efras (circonscriptions administratives), chacune comprenant plusieurs communes, pour un total de cinquante-trois communes. Le tableau suivant donne la liste des da\u00efras de Tlemcen, en pr\u00e9cisant pour chaque da\u00efra les communes qui la composent.<\/p>\n<div class=\"boxscrl\">\n<table width=\"608\">\n<tbody>\n<tr>\n<td rowspan=\"3\" width=\"115\">Da\u00efra<\/td>\n<td width=\"77\">Nombre de<\/td>\n<td rowspan=\"3\" width=\"416\">Communes<\/td>\n<\/tr>\n<tr>\n<td width=\"77\">communes<\/td>\n<\/tr>\n<tr>\n<td width=\"77\"><\/td>\n<\/tr>\n<tr>\n<td>A\u00efn Tallout<\/td>\n<td width=\"77\">2<\/td>\n<td width=\"416\">A\u00efn Nehala \u2022 A\u00efn Tallout<\/td>\n<\/tr>\n<tr>\n<td>Bab El Assa<\/td>\n<td width=\"77\">3<\/td>\n<td width=\"416\">Bab El Assa \u2022 Souani \u2022 Souk Tlata<\/td>\n<\/tr>\n<tr>\n<td>Beni Boussaid<\/td>\n<td width=\"77\">2<\/td>\n<td width=\"416\">Beni Boussaid \u2022 Sidi Medjahed<\/td>\n<\/tr>\n<tr>\n<td>Beni Snous<\/td>\n<td width=\"77\">3<\/td>\n<td width=\"416\">Aza\u00efls \u2022 Beni Bahdel \u2022 Beni Snous<\/td>\n<\/tr>\n<tr>\n<td>Bensekrane<\/td>\n<td width=\"77\">2<\/td>\n<td width=\"416\">Bensekrane \u2022 Sidi Abdelli<\/td>\n<\/tr>\n<tr>\n<td>Chetouane<\/td>\n<td width=\"77\">3<\/td>\n<td width=\"416\">A\u00efn Fezza \u2022 Amieur \u2022 Chetouane<\/td>\n<\/tr>\n<tr>\n<td>Fellaoucene<\/td>\n<td width=\"77\">3<\/td>\n<td width=\"416\">A\u00efn Fetah \u2022 A\u00efn Kebira \u2022 Fellaoucene<\/td>\n<\/tr>\n<tr>\n<td>Ghazaouet<\/td>\n<td width=\"77\">4<\/td>\n<td width=\"416\">Dar Yaghmouracene \u2022 Ghazaouet \u2022 Souahlia \u2022 Tienet<\/td>\n<\/tr>\n<tr>\n<td>Hennaya<\/td>\n<td width=\"77\">3<\/td>\n<td width=\"416\">Hennaya \u2022 Ouled Riyah \u2022 Zenata<\/td>\n<\/tr>\n<tr>\n<td>Hona\u00efne<\/td>\n<td width=\"77\">2<\/td>\n<td width=\"416\">Beni Khellad \u2022 Hona\u00efne<\/td>\n<\/tr>\n<tr>\n<td>Maghnia<\/td>\n<td width=\"77\">2<\/td>\n<td width=\"416\">Hammam Boughrara \u2022 Maghnia<\/td>\n<\/tr>\n<tr>\n<td>Mansourah<\/td>\n<td width=\"77\">4<\/td>\n<td width=\"416\">A\u00efn Ghoraba \u2022 Beni Mester \u2022 Mansourah \u2022 Terny Beni Hdiel<\/td>\n<\/tr>\n<tr>\n<td>Marsa Ben M&#8217;Hidi<\/td>\n<td width=\"77\">2<\/td>\n<td width=\"416\">Marsa Ben M&#8217;Hidi \u2022 MSirda Fouaga<\/td>\n<\/tr>\n<tr>\n<td>Nedroma<\/td>\n<td width=\"77\">2<\/td>\n<td width=\"416\">Djebala \u2022 Nedroma<\/td>\n<\/tr>\n<tr>\n<td>Ouled Mimoun<\/td>\n<td width=\"77\">3<\/td>\n<td width=\"416\">Beni Semiel \u2022 Oued Lakhdar \u2022 Ouled Mimoun<\/td>\n<\/tr>\n<tr>\n<td>Remchi<\/td>\n<td width=\"77\">5<\/td>\n<td width=\"416\">A\u00efn Youcef \u2022 Beni Ouarsous \u2022 El Fehoul \u2022 Remchi \u2022 Sebaa Chioukh<\/td>\n<\/tr>\n<tr>\n<td>Sabra<\/td>\n<td width=\"77\">2<\/td>\n<td width=\"416\">Bouhlou \u2022 Sabra<\/td>\n<\/tr>\n<tr>\n<td>Sebdou<\/td>\n<td width=\"77\">3<\/td>\n<td width=\"416\">El Aricha \u2022 El Gor \u2022 Sebdou<\/td>\n<\/tr>\n<tr>\n<td>Sidi Djillali<\/td>\n<td width=\"77\">2<\/td>\n<td width=\"416\">El Bouihi \u2022 Sidi Djillali<\/td>\n<\/tr>\n<tr>\n<td>Tlemcen<\/td>\n<td width=\"77\">1<\/td>\n<td>Tlemcen<\/td>\n<\/tr>\n<\/tbody>\n<\/table>\n<\/div>\n","protected":false},"excerpt":{"rendered":"<p>Carte des da\u00efras de la wilaya de Tlemcen. Da\u00efras de la wilaya de Tlemcen. La wilaya de Tlemcen, est divis\u00e9e en vingt da\u00efras (circonscriptions administratives)<\/p>\n","protected":false},"author":1,"featured_media":28658,"template":"","categoria_ficha":[1945],"class_list":["post-28657","ficha","type-ficha","status-publish","has-post-thumbnail","hentry","categoria_ficha-cartes-de-tlemcen"],"acf":[],"_links":{"self":[{"href":"https:\/\/gifex.com\/fr\/wp-json\/wp\/v2\/ficha\/28657","targetHints":{"allow":["GET"]}}],"collection":[{"href":"https:\/\/gifex.com\/fr\/wp-json\/wp\/v2\/ficha"}],"about":[{"href":"https:\/\/gifex.com\/fr\/wp-json\/wp\/v2\/types\/ficha"}],"author":[{"embeddable":true,"href":"https:\/\/gifex.com\/fr\/wp-json\/wp\/v2\/users\/1"}],"version-history":[{"count":1,"href":"https:\/\/gifex.com\/fr\/wp-json\/wp\/v2\/ficha\/28657\/revisions"}],"predecessor-version":[{"id":28659,"href":"https:\/\/gifex.com\/fr\/wp-json\/wp\/v2\/ficha\/28657\/revisions\/28659"}],"wp:featuredmedia":[{"embeddable":true,"href":"https:\/\/gifex.com\/fr\/wp-json\/wp\/v2\/media\/28658"}],"wp:attachment":[{"href":"https:\/\/gifex.com\/fr\/wp-json\/wp\/v2\/media?parent=28657"}],"wp:term":[{"taxonomy":"categoria_ficha","embeddable":true,"href":"https:\/\/gifex.com\/fr\/wp-json\/wp\/v2\/categoria_ficha?post=28657"}],"curies":[{"name":"wp","href":"https:\/\/api.w.org\/{rel}","templated":true}]}}