{"id":28479,"date":"2023-01-02T15:04:19","date_gmt":"2023-01-02T15:04:19","guid":{"rendered":"https:\/\/gifex.com\/fr\/?post_type=ficha&#038;p=28479"},"modified":"2023-01-02T15:04:19","modified_gmt":"2023-01-02T15:04:19","slug":"quelles-sont-les-dairas-de-la-wilaya-de-tebessa","status":"publish","type":"ficha","link":"https:\/\/gifex.com\/fr\/fichier\/quelles-sont-les-dairas-de-la-wilaya-de-tebessa\/","title":{"rendered":"Quelles sont les da\u00efras de la wilaya de T\u00e9bessa ?"},"content":{"rendered":"<p style=\"text-align: center;\"><label style=\"font-size: 15px;\">Carte des da\u00efras de la wilaya de T\u00e9bessa.<\/label><\/p>\n<p><strong>Da\u00efras de la wilaya de T\u00e9bessa<\/strong><\/p>\n<p>La wilaya de T\u00e9bessa, est divis\u00e9e en douze da\u00efras (circonscriptions administratives), chacune comprenant plusieurs communes, pour un total de vingt-huit communes. Le tableau suivant donne la liste des da\u00efras de T\u00e9bessa et les communes qui les composent.<\/p>\n<div class=\"boxscrl\">\n<table width=\"608\">\n<tbody>\n<tr>\n<td rowspan=\"2\" width=\"96\">Da\u00efra<\/td>\n<td width=\"77\">Nombre de<\/td>\n<td rowspan=\"2\" width=\"290\">Communes<\/td>\n<td width=\"70\">Superficie<\/td>\n<td width=\"75\">Population<\/td>\n<\/tr>\n<tr>\n<td width=\"77\">communes<\/td>\n<td width=\"70\">(km\u00b2)<\/td>\n<td width=\"75\">(hab.)<\/td>\n<\/tr>\n<tr>\n<td>T\u00e9bessa<\/td>\n<td width=\"77\">1<\/td>\n<td>T\u00e9bessa<\/td>\n<td width=\"70\">184<\/td>\n<td width=\"75\">196\u00a0537<\/td>\n<\/tr>\n<tr>\n<td>El Kouif<\/td>\n<td width=\"77\">3<\/td>\n<td width=\"290\">Bekkaria\u00a0\u2022 Boulhaf Dir\u00a0\u2022 El Kouif<\/td>\n<td width=\"70\">577<\/td>\n<td width=\"75\">31\u00a0977<\/td>\n<\/tr>\n<tr>\n<td>Morsott<\/td>\n<td width=\"77\">2<\/td>\n<td width=\"290\">Bir Dheb\u00a0\u2022 Morsott<\/td>\n<td width=\"70\">575<\/td>\n<td width=\"75\">24\u00a0419<\/td>\n<\/tr>\n<tr>\n<td>El Ma Labiodh<\/td>\n<td width=\"77\">2<\/td>\n<td width=\"290\">El Houidjbet\u00a0\u2022 El Ma Labiodh<\/td>\n<td width=\"70\">602<\/td>\n<td width=\"75\">16\u00a0168<\/td>\n<\/tr>\n<tr>\n<td>El Aouinet<\/td>\n<td width=\"77\">2<\/td>\n<td width=\"290\">Boukhadra\u00a0\u2022 El Aouinet<\/td>\n<td width=\"70\">624<\/td>\n<td width=\"75\">32\u00a0383<\/td>\n<\/tr>\n<tr>\n<td>Ouenza<\/td>\n<td width=\"77\">3<\/td>\n<td width=\"290\">A\u00efn Zerga\u00a0\u2022 El Meridj\u00a0\u2022 Ouenza<\/td>\n<td width=\"70\">717<\/td>\n<td width=\"75\">84\u00a0620<\/td>\n<\/tr>\n<tr>\n<td>Bir Mokkadem<\/td>\n<td width=\"77\">3<\/td>\n<td width=\"290\">Hammamet\u00a0\u2022 Guorriguer\u00a0\u2022 Bir Mokkadem<\/td>\n<td width=\"70\">842<\/td>\n<td width=\"75\">38\u00a0470<\/td>\n<\/tr>\n<tr>\n<td>Bir el-Ater<\/td>\n<td width=\"77\">2<\/td>\n<td width=\"290\">Ogla Melha\u00a0\u2022 Bir el-Ater<\/td>\n<td width=\"70\">2\u00a0552<\/td>\n<td width=\"75\">83\u00a0626<\/td>\n<\/tr>\n<tr>\n<td>El Ogla<\/td>\n<td width=\"77\">4<\/td>\n<td width=\"290\">El Mezeraa\u00a0\u2022 Bedjene\u00a0\u2022 Stah Guentis\u00a0\u2022 El Ogla<\/td>\n<td width=\"70\">1\u00a0941<\/td>\n<td width=\"75\">27\u00a0212<\/td>\n<\/tr>\n<tr>\n<td>Oum Ali<\/td>\n<td width=\"77\">2<\/td>\n<td width=\"290\">Safsaf El Ouesra\u00a0\u2022 Oum Ali<\/td>\n<td width=\"70\">665<\/td>\n<td width=\"75\">9\u00a0818<\/td>\n<\/tr>\n<tr>\n<td>Negrine<\/td>\n<td width=\"77\">2<\/td>\n<td width=\"290\">Ferkane\u00a0\u2022 Negrine<\/td>\n<td width=\"70\">2\u00a0507<\/td>\n<td width=\"75\">14\u00a0815<\/td>\n<\/tr>\n<tr>\n<td>Cheria<\/td>\n<td width=\"77\">2<\/td>\n<td width=\"290\">Tlidjene\u00a0\u2022 Cheria<\/td>\n<td width=\"70\">2\u00a0092<\/td>\n<td width=\"75\">85\u00a0600<\/td>\n<\/tr>\n<\/tbody>\n<\/table>\n<\/div>\n","protected":false},"excerpt":{"rendered":"<p>Carte des da\u00efras de la wilaya de T\u00e9bessa. Da\u00efras de la wilaya de T\u00e9bessa. La wilaya de T\u00e9bessa, est divis\u00e9e en douze da\u00efras (circonscriptions administratives)<\/p>\n","protected":false},"author":1,"featured_media":28480,"template":"","categoria_ficha":[1939],"class_list":["post-28479","ficha","type-ficha","status-publish","has-post-thumbnail","hentry","categoria_ficha-cartes-de-tebessa"],"acf":[],"_links":{"self":[{"href":"https:\/\/gifex.com\/fr\/wp-json\/wp\/v2\/ficha\/28479","targetHints":{"allow":["GET"]}}],"collection":[{"href":"https:\/\/gifex.com\/fr\/wp-json\/wp\/v2\/ficha"}],"about":[{"href":"https:\/\/gifex.com\/fr\/wp-json\/wp\/v2\/types\/ficha"}],"author":[{"embeddable":true,"href":"https:\/\/gifex.com\/fr\/wp-json\/wp\/v2\/users\/1"}],"version-history":[{"count":1,"href":"https:\/\/gifex.com\/fr\/wp-json\/wp\/v2\/ficha\/28479\/revisions"}],"predecessor-version":[{"id":28481,"href":"https:\/\/gifex.com\/fr\/wp-json\/wp\/v2\/ficha\/28479\/revisions\/28481"}],"wp:featuredmedia":[{"embeddable":true,"href":"https:\/\/gifex.com\/fr\/wp-json\/wp\/v2\/media\/28480"}],"wp:attachment":[{"href":"https:\/\/gifex.com\/fr\/wp-json\/wp\/v2\/media?parent=28479"}],"wp:term":[{"taxonomy":"categoria_ficha","embeddable":true,"href":"https:\/\/gifex.com\/fr\/wp-json\/wp\/v2\/categoria_ficha?post=28479"}],"curies":[{"name":"wp","href":"https:\/\/api.w.org\/{rel}","templated":true}]}}