{"id":28407,"date":"2022-12-31T18:34:47","date_gmt":"2022-12-31T18:34:47","guid":{"rendered":"https:\/\/gifex.com\/fr\/?post_type=ficha&#038;p=28407"},"modified":"2023-01-25T22:17:55","modified_gmt":"2023-01-25T22:17:55","slug":"quelles-sont-les-dairas-de-la-wilaya-de-sidi-bel-abbes","status":"publish","type":"ficha","link":"https:\/\/gifex.com\/fr\/fichier\/quelles-sont-les-dairas-de-la-wilaya-de-sidi-bel-abbes\/","title":{"rendered":"Quelles sont les da\u00efras de la wilaya de Sidi Bel Abb\u00e8s ?"},"content":{"rendered":"<p style=\"text-align: center;\"><label style=\"font-size: 15px;\">Carte des da\u00efras de la wilaya de Sidi Bel Abb\u00e8s.<\/label><\/p>\n<p><strong>Da\u00efras de la wilaya de Sidi Bel Abb\u00e8s<\/strong><\/p>\n<p>La wilaya de Sidi Bel Abb\u00e8s est divis\u00e9e en quinze da\u00efras (circonscriptions administratives), chacune comprenant plusieurs communes, pour un total de cinquante-deux communes. Le tableau suivant donne la liste des da\u00efras de <label>Sidi Bel Abb\u00e8s<\/label> et les communes qui les composent.<\/p>\n<div class=\"boxscrl\">\n<table width=\"729\">\n<tbody>\n<tr>\n<td width=\"74\">Num\u00e9ro<\/td>\n<td rowspan=\"2\" width=\"133\">Da\u00efra<\/td>\n<td width=\"77\">Nombre de<\/td>\n<td rowspan=\"2\" width=\"445\">Communes<\/td>\n<\/tr>\n<tr>\n<td>sur la carte<\/td>\n<td width=\"77\">communes<\/td>\n<\/tr>\n<tr>\n<td>1<\/td>\n<td>A\u00efn el Berd<\/td>\n<td width=\"77\">4<\/td>\n<td width=\"445\">A\u00efn el Berd \u2022 Sidi Brahim \u2022 Makedra \u2022 Sidi Hamadouche<\/td>\n<\/tr>\n<tr>\n<td>2<\/td>\n<td>Ben Badis<\/td>\n<td width=\"77\">4<\/td>\n<td width=\"445\">Ben Badis \u2022 Badredine El Mokrani \u2022 Hassi Zahana \u2022 Chettouane Belaila<\/td>\n<\/tr>\n<tr>\n<td>3<\/td>\n<td>Marhoum<\/td>\n<td width=\"77\">3<\/td>\n<td width=\"445\">Marhoum \u2022 Sidi Chaib \u2022 Bir El Hammam<\/td>\n<\/tr>\n<tr>\n<td>4<\/td>\n<td>Merine<\/td>\n<td width=\"77\">4<\/td>\n<td width=\"445\">Merine \u2022 Tafissour \u2022 Oued Taourira \u2022 Taoudmout<\/td>\n<\/tr>\n<tr>\n<td>5<\/td>\n<td>Mostefa Ben Brahim<\/td>\n<td width=\"77\">4<\/td>\n<td width=\"445\">Mostefa Ben Brahim \u2022 Tilmouni \u2022 Zerouala \u2022 Belarbi<\/td>\n<\/tr>\n<tr>\n<td>6<\/td>\n<td>Moulay Slissen<\/td>\n<td width=\"77\">3<\/td>\n<td width=\"445\">Moulay Slissen \u2022 El Ha\u00e7aiba \u2022 A\u00efn Tindamine<\/td>\n<\/tr>\n<tr>\n<td>7<\/td>\n<td>Ras El Ma<\/td>\n<td width=\"77\">3<\/td>\n<td width=\"445\">Ras El Ma \u2022 Oued Sebaa \u2022 Redjem Demouche<\/td>\n<\/tr>\n<tr>\n<td>8<\/td>\n<td>Sfisef<\/td>\n<td width=\"77\">4<\/td>\n<td width=\"445\">Sfisef \u2022 M&#8217;Cid \u2022 A\u00efn Adden \u2022 Boudjebha El Bordj<\/td>\n<\/tr>\n<tr>\n<td>9<\/td>\n<td>Sidi Ali Benyoub<\/td>\n<td width=\"77\">3<\/td>\n<td width=\"445\">Sidi Ali Benyoub \u2022 Boukhanafis \u2022 Tabia<\/td>\n<\/tr>\n<tr>\n<td>10<\/td>\n<td>Sidi Ali Boussidi<\/td>\n<td width=\"77\">4<\/td>\n<td width=\"445\">Sidi Ali Boussidi \u2022 A\u00efn Kada \u2022 Lamtar \u2022 Sidi Daho des Zairs<\/td>\n<\/tr>\n<tr>\n<td>11<\/td>\n<td>Sidi Bel Abb\u00e8s<\/td>\n<td width=\"77\">1<\/td>\n<td>Sidi Bel Abb\u00e8s<\/td>\n<\/tr>\n<tr>\n<td>12<\/td>\n<td>Sidi Lahcene<\/td>\n<td width=\"77\">4<\/td>\n<td width=\"445\">Sidi Lahcene \u2022 Amarnas \u2022 Sidi Khaled \u2022 Sidi Yacoub<\/td>\n<\/tr>\n<tr>\n<td>13<\/td>\n<td>Telagh<\/td>\n<td width=\"77\">4<\/td>\n<td width=\"445\">Telagh \u2022 Mezaourou \u2022 Dhaya \u2022 Teghalimet<\/td>\n<\/tr>\n<tr>\n<td>14<\/td>\n<td>Tenira<\/td>\n<td width=\"77\">4<\/td>\n<td width=\"445\">Tenira \u2022 Oued Sefioun \u2022 Benachiba Chelia \u2022 Hassi Dahou<\/td>\n<\/tr>\n<tr>\n<td>15<\/td>\n<td>Tessala<\/td>\n<td width=\"77\">3<\/td>\n<td width=\"445\">Tessala \u2022 A\u00efn Thrid \u2022 Sehala Thaoura<\/td>\n<\/tr>\n<\/tbody>\n<\/table>\n<\/div>\n","protected":false},"excerpt":{"rendered":"<p>Carte des da\u00efras de la wilaya de Sidi Bel Abb\u00e8s. Da\u00efras de la wilaya de Sidi Bel Abb\u00e8s. La wilaya de Sidi Bel Abb\u00e8s est divis\u00e9e en quinze da\u00efras (circonscri &#8230;<\/p>\n","protected":false},"author":1,"featured_media":28408,"template":"","categoria_ficha":[1936],"class_list":["post-28407","ficha","type-ficha","status-publish","has-post-thumbnail","hentry","categoria_ficha-cartes-de-sidi-bel-abbes"],"acf":[],"_links":{"self":[{"href":"https:\/\/gifex.com\/fr\/wp-json\/wp\/v2\/ficha\/28407","targetHints":{"allow":["GET"]}}],"collection":[{"href":"https:\/\/gifex.com\/fr\/wp-json\/wp\/v2\/ficha"}],"about":[{"href":"https:\/\/gifex.com\/fr\/wp-json\/wp\/v2\/types\/ficha"}],"author":[{"embeddable":true,"href":"https:\/\/gifex.com\/fr\/wp-json\/wp\/v2\/users\/1"}],"version-history":[{"count":3,"href":"https:\/\/gifex.com\/fr\/wp-json\/wp\/v2\/ficha\/28407\/revisions"}],"predecessor-version":[{"id":30001,"href":"https:\/\/gifex.com\/fr\/wp-json\/wp\/v2\/ficha\/28407\/revisions\/30001"}],"wp:featuredmedia":[{"embeddable":true,"href":"https:\/\/gifex.com\/fr\/wp-json\/wp\/v2\/media\/28408"}],"wp:attachment":[{"href":"https:\/\/gifex.com\/fr\/wp-json\/wp\/v2\/media?parent=28407"}],"wp:term":[{"taxonomy":"categoria_ficha","embeddable":true,"href":"https:\/\/gifex.com\/fr\/wp-json\/wp\/v2\/categoria_ficha?post=28407"}],"curies":[{"name":"wp","href":"https:\/\/api.w.org\/{rel}","templated":true}]}}