{"id":28384,"date":"2022-12-31T17:19:27","date_gmt":"2022-12-31T17:19:27","guid":{"rendered":"https:\/\/gifex.com\/fr\/?post_type=ficha&#038;p=28384"},"modified":"2022-12-31T17:19:27","modified_gmt":"2022-12-31T17:19:27","slug":"carte-de-sidi-bel-abbes","status":"publish","type":"ficha","link":"https:\/\/gifex.com\/fr\/fichier\/carte-de-sidi-bel-abbes\/","title":{"rendered":"Carte de Sidi Bel Abb\u00e8s"},"content":{"rendered":"<p>Carte de Sidi Bel Abb\u00e8s, une commune de la wilaya de Sidi Bel Abb\u00e8s, dont elle est le chef-lieu, centre commercial et industriel dynamique situ\u00e9 \u00e0 470 m d&#8217;altitude. Un habitant de la ville de Sidi-Bel-Abb\u00e8s est appel\u00e9 un Bel-Abb\u00e9sien.<\/p>\n<figure id=\"attachment_28394\" aria-describedby=\"caption-attachment-28394\" style=\"width: 360px\" class=\"wp-caption alignright\"><a href=\"https:\/\/gifex.com\/fr\/wp-content\/uploads\/28384\/Vue-aerienne-de-Sidi-Bel-Abbes.jpg\" target=\"_blank\" rel=\"noopener\"><img fetchpriority=\"high\" decoding=\"async\" class=\"wp-image-28394\" title=\"Vue a\u00e9rienne de Sidi Bel Abb\u00e8s.\" src=\"https:\/\/gifex.com\/fr\/wp-content\/uploads\/28384\/Vue-aerienne-de-Sidi-Bel-Abbes-300x168.jpg\" alt=\"Vue a\u00e9rienne de Sidi Bel Abb\u00e8s.\" width=\"360\" height=\"201\" srcset=\"https:\/\/gifex.com\/fr\/wp-content\/uploads\/28384\/Vue-aerienne-de-Sidi-Bel-Abbes-300x168.jpg 300w, https:\/\/gifex.com\/fr\/wp-content\/uploads\/28384\/Vue-aerienne-de-Sidi-Bel-Abbes-1024x572.jpg 1024w, https:\/\/gifex.com\/fr\/wp-content\/uploads\/28384\/Vue-aerienne-de-Sidi-Bel-Abbes-768x429.jpg 768w, https:\/\/gifex.com\/fr\/wp-content\/uploads\/28384\/Vue-aerienne-de-Sidi-Bel-Abbes-1536x859.jpg 1536w, https:\/\/gifex.com\/fr\/wp-content\/uploads\/28384\/Vue-aerienne-de-Sidi-Bel-Abbes-2048x1145.jpg 2048w, https:\/\/gifex.com\/fr\/wp-content\/uploads\/28384\/Vue-aerienne-de-Sidi-Bel-Abbes-1600x894.jpg 1600w\" sizes=\"(max-width: 360px) 100vw, 360px\" \/><\/a><figcaption id=\"caption-attachment-28394\" class=\"wp-caption-text\"><label style=\"font-size: 15px;\">Vue a\u00e9rienne de Sidi Bel Abb\u00e8s.<\/label><\/figcaption><\/figure>\n<ul>\n<li>Population : 212\u00a0935\u00a0hab. (2008)<\/li>\n<li>Superficie : 9\u00a0150,63\u00a0km<sup>2<\/sup><\/li>\n<li>Densit\u00e9 : 23\u00a0hab.\/km<sup>2<\/sup><\/li>\n<\/ul>\n<p>La ville se d\u00e9ploie sur les rives de la Mekerra, et de l&#8217;oued Sarno. Elle se situe au centre d&#8217;une vaste plaine ondul\u00e9e de 500\u00a0m d&#8217;altitude moyenne, entre les monts du Tessala au nord et les monts de Daya au sud. La cha\u00eene du Tessala la s\u00e9pare des plaines de la Mleta et du Tl\u00e9lat. \u00c0 l&#8217;est, une suite de hauteurs s&#8217;\u00e9tendent jusqu&#8217;aux monts qui soutiennent les hauts plateaux alors qu&#8217;\u00e0 l&#8217;ouest se trouvent les massifs de Tlemcen (Monts de Tlemcen) et d&#8217;A\u00efn-T\u00e9mouchent (Djebel Seba Chioukh).<\/p>\n<figure id=\"attachment_28396\" aria-describedby=\"caption-attachment-28396\" style=\"width: 360px\" class=\"wp-caption alignright\"><a href=\"https:\/\/gifex.com\/fr\/wp-content\/uploads\/28384\/Carte-postale-geographique-de-Sidi-Bel-Abbes.jpg\" target=\"_blank\" rel=\"noopener\"><img decoding=\"async\" class=\"wp-image-28396\" title=\"Carte postale g\u00e9ographique de Sidi Bel Abb\u00e8s.\" src=\"https:\/\/gifex.com\/fr\/wp-content\/uploads\/28384\/Carte-postale-geographique-de-Sidi-Bel-Abbes-212x300.jpg\" alt=\"Carte postale g\u00e9ographique de Sidi Bel Abb\u00e8s.\" width=\"360\" height=\"508\" srcset=\"https:\/\/gifex.com\/fr\/wp-content\/uploads\/28384\/Carte-postale-geographique-de-Sidi-Bel-Abbes-212x300.jpg 212w, https:\/\/gifex.com\/fr\/wp-content\/uploads\/28384\/Carte-postale-geographique-de-Sidi-Bel-Abbes-300x424.jpg 300w, https:\/\/gifex.com\/fr\/wp-content\/uploads\/28384\/Carte-postale-geographique-de-Sidi-Bel-Abbes.jpg 517w\" sizes=\"(max-width: 360px) 100vw, 360px\" \/><\/a><figcaption id=\"caption-attachment-28396\" class=\"wp-caption-text\"><label style=\"font-size: 15px;\">Carte postale g\u00e9ographique de Sidi Bel Abb\u00e8s.<\/label><\/figcaption><\/figure>\n<p><strong>\u00c9conomie<\/strong><\/p>\n<p>La ville est un centre commercial et industriel. L&#8217;activit\u00e9 de la ville est surtout ax\u00e9e sur les machines agricoles, le mat\u00e9riel \u00e9lectrique, les chaussures et les laiteries.<\/p>\n<p>La ville accueille le si\u00e8ge de l&#8217;usine de l&#8217;ENIE fabrique des t\u00e9l\u00e9viseurs, panneaux photovolta\u00efques, syst\u00e8mes de t\u00e9l\u00e9surveillance et d&#8217;autre produits \u00e9lectroniques \u00e0 destination des m\u00e9nages et des professionnels.<\/p>\n<p>Entreprise de Construction de mat\u00e9riels agricoles (CMA), est un complexe de fabrication et commercialisation de mat\u00e9riels agricoles et de la sous-traitance<\/p>\n<p>Groupe des Soci\u00e9t\u00e9s Hasnaoui, industrie des Services et de la Distribution.<\/p>\n<p>Groupe Chiali, professionnel des plastiques extrud\u00e9s depuis le d\u00e9but des ann\u00e9es 80, se pr\u00e9sente comme fournisseur de solutions fiables dans l\u2019eau, le gaz, l\u2019irrigation et le b\u00e2timent.<\/p>\n<p>Famag-Sonalika une Grande societ\u00e9 de construction de mat\u00e9riels agrigoles .<\/p>\n","protected":false},"excerpt":{"rendered":"<p>Sidi Bel Abb\u00e8s est une commune de la wilaya de Sidi Bel Abb\u00e8s, dont elle est le chef-lieu, centre commercial et industriel dynamique situ\u00e9 \u00e0 470 m d&#8217;altitude. <\/p>\n","protected":false},"author":1,"featured_media":28385,"template":"","categoria_ficha":[1936],"class_list":["post-28384","ficha","type-ficha","status-publish","has-post-thumbnail","hentry","categoria_ficha-cartes-de-sidi-bel-abbes"],"acf":[],"_links":{"self":[{"href":"https:\/\/gifex.com\/fr\/wp-json\/wp\/v2\/ficha\/28384","targetHints":{"allow":["GET"]}}],"collection":[{"href":"https:\/\/gifex.com\/fr\/wp-json\/wp\/v2\/ficha"}],"about":[{"href":"https:\/\/gifex.com\/fr\/wp-json\/wp\/v2\/types\/ficha"}],"author":[{"embeddable":true,"href":"https:\/\/gifex.com\/fr\/wp-json\/wp\/v2\/users\/1"}],"version-history":[{"count":2,"href":"https:\/\/gifex.com\/fr\/wp-json\/wp\/v2\/ficha\/28384\/revisions"}],"predecessor-version":[{"id":28397,"href":"https:\/\/gifex.com\/fr\/wp-json\/wp\/v2\/ficha\/28384\/revisions\/28397"}],"wp:featuredmedia":[{"embeddable":true,"href":"https:\/\/gifex.com\/fr\/wp-json\/wp\/v2\/media\/28385"}],"wp:attachment":[{"href":"https:\/\/gifex.com\/fr\/wp-json\/wp\/v2\/media?parent=28384"}],"wp:term":[{"taxonomy":"categoria_ficha","embeddable":true,"href":"https:\/\/gifex.com\/fr\/wp-json\/wp\/v2\/categoria_ficha?post=28384"}],"curies":[{"name":"wp","href":"https:\/\/api.w.org\/{rel}","templated":true}]}}