{"id":28374,"date":"2022-12-30T23:14:54","date_gmt":"2022-12-30T23:14:54","guid":{"rendered":"https:\/\/gifex.com\/fr\/?post_type=ficha&#038;p=28374"},"modified":"2022-12-30T23:14:54","modified_gmt":"2022-12-30T23:14:54","slug":"quelles-sont-les-dairas-de-la-wilaya-de-djelfa","status":"publish","type":"ficha","link":"https:\/\/gifex.com\/fr\/fichier\/quelles-sont-les-dairas-de-la-wilaya-de-djelfa\/","title":{"rendered":"Quelles sont les da\u00efras de la wilaya de Djelfa ?"},"content":{"rendered":"<p style=\"text-align: center;\"><label style=\"font-size: 15px;\">Carte des da\u00efras de la wilaya de Djelfa.<\/label><\/p>\n<p><strong>Da\u00efras de la wilaya de Djelfa<\/strong><\/p>\n<p>La wilaya de Djelfa est divis\u00e9e en douze da\u00efras (circonscriptions administratives), chacune comprenant plusieurs communes, pour un total de trente-six communes. Le tableau suivant donne la liste des da\u00efras de Djelfa et les communes qui les composent.<br \/>\n<label style=\"font-size: 15px;\"><\/label><\/p>\n<table width=\"588\">\n<tbody>\n<tr>\n<td width=\"74\">Num\u00e9ro<\/td>\n<td rowspan=\"2\" width=\"98\">Da\u00efra<\/td>\n<td width=\"77\">Nombre de<\/td>\n<td rowspan=\"2\" width=\"339\">Communes<\/td>\n<\/tr>\n<tr>\n<td>sur la carte<\/td>\n<td width=\"77\">communes<\/td>\n<\/tr>\n<tr>\n<td>VI<\/td>\n<td>Djelfa<\/td>\n<td width=\"77\">1<\/td>\n<td>Djelfa<\/td>\n<\/tr>\n<tr>\n<td>I<\/td>\n<td>A\u00efn El Ibel<\/td>\n<td width=\"77\">4<\/td>\n<td width=\"339\">A\u00efn El Ibel \u2022 Moudjebara \u2022 Tadmit \u2022 Zaccar<\/td>\n<\/tr>\n<tr>\n<td>II<\/td>\n<td>A\u00efn Oussara<\/td>\n<td width=\"77\">2<\/td>\n<td width=\"339\">A\u00efn Oussara \u2022 Guernini<\/td>\n<\/tr>\n<tr>\n<td>III<\/td>\n<td>Birine<\/td>\n<td width=\"77\">2<\/td>\n<td width=\"339\">Birine \u2022 Benhar<\/td>\n<\/tr>\n<tr>\n<td>IV<\/td>\n<td>Charef<\/td>\n<td width=\"77\">3<\/td>\n<td width=\"339\">Charef \u2022 El Guedid \u2022 Beni Yagoub<\/td>\n<\/tr>\n<tr>\n<td>V<\/td>\n<td>Dar Chioukh<\/td>\n<td width=\"77\">3<\/td>\n<td width=\"339\">Dar Chioukh \u2022 M&#8217;Liliha \u2022 Sidi Baizid<\/td>\n<\/tr>\n<tr>\n<td>VII<\/td>\n<td>El Idrissia<\/td>\n<td width=\"77\">3<\/td>\n<td width=\"339\">El Idrissia \u2022 Douis \u2022 A\u00efn Chouhada<\/td>\n<\/tr>\n<tr>\n<td>VIII<\/td>\n<td>Faidh El Botma<\/td>\n<td width=\"77\">3<\/td>\n<td width=\"339\">Faidh El Botma \u2022 Amourah \u2022 Oum Laadham<\/td>\n<\/tr>\n<tr>\n<td>IX<\/td>\n<td>Had-Sahary<\/td>\n<td width=\"77\">3<\/td>\n<td width=\"339\">Had-Sahary \u2022 Bouira Lahdab \u2022 A\u00efn Feka<\/td>\n<\/tr>\n<tr>\n<td>X<\/td>\n<td>Hassi Bahbah<\/td>\n<td width=\"77\">4<\/td>\n<td width=\"339\">Hassi Bahbah \u2022 Zaafrane \u2022 Hassi El Euch \u2022 A\u00efn Maabed<\/td>\n<\/tr>\n<tr>\n<td>XI<\/td>\n<td>Messaad<\/td>\n<td width=\"77\">5<\/td>\n<td width=\"339\">Messaad \u2022 Deldoul \u2022 Selmana \u2022 Sed Rahal \u2022 Guettara<\/td>\n<\/tr>\n<tr>\n<td>XII<\/td>\n<td>Sidi Ladjel<\/td>\n<td width=\"77\">3<\/td>\n<td width=\"339\">Sidi Ladjel \u2022 El Khemis \u2022 Hassi Fedoul<\/td>\n<\/tr>\n<\/tbody>\n<\/table>\n","protected":false},"excerpt":{"rendered":"<p>Carte des da\u00efras de la wilaya de Djelfa. Da\u00efras de la wilaya de Djelfa. La wilaya de Djelfa est divis\u00e9e en douze da\u00efras (circonscriptions administratives) &#8230;<\/p>\n","protected":false},"author":1,"featured_media":28375,"template":"","categoria_ficha":[1935],"class_list":["post-28374","ficha","type-ficha","status-publish","has-post-thumbnail","hentry","categoria_ficha-cartes-de-djelfa"],"acf":[],"_links":{"self":[{"href":"https:\/\/gifex.com\/fr\/wp-json\/wp\/v2\/ficha\/28374","targetHints":{"allow":["GET"]}}],"collection":[{"href":"https:\/\/gifex.com\/fr\/wp-json\/wp\/v2\/ficha"}],"about":[{"href":"https:\/\/gifex.com\/fr\/wp-json\/wp\/v2\/types\/ficha"}],"author":[{"embeddable":true,"href":"https:\/\/gifex.com\/fr\/wp-json\/wp\/v2\/users\/1"}],"version-history":[{"count":1,"href":"https:\/\/gifex.com\/fr\/wp-json\/wp\/v2\/ficha\/28374\/revisions"}],"predecessor-version":[{"id":28376,"href":"https:\/\/gifex.com\/fr\/wp-json\/wp\/v2\/ficha\/28374\/revisions\/28376"}],"wp:featuredmedia":[{"embeddable":true,"href":"https:\/\/gifex.com\/fr\/wp-json\/wp\/v2\/media\/28375"}],"wp:attachment":[{"href":"https:\/\/gifex.com\/fr\/wp-json\/wp\/v2\/media?parent=28374"}],"wp:term":[{"taxonomy":"categoria_ficha","embeddable":true,"href":"https:\/\/gifex.com\/fr\/wp-json\/wp\/v2\/categoria_ficha?post=28374"}],"curies":[{"name":"wp","href":"https:\/\/api.w.org\/{rel}","templated":true}]}}