{"id":28209,"date":"2022-12-28T20:25:43","date_gmt":"2022-12-28T20:25:43","guid":{"rendered":"https:\/\/gifex.com\/fr\/?post_type=ficha&#038;p=28209"},"modified":"2023-01-25T21:40:54","modified_gmt":"2023-01-25T21:40:54","slug":"carte-de-l-aeroport-de-setif-8-mai-1945","status":"publish","type":"ficha","link":"https:\/\/gifex.com\/fr\/fichier\/carte-de-l-aeroport-de-setif-8-mai-1945\/","title":{"rendered":"Carte de l&#8217;a\u00e9roport de S\u00e9tif &#8211; 8 mai 1945"},"content":{"rendered":"<p>Carte de l&#8217;a\u00e9roport de S\u00e9tif &#8211; 8 mai 1945, (code IATA : QSF \u2022 code OACI : DAAS), un a\u00e9roport international mixte alg\u00e9rien situ\u00e9 \u00e0 Ain Arnat 12 km \u00e0 l&#8217;ouest de la ville de S\u00e9tif.<\/p>\n<figure id=\"attachment_28211\" aria-describedby=\"caption-attachment-28211\" style=\"width: 360px\" class=\"wp-caption alignright\"><a href=\"https:\/\/gifex.com\/fr\/wp-content\/uploads\/28209\/Vue-satellite-de-l-aeroport-de-Setif-8-mai-1945.jpg\" target=\"_blank\" rel=\"noopener\"><img fetchpriority=\"high\" decoding=\"async\" class=\"wp-image-28211\" title=\"Vue satellite de l'a\u00e9roport de S\u00e9tif - 8 mai 1945.\" src=\"https:\/\/gifex.com\/fr\/wp-content\/uploads\/28209\/Vue-satellite-de-l-aeroport-de-Setif-8-mai-1945-300x159.jpg\" alt=\"Vue satellite de l'a\u00e9roport de S\u00e9tif - 8 mai 1945.\" width=\"360\" height=\"191\" srcset=\"https:\/\/gifex.com\/fr\/wp-content\/uploads\/28209\/Vue-satellite-de-l-aeroport-de-Setif-8-mai-1945-300x159.jpg 300w, https:\/\/gifex.com\/fr\/wp-content\/uploads\/28209\/Vue-satellite-de-l-aeroport-de-Setif-8-mai-1945-1024x544.jpg 1024w, https:\/\/gifex.com\/fr\/wp-content\/uploads\/28209\/Vue-satellite-de-l-aeroport-de-Setif-8-mai-1945-768x408.jpg 768w, https:\/\/gifex.com\/fr\/wp-content\/uploads\/28209\/Vue-satellite-de-l-aeroport-de-Setif-8-mai-1945.jpg 1258w\" sizes=\"(max-width: 360px) 100vw, 360px\" \/><\/a><figcaption id=\"caption-attachment-28211\" class=\"wp-caption-text\"><label style=\"font-size: 15px;\">Vue satellite de l&#8217;a\u00e9roport de S\u00e9tif &#8211; 8 mai 1945.<\/label><\/figcaption><\/figure>\n<p>L\u2019a\u00e9roport de S\u00e9tif est un a\u00e9roport civil international desservant la ville de S\u00e9tif dans la r\u00e9gion des Hauts Plateaux au sud de la Kabylie, et sa r\u00e9gion (wilayas de S\u00e9tif et de Bordj-Bou-Arreridj). L\u2019a\u00e9roport est g\u00e9r\u00e9 par l&#8217;EGSA de Constantine.<\/p>\n<p>Cet a\u00e9roport est \u00e9galement un a\u00e9roport militaire car on retrouve sur ce m\u00eame terrain le 9e r\u00e9giment d&#8217;h\u00e9licopt\u00e8res d&#8217;entra\u00eenement (9e RHE) des forces a\u00e9riennes alg\u00e9riennes, ainsi que d&#8217;un centre d&#8217;instruction de l&#8217;infanterie et du 4e r\u00e9giment de parachutistes commandos (4e RPC) des forces terrestres alg\u00e9riennes.<\/p>\n<p><strong>Pistes<\/strong><\/p>\n<p>L\u2019a\u00e9roport dispose d&#8217;une piste en b\u00e9ton bitumineux d&#8217;une longueur de 3\u00a0000\u00a0m.<\/p>\n<p><strong>A\u00e9rogare<\/strong><\/p>\n<p>L&#8217;a\u00e9roport a \u00e9t\u00e9 r\u00e9nov\u00e9 et modernis\u00e9 de mani\u00e8re g\u00e9n\u00e9rale avec le remplacement des carrousels \u00e0 bagages ainsi que de l&#8217;am\u00e9nagement de duty free et de 8 nouvelles boutiques ainsi que de 4 bureaux de compagnies a\u00e9riennes et une agence bancaire.<\/p>\n<p>L\u2019a\u00e9rogare dispose \u00e9galement de 10 guichets d\u2019enregistrement, de 8 filtres de la PAF au niveau des d\u00e9parts, de plus \u00e0 l\u2019arriv\u00e9e internationale, l&#8217;a\u00e9roport dispose de 11 boxes dont un qui est d\u00e9di\u00e9 aux personnes handicap\u00e9s.<\/p>\n<p>L&#8217;a\u00e9rogare passe d&#8217;une capacit\u00e9 de 250 000 passagers\/an \u00e0 450 000 passagers\/an et elle a une superficie d&#8217;environ 1 500 m<sup>2<\/sup> \u00e0 une surface de 6 000 m<sup>2<\/sup>. L\u2019a\u00e9rogare est maintenant divis\u00e9 en deux parties, le national d&#8217;un c\u00f4t\u00e9 et l&#8217;international de l&#8217;autre.<\/p>\n<p>On retrouve \u00e9galement \u00e0 proximit\u00e9 de l&#8217;a\u00e9rogare un pavillon d\u2019honneur, permettant la r\u00e9ception de responsables politiques de tous le pays lors de leurs d\u00e9placements a\u00e9roport\u00e9s.<\/p>\n<p><strong>Acc\u00e8s<\/strong><\/p>\n<p>L\u2019acc\u00e8s a l\u2019a\u00e9roport par la route se fait par la route de wilaya W140, laquelle est reli\u00e9e \u00e0 la route nationale 5. On peut aussi acc\u00e9der \u00e0 l&#8217;a\u00e9roport par l&#8217;autoroute Est-Ouest.<\/p>\n<p>L&#8217;a\u00e9roport est \u00e9galement desservi par bus et par taxi.<\/p>\n","protected":false},"excerpt":{"rendered":"<p>L&#8217;a\u00e9roport de S\u00e9tif &#8211; 8 mai 1945 (code IATA\u00a0: QSF\u00a0\u2022\u00a0code OACI\u00a0: DAAS) est un a\u00e9roport international mixte alg\u00e9rien situ\u00e9 \u00e0 Ain Arnat 12\u00a0km \u00e0 l&#8217;ouest de la &#8230;<\/p>\n","protected":false},"author":1,"featured_media":28210,"template":"","categoria_ficha":[1931],"class_list":["post-28209","ficha","type-ficha","status-publish","has-post-thumbnail","hentry","categoria_ficha-cartes-de-setif"],"acf":[],"_links":{"self":[{"href":"https:\/\/gifex.com\/fr\/wp-json\/wp\/v2\/ficha\/28209","targetHints":{"allow":["GET"]}}],"collection":[{"href":"https:\/\/gifex.com\/fr\/wp-json\/wp\/v2\/ficha"}],"about":[{"href":"https:\/\/gifex.com\/fr\/wp-json\/wp\/v2\/types\/ficha"}],"author":[{"embeddable":true,"href":"https:\/\/gifex.com\/fr\/wp-json\/wp\/v2\/users\/1"}],"version-history":[{"count":2,"href":"https:\/\/gifex.com\/fr\/wp-json\/wp\/v2\/ficha\/28209\/revisions"}],"predecessor-version":[{"id":29939,"href":"https:\/\/gifex.com\/fr\/wp-json\/wp\/v2\/ficha\/28209\/revisions\/29939"}],"wp:featuredmedia":[{"embeddable":true,"href":"https:\/\/gifex.com\/fr\/wp-json\/wp\/v2\/media\/28210"}],"wp:attachment":[{"href":"https:\/\/gifex.com\/fr\/wp-json\/wp\/v2\/media?parent=28209"}],"wp:term":[{"taxonomy":"categoria_ficha","embeddable":true,"href":"https:\/\/gifex.com\/fr\/wp-json\/wp\/v2\/categoria_ficha?post=28209"}],"curies":[{"name":"wp","href":"https:\/\/api.w.org\/{rel}","templated":true}]}}