{"id":28159,"date":"2022-12-27T19:34:32","date_gmt":"2022-12-27T19:34:32","guid":{"rendered":"https:\/\/gifex.com\/fr\/?post_type=ficha&#038;p=28159"},"modified":"2023-03-24T17:14:53","modified_gmt":"2023-03-24T17:14:53","slug":"carte-de-l-aeroport-international-d-oran-ahmed-ben-bella","status":"publish","type":"ficha","link":"https:\/\/gifex.com\/fr\/fichier\/carte-de-l-aeroport-international-d-oran-ahmed-ben-bella\/","title":{"rendered":"Carte de l&#8217;a\u00e9roport international d&#8217;Oran &#8211; Ahmed Ben Bella"},"content":{"rendered":"<p>Carte de l&#8217;a\u00e9roport international d&#8217;Oran &#8211; Ahmed Ben Bella, (code IATA\u00a0: ORN\u00a0\u2022\u00a0code OACI\u00a0: DAOO), anciennement connu sous le nom d&#8217;A\u00e9roport d&#8217;Oran &#8211; Es S\u00e9nia, est un a\u00e9roport alg\u00e9rien, situ\u00e9 sur la commune de Es S\u00e9nia \u00e0 12\u00a0km au sud d&#8217;Oran. Il est le deuxi\u00e8me a\u00e9roport d&#8217;Alg\u00e9rie apr\u00e8s l&#8217;a\u00e9roport d&#8217;Alger &#8211; Houari Boum\u00e9di\u00e8ne.<\/p>\n<figure id=\"attachment_28162\" aria-describedby=\"caption-attachment-28162\" style=\"width: 360px\" class=\"wp-caption alignright\"><a href=\"https:\/\/gifex.com\/fr\/wp-content\/uploads\/28159\/Vue-satellite-de-l-aeroport-international-d-Oran-Ahmed-Ben-Bella.jpg\" target=\"_blank\" rel=\"noopener\"><img fetchpriority=\"high\" decoding=\"async\" class=\"wp-image-28162\" title=\"Vue satellite de l'a\u00e9roport international d'Oran - Ahmed Ben Bella.\" src=\"https:\/\/gifex.com\/fr\/wp-content\/uploads\/28159\/Vue-satellite-de-l-aeroport-international-d-Oran-Ahmed-Ben-Bella-300x134.jpg\" alt=\"Vue satellite de l'a\u00e9roport international d'Oran - Ahmed Ben Bella.\" width=\"360\" height=\"160\" srcset=\"https:\/\/gifex.com\/fr\/wp-content\/uploads\/28159\/Vue-satellite-de-l-aeroport-international-d-Oran-Ahmed-Ben-Bella-300x134.jpg 300w, https:\/\/gifex.com\/fr\/wp-content\/uploads\/28159\/Vue-satellite-de-l-aeroport-international-d-Oran-Ahmed-Ben-Bella-1024x456.jpg 1024w, https:\/\/gifex.com\/fr\/wp-content\/uploads\/28159\/Vue-satellite-de-l-aeroport-international-d-Oran-Ahmed-Ben-Bella-768x342.jpg 768w, https:\/\/gifex.com\/fr\/wp-content\/uploads\/28159\/Vue-satellite-de-l-aeroport-international-d-Oran-Ahmed-Ben-Bella.jpg 1386w\" sizes=\"(max-width: 360px) 100vw, 360px\" \/><\/a><figcaption id=\"caption-attachment-28162\" class=\"wp-caption-text\"><label style=\"font-size: 15px;\">Vue satellite de l&#8217;a\u00e9roport international d&#8217;Oran &#8211; Ahmed Ben Bella.<\/label><\/figcaption><\/figure>\n<p><strong>Situation<\/strong><\/p>\n<p>L\u2019a\u00e9roport d&#8217;Oran est un a\u00e9roport civil international desservant la ville d&#8217;Oran, deuxi\u00e8me ville la plus importante d&#8217;Alg\u00e9rie, et sa r\u00e9gion (wilayas d&#8217;Oran, de Mostaganem, de Mascara, d&#8217;A\u00efn-T\u00e9mouchent et de Sidi Bel Abb\u00e8s).<\/p>\n<p>L\u2019a\u00e9roport international Ahmed Ben Bella est g\u00e9r\u00e9 par l&#8217;EGSA d&#8217;Oran.<\/p>\n<p><strong>Infrastructures<\/strong><\/p>\n<p><strong>Pistes<\/strong><\/p>\n<p>Actuellement, l&#8217;a\u00e9roport dispose de deux pistes, l&#8217;une, d&#8217;une longueur de 3\u00a0600\u00a0m et faite en b\u00e9ton bitumineux, et la seconde, d&#8217;une longueur de 3\u00a0000\u00a0m est rev\u00eatue en asphalte.<\/p>\n<p><strong>A\u00e9rogares<\/strong><\/p>\n<p>L&#8217;a\u00e9roport d&#8217;Oran compte 3 a\u00e9rogares\u00a0:<\/p>\n<ul>\n<li>le terminal 1 qui re\u00e7oit les vols int\u00e9rieurs\u00a0;<\/li>\n<li>le terminal 2 qui re\u00e7oit les vols internationaux\u00a0;<\/li>\n<li>le terminal 3 qui est le terminal charter.<\/li>\n<\/ul>\n<p><strong>Terminal 1<\/strong><\/p>\n<p>Le terminal 1 est l&#8217;a\u00e9rogare recevant les vols int\u00e9rieurs de l&#8217;a\u00e9roport d&#8217;Oran, elle accueille depuis le 24 juin 2022 les vols internationaux et a une capacit\u00e9 de 900\u00a0000\u00a0passagers par an.<\/p>\n<p>Elle est l&#8217;ancienne a\u00e9rogare principale de l&#8217;a\u00e9roport d&#8217;Oran, cette derni\u00e8re sera enti\u00e8rement r\u00e9nov\u00e9e et modernis\u00e9e \u00e0 l&#8217;issue de la mise en service du terminal 2, les travaux commenceront fin 2022.<\/p>\n<p><strong>Terminal 2<\/strong><\/p>\n<p>Le terminal 2 de l&#8217;a\u00e9roport d&#8217;Oran accueille les vols internationaux. Il a une superficie de 41 000 <span class=\"HwtZe\" lang=\"fr\"><span class=\"jCAhz ChMk0b\"><span class=\"ryNqvb\">m\u00b2<\/span><\/span><\/span> et une capacit\u00e9 de 3,5 millions de passagers par an dans un premier temps, et \u00e0 terme, 6 millions de passagers par an. Il poss\u00e8de six passerelles t\u00e9lescopiques.<\/p>\n<p>Le terminal 2 est un terminal intelligent et autonome car le toit de ce dernier est aliment\u00e9e en \u00e9nergie solaire avec plus de 4000 panneaux photovolta\u00efques et il est aussi dot\u00e9 d&#8217;un syst\u00e8me de r\u00e9cup\u00e9ration et de recyclage de l&#8217;eau de pluie.<\/p>\n<p>Elle poss\u00e8de \u00e9galement d\u2019un parking \u00e0 trois \u00e9tages d\u2019une capacit\u00e9 de 1200 v\u00e9hicules et d\u2019un parking ext\u00e9rieur d\u2019une m\u00eame capacit\u00e9.<\/p>\n<p><strong>Terminal 3<\/strong><\/p>\n<p>Le terminal 3 qu&#8217;on appelle \u00e9galement le chapiteau quant \u00e0 lui est r\u00e9serv\u00e9 aux vols charters (Hajj et Omra), il a \u00e9t\u00e9 r\u00e9alis\u00e9 en 2010 et a une capacit\u00e9 de 250\u00a0000\u00a0personnes par an.<\/p>\n<p><strong>Tour de contr\u00f4le<\/strong><\/p>\n<p>La tour de contr\u00f4le de l&#8217;a\u00e9roport d&#8217;Oran a \u00e9t\u00e9 r\u00e9ceptionn\u00e9e en 2018.<\/p>\n<p><strong>Autres infrastructures<\/strong><\/p>\n<p>L&#8217;a\u00e9roport dispose en outre\u00a0:<\/p>\n<ul>\n<li>D&#8217;une aire d&#8217;atterrissage d&#8217;h\u00e9licopt\u00e8res<\/li>\n<li>D&#8217;un pavillon d\u2019honneur, permettant la r\u00e9ception d&#8217;hautes personnalit\u00e9s et autres responsables politiques lors de leurs d\u00e9placements a\u00e9roport\u00e9s<\/li>\n<li>D&#8217;une zone de fret ainsi que deux de 4\u00a0000\u00a0m\u00b2 ainsi que d&#8217;une capacit\u00e9 de 15\u00a0000\u00a0t\/an<\/li>\n<li>D&#8217;une zone et de hangars pour la maintenance des avions<\/li>\n<li>D&#8217;une zone d&#8217;activit\u00e9s a\u00e9roportuaires telles que des bureaux de la base r\u00e9gionale d&#8217;Air Alg\u00e9rie<\/li>\n<\/ul>\n","protected":false},"excerpt":{"rendered":"<p>L&#8217;a\u00e9roport international d&#8217;Oran &#8211; Ahmed Ben Bella (code IATA\u00a0: ORN\u00a0\u2022\u00a0code OACI\u00a0: DAOO), anciennement connu sous le nom d&#8217;A\u00e9roport d&#8217;Oran &#8211; Es S\u00e9nia, est un &#8230;<\/p>\n","protected":false},"author":1,"featured_media":28161,"template":"","categoria_ficha":[1929],"class_list":["post-28159","ficha","type-ficha","status-publish","has-post-thumbnail","hentry","categoria_ficha-cartes-d-oran"],"acf":[],"_links":{"self":[{"href":"https:\/\/gifex.com\/fr\/wp-json\/wp\/v2\/ficha\/28159","targetHints":{"allow":["GET"]}}],"collection":[{"href":"https:\/\/gifex.com\/fr\/wp-json\/wp\/v2\/ficha"}],"about":[{"href":"https:\/\/gifex.com\/fr\/wp-json\/wp\/v2\/types\/ficha"}],"author":[{"embeddable":true,"href":"https:\/\/gifex.com\/fr\/wp-json\/wp\/v2\/users\/1"}],"version-history":[{"count":5,"href":"https:\/\/gifex.com\/fr\/wp-json\/wp\/v2\/ficha\/28159\/revisions"}],"predecessor-version":[{"id":36403,"href":"https:\/\/gifex.com\/fr\/wp-json\/wp\/v2\/ficha\/28159\/revisions\/36403"}],"wp:featuredmedia":[{"embeddable":true,"href":"https:\/\/gifex.com\/fr\/wp-json\/wp\/v2\/media\/28161"}],"wp:attachment":[{"href":"https:\/\/gifex.com\/fr\/wp-json\/wp\/v2\/media?parent=28159"}],"wp:term":[{"taxonomy":"categoria_ficha","embeddable":true,"href":"https:\/\/gifex.com\/fr\/wp-json\/wp\/v2\/categoria_ficha?post=28159"}],"curies":[{"name":"wp","href":"https:\/\/api.w.org\/{rel}","templated":true}]}}