{"id":28059,"date":"2022-12-25T14:55:42","date_gmt":"2022-12-25T14:55:42","guid":{"rendered":"https:\/\/gifex.com\/fr\/?post_type=ficha&#038;p=28059"},"modified":"2023-03-24T17:17:48","modified_gmt":"2023-03-24T17:17:48","slug":"carte-de-la-bataille-d-alger-7-janvier-24-septembre-1957","status":"publish","type":"ficha","link":"https:\/\/gifex.com\/fr\/fichier\/carte-de-la-bataille-d-alger-7-janvier-24-septembre-1957\/","title":{"rendered":"Carte de la bataille d&#8217;Alger 7 janvier-24 septembre 1957"},"content":{"rendered":"<p style=\"text-align: center;\"><label style=\"font-size: 15px;\">Carte d&#8217;Alger montrant: quartiers musulmans (vert), quartiers europ\u00e9ens (orange). Principaux attentats du FLN, attentats contre-terroristes des ultras de l&#8217;Alg\u00e9rie fran\u00e7aise et op\u00e9rations r\u00e9pressives par l&#8217;arm\u00e9e fran\u00e7aise avant et pendant la bataille d&#8217;Alger.<\/label><\/p>\n<p>La bataille d&#8217;Alger est une campagne de gu\u00e9rilla urbaine men\u00e9e par le Front de lib\u00e9ration nationale (FLN) contre les autorit\u00e9s fran\u00e7aises alg\u00e9riennes du 17 janvier-24 septembre 1957. Le conflit a commenc\u00e9 par des attaques du FLN contre les forces fran\u00e7aises suivies d&#8217;une attaque terroriste contre des civils alg\u00e9riens \u00e0 Alger par un groupe de Pieds-Noirs (colons europ\u00e9ens), aid\u00e9s par la police. Des repr\u00e9sailles ont suivi et la violence s&#8217;est intensifi\u00e9e, ce qui a conduit le gouverneur g\u00e9n\u00e9ral fran\u00e7ais \u00e0 d\u00e9ployer l&#8217;arm\u00e9e fran\u00e7aise \u00e0 Alger pour r\u00e9primer le FLN. Les autorit\u00e9s civiles donnent les pleins pouvoirs au g\u00e9n\u00e9ral Jacques Massu qui, op\u00e9rant hors des cadres l\u00e9gaux entre janvier et septembre 1957, \u00e9limine le FLN d&#8217;Alger. L&#8217;utilisation de la torture, les disparitions forc\u00e9es et les ex\u00e9cutions ill\u00e9gales par les Fran\u00e7ais ont ensuite suscit\u00e9 la controverse en France.<\/p>\n","protected":false},"excerpt":{"rendered":"<p>Carte d&#8217;Alger montrant: quartiers musulmans (vert), quartiers europ\u00e9ens (orange). Principaux attentats du FLN, attentats contre-terroristes des ultras de l &#8230;<\/p>\n","protected":false},"author":1,"featured_media":27998,"template":"","categoria_ficha":[1928],"class_list":["post-28059","ficha","type-ficha","status-publish","has-post-thumbnail","hentry","categoria_ficha-cartes-d-alger"],"acf":[],"_links":{"self":[{"href":"https:\/\/gifex.com\/fr\/wp-json\/wp\/v2\/ficha\/28059","targetHints":{"allow":["GET"]}}],"collection":[{"href":"https:\/\/gifex.com\/fr\/wp-json\/wp\/v2\/ficha"}],"about":[{"href":"https:\/\/gifex.com\/fr\/wp-json\/wp\/v2\/types\/ficha"}],"author":[{"embeddable":true,"href":"https:\/\/gifex.com\/fr\/wp-json\/wp\/v2\/users\/1"}],"version-history":[{"count":5,"href":"https:\/\/gifex.com\/fr\/wp-json\/wp\/v2\/ficha\/28059\/revisions"}],"predecessor-version":[{"id":36412,"href":"https:\/\/gifex.com\/fr\/wp-json\/wp\/v2\/ficha\/28059\/revisions\/36412"}],"wp:featuredmedia":[{"embeddable":true,"href":"https:\/\/gifex.com\/fr\/wp-json\/wp\/v2\/media\/27998"}],"wp:attachment":[{"href":"https:\/\/gifex.com\/fr\/wp-json\/wp\/v2\/media?parent=28059"}],"wp:term":[{"taxonomy":"categoria_ficha","embeddable":true,"href":"https:\/\/gifex.com\/fr\/wp-json\/wp\/v2\/categoria_ficha?post=28059"}],"curies":[{"name":"wp","href":"https:\/\/api.w.org\/{rel}","templated":true}]}}